{"id":4821,"date":"2018-03-15T23:44:07","date_gmt":"2018-03-16T03:44:07","guid":{"rendered":"https:\/\/bovin.qc.ca\/aga-2018\/"},"modified":"2021-01-19T16:02:07","modified_gmt":"2021-01-19T21:02:07","slug":"aga-2018","status":"publish","type":"page","link":"https:\/\/bovin.qc.ca\/en\/aga-2018\/","title":{"rendered":"AGA 2018"},"content":{"rendered":"<div><img loading=\"lazy\" decoding=\"async\" class=\"aligncenter wp-image-4819\" src=\"https:\/\/bovin.qc.ca\/wp-content\/uploads\/2018\/03\/ODJ-AGA-FR_01.jpg\" alt=\"\" width=\"816\" height=\"214\" srcset=\"https:\/\/bovin.qc.ca\/wp-content\/uploads\/2018\/03\/ODJ-AGA-FR_01.jpg 1275w, https:\/\/bovin.qc.ca\/wp-content\/uploads\/2018\/03\/ODJ-AGA-FR_01-300x79.jpg 300w, https:\/\/bovin.qc.ca\/wp-content\/uploads\/2018\/03\/ODJ-AGA-FR_01-489x128.jpg 489w\" sizes=\"auto, (max-width: 816px) 100vw, 816px\" \/><\/div>\n<h2 class=\"red\">MERCREDI 4 AVRIL 2018<\/h2>\n<table class=\"aga_table\">\n<tbody>\n<tr>\n<td>8 h 30 \u00e0 11 h<\/td>\n<td>&nbsp;<\/td>\n<td><strong>INSCRIPTION<\/strong><\/td>\n<\/tr>\n<\/tbody>\n<\/table>\n<hr>\n<table class=\"aga_table\">\n<tbody>\n<tr>\n<td>11 h \u00e0 12 h<\/td>\n<td>1<\/td>\n<td>Ouverture de l\u2019assembl\u00e9e du Plan conjoint<\/td>\n<\/tr>\n<tr>\n<td>&nbsp;<\/td>\n<td>2<\/td>\n<td>Adoption des r\u00e8gles de proc\u00e9dure<\/td>\n<\/tr>\n<tr>\n<td>&nbsp;<\/td>\n<td>3<\/td>\n<td>Adoption de l\u2019avis de convocation<\/td>\n<\/tr>\n<tr>\n<td>&nbsp;<\/td>\n<td>4<\/td>\n<td>Adoption de l\u2019ordre du jour<\/td>\n<\/tr>\n<tr>\n<td>&nbsp;<\/td>\n<td>5<\/td>\n<td>Adoption du proc\u00e8s-verbal de l\u2019assembl\u00e9e g\u00e9n\u00e9rale annuelle des 5 et 6 avril 2017<\/td>\n<\/tr>\n<tr>\n<td>&nbsp;<\/td>\n<td>6<\/td>\n<td>Pr\u00e9sentation du plan de d\u00e9veloppement 2018-2025<\/td>\n<\/tr>\n<tr>\n<td>&nbsp;<\/td>\n<td>7<\/td>\n<td>Ajournement<\/td>\n<\/tr>\n<\/tbody>\n<\/table>\n<hr>\n<table class=\"aga_table\">\n<tbody>\n<tr>\n<td>12 h \u00e0 13 h<\/td>\n<td>&nbsp;<\/td>\n<td><strong>D\u00ceNER<\/strong><\/td>\n<\/tr>\n<\/tbody>\n<\/table>\n<hr>\n<table class=\"aga_table\">\n<tbody>\n<tr>\n<td>13 h \u00e0 17 h<\/td>\n<td>&nbsp;<\/td>\n<td>\n<p><strong>ATELIERS<\/strong><\/p>\n<ul>\n<li>Tenue des ateliers&nbsp;par secteur de production (veau de grain, veau de lait, veau d\u2019embouche, bovin de r\u00e9forme et veau laitier)<\/li>\n<li>Tenue d\u2019une assembl\u00e9e g\u00e9n\u00e9rale sp\u00e9ciale (AGS) des producteurs de bouvillons d\u2019abattage (1re partie &#8211; Huis clos)<\/li>\n<\/ul>\n<\/td>\n<\/tr>\n<\/tbody>\n<\/table>\n<hr>\n<table class=\"aga_table\">\n<tbody>\n<tr>\n<td>17 h<\/td>\n<td>&nbsp;<\/td>\n<td><strong>COCKTAIL<\/strong><\/td>\n<\/tr>\n<\/tbody>\n<\/table>\n<hr>\n<table class=\"aga_table\">\n<tbody>\n<tr>\n<td>19 h<\/td>\n<td>&nbsp;<\/td>\n<td><strong>BANQUET<\/strong><\/td>\n<\/tr>\n<\/tbody>\n<\/table>\n<hr>\n<h2 class=\"red\">JEUDI 5 AVRIL 2018<\/h2>\n<table class=\"aga_table\">\n<tbody>\n<tr>\n<td>8 h 30 \u00e0 12 h<\/td>\n<td>&nbsp;<\/td>\n<td><strong>S\u00c9ANCE PL\u00c9NI\u00c8RE<\/strong><\/td>\n<\/tr>\n<\/tbody>\n<\/table>\n<hr>\n<table class=\"aga_table\">\n<tbody>\n<tr>\n<td>&nbsp;<\/td>\n<td>9<\/td>\n<td>R\u00e9ouverture de l\u2019assembl\u00e9e du Plan conjoint<\/td>\n<\/tr>\n<tr>\n<td>&nbsp;<\/td>\n<td>10<\/td>\n<td>Adoption du Rapport annuel des activit\u00e9s 2017<\/td>\n<\/tr>\n<tr>\n<td>&nbsp;<\/td>\n<td>11<\/td>\n<td>Adoption du Rapport financier 2017<\/td>\n<\/tr>\n<tr>\n<td>&nbsp;<\/td>\n<td>12<\/td>\n<td>Nomination des auditeurs ind\u00e9pendants<\/td>\n<\/tr>\n<tr>\n<td>&nbsp;<\/td>\n<td>13<\/td>\n<td>Approbation du budget 2018 du Fonds de garantie de paiement<\/td>\n<\/tr>\n<tr>\n<td>&nbsp;<\/td>\n<td>14<\/td>\n<td>Mot du pr\u00e9sident<\/td>\n<\/tr>\n<tr>\n<td>&nbsp;<\/td>\n<td>15<\/td>\n<td>Allocutions des invit\u00e9s sp\u00e9ciaux<\/td>\n<\/tr>\n<tr>\n<td>&nbsp;<\/td>\n<td>16<\/td>\n<td>Adoption des rapports et des r\u00e9solutions d\u2019ateliers<\/td>\n<\/tr>\n<tr>\n<td>&nbsp;<\/td>\n<td>17<\/td>\n<td>Allocution du ministre Laurent Lessard (heure \u00e0 confirmer)<\/td>\n<\/tr>\n<\/tbody>\n<\/table>\n<hr>\n<table class=\"aga_table\">\n<tbody>\n<tr>\n<td>12 h \u00e0 13 h<\/td>\n<td>&nbsp;<\/td>\n<td><strong>D\u00ceNER<\/strong><\/td>\n<\/tr>\n<\/tbody>\n<\/table>\n<hr>\n<table class=\"aga_table\">\n<tbody>\n<tr>\n<td>13 h<\/td>\n<td>18<\/td>\n<td>\n<p>Adoption d\u2019un R\u00e8glement modifiant le <em>R\u00e8glement sur les contributions des producteurs de bovins<\/em> de la mani\u00e8re suivante :<\/p>\n<ul>\n<li>Hausse de la contribution sp\u00e9ciale pour la recherche et d\u00e9veloppement de 0,50 $ par veau d\u2019embouche mis en march\u00e9, applicable \u00e0 compter du 1er juillet 2018<\/li>\n<li>Mise en place d\u2019une contribution sp\u00e9ciale pour la promotion et la publicit\u00e9 de 0,50 $ par veau d\u2019embouche mis en march\u00e9, applicable \u00e0 compter du 1er juillet 2018<\/li>\n<li>Mise en place d\u2019une contribution sp\u00e9ciale pour la promotion et la publicit\u00e9 de 1 $ par bouvillon d\u2019abattage mis en march\u00e9, applicable \u00e0 compter du 1er janvier 2019, conditionnelle \u00e0 l\u2019approbation des producteurs de bouvillons d\u2019abattage r\u00e9unis ce jour en AGS<\/li>\n<\/ul>\n<\/td>\n<\/tr>\n<tr>\n<td>&nbsp;<\/td>\n<td>19<\/td>\n<td>\u00c9tude et adoption des autres r\u00e9solutions soumises directement en s\u00e9ance pl\u00e9ni\u00e8re<\/td>\n<\/tr>\n<tr>\n<td>&nbsp;<\/td>\n<td>20<\/td>\n<td>Affaires g\u00e9n\u00e9rales<\/td>\n<\/tr>\n<tr>\n<td>&nbsp;<\/td>\n<td>21<\/td>\n<td>Lev\u00e9e de l\u2019assembl\u00e9e du Plan conjoint<\/td>\n<\/tr>\n<\/tbody>\n<\/table>\n","protected":false},"excerpt":{"rendered":"<p>MERCREDI 4 AVRIL 2018 8 h 30 \u00e0 11 h &nbsp; INSCRIPTION 11 h \u00e0 12 h 1 Ouverture de l\u2019assembl\u00e9e du Plan conjoint &nbsp; 2 Adoption des r\u00e8gles de proc\u00e9dure &nbsp; 3 Adoption de l\u2019avis de convocation &nbsp; 4 Adoption de l\u2019ordre du jour &nbsp; 5 Adoption du proc\u00e8s-verbal de l\u2019assembl\u00e9e g\u00e9n\u00e9rale annuelle des [&#8230;]<\/p>\n","protected":false},"author":6,"featured_media":0,"parent":0,"menu_order":0,"comment_status":"closed","ping_status":"closed","template":"","meta":{"ngg_post_thumbnail":0,"footnotes":""},"class_list":["post-4821","page","type-page","status-publish","hentry"],"_links":{"self":[{"href":"https:\/\/bovin.qc.ca\/en\/wp-json\/wp\/v2\/pages\/4821","targetHints":{"allow":["GET"]}}],"collection":[{"href":"https:\/\/bovin.qc.ca\/en\/wp-json\/wp\/v2\/pages"}],"about":[{"href":"https:\/\/bovin.qc.ca\/en\/wp-json\/wp\/v2\/types\/page"}],"author":[{"embeddable":true,"href":"https:\/\/bovin.qc.ca\/en\/wp-json\/wp\/v2\/users\/6"}],"replies":[{"embeddable":true,"href":"https:\/\/bovin.qc.ca\/en\/wp-json\/wp\/v2\/comments?post=4821"}],"version-history":[{"count":1,"href":"https:\/\/bovin.qc.ca\/en\/wp-json\/wp\/v2\/pages\/4821\/revisions"}],"predecessor-version":[{"id":11819,"href":"https:\/\/bovin.qc.ca\/en\/wp-json\/wp\/v2\/pages\/4821\/revisions\/11819"}],"wp:attachment":[{"href":"https:\/\/bovin.qc.ca\/en\/wp-json\/wp\/v2\/media?parent=4821"}],"curies":[{"name":"wp","href":"https:\/\/api.w.org\/{rel}","templated":true}]}}