{"id":31420,"date":"2026-04-30T13:52:15","date_gmt":"2026-04-30T17:52:15","guid":{"rendered":"https:\/\/bovin.qc.ca\/?page_id=31420"},"modified":"2026-04-30T13:52:15","modified_gmt":"2026-04-30T17:52:15","slug":"la-minute-bovine-april-2026","status":"publish","type":"page","link":"https:\/\/bovin.qc.ca\/en\/la-minute-bovine-april-2026\/","title":{"rendered":"La Minute bovine : April 2026"},"content":{"rendered":"<h3><div class=\"newsletter_subscription_box\"><a class=\"newsletter_subscription_link\" href=\"https:\/\/bovin.qc.ca\/abonnement\/\"><div class=\"left_side\"><img decoding=\"async\" src=\"https:\/\/bovin.qc.ca\/wp-content\/themes\/bovins\/images\/infolettre_icon.png\" class=\"newsletter_icon\" \/><\/div><div class=\"right_side\"><p class=\"newsletter_sub_text\">Vous n'\u00eates pas abonn\u00e9 \u00e0 notre infolettre?<br \/>Cliquez ici.<\/p><\/div><div style=\"clear:both;\"><\/div><\/a><\/div><\/h3>\n<h1 style=\"text-align: left;\"><img loading=\"lazy\" decoding=\"async\" class=\"aligncenter wp-image-28757\" src=\"https:\/\/bovin.qc.ca\/wp-content\/uploads\/2025\/09\/LMB-entete-final_Plan-de-travail-1-1-scaled.jpg\" alt=\"\" width=\"600\" height=\"124\" srcset=\"https:\/\/bovin.qc.ca\/wp-content\/uploads\/2025\/09\/LMB-entete-final_Plan-de-travail-1-1-scaled.jpg 2560w, https:\/\/bovin.qc.ca\/wp-content\/uploads\/2025\/09\/LMB-entete-final_Plan-de-travail-1-1-300x62.jpg 300w, https:\/\/bovin.qc.ca\/wp-content\/uploads\/2025\/09\/LMB-entete-final_Plan-de-travail-1-1-617x128.jpg 617w, https:\/\/bovin.qc.ca\/wp-content\/uploads\/2025\/09\/LMB-entete-final_Plan-de-travail-1-1-1536x319.jpg 1536w, https:\/\/bovin.qc.ca\/wp-content\/uploads\/2025\/09\/LMB-entete-final_Plan-de-travail-1-1-2048x425.jpg 2048w\" sizes=\"auto, (max-width: 600px) 100vw, 600px\" \/><\/h1>\n<h3 style=\"text-align: center;\">\u00c9dition avril 2026<\/h3>\n<hr>\n<h2 style=\"text-align: left;\"><a href=\"#prix\">L&#8217;Info-Prix<\/a><\/h2>\n<h2 style=\"text-align: left;\"><strong><a href=\"#actualite\">Actualit\u00e9s<\/a><\/strong><\/h2>\n<ul style=\"list-style-type: circle;\">\n<li><strong><strong><strong><a href=\"#A1\">Nouvelle repr\u00e9sentante de la rel\u00e8ve au conseil d&#8217;administration<\/a><\/strong><\/strong><\/strong><strong><br \/>\n<\/strong><\/li>\n<li><strong><strong><strong><a href=\"#A2\">Nouvelles rencontres politiques \u00e0 Ottawa<\/a><\/strong><\/strong><\/strong><\/li>\n<li><strong><a href=\"#A3\">Code de pratiques pour le soin et la manipulation des bovins de boucherie : la p\u00e9riode de commentaires publics est ouverte<\/a><\/strong><\/li>\n<li><strong><strong><a href=\"#A4\">Projet de <em>R\u00e8glement sur les pratiques agroenvironnementales<\/em> (RPAE) &#8211; Les PBQ soumettent leurs commentaires<\/a><\/strong><\/strong><\/li>\n<li><strong><a href=\"#A5\">Renseignez-vous sur le nouveau r\u00e9gime de cotisation de l&#8217;UPA<\/a><\/strong><\/li>\n<li><strong><strong><a href=\"#A6\">Subvention disponible pour l&#8217;installation de panneaux solaires<\/a><\/strong><\/strong><\/li>\n<li><strong><a href=\"#A7\">Programme de paiements anticip\u00e9s<\/a><\/strong><\/li>\n<li><strong><strong><a href=\"#A8\">Enqu\u00eate nationale sur la sant\u00e9 mentale des agriculteurs et des \u00e9leveurs au Canada<\/a><\/strong><\/strong><\/li>\n<\/ul>\n<p style=\"text-align: center;\"><span style=\"text-decoration: underline;\"><a href=\"#BR\">&nbsp; <\/a> <a href=\"#BR\"><img loading=\"lazy\" decoding=\"async\" class=\"alignnone\" src=\"https:\/\/bovin.qc.ca\/wp-content\/uploads\/2020\/01\/br.jpg\" alt=\"\" width=\"156\" height=\"348\"><\/a><a href=\"#VG\">&nbsp;<\/a><a href=\"#VGVL\"><img loading=\"lazy\" decoding=\"async\" class=\"alignnone\" src=\"https:\/\/bovin.qc.ca\/wp-content\/uploads\/2020\/01\/vg.jpg\" alt=\"\" width=\"157\" height=\"347\"><\/a> <a href=\"#VGVL\"><img loading=\"lazy\" decoding=\"async\" class=\"alignnone\" src=\"https:\/\/bovin.qc.ca\/wp-content\/uploads\/2020\/01\/vl.jpg\" alt=\"\" width=\"155\" height=\"349\"> <\/a><\/span><a href=\"#VE\"><img loading=\"lazy\" decoding=\"async\" class=\"alignnone\" src=\"https:\/\/bovin.qc.ca\/wp-content\/uploads\/2020\/01\/ve.jpg\" alt=\"\" width=\"157\" height=\"352\"> <\/a><a href=\"#VEBA\"><img loading=\"lazy\" decoding=\"async\" class=\"alignnone\" src=\"https:\/\/bovin.qc.ca\/wp-content\/uploads\/2020\/01\/ba-sec.jpg\" alt=\"\" width=\"160\" height=\"349\"><\/a><\/p>\n<h2 style=\"text-align: left;\"><a href=\"#NP\">Nouvelles de nos partenaires<\/a><\/h2>\n<ul>\n<li style=\"list-style-type: none;\">\n<ul style=\"list-style-type: circle;\">\n<li><a href=\"#NP1\"><strong>Rapport annuel 2025 de l&#8217;ACB, maintenant disponible<\/strong><\/a><\/li>\n<li><a href=\"#NP2\"><strong>FADQ : Acc\u00e8s au financement facilit\u00e9<\/strong><\/a><\/li>\n<li><a href=\"#NP3\"><strong>FADQ : Devenez partenaire foin pour 2026<\/strong><\/a><\/li>\n<li><a href=\"#NP4\"><strong>B\u0153uf Canada de retour en Chine<\/strong><\/a><\/li>\n<li><a href=\"#NP5\"><strong>Bourse d&#8217;\u00e9tudes de l&#8217;Agence canadienne de pr\u00e9l\u00e8vement du b\u0153uf&nbsp;<\/strong><\/a><\/li>\n<\/ul>\n<\/li>\n<\/ul>\n<h2 style=\"text-align: left;\"><a href=\"#NR\">Nouvelles r\u00e9gionales<\/a><\/h2>\n<ul style=\"list-style-type: circle;\">\n<li style=\"list-style-type: none;\">\n<ul style=\"list-style-type: circle;\">\n<li><a href=\"#NR1\"><strong>Retour sur la soir\u00e9e th\u00e9matique \u00ab 5 \u00e0 7 &#8211; Veau d&#8217;embouche \u00bb de la Mauricie<\/strong><\/a><\/li>\n<\/ul>\n<\/li>\n<\/ul>\n<table style=\"width: 100%; border-collapse: collapse; background-color: #a52a2a;\" border=\"0\">\n<tbody>\n<tr>\n<td style=\"width: 100%;\">\n<h3 style=\"text-align: center;\"><span style=\"color: #ffffff;\"><strong><a id=\"coup\"><\/a>COUP D&#8217;\u0152IL SUR LES MARCH\u00c9S DU B\u0152UF ET DU VEAU<\/strong><\/span><a id=\"coup\"><\/a><\/h3>\n<\/td>\n<\/tr>\n<\/tbody>\n<\/table>\n<p>&nbsp;<\/p>\n<p style=\"text-align: center;\"><span style=\"text-decoration: underline;\"><a href=\"https:\/\/bovin.qc.ca\/wp-content\/uploads\/2026\/04\/2026-04-Coup-doeil-sur-les-marches-boeuf-et-veau-FRAN-1.pdf\" target=\"_blank\" rel=\"noopener\">Version fran\u00e7aise<\/a><br \/>\n<\/span><\/p>\n<p style=\"text-align: center;\"><span style=\"text-decoration: underline;\"><a href=\"https:\/\/bovin.qc.ca\/wp-content\/uploads\/2026\/04\/2026-04-Coup-doeil-sur-les-marches-boeuf-et-veau-ANG-1.pdf\" target=\"_blank\" rel=\"noopener\">Version anglaise<\/a><br \/>\n<\/span><\/p>\n<p style=\"text-align: center;\"><img loading=\"lazy\" decoding=\"async\" class=\"wp-image-10769 aligncenter\" src=\"https:\/\/bovin.qc.ca\/wp-content\/uploads\/2020\/08\/shutterstock_699231256-min_WEB-1.jpg\" alt=\"\" width=\"500\" height=\"317\" srcset=\"https:\/\/bovin.qc.ca\/wp-content\/uploads\/2020\/08\/shutterstock_699231256-min_WEB-1.jpg 1024w, https:\/\/bovin.qc.ca\/wp-content\/uploads\/2020\/08\/shutterstock_699231256-min_WEB-1-300x190.jpg 300w, https:\/\/bovin.qc.ca\/wp-content\/uploads\/2020\/08\/shutterstock_699231256-min_WEB-1-202x128.jpg 202w\" sizes=\"auto, (max-width: 500px) 100vw, 500px\" \/><\/p>\n<p style=\"text-align: left;\"><a href=\"#top\">Retour en haut<\/a><a id=\"prix\"><\/a><\/p>\n<hr>\n<p><img loading=\"lazy\" decoding=\"async\" class=\"aligncenter wp-image-5452\" src=\"https:\/\/bovin.qc.ca\/wp-content\/uploads\/2018\/09\/info-prix-bandeau.jpg\" alt=\"\" width=\"750\" height=\"183\" srcset=\"https:\/\/bovin.qc.ca\/wp-content\/uploads\/2018\/09\/info-prix-bandeau.jpg 650w, https:\/\/bovin.qc.ca\/wp-content\/uploads\/2018\/09\/info-prix-bandeau-300x73.jpg 300w, https:\/\/bovin.qc.ca\/wp-content\/uploads\/2018\/09\/info-prix-bandeau-523x128.jpg 523w\" sizes=\"auto, (max-width: 750px) 100vw, 750px\" \/><\/p>\n<p style=\"text-align: center;\">Cliquez sur un secteur pour les prix du march\u00e9<\/p>\n<p style=\"text-align: center;\"><u><a href=\"https:\/\/www.fpbq.upa.qc.ca\/infoprix\/BouvAbattage\/BAInfoPrixQuot.asp?Langue=F\" target=\"_blank\" rel=\"noopener\"><strong>BOUVILLON<\/strong><\/a><br \/>\n<\/u><u><a href=\"https:\/\/www.fpbq.upa.qc.ca\/infoprix\/BovinReforme\/BRInfoPrixQuot.asp?Langue=F\" target=\"_blank\" rel=\"noopener\"><strong>BOVIN DE R\u00c9FORME ET VEAU LAITIER<\/strong><\/a><br \/>\n<\/u><u><a href=\"https:\/\/www.fpbq.upa.qc.ca\/infoprix\/VeauDeGrain\/VGInfoPrixHebdo.asp?Langue=F\" target=\"_blank\" rel=\"noopener\"><strong>VEAU DE GRAIN<\/strong><\/a><br \/>\n<\/u><u><strong><a href=\"https:\/\/www.fpbq.upa.qc.ca\/infoprix\/VeauDeLait\/VLInfoPrixHebdo.asp?Langue=F\" target=\"_blank\" rel=\"noopener\">VEAU DE LAIT<\/a><br \/>\n<\/strong><\/u><u><a href=\"https:\/\/www.fpbq.upa.qc.ca\/infoprix\/VeauEmbouche\/VEInfoPrixQuot.asp?Langue=F\" target=\"_blank\" rel=\"noopener\"><strong>VEAU D\u2019EMBOUCHE<\/strong><\/a><\/u><\/p>\n<p><a href=\"#top\">Retour en haut<\/a><\/p>\n<table style=\"width: 100%; border-collapse: collapse; background-color: #a52a2a;\" border=\"0\">\n<tbody>\n<tr>\n<td style=\"width: 100%;\">\n<h3 style=\"text-align: center;\"><span style=\"color: #ffffff;\"><strong><a id=\"actualite\"><\/a>ACTUALIT\u00c9S<\/strong><\/span><\/h3>\n<\/td>\n<\/tr>\n<\/tbody>\n<\/table>\n<h4><a id=\"A1\"><\/a>Nouvelle repr\u00e9sentante de la rel\u00e8ve au conseil d&#8217;administration<\/h4>\n<p><img loading=\"lazy\" decoding=\"async\" class=\"aligncenter wp-image-31270\" src=\"https:\/\/bovin.qc.ca\/wp-content\/uploads\/2026\/04\/Lydia-Charron-e1776786041976-300x207.jpg\" alt=\"\" width=\"725\" height=\"499\" srcset=\"https:\/\/bovin.qc.ca\/wp-content\/uploads\/2026\/04\/Lydia-Charron-e1776786041976-300x207.jpg 300w, https:\/\/bovin.qc.ca\/wp-content\/uploads\/2026\/04\/Lydia-Charron-e1776786041976-186x128.jpg 186w, https:\/\/bovin.qc.ca\/wp-content\/uploads\/2026\/04\/Lydia-Charron-e1776786041976.jpg 1365w\" sizes=\"auto, (max-width: 725px) 100vw, 725px\" \/><\/p>\n<p>Les PBQ ont le plaisir d\u2019accueillir au sein de leur conseil d\u2019administration Mme Lydia Charron, \u00e0 titre de repr\u00e9sentante de la F\u00e9d\u00e9ration de la rel\u00e8ve agricole du Qu\u00e9bec (FRAQ).<\/p>\n<p>Lydia Charron a d\u00e9couvert la production bovine en s\u2019impliquant \u00e0 la Ferme Janasy Enr, l\u2019exploitation vache-veau de ses grands-parents. Apr\u00e8s un DEP en production animale, elle a termin\u00e9 un DEC en Gestion de technologie agricole au C\u00e9gep de Sherbrooke, pour travailler quelques ann\u00e9es dans une ferme laiti\u00e8re de sa r\u00e9gion et \u00e0 l\u2019ancien encan de Sawyerville.<\/p>\n<p>G\u00e9rante de la ferme du Centre d\u2019innovation agricole de Coaticook depuis 2021, Lydia Charron si\u00e8ge aux conseils d\u2019administration du Syndicat de la rel\u00e8ve agricole de l\u2019Estrie et de l\u2019UPA de Coaticook. Elle est \u00e9galement m\u00e8re de jumelles.<\/p>\n<p>Mme Charron succ\u00e8de ainsi \u00e0 Mme Joanie Courchesne.<\/p>\n<p><em>Source&nbsp;: PBQ<\/em><\/p>\n<p><a href=\"#top\">Retour en haut<\/a><a id=\"actualit\u00e9\"><\/a><\/p>\n<hr>\n<h4><a id=\"A2\"><\/a>Nouvelles rencontres politiques \u00e0 Ottawa<\/h4>\n<p>Le 22&nbsp;avril dernier, des repr\u00e9sentants des PBQ \u00e9taient de retour sur la colline parlementaire \u00e0 Ottawa pour d\u00e9fendre les int\u00e9r\u00eats des producteurs de bovins sur diff\u00e9rents enjeux.<\/p>\n<table style=\"border-collapse: collapse; width: 100%;\">\n<tbody>\n<tr>\n<td style=\"width: 33.3333%;\"><img loading=\"lazy\" decoding=\"async\" class=\"size-medium wp-image-31367 aligncenter\" src=\"https:\/\/bovin.qc.ca\/wp-content\/uploads\/2026\/04\/Gabriela-Guigou-CCA-Sylvain-Bourque-QC-producer-Steve-Harrison-PBQ-Sebastien-Lemire-MP-Kirk-Jackson-QC-producer-1-300x225.jpg\" alt=\"\" width=\"300\" height=\"225\" srcset=\"https:\/\/bovin.qc.ca\/wp-content\/uploads\/2026\/04\/Gabriela-Guigou-CCA-Sylvain-Bourque-QC-producer-Steve-Harrison-PBQ-Sebastien-Lemire-MP-Kirk-Jackson-QC-producer-1-300x225.jpg 300w, https:\/\/bovin.qc.ca\/wp-content\/uploads\/2026\/04\/Gabriela-Guigou-CCA-Sylvain-Bourque-QC-producer-Steve-Harrison-PBQ-Sebastien-Lemire-MP-Kirk-Jackson-QC-producer-1-171x128.jpg 171w, https:\/\/bovin.qc.ca\/wp-content\/uploads\/2026\/04\/Gabriela-Guigou-CCA-Sylvain-Bourque-QC-producer-Steve-Harrison-PBQ-Sebastien-Lemire-MP-Kirk-Jackson-QC-producer-1.jpg 1024w\" sizes=\"auto, (max-width: 300px) 100vw, 300px\" \/><\/td>\n<td style=\"width: 33.3333%;\">\n<p><img loading=\"lazy\" decoding=\"async\" class=\"wp-image-31361 size-medium aligncenter\" src=\"https:\/\/bovin.qc.ca\/wp-content\/uploads\/2026\/04\/Kirk-Jackson-QC-producer-Marianne-Dandurand-MP-Sylvain-Bourque-QC-producer-Steve-Harrison-PBQ-scaled-e1777298449418-300x225.jpg\" alt=\"\" width=\"300\" height=\"225\" srcset=\"https:\/\/bovin.qc.ca\/wp-content\/uploads\/2026\/04\/Kirk-Jackson-QC-producer-Marianne-Dandurand-MP-Sylvain-Bourque-QC-producer-Steve-Harrison-PBQ-scaled-e1777298449418-300x225.jpg 300w, https:\/\/bovin.qc.ca\/wp-content\/uploads\/2026\/04\/Kirk-Jackson-QC-producer-Marianne-Dandurand-MP-Sylvain-Bourque-QC-producer-Steve-Harrison-PBQ-scaled-e1777298449418-170x128.jpg 170w, https:\/\/bovin.qc.ca\/wp-content\/uploads\/2026\/04\/Kirk-Jackson-QC-producer-Marianne-Dandurand-MP-Sylvain-Bourque-QC-producer-Steve-Harrison-PBQ-scaled-e1777298449418-1536x1154.jpg 1536w, https:\/\/bovin.qc.ca\/wp-content\/uploads\/2026\/04\/Kirk-Jackson-QC-producer-Marianne-Dandurand-MP-Sylvain-Bourque-QC-producer-Steve-Harrison-PBQ-scaled-e1777298449418.jpg 1920w\" sizes=\"auto, (max-width: 300px) 100vw, 300px\" \/><\/p>\n<\/td>\n<td style=\"width: 33.3333%;\">\n<p>\n<img loading=\"lazy\" decoding=\"async\" class=\"wp-image-31363 size-medium aligncenter\" src=\"https:\/\/bovin.qc.ca\/wp-content\/uploads\/2026\/04\/Steve-Harrison-PBQ-Jacques-Gourde-MP-Kirk-Jackson-QC-producer-Daniela-Lombardo-CCA-300x225.jpg\" alt=\"\" width=\"300\" height=\"225\" srcset=\"https:\/\/bovin.qc.ca\/wp-content\/uploads\/2026\/04\/Steve-Harrison-PBQ-Jacques-Gourde-MP-Kirk-Jackson-QC-producer-Daniela-Lombardo-CCA-300x225.jpg 300w, https:\/\/bovin.qc.ca\/wp-content\/uploads\/2026\/04\/Steve-Harrison-PBQ-Jacques-Gourde-MP-Kirk-Jackson-QC-producer-Daniela-Lombardo-CCA-171x128.jpg 171w, https:\/\/bovin.qc.ca\/wp-content\/uploads\/2026\/04\/Steve-Harrison-PBQ-Jacques-Gourde-MP-Kirk-Jackson-QC-producer-Daniela-Lombardo-CCA-1536x1152.jpg 1536w, https:\/\/bovin.qc.ca\/wp-content\/uploads\/2026\/04\/Steve-Harrison-PBQ-Jacques-Gourde-MP-Kirk-Jackson-QC-producer-Daniela-Lombardo-CCA-2048x1536.jpg 2048w\" sizes=\"auto, (max-width: 300px) 100vw, 300px\" \/><\/p>\n<\/td>\n<\/tr>\n<\/tbody>\n<\/table>\n<p>&nbsp;<\/p>\n<p>Kirk Jackson et Sylvain Bourque, membres du comit\u00e9 ex\u00e9cutif des PBQ, ainsi que M. Steve Harrison, directeur g\u00e9n\u00e9ral de l\u2019organisation, ont rencontr\u00e9 notamment M. S\u00e9bastien Lemire (Abitibi-T\u00e9miscamingue), Mme Marianne Dandurand (Compton-Stanstead) et M. Jacques Gourde (L\u00e9vis-Lotbini\u00e8re). Ces trois d\u00e9put\u00e9s si\u00e8gent au Comit\u00e9 permanent de l\u2019agriculture et de l\u2019agroalimentaire.<\/p>\n<table style=\"border-collapse: collapse; width: 100%;\">\n<tbody>\n<tr>\n<td style=\"width: 50%;\">\n<p><img loading=\"lazy\" decoding=\"async\" class=\"wp-image-31357 size-medium aligncenter\" src=\"https:\/\/bovin.qc.ca\/wp-content\/uploads\/2026\/04\/Gabriela-Guigou-CCA-Sylvain-Bourque-and-Kirk-Jackson-QC-producers-Claude-Bellefeuille-MP-Steve-Harrison-PBQ-e1777298597659-300x225.jpg\" alt=\"\" width=\"300\" height=\"225\" srcset=\"https:\/\/bovin.qc.ca\/wp-content\/uploads\/2026\/04\/Gabriela-Guigou-CCA-Sylvain-Bourque-and-Kirk-Jackson-QC-producers-Claude-Bellefeuille-MP-Steve-Harrison-PBQ-e1777298597659-300x225.jpg 300w, https:\/\/bovin.qc.ca\/wp-content\/uploads\/2026\/04\/Gabriela-Guigou-CCA-Sylvain-Bourque-and-Kirk-Jackson-QC-producers-Claude-Bellefeuille-MP-Steve-Harrison-PBQ-e1777298597659-170x128.jpg 170w, https:\/\/bovin.qc.ca\/wp-content\/uploads\/2026\/04\/Gabriela-Guigou-CCA-Sylvain-Bourque-and-Kirk-Jackson-QC-producers-Claude-Bellefeuille-MP-Steve-Harrison-PBQ-e1777298597659.jpg 768w\" sizes=\"auto, (max-width: 300px) 100vw, 300px\" \/><\/p>\n<p>&nbsp;<\/p>\n<\/td>\n<td style=\"width: 50%;\">\n<p><img loading=\"lazy\" decoding=\"async\" class=\"wp-image-31365 size-medium aligncenter\" src=\"https:\/\/bovin.qc.ca\/wp-content\/uploads\/2026\/04\/Kirk-Jackson-QC-producer-Jacques-Ramsay-MP-Steve-Harrison-PBQ-Sylvain-Bourque-Quebec-cattle-producer-Gabriela-Guigou-CCA-e1777298571613-300x225.jpg\" alt=\"\" width=\"300\" height=\"225\" srcset=\"https:\/\/bovin.qc.ca\/wp-content\/uploads\/2026\/04\/Kirk-Jackson-QC-producer-Jacques-Ramsay-MP-Steve-Harrison-PBQ-Sylvain-Bourque-Quebec-cattle-producer-Gabriela-Guigou-CCA-e1777298571613-300x225.jpg 300w, https:\/\/bovin.qc.ca\/wp-content\/uploads\/2026\/04\/Kirk-Jackson-QC-producer-Jacques-Ramsay-MP-Steve-Harrison-PBQ-Sylvain-Bourque-Quebec-cattle-producer-Gabriela-Guigou-CCA-e1777298571613-171x128.jpg 171w, https:\/\/bovin.qc.ca\/wp-content\/uploads\/2026\/04\/Kirk-Jackson-QC-producer-Jacques-Ramsay-MP-Steve-Harrison-PBQ-Sylvain-Bourque-Quebec-cattle-producer-Gabriela-Guigou-CCA-e1777298571613.jpg 800w\" sizes=\"auto, (max-width: 300px) 100vw, 300px\" \/><\/p>\n<p>&nbsp;<\/p>\n<\/td>\n<\/tr>\n<\/tbody>\n<\/table>\n<p>Les repr\u00e9sentants des PBQ ont \u00e9galement eu des discussions constructives avec deux d\u00e9put\u00e9s de la grande r\u00e9gion de Montr\u00e9al&nbsp;: Mme&nbsp;Claude&nbsp;DeBellefeuille (Beauharnois-Salaberry-Soulanges-Huntingdon) et M.&nbsp;Jacques&nbsp;Ramsay (La Prairie \u2013 Atateken).<\/p>\n<p>Les \u00e9changes se sont concentr\u00e9s sur l\u2019Accord Canada\u2013\u00c9tats-Unis-Mexique, les n\u00e9gociations en vue d\u2019un accord avec le bloc du Mercosur et la fermeture des centres de recherche d\u2019Agriculture et Agroalimentaire Canada.<\/p>\n<p>Les PBQ tiennent \u00e0 remercier l\u2019Association canadienne des bovins pour l\u2019organisation de ces rencontres ainsi que les parlementaires pour ces discussions fructueuses.<\/p>\n<p><em>Source&nbsp;: PBQ<\/em><\/p>\n<p><a href=\"#top\">Retour en haut<\/a><a id=\"actualit\u00e9\"><\/a><\/p>\n<hr>\n<h4><a id=\"A3\"><\/a>Code de pratique pour le soin et la manipulation des bovins de boucherie : la p\u00e9riode de commentaires publics est ouverte<\/h4>\n<p><img loading=\"lazy\" decoding=\"async\" class=\"aligncenter wp-image-31323\" src=\"https:\/\/bovin.qc.ca\/wp-content\/uploads\/2026\/04\/FR-Beef-COP-Comment-Period-3-Facebook-300x251.png\" alt=\"\" width=\"725\" height=\"608\" srcset=\"https:\/\/bovin.qc.ca\/wp-content\/uploads\/2026\/04\/FR-Beef-COP-Comment-Period-3-Facebook-300x251.png 300w, https:\/\/bovin.qc.ca\/wp-content\/uploads\/2026\/04\/FR-Beef-COP-Comment-Period-3-Facebook-153x128.png 153w, https:\/\/bovin.qc.ca\/wp-content\/uploads\/2026\/04\/FR-Beef-COP-Comment-Period-3-Facebook.png 940w\" sizes=\"auto, (max-width: 725px) 100vw, 725px\" \/><\/p>\n<p>Le <em>Code pour le soin et la manipulation des bovins de boucherie<\/em> a \u00e9t\u00e9 publi\u00e9 en 2013. Une r\u00e9vision de celui-ci s\u2019est amorc\u00e9e en 2023. \u00ab&nbsp;D\u00e9j\u00e0!&nbsp;\u00bb vous vous dites peut-\u00eatre? Eh oui! C\u2019est tous les 10 ans qu\u2019une r\u00e9vision compl\u00e8te des Codes est r\u00e9alis\u00e9e. Leur contenu est le fruit d\u2019une collaboration entre les acteurs du milieu et il s\u2019appuie sur les recommandations des scientifiques. Avec l\u2019\u00e9volution de la science en mati\u00e8re de bien-\u00eatre animal, la r\u00e9vision des Codes est donc une \u00e9tape essentielle pour d\u00e9montrer l\u2019avancement continu des connaissances dans notre production!<\/p>\n<p><strong>La beaut\u00e9 dans ce processus, c\u2019est que vous avez votre mot \u00e0 dire! \u00c0 partir du 13 avril jusqu\u2019au 12 juin 2026, le public est invit\u00e9 \u00e0 commenter le nouveau Code.&nbsp; Cette \u00e9tape est la derni\u00e8re avant sa publication pr\u00e9vue en 2027. <\/strong><\/p>\n<p>Rappelons que les Codes de pratiques du Canada offrent des conseils essentiels au soin et \u00e0 la manipulation des animaux d\u2019\u00e9levage. Ces codes sont notre conception, au Canada, des besoins et des pratiques exemplaires recommand\u00e9es en mati\u00e8re de soins aux animaux.&nbsp;&nbsp;<\/p>\n<p>Ces codes servent \u00e0 la fois d\u2019outils p\u00e9dagogiques, de documents de r\u00e9f\u00e9rence pour les r\u00e8glements et de fondement aux programmes de bien-\u00eatre animal.<\/p>\n<p>Nous invitons les producteurs de bovins \u00e0 commenter le <a href=\"https:\/\/bovin.qc.ca\/wp-content\/uploads\/2026\/04\/bovins_de_boucherie_code_de_pratiques.pdf\" target=\"_blank\" rel=\"noopener\"><em>Code pour le soin et la manipulation des bovins de boucherie.<\/em><\/a><em><a href=\"https:\/\/fr.surveymonkey.com\/r\/HV98RV8\" target=\"_blank\" rel=\"noopener\"><img loading=\"lazy\" decoding=\"async\" class=\"aligncenter wp-image-31282\" src=\"https:\/\/bovin.qc.ca\/wp-content\/uploads\/2026\/04\/PCP-Red-Button_Beef-Cattle_FR-300x116.png\" alt=\"\" width=\"474\" height=\"183\" srcset=\"https:\/\/bovin.qc.ca\/wp-content\/uploads\/2026\/04\/PCP-Red-Button_Beef-Cattle_FR-300x116.png 300w, https:\/\/bovin.qc.ca\/wp-content\/uploads\/2026\/04\/PCP-Red-Button_Beef-Cattle_FR-332x128.png 332w, https:\/\/bovin.qc.ca\/wp-content\/uploads\/2026\/04\/PCP-Red-Button_Beef-Cattle_FR.png 400w\" sizes=\"auto, (max-width: 474px) 100vw, 474px\" \/><\/a><\/em><\/p>\n<div class=\"badge-shape ytBadgeSupportedRendererBadgeShape\">\n<div class=\"ytBadgeShapeIcon\">\n<p><a href=\"https:\/\/www.youtube.com\/watch?v=zg6cHBGZUPA\" target=\"_blank\" rel=\"noopener\">Comment faire vos commentaires sur la version pr\u00e9liminaire du Code bovins de boucherie?<\/a><\/p>\n<\/div>\n<\/div>\n<h4><a href=\"https:\/\/www.nfacc.ca\/codes-de-pratiques\/bovins-de-boucherie#visualiser\" target=\"_blank\" rel=\"noopener\"><img loading=\"lazy\" decoding=\"async\" class=\"alignnone\" src=\"https:\/\/bovin.qc.ca\/wp-content\/uploads\/2025\/02\/Bouton-en-savoir-plus.png\" alt=\"\" width=\"204\" height=\"53\"><\/a><\/h4>\n<p><em>Source&nbsp;: PBQ<\/em><\/p>\n<p><a href=\"#top\">Retour en haut<\/a><a id=\"actualit\u00e9\"><\/a><\/p>\n<hr>\n<h4><a id=\"A4\"><\/a>Projet de R\u00e8glement sur les pratiques agroenvironnementales (RPAE) &#8211; les PBQ soumettent leurs commentaires<\/h4>\n<p><img loading=\"lazy\" decoding=\"async\" class=\"wp-image-31288 aligncenter\" src=\"https:\/\/bovin.qc.ca\/wp-content\/uploads\/2026\/04\/Creation-sans-titre-28-300x112.png\" alt=\"\" width=\"725\" height=\"270\" srcset=\"https:\/\/bovin.qc.ca\/wp-content\/uploads\/2026\/04\/Creation-sans-titre-28-300x112.png 300w, https:\/\/bovin.qc.ca\/wp-content\/uploads\/2026\/04\/Creation-sans-titre-28-344x128.png 344w, https:\/\/bovin.qc.ca\/wp-content\/uploads\/2026\/04\/Creation-sans-titre-28.png 854w\" sizes=\"auto, (max-width: 725px) 100vw, 725px\" \/><\/p>\n<p>Les PBQ ont soumis leurs commentaires sur le projet de <em>R\u00e8glement sur les pratiques agroenvironnementales<\/em> (RPAE) au minist\u00e8re de l\u2019Environnement, de la Lutte contre les Changements climatiques, de la Faune et des Parcs (MELCCFP).<\/p>\n<p>Les PBQ ont salu\u00e9 l\u2019initiative du minist\u00e8re de permettre l\u2019accroissement des superficies en cultures et le retrait de la date d\u2019\u00e9pandage au 1<sup>er<\/sup> octobre, demandes du secteur agricole depuis de nombreuses ann\u00e9es. L\u2019introduction du principe de pr\u00e9s\u00e9ance sur les r\u00e9glementations municipales favorisera une \u00e9quit\u00e9 entre les entreprises agricoles au Qu\u00e9bec, tout en assurant une meilleure compr\u00e9hension des r\u00e8gles applicables en mati\u00e8re de protection des milieux sensibles. Le retrait du bilan phosphore est aussi accueilli favorablement par les PBQ.&nbsp;<\/p>\n<p>Cependant, les PBQ ont rappel\u00e9 que certaines exigences propos\u00e9es entra\u00eeneront des cons\u00e9quences pour les producteurs de bovins du Qu\u00e9bec notamment celles en lien avec les amas au champ, les cours d\u2019exercices, la caract\u00e9risation des fumiers et l\u2019inspection des ouvrages de stockage des d\u00e9jections animales. De plus, l\u2019absence d\u2019une d\u00e9finition de la v\u00e9g\u00e9tation enracin\u00e9e, qui est cit\u00e9e \u00e0 plusieurs reprises, apporte une confusion dans le r\u00e8glement.<\/p>\n<p>Les PBQ ont demand\u00e9 des modifications \u00e0 certaines d\u00e9finitions notamment celles du b\u00e2timent d\u2019\u00e9levage et de la cour d\u2019exercice. L\u2019ajout de d\u00e9finition pour un abri et la v\u00e9g\u00e9tation enracin\u00e9e ont \u00e9galement \u00e9t\u00e9 inclus dans les demandes des PBQ.<\/p>\n<p>Le m\u00e9moire des PBQ est disponible <a href=\"https:\/\/bovin.qc.ca\/wp-content\/uploads\/2026\/04\/Memoire-RPAE-PBQ-10-avril-2026-1.pdf\" target=\"_blank\" rel=\"noopener\"><strong>ici<\/strong><\/a>.<\/p>\n<p><em>Source&nbsp;: PBQ<\/em><\/p>\n<p><a href=\"#top\">Retour en haut<\/a><a id=\"actualit\u00e9\"><\/a><\/p>\n<hr>\n<h4><a id=\"A5\"><\/a>Renseignez-vous sur le nouveau r\u00e9gime de cotisation de l&#8217;UPA<\/h4>\n<p><img loading=\"lazy\" decoding=\"async\" class=\"aligncenter wp-image-31169\" src=\"https:\/\/bovin.qc.ca\/wp-content\/uploads\/2026\/04\/2026_UPA_declaration_infolettre_bandeau-300x138.jpg\" alt=\"\" width=\"725\" height=\"332\" srcset=\"https:\/\/bovin.qc.ca\/wp-content\/uploads\/2026\/04\/2026_UPA_declaration_infolettre_bandeau-300x138.jpg 300w, https:\/\/bovin.qc.ca\/wp-content\/uploads\/2026\/04\/2026_UPA_declaration_infolettre_bandeau-279x128.jpg 279w, https:\/\/bovin.qc.ca\/wp-content\/uploads\/2026\/04\/2026_UPA_declaration_infolettre_bandeau.jpg 1200w\" sizes=\"auto, (max-width: 725px) 100vw, 725px\" \/><\/p>\n<p>\u00c0 la suite de l\u2019acceptation de la premi\u00e8re \u00e9tape du projet de <a href=\"https:\/\/www.upa.qc.ca\/nouveau-regime-cotisation\" target=\"_blank\" rel=\"noopener\">nouveau r\u00e9gime de cotisation<\/a> de l\u2019Union des producteurs agricoles (UPA) par la R\u00e9gie des march\u00e9s agricoles et alimentaires du Qu\u00e9bec (RMAAQ), une demande de d\u00e9claration de palier de revenus sera envoy\u00e9e \u00e0 toutes les productrices et \u00e0 tous les producteurs agricoles du Qu\u00e9bec au cours des prochains jours.<\/p>\n<p>Vous recevrez par la poste des informations personnalis\u00e9es et tout le n\u00e9cessaire pour produire votre d\u00e9claration en ligne de fa\u00e7on simple et rapide. <strong>Vous devrez soumettre votre d\u00e9claration \u00e0 l\u2019UPA avant le 30 juin 2026.<\/strong><\/p>\n<p>L\u2019objectif de cette demande est de confirmer les donn\u00e9es financi\u00e8res qui ont \u00e9t\u00e9 estim\u00e9es et pr\u00e9sent\u00e9es lors des consultations de l\u2019automne dernier puis qui ont \u00e9t\u00e9 adopt\u00e9es au dernier Congr\u00e8s g\u00e9n\u00e9ral, et ce, en pr\u00e9vision d\u2019une entr\u00e9e en vigueur en 2027 (sous r\u00e9serve de l\u2019approbation de la RMAAQ).<\/p>\n<p>Rappelons que des modifications sont apport\u00e9es au r\u00e9gime actuel afin que les cotisations soient bas\u00e9es sur le revenu agricole brut des entreprises, et qu\u2019un meilleur \u00e9quilibre soit atteint entre les productions qui versent des contributions \u00e0 l\u2019UPA dans le cadre d\u2019un <a href=\"https:\/\/www.upa.qc.ca\/producteur\/centre-des-communications\/dossiers-thematiques\/lautonomie-alimentaire-ca-se-cultive-ensemble\/la-mise-en-marche-collective#c6723\" target=\"_blank\" rel=\"noopener\">plan conjoint<\/a> et celles qui n\u2019en versent pas.<\/p>\n<p>Pour toute question ou pour de l\u2019accompagnement, communiquez avec le Service des cotisations de Longueuil au 1&nbsp;855&nbsp;534-7120 ou par courriel \u00e0 <a href=\"mailto:cotisations@upa.qc.ca\" target=\"_blank\" rel=\"noopener\">cotisations@upa.qc.ca<\/a>.&nbsp;<\/p>\n<h4><a href=\"https:\/\/www.upa.qc.ca\/producteur\/affaires-syndicales\/nouveau-regime-de-cotisation\" target=\"_blank\" rel=\"noopener\"><img loading=\"lazy\" decoding=\"async\" class=\"alignnone\" src=\"https:\/\/bovin.qc.ca\/wp-content\/uploads\/2025\/02\/Bouton-en-savoir-plus.png\" alt=\"\" width=\"204\" height=\"53\"><\/a><\/h4>\n<p style=\"text-align: left;\"><em>Source : UPA<\/em><\/p>\n<p><a href=\"#top\">Retour en haut<\/a><a id=\"actualit\u00e9\"><\/a><\/p>\n<hr>\n<h4><a id=\"A6\"><\/a>Subvention disponible pour l&#8217;installation de panneaux solaires<\/h4>\n<h4><img loading=\"lazy\" decoding=\"async\" class=\"aligncenter wp-image-31264\" src=\"https:\/\/bovin.qc.ca\/wp-content\/uploads\/2026\/04\/Barns-with-Solar-Panels-300x152.jpg\" alt=\"\" width=\"725\" height=\"367\" srcset=\"https:\/\/bovin.qc.ca\/wp-content\/uploads\/2026\/04\/Barns-with-Solar-Panels-300x152.jpg 300w, https:\/\/bovin.qc.ca\/wp-content\/uploads\/2026\/04\/Barns-with-Solar-Panels-253x128.jpg 253w, https:\/\/bovin.qc.ca\/wp-content\/uploads\/2026\/04\/Barns-with-Solar-Panels-1536x777.jpg 1536w, https:\/\/bovin.qc.ca\/wp-content\/uploads\/2026\/04\/Barns-with-Solar-Panels-2048x1036.jpg 2048w\" sizes=\"auto, (max-width: 725px) 100vw, 725px\" \/><\/h4>\n<p><a href=\"https:\/\/nouvelles.hydroquebec.com\/nouvelles\/communiques\/tout-quebec\/hydro-quebec-lance-nouveaux-appuis-financiers-destines-soutenir-clients-residentiels-affaire-veulent-installer-panneaux-solaires.html\" target=\"_blank\" rel=\"noopener\">Hydro-Qu\u00e9bec a annonc\u00e9 le 2 avril dernier<\/a> un nouvel appui financier pour acc\u00e9l\u00e9rer l\u2019autoproduction d\u2019\u00e9nergie solaire, auquel les entreprises agricoles sont \u00e9ligibles. L\u2019aide financi\u00e8re est de 1000&nbsp;$ par kW install\u00e9, couvrant jusqu\u2019\u00e0 concurrence de 40% des co\u00fbts admissibles d\u2019un projet, soit environ 45&nbsp;000&nbsp;$ pour une entreprise. Par cette initiative, la soci\u00e9t\u00e9 d\u2019\u00c9tat veut aider ses clients qui souhaitent devenir autoproducteurs, \u00e0 r\u00e9duire la p\u00e9riode de retour sur investissement qui est pr\u00e9sentement de 25 \u00e0 30 ans, \u00e0 environ 10 \u00e0 12 ans.<\/p>\n<p>Les clients affaires peuvent adh\u00e9rer \u00e0 une option tarifaire qui permet d\u2019injecter leur surplus d\u2019\u00e9lectricit\u00e9 sur le r\u00e9seau d\u2019Hydro-Qu\u00e9bec, et d\u2019obtenir en \u00e9change des cr\u00e9dits sous forme de kilowattheures pouvant \u00eatre consomm\u00e9s plus tard.<\/p>\n<p><a href=\"https:\/\/www.hydroquebec.com\/residentiel\/mieux-consommer\/conseils\/panneaux-solaires.html\" target=\"_blank\" rel=\"noopener\"><img loading=\"lazy\" decoding=\"async\" class=\"alignnone\" src=\"https:\/\/bovin.qc.ca\/wp-content\/uploads\/2025\/02\/Bouton-en-savoir-plus.png\" alt=\"\" width=\"204\" height=\"53\"><\/a><\/p>\n<p><em>Source&nbsp;: Hydro-Qu\u00e9bec<\/em><\/p>\n<p><a href=\"#top\">Retour en haut<\/a><a id=\"actualit\u00e9\"><\/a><\/p>\n<hr>\n<h4><a id=\"A7\"><\/a>Programme de paiements anticip\u00e9s<\/h4>\n<p><img loading=\"lazy\" decoding=\"async\" class=\"wp-image-31252 aligncenter\" src=\"https:\/\/bovin.qc.ca\/wp-content\/uploads\/2026\/04\/istockphoto-1185843546-612x612-1-300x200.jpg\" alt=\"\" width=\"725\" height=\"483\" srcset=\"https:\/\/bovin.qc.ca\/wp-content\/uploads\/2026\/04\/istockphoto-1185843546-612x612-1-300x200.jpg 300w, https:\/\/bovin.qc.ca\/wp-content\/uploads\/2026\/04\/istockphoto-1185843546-612x612-1-192x128.jpg 192w, https:\/\/bovin.qc.ca\/wp-content\/uploads\/2026\/04\/istockphoto-1185843546-612x612-1.jpg 612w\" sizes=\"auto, (max-width: 725px) 100vw, 725px\" \/><\/p>\n<p>Le ministre M.Heath MacDonald a annonc\u00e9 le 1er avril 2026 que le gouvernement du Canada \u00e9tablira la limite des avances sans int\u00e9r\u00eat du Programme de paiements anticip\u00e9s \u00e0 250 000$ pour l&#8217;ann\u00e9e de programme 2026 pour toutes les avances autres que celles visant le canola.<\/p>\n<p><em><a href=\"https:\/\/www.canada.ca\/fr\/agriculture-agroalimentaire\/nouvelles\/2026\/04\/le-ministre-macdonald-annonce-que-la-limite-des-avances-sans-interet-visant-les-produits-autres-que-le-canola-passera-a-250000--dans-le-cadre-du-pr.html\" target=\"_blank\" rel=\"noopener\"><img loading=\"lazy\" decoding=\"async\" class=\"alignnone\" src=\"https:\/\/bovin.qc.ca\/wp-content\/uploads\/2025\/02\/Bouton-en-savoir-plus.png\" alt=\"\" width=\"204\" height=\"53\"><\/a><\/em><\/p>\n<p><em>Source : Gouvernement du Canada<\/em><\/p>\n<p><a href=\"#top\">Retour en haut<\/a><\/p>\n<hr>\n<h4><a id=\"A8\"><\/a>Enqu\u00eate nationale sur la sant\u00e9 mentale des agriculteurs au Canada<\/h4>\n<p><img loading=\"lazy\" decoding=\"async\" class=\"aligncenter wp-image-30479\" src=\"https:\/\/bovin.qc.ca\/wp-content\/uploads\/2026\/02\/enquete-sante-mentale-e1770739615302-300x178.jpg\" alt=\"\" width=\"725\" height=\"430\" srcset=\"https:\/\/bovin.qc.ca\/wp-content\/uploads\/2026\/02\/enquete-sante-mentale-e1770739615302-300x178.jpg 300w, https:\/\/bovin.qc.ca\/wp-content\/uploads\/2026\/02\/enquete-sante-mentale-e1770739615302-216x128.jpg 216w, https:\/\/bovin.qc.ca\/wp-content\/uploads\/2026\/02\/enquete-sante-mentale-e1770739615302.jpg 1080w\" sizes=\"auto, (max-width: 725px) 100vw, 725px\" \/><\/p>\n<p>L\u2019Universit\u00e9 de Guelph, en collaboration avec le Centre canadien pour le bien-\u00eatre agricole (CCWBA), a prolong\u00e9 <strong>jusqu\u2019au 31 mai la&nbsp;date limite <\/strong>pour le troisi\u00e8me sondage national sur la sant\u00e9 mentale des agriculteurs y \u00e9leveurs au Canada.&nbsp;<\/p>\n<p>Cette enqu\u00eate nationale invite les agriculteurs et les \u00e9leveurs de tous les secteurs et de toutes les r\u00e9gions du Canada \u00e0 partager leurs exp\u00e9riences li\u00e9es au stress, \u00e0 l\u2019anxi\u00e9t\u00e9, \u00e0 la d\u00e9pression, \u00e0 l\u2019\u00e9puisement professionnel, \u00e0 la r\u00e9silience et aux strat\u00e9gies d\u2019adaptation.<\/p>\n<p>Les r\u00e9sultats permettront de brosser un portrait plus clair et plus actuel de la sant\u00e9 mentale en agriculture et seront compar\u00e9s aux conclusions des enqu\u00eates nationales men\u00e9es en 2016 et 2021. Une forte participation aidera \u00e0 garantir que les futures recherches, les programmes et les d\u00e9cisions en mati\u00e8re de politiques soient \u00e9clair\u00e9s par les exp\u00e9riences r\u00e9elles des agriculteurs et des \u00e9leveurs.<\/p>\n<p><a href=\"https:\/\/uoguelph.eu.qualtrics.com\/jfe\/form\/SV_0Bp1DUwUhYS38Pk\" target=\"_blank\" rel=\"noopener\">Participer au sondage en fran\u00e7ais<\/a><\/p>\n<p><a href=\"https:\/\/uoguelph.eu.qualtrics.com\/jfe\/form\/SV_41PZdeZqT9WEcGG\" target=\"_blank\" rel=\"noopener\">Participer au sondage en anglais<\/a><\/p>\n<p><em>Source : AAC<\/em><\/p>\n<p><a href=\"#top\">Retour en haut<\/a><a id=\"actualit\u00e9\"><\/a><\/p>\n<div class=\"html-div xdj266r x14z9mp xat24cr x1lziwak xexx8yu xyri2b x18d9i69 x1c1uobl\" tabindex=\"-1\">\n<div>\n<table style=\"width: 100%; border-collapse: collapse; background-color: #a52a2a; height: 68px;\" border=\"0\">\n<tbody>\n<tr style=\"height: 68px;\">\n<td style=\"width: 100%; height: 68px;\">\n<h3 style=\"text-align: center;\"><span style=\"color: #ffffff;\"><a id=\"BR\"><\/a>BOVIN DE R\u00c9FORME ET VEAU LAITIER<\/span><\/h3>\n<\/td>\n<\/tr>\n<\/tbody>\n<\/table>\n<\/div>\n<\/div>\n<h4><strong>Mise en march\u00e9 des veaux laitiers \u00e0 l&#8217;encan<\/strong><\/h4>\n<p>Dans les prochaines semaines, toute personne ayant mis en march\u00e9 des veaux laitiers dans les encans du Qu\u00e9bec en 2025 recevra une lettre afin de rappeler les bonnes pratiques de pr\u00e9paration des veaux avant la vente. Voici les principaux \u00e9l\u00e9ments \u00e0 retenir&nbsp;:<\/p>\n<p><img loading=\"lazy\" decoding=\"async\" class=\"aligncenter wp-image-31340\" src=\"https:\/\/bovin.qc.ca\/wp-content\/uploads\/2026\/04\/Capture-decran-2026-04-23-100828-300x240.png\" alt=\"\" width=\"725\" height=\"579\" srcset=\"https:\/\/bovin.qc.ca\/wp-content\/uploads\/2026\/04\/Capture-decran-2026-04-23-100828-300x240.png 300w, https:\/\/bovin.qc.ca\/wp-content\/uploads\/2026\/04\/Capture-decran-2026-04-23-100828-160x128.png 160w, https:\/\/bovin.qc.ca\/wp-content\/uploads\/2026\/04\/Capture-decran-2026-04-23-100828.png 726w\" sizes=\"auto, (max-width: 725px) 100vw, 725px\" \/><\/p>\n<p><strong>Notez qu\u2019il est possible d\u2019obtenir une aide financi\u00e8re en vertu du Programme int\u00e9gr\u00e9 de sant\u00e9 animale du Qu\u00e9bec 2025-2028<\/strong><\/p>\n<p><strong>Sous-volet 4.1 \u2013 Appui aux projets individuels visant l\u2019adoption de bonnes pratiques<\/strong><\/p>\n<p>La visite doit inclure des activit\u00e9s li\u00e9es \u00e0 un ou \u00e0 plusieurs des th\u00e8mes suivants :<\/p>\n<ul>\n<li>la bios\u00e9curit\u00e9;<\/li>\n<li>le bien-\u00eatre et la s\u00e9curit\u00e9;<\/li>\n<li>la t\u00e9l\u00e9m\u00e9decine v\u00e9t\u00e9rinaire;<\/li>\n<li>l\u2019usage judicieux des m\u00e9dicaments;<\/li>\n<li>les probl\u00e9matiques de sant\u00e9 entra\u00eenant une utilisation non judicieuse des m\u00e9dicaments;<\/li>\n<li>les probl\u00e9matiques de sant\u00e9 repr\u00e9sentant un risque pour la productivit\u00e9;<\/li>\n<li>les probl\u00e9matiques de sant\u00e9 repr\u00e9sentant un risque important pour la sant\u00e9 publique ou la sant\u00e9 des cheptels.<\/li>\n<\/ul>\n<p><strong>Si vous \u00eates un exploitant agricole&nbsp;<\/strong>:<\/p>\n<p>L\u2019exploitation agricole doit solliciter un m\u00e9decin v\u00e9t\u00e9rinaire inscrit au PISAQ. Ce dernier soumettra un relev\u00e9 v\u00e9t\u00e9rinaire et un plan d\u2019accompagnement au ministre, afin que les services rendus soient admissibles \u00e0 l\u2019aide financi\u00e8re. Aucune d\u00e9marche suppl\u00e9mentaire n\u2019est requise.<\/p>\n<p><em>Source : PBQ<\/em><\/p>\n<p><a href=\"#top\">Retour en haut<\/a><\/p>\n<div class=\"html-div xdj266r x14z9mp xat24cr x1lziwak xexx8yu xyri2b x18d9i69 x1c1uobl\" tabindex=\"-1\">\n<div>\n<div>\n<table style=\"width: 100%; border-collapse: collapse; background-color: #a52a2a;\" border=\"0\">\n<tbody>\n<tr>\n<td style=\"width: 100%;\">\n<h3 style=\"text-align: center;\"><span style=\"color: #ffffff;\"><a id=\"VGVL\"><\/a>VEAU DE GRAIN ET VEAU DE LAIT<\/span><\/h3>\n<\/td>\n<\/tr>\n<\/tbody>\n<\/table>\n<\/div>\n<\/div>\n<div>\n<p><img decoding=\"async\" class=\"aligncenter\" src=\"https:\/\/bovin.qc.ca\/wp-content\/uploads\/2025\/05\/VG_VL_Promotion.png\"><\/p>\n<\/div>\n<\/div>\n<h4>Des actions en cours pour soutenir la visibilit\u00e9 du veau<\/h4>\n<p><img loading=\"lazy\" decoding=\"async\" class=\"aligncenter wp-image-31178\" src=\"https:\/\/bovin.qc.ca\/wp-content\/uploads\/2026\/04\/site-web-Veau-du-Qc-300x148.png\" alt=\"\" width=\"725\" height=\"357\" srcset=\"https:\/\/bovin.qc.ca\/wp-content\/uploads\/2026\/04\/site-web-Veau-du-Qc-300x148.png 300w, https:\/\/bovin.qc.ca\/wp-content\/uploads\/2026\/04\/site-web-Veau-du-Qc-260x128.png 260w, https:\/\/bovin.qc.ca\/wp-content\/uploads\/2026\/04\/site-web-Veau-du-Qc.png 576w\" sizes=\"auto, (max-width: 725px) 100vw, 725px\" \/><\/p>\n<p><strong>Campagne display pendant le Ramadan<\/strong><\/p>\n<p>Les PBQ ont d\u00e9ploy\u00e9 une campagne Google Display pendant la p\u00e9riode du Ramadan afin de rejoindre les consommateurs cibl\u00e9s au moment opportun.<br \/>\nCe type de campagne permet de diffuser des banni\u00e8res publicitaires visuelles sur un vaste r\u00e9seau de sites Web, d\u2019applications et de plateformes partenaires de Google. L\u2019objectif est d\u2019accro\u00eetre la notori\u00e9t\u00e9 du produit et de g\u00e9n\u00e9rer de l\u2019int\u00e9r\u00eat aupr\u00e8s des consommateurs en les dirigeant vers le site Web.<\/p>\n<p><strong>Mise \u00e0 jour technique du site Web<\/strong><\/p>\n<p>Parall\u00e8lement, les PBQ travaillent actuellement \u00e0 l\u2019optimisation technique du site Internet <a href=\"https:\/\/www.veauduquebec.com\/\" target=\"_blank\" rel=\"noopener\">Veau du Qu\u00e9bec<\/a>. Ces am\u00e9liorations visent \u00e0 rendre l\u2019administration du site plus simple et plus autonome \u00e0 l\u2019interne, notamment pour la mise \u00e0 jour de contenus, la gestion des recettes et les actions de promotion num\u00e9rique. Cette \u00e9tape permettra d\u2019\u00eatre plus agile et efficace dans les futures communications.<\/p>\n<p><strong>Pr\u00e9paration des campagnes estivales<\/strong><\/p>\n<p>Enfin, les PBQ poursuivent activement la pr\u00e9paration des campagnes estivales. La cr\u00e9ation des contenus (motion design, vid\u00e9os, partenariats) est en cours afin de pouvoir d\u00e9ployer des actions coh\u00e9rentes et attrayantes au bon moment, tout au long de la saison.<\/p>\n<p>Rappel aux producteurs qui vendent \u00e0 la ferme : si vous avez besoin de mat\u00e9riel promotionnel (\u00e9tiquettes, guides de coupes, livrets de recettes, etc.), n\u2019h\u00e9sitez pas \u00e0 \u00e9crire \u00e0 <a href=\"mailto:veauduquebec@upa.qc.ca\" target=\"_blank\" rel=\"noopener\">veauduquebec@upa.qc.ca<\/a> &nbsp;<\/p>\n<p><em>Source : PBQ<\/em><\/p>\n<p><a href=\"#top\">Retour en haut<\/a><\/p>\n<hr>\n<h4>Trucs et astuces : nouveau format pour le num\u00e9ro de certification<\/h4>\n<p><img loading=\"lazy\" decoding=\"async\" class=\"aligncenter wp-image-31291\" src=\"https:\/\/bovin.qc.ca\/wp-content\/uploads\/2026\/04\/Trucs-et-astuces_CLB-300x225.png\" alt=\"\" width=\"725\" height=\"544\" srcset=\"https:\/\/bovin.qc.ca\/wp-content\/uploads\/2026\/04\/Trucs-et-astuces_CLB-300x225.png 300w, https:\/\/bovin.qc.ca\/wp-content\/uploads\/2026\/04\/Trucs-et-astuces_CLB-171x128.png 171w, https:\/\/bovin.qc.ca\/wp-content\/uploads\/2026\/04\/Trucs-et-astuces_CLB.png 1024w\" sizes=\"auto, (max-width: 725px) 100vw, 725px\" \/><\/p>\n<p>Si vous avez re\u00e7u un document de certification r\u00e9cemment, vous avez peut-\u00eatre remarqu\u00e9 que le format de votre num\u00e9ro de certification a un peu chang\u00e9. C\u2019est normal! Nous utilisons maintenant notre plateforme de suivis automatis\u00e9s.<\/p>\n<p>Ancien format&nbsp;: VGP-QC-2017-XX<\/p>\n<p>Nouveau format&nbsp;: QC-2017-XX<\/p>\n<p>Si vous avez des questions, n\u2019h\u00e9sitez pas \u00e0 communiquer avec Catherine au 450&nbsp;679-0540, poste 8329.<\/p>\n<div class=\"html-div xdj266r x14z9mp xat24cr x1lziwak xexx8yu xyri2b x18d9i69 x1c1uobl\" tabindex=\"-1\">\n<p><em>Source : PBQ<\/em><\/p>\n<p><a href=\"#top\">Retour en haut<\/a><\/p>\n<table style=\"width: 100%; border-collapse: collapse; background-color: #a52a2a; height: 66px;\" border=\"0\">\n<tbody>\n<tr style=\"height: 66px;\">\n<td style=\"width: 100%; height: 66px;\">\n<h3 style=\"text-align: center;\"><span style=\"color: #ffffff;\"><a id=\"VE\"><\/a>VEAU D&#8217;EMBOUCHE<\/span><\/h3>\n<\/td>\n<\/tr>\n<\/tbody>\n<\/table>\n<\/div>\n<div class=\"html-div xdj266r x14z9mp xat24cr x1lziwak xexx8yu xyri2b x18d9i69 x1c1uobl\" tabindex=\"-1\">\n<h4><strong>Prochaine vente aux ench\u00e8res \u00e9lectroniques<\/strong><\/h4>\n<p><span style=\"color: #ff0000;\"><img loading=\"lazy\" decoding=\"async\" class=\"aligncenter wp-image-31408\" src=\"https:\/\/bovin.qc.ca\/wp-content\/uploads\/2026\/04\/Annonce-fr-300x169.png\" alt=\"\" width=\"725\" height=\"409\" srcset=\"https:\/\/bovin.qc.ca\/wp-content\/uploads\/2026\/04\/Annonce-fr-300x169.png 300w, https:\/\/bovin.qc.ca\/wp-content\/uploads\/2026\/04\/Annonce-fr-227x128.png 227w, https:\/\/bovin.qc.ca\/wp-content\/uploads\/2026\/04\/Annonce-fr.png 953w\" sizes=\"auto, (max-width: 725px) 100vw, 725px\" \/><\/span><\/p>\n<p>La prochaine vente aux ench\u00e8res \u00e9lectronique est pr\u00e9vue le 26 mai 2026. Les producteurs souhaitant inscrire leurs veaux doivent le faire avant 10 h, le vendredi 22 mai. Toutes les informations n\u00e9cessaires, y compris les conditions de vente et d\u2019achat, le formulaire d\u2019inscription et l\u2019acc\u00e8s \u00e0 la plateforme d\u2019ench\u00e8res \u00e9lectroniques, sont disponibles <a href=\"https:\/\/bovin.qc.ca\/en\/the-production\/feeder-calf\/electronic-auctions\/\" target=\"_blank\" rel=\"noopener\"><strong>ICI<\/strong><\/a>.<\/p>\n<p><strong>Outil d\u2019\u00e9tablissement de prix de r\u00e9serve<\/strong><\/p>\n<p>L\u2019outil, offert en format Excel, permet de comparer diff\u00e9rentes options tout en s\u2019appuyant sur les prix de vente les plus r\u00e9cents. L\u2019outil est disponible sur le site internet des PBQ dans la section <em>ench\u00e8re \u00e9lectronique<\/em>.<\/p>\n<p>Pour toute question, pour obtenir plus d\u2019information relative aux ench\u00e8res \u00e9lectroniques ou pour recevoir la version \u00e0 jour de l\u2019outil de prix de r\u00e9serve, veuillez contacter Mme Maude Dufresne, agente \u00e0 la mise en march\u00e9 des veaux d\u2019embouche, au 450-679-0540, poste 8367.<\/p>\n<p><em>Source : PBQ<\/em><\/p>\n<p><a href=\"#top\">Retour en haut<\/a><\/p>\n<\/div>\n<hr>\n<h4><img loading=\"lazy\" decoding=\"async\" class=\"aligncenter  wp-image-28742\" src=\"https:\/\/bovin.qc.ca\/wp-content\/uploads\/2025\/09\/logo-novaboeuf.png\" alt=\"\" width=\"207\" height=\"183\" srcset=\"https:\/\/bovin.qc.ca\/wp-content\/uploads\/2025\/09\/logo-novaboeuf.png 306w, https:\/\/bovin.qc.ca\/wp-content\/uploads\/2025\/09\/logo-novaboeuf-300x266.png 300w, https:\/\/bovin.qc.ca\/wp-content\/uploads\/2025\/09\/logo-novaboeuf-145x128.png 145w\" sizes=\"auto, (max-width: 207px) 100vw, 207px\" \/><\/h4>\n<h4>\u00c0 d\u00e9couvrir sur la cha\u00eene YouTube de Nova B\u0153uf&nbsp;<\/h4>\n<p><img loading=\"lazy\" decoding=\"async\" class=\"wp-image-31172 aligncenter\" src=\"https:\/\/bovin.qc.ca\/wp-content\/uploads\/2026\/04\/Chronique-Nova-Boeuf-Avril-2026-300x169.png\" alt=\"\" width=\"725\" height=\"407\" srcset=\"https:\/\/bovin.qc.ca\/wp-content\/uploads\/2026\/04\/Chronique-Nova-Boeuf-Avril-2026-300x169.png 300w, https:\/\/bovin.qc.ca\/wp-content\/uploads\/2026\/04\/Chronique-Nova-Boeuf-Avril-2026-228x128.png 228w, https:\/\/bovin.qc.ca\/wp-content\/uploads\/2026\/04\/Chronique-Nova-Boeuf-Avril-2026-1536x863.png 1536w, https:\/\/bovin.qc.ca\/wp-content\/uploads\/2026\/04\/Chronique-Nova-Boeuf-Avril-2026.png 1911w\" sizes=\"auto, (max-width: 725px) 100vw, 725px\" \/><\/p>\n<p>Saviez\u2011vous que la <a href=\"https:\/\/www.youtube.com\/@NovaBoeuf\" target=\"_blank\" rel=\"noopener\">cha\u00eene YouTube<\/a> de Nova B\u0153uf regroupe plusieurs <strong>capsules \u00e9ducatives con\u00e7ues pour appuyer concr\u00e8tement les producteurs bovins ?<\/strong> R\u00e9gie de troupeau, outils de gestion, indicateurs techniques&nbsp;: des contenus courts, clairs et directement applicables en entreprise.<br \/>\nQue ce soit pour approfondir un sujet abord\u00e9 en formation ou pour rafra\u00eechir vos connaissances, ces capsules sont l\u00e0 pour vous accompagner, au moment qui vous convient.<\/p>\n<p>&#x1f449; <strong>\u00c0 ne pas manquer<\/strong> : la <strong>vid\u00e9o de pr\u00e9sentation sur les mesures aux ultrasons<\/strong>, qui explique simplement leur utilit\u00e9, ce qu\u2019elles permettent de mesurer et comment elles peuvent appuyer la prise de d\u00e9cision en entreprise. Un bon point de d\u00e9part pour mieux comprendre cet outil.<\/p>\n<p><em>Source : Novab\u0153uf <\/em><\/p>\n<p><a href=\"#top\">Retour en haut<\/a><\/p>\n<div class=\"html-div xdj266r x14z9mp xat24cr x1lziwak xexx8yu xyri2b x18d9i69 x1c1uobl\" tabindex=\"-1\">\n<div class=\"html-div xdj266r x14z9mp xat24cr x1lziwak xexx8yu xyri2b x18d9i69 x1c1uobl\" tabindex=\"-1\">\n<div>\n<div>\n<table style=\"width: 100%; border-collapse: collapse; background-color: #a52a2a; height: 65px;\" border=\"0\">\n<tbody>\n<tr style=\"height: 65px;\">\n<td style=\"width: 100%; height: 65px;\">\n<h3 style=\"text-align: center;\"><span style=\"color: #ffffff;\"><a id=\"VEBA\"><\/a>VEAU D&#8217;EMBOUCHE ET BOUVILLON D&#8217;ABATTAGE<\/span><\/h3>\n<\/td>\n<\/tr>\n<\/tbody>\n<\/table>\n<\/div>\n<\/div>\n<p>&nbsp;<\/p>\n<p><img loading=\"lazy\" decoding=\"async\" class=\"aligncenter\" src=\"https:\/\/bovin.qc.ca\/wp-content\/uploads\/2025\/07\/La-chronique-VBP_CRSB-scaled.png\" alt=\"\" width=\"748\" height=\"248\"><\/p>\n<\/div>\n<div class=\"html-div xdj266r x14z9mp xat24cr x1lziwak xexx8yu xyri2b x18d9i69 x1c1uobl\" tabindex=\"-1\">&nbsp;<\/div>\n<h4>Chaque pas compte pour votre ferme!<\/h4>\n<p><img loading=\"lazy\" decoding=\"async\" class=\"aligncenter wp-image-31294\" src=\"https:\/\/bovin.qc.ca\/wp-content\/uploads\/2026\/04\/Chronique-VBP_CLB-1-300x167.png\" alt=\"\" width=\"725\" height=\"403\" srcset=\"https:\/\/bovin.qc.ca\/wp-content\/uploads\/2026\/04\/Chronique-VBP_CLB-1-300x167.png 300w, https:\/\/bovin.qc.ca\/wp-content\/uploads\/2026\/04\/Chronique-VBP_CLB-1-230x128.png 230w, https:\/\/bovin.qc.ca\/wp-content\/uploads\/2026\/04\/Chronique-VBP_CLB-1.png 810w\" sizes=\"auto, (max-width: 725px) 100vw, 725px\" \/><\/p>\n<\/div>\n<p>En avril, l\u2019\u00e9quipe VBP+ Qu\u00e9bec s\u2019est donn\u00e9 le d\u00e9fi de trouver des documents importants pour votre entreprise qui n\u00e9cessitent une signature. Certains sont requis pour VBP+\/CRSB* et d\u2019autres vous aideront \u00e0 \u00eatre encore plus <a href=\"https:\/\/bovin.qc.ca\/en\/sustainable-cattle\/\" target=\"_blank\" rel=\"noopener\">durable<\/a>. En avez-vous d\u2019autres en t\u00eate?<\/p>\n<ol>\n<li><strong>*<\/strong><a href=\"https:\/\/cdn-contenu.quebec.ca\/cdn-contenu\/adm\/min\/agriculture-pecheries-alimentation\/sante-animale\/antibiotiques\/GM_bonnes_pratiques_medicaments_veterinaires_MAPAQ.pdf\" target=\"_blank\" rel=\"noopener\"><strong>Prescription<\/strong><\/a> pour les m\u00e9dicaments et les aliments m\u00e9dicament\u00e9s : \u00e0 signer par un <a href=\"https:\/\/omvq.connexence.com\/ext\/omvq\/tm\/repertoire\/trouverMembre.zul\" target=\"_blank\" rel=\"noopener\">v\u00e9t\u00e9rinaire<\/a><\/li>\n<li><strong>*<\/strong><a href=\"https:\/\/bovin.qc.ca\/wp-content\/uploads\/2023\/10\/09.-Registre-de-sortie-vierge.pdf\" target=\"_blank\" rel=\"noopener\"><strong>D\u00e9claration d\u2019exp\u00e9dition<\/strong><\/a> vers l\u2019abattoir, un autre producteur ou l\u2019encan : \u00e0 signer par vous\/vos employ\u00e9s avec une <a href=\"https:\/\/issuu.com\/verifiedbeef\/docs\/vbp_manual_-_section_3_-_animal_health_french\/11\" target=\"_blank\" rel=\"noopener\">validation des p\u00e9riodes de retrait, des possibles aiguilles bris\u00e9es et de l\u2019aptitude au transport<\/a><\/li>\n<li><strong>Consentement b\u0153uf durable<\/strong> : \u00e0 signer par les producteurs certifi\u00e9s VBP+\/<a href=\"https:\/\/www.crsbcertified.ca\/fr-ca\" target=\"_blank\" rel=\"noopener\">CRSB<\/a> afin d\u2019\u00eatre \u00e9ligible au <a href=\"https:\/\/bovin.qc.ca\/en\/la-minute-bovine-january\/#veba\" target=\"_blank\" rel=\"noopener\">programme b\u0153uf durable ($)<\/a><\/li>\n<li><strong>Programme alimentaire qui r\u00e9pond aux <\/strong><a href=\"https:\/\/www.beefresearch.ca\/fr\/topics\/nutrition-in-beef-cattle\/\" target=\"_blank\" rel=\"noopener\"><strong>besoins des animaux<\/strong><\/a> : \u00e0 signer par un <a href=\"https:\/\/membres.oaq.qc.ca\/Thinclient\/Public\/PR\/FR\/#\/forms\/new\/?table=0x800000000000003D&amp;form=0x8000000000000036&amp;command=0x8000000000000C3B\" target=\"_blank\" rel=\"noopener\">agronome<\/a><\/li>\n<li><strong>Analyse d\u2019eau :<\/strong> \u00e0 signer par un <a href=\"https:\/\/www.ceaeq.gouv.qc.ca\/accreditation\/pala\/lla03.htm\" target=\"_blank\" rel=\"noopener\">laboratoire accr\u00e9dit\u00e9<\/a><\/li>\n<li><a href=\"https:\/\/issuu.com\/verifiedbeef\/docs\/vbp_-_section_8_-_biosecurity_-_french\/21\" target=\"_blank\" rel=\"noopener\"><strong>Registre des visiteurs<\/strong><\/a> : \u00e0 signer par toutes les personnes entrant sur votre ferme afin d\u2019<a href=\"https:\/\/issuu.com\/verifiedbeef\/docs\/vbp_-_section_8_-_biosecurity_-_french\/19\" target=\"_blank\" rel=\"noopener\">optimiser la bios\u00e9curit\u00e9<\/a><\/li>\n<\/ol>\n<p>VBP+\/CRSB est l\u00e0 pour vous aider \u00e0 briller aux yeux des consommateurs. Pour savoir comment nous rejoindre sur la piste de danse, <a href=\"mailto:pbqcertification@upa.qc.ca\" target=\"_blank\" rel=\"noopener\">\u00e9crivez-nous ici<\/a>.<\/p>\n<p><em>Source : PBQ<\/em><\/p>\n<p><a href=\"#top\">Retour en haut<\/a><\/p>\n<div class=\"html-div xdj266r x14z9mp xat24cr x1lziwak xexx8yu xyri2b x18d9i69 x1c1uobl\" tabindex=\"-1\">\n<div class=\"html-div xdj266r x14z9mp xat24cr x1lziwak xexx8yu xyri2b x18d9i69 x1c1uobl\" tabindex=\"-1\">\n<div>\n<div>\n<div>\n<table style=\"width: 100%; border-collapse: collapse; background-color: #a52a2a; height: 65px;\" border=\"0\">\n<tbody>\n<tr style=\"height: 65px;\">\n<td style=\"width: 100%; height: 65px;\">\n<h3 style=\"text-align: center;\"><span style=\"color: #ffffff;\">BOUVILLON D&#8217;ABATTAGE<\/span><\/h3>\n<\/td>\n<\/tr>\n<\/tbody>\n<\/table>\n<\/div>\n<\/div>\n<\/div>\n<\/div>\n<\/div>\n<h4><strong>Prix en mars 2026<\/strong><\/h4>\n<p><img loading=\"lazy\" decoding=\"async\" class=\"aligncenter wp-image-31213\" src=\"https:\/\/bovin.qc.ca\/wp-content\/uploads\/2026\/04\/BA-ps-300x200.jpg\" alt=\"\" width=\"725\" height=\"483\" srcset=\"https:\/\/bovin.qc.ca\/wp-content\/uploads\/2026\/04\/BA-ps-300x200.jpg 300w, https:\/\/bovin.qc.ca\/wp-content\/uploads\/2026\/04\/BA-ps-192x128.jpg 192w, https:\/\/bovin.qc.ca\/wp-content\/uploads\/2026\/04\/BA-ps-1536x1024.jpg 1536w, https:\/\/bovin.qc.ca\/wp-content\/uploads\/2026\/04\/BA-ps-2048x1365.jpg 2048w\" sizes=\"auto, (max-width: 725px) 100vw, 725px\" \/><\/p>\n<p>En mars 2026, le prix des bouvillons dans l\u2019est du Canada est rest\u00e9 relativement stable et \u00e0 des niveaux \u00e9lev\u00e9s, bien qu\u2019une l\u00e9g\u00e8re tendance \u00e0 la baisse se soit manifest\u00e9e durant la seconde moiti\u00e9 du mois.<\/p>\n<p>En effet, le prix moyen \u00e0 l\u2019ench\u00e8re \u00e9lectronique a atteint 5,31 $\/lb carcasse le 11 mars, avant de descendre \u00e0 5,28 $\/lb le 18 mars, demeurant ainsi globalement stable sur la p\u00e9riode. En Ontario, le prix des bouvillons est demeur\u00e9 stable \u00e0 5,35 $\/lb carcasse jusqu\u2019au 16 mars. Par la suite, il a enregistr\u00e9 un recul pour s\u2019\u00e9tablir \u00e0 5,25 $\/lb avant d\u2019augmenter de nouveau \u00e0 5.30$\/lb le 24 mars.<\/p>\n<p><em>Source : PBQ<\/em><\/p>\n<p><a href=\"#top\">Retour en haut<\/a><\/p>\n<div class=\"html-div xdj266r x14z9mp xat24cr x1lziwak xexx8yu xyri2b x18d9i69 x1c1uobl\" tabindex=\"-1\">\n<div class=\"html-div xdj266r x14z9mp xat24cr x1lziwak xexx8yu xyri2b x18d9i69 x1c1uobl\" tabindex=\"-1\">\n<div>\n<div>\n<div>\n<table style=\"width: 100%; border-collapse: collapse; background-color: #a52a2a; height: 65px;\" border=\"0\">\n<tbody>\n<tr style=\"height: 65px;\">\n<td style=\"width: 100%; height: 65px;\">\n<h3 style=\"text-align: center;\"><span style=\"color: #ffffff;\"><a id=\"NP\"><\/a>NOUVELLES DE NOS PARTENAIRES<\/span><\/h3>\n<\/td>\n<\/tr>\n<\/tbody>\n<\/table>\n<\/div>\n<\/div>\n<\/div>\n<\/div>\n<\/div>\n<div class=\"html-div xdj266r x14z9mp xat24cr x1lziwak xexx8yu xyri2b x18d9i69 x1c1uobl\" tabindex=\"-1\">\n<h4><a id=\"NP1\"><\/a><img loading=\"lazy\" decoding=\"async\" class=\" wp-image-15271 aligncenter\" src=\"https:\/\/bovin.qc.ca\/wp-content\/uploads\/2022\/08\/acb-logo.png\" alt=\"\" width=\"443\" height=\"146\" srcset=\"https:\/\/bovin.qc.ca\/wp-content\/uploads\/2022\/08\/acb-logo.png 391w, https:\/\/bovin.qc.ca\/wp-content\/uploads\/2022\/08\/acb-logo-300x99.png 300w, https:\/\/bovin.qc.ca\/wp-content\/uploads\/2022\/08\/acb-logo-388x128.png 388w\" sizes=\"auto, (max-width: 443px) 100vw, 443px\" \/><\/h4>\n<h4 class=\"html-div xdj266r x14z9mp xat24cr x1lziwak xexx8yu xyri2b x18d9i69 x1c1uobl\" tabindex=\"-1\">Rapport annuel 2025 de l&#8217;Association canadienne des bovins, maintenant disponible<\/h4>\n<p><img loading=\"lazy\" decoding=\"async\" class=\"aligncenter wp-image-31146\" src=\"https:\/\/bovin.qc.ca\/wp-content\/uploads\/2026\/04\/Rapport-annuel-ACB-1-e1775585824952-267x300.jpg\" alt=\"\" width=\"462\" height=\"519\" srcset=\"https:\/\/bovin.qc.ca\/wp-content\/uploads\/2026\/04\/Rapport-annuel-ACB-1-e1775585824952-267x300.jpg 267w, https:\/\/bovin.qc.ca\/wp-content\/uploads\/2026\/04\/Rapport-annuel-ACB-1-e1775585824952-114x128.jpg 114w, https:\/\/bovin.qc.ca\/wp-content\/uploads\/2026\/04\/Rapport-annuel-ACB-1-e1775585824952.jpg 1275w\" sizes=\"auto, (max-width: 462px) 100vw, 462px\" \/><\/p>\n<p>Le rapport annuel 2025 de l\u2019Association canadienne des bovins (ACB) est maintenant disponible en ligne en <a href=\"https:\/\/www.cattle.ca\/wp-content\/uploads\/2026\/03\/CCA_AnnualReport2025_FR.pdf\" target=\"_blank\" rel=\"noopener\">fran\u00e7ais<\/a> et en <a href=\"https:\/\/www.cattle.ca\/wp-content\/uploads\/2026\/03\/CCA_AnnualReport2025_EN.pdf\" target=\"_blank\" rel=\"noopener\">anglais<\/a>.<\/p>\n<p><em>Source&nbsp;: ACB<\/em><\/p>\n<p><a href=\"#top\">Retour en haut<\/a><\/p>\n<\/div>\n<hr>\n<h4><a id=\"NP2\"><\/a><img loading=\"lazy\" decoding=\"async\" class=\" wp-image-30671 aligncenter\" src=\"https:\/\/bovin.qc.ca\/wp-content\/uploads\/2026\/02\/logo-fadq.png\" alt=\"\" width=\"487\" height=\"149\" srcset=\"https:\/\/bovin.qc.ca\/wp-content\/uploads\/2026\/02\/logo-fadq.png 406w, https:\/\/bovin.qc.ca\/wp-content\/uploads\/2026\/02\/logo-fadq-300x92.png 300w\" sizes=\"auto, (max-width: 487px) 100vw, 487px\" \/><\/h4>\n<h4><strong>Acc\u00e8s au financement facilit\u00e9<\/strong><\/h4>\n<p>La Financi\u00e8re agricole (FADQ) mettra en place, \u00e0 compter du 1<sup>er<\/sup>&nbsp;avril 2026, des am\u00e9liorations visant \u00e0 faciliter l\u2019acc\u00e8s au financement et \u00e0 simplifier les d\u00e9marches pour les entreprises agricoles.<\/p>\n<p><strong>Ouverture de cr\u00e9dit bonifi\u00e9e<\/strong><\/p>\n<p>L\u2019ouverture de cr\u00e9dit offrira d\u00e9sormais un cautionnement couvrant jusqu\u2019\u00e0 50 % de la marge de cr\u00e9dit consentie par une institution financi\u00e8re, pour un maximum de 1 000 000 $ garanti par la FADQ. Le produit sera valide pour cinq ans, renouvelable, avec un taux d\u2019int\u00e9r\u00eat maximal \u00e9quivalant au taux pr\u00e9f\u00e9rentiel major\u00e9 de 2 %. L\u2019acc\u00e8s \u00e0 l\u2019ouverture de cr\u00e9dit sera conditionnel \u00e0 un financement \u00e0 long terme actif avec la FADQ.<\/p>\n<p><em><a href=\"https:\/\/www.fadq.qc.ca\/salle-de-presse\/actualites\/2026\/acces-au-financement-facilite\" target=\"_blank\" rel=\"noopener\"><img loading=\"lazy\" decoding=\"async\" class=\"alignnone\" src=\"https:\/\/bovin.qc.ca\/wp-content\/uploads\/2025\/02\/Bouton-en-savoir-plus.png\" alt=\"\" width=\"204\" height=\"53\"><\/a><\/em><\/p>\n<p><em>Source&nbsp;: FADQ<\/em><\/p>\n<p><a href=\"#top\">Retour en haut<\/a><\/p>\n<hr>\n<h4><a id=\"NP3\"><\/a><img loading=\"lazy\" decoding=\"async\" class=\" wp-image-30671 aligncenter\" src=\"https:\/\/bovin.qc.ca\/wp-content\/uploads\/2026\/02\/logo-fadq.png\" alt=\"\" width=\"487\" height=\"149\" srcset=\"https:\/\/bovin.qc.ca\/wp-content\/uploads\/2026\/02\/logo-fadq.png 406w, https:\/\/bovin.qc.ca\/wp-content\/uploads\/2026\/02\/logo-fadq-300x92.png 300w\" sizes=\"auto, (max-width: 487px) 100vw, 487px\" \/><\/h4>\n<h4>Devenez partenaire foin pour 2026<\/h4>\n<p>Le Centre d\u2019\u00e9tudes sur les co\u00fbts de production en agriculture (CECPA) recrute pr\u00e9sentement des&nbsp;<strong>entreprises agricoles partenaires foin<\/strong>&nbsp;pour la saison&nbsp;2026.<\/p>\n<p>Saviez-vous&nbsp;qu\u2019en \u00e9tant une ferme partenaire, vous contribuez \u00e0 am\u00e9liorer la pr\u00e9cision des r\u00e9sultats utilis\u00e9s par La&nbsp;Financi\u00e8re agricole (FADQ) pour l\u2019\u00e9valuation des dommages li\u00e9s \u00e0 la protection Foin et p\u00e2turages?<\/p>\n<p><em><a href=\"https:\/\/bovin.qc.ca\/wp-content\/uploads\/2026\/04\/Article_CECPA-recrutement2026-1.pdf\" target=\"_blank\" rel=\"noopener\"><img loading=\"lazy\" decoding=\"async\" class=\"alignnone\" src=\"https:\/\/bovin.qc.ca\/wp-content\/uploads\/2025\/02\/Bouton-en-savoir-plus.png\" alt=\"\" width=\"204\" height=\"53\"><\/a><\/em><\/p>\n<p><em>Source&nbsp;: FADQ<\/em><\/p>\n<p><a href=\"#top\">Retour en haut<\/a><\/p>\n<hr>\n<p><a id=\"NP4\"><\/a><img loading=\"lazy\" decoding=\"async\" class=\"aligncenter wp-image-29084\" src=\"https:\/\/bovin.qc.ca\/wp-content\/uploads\/2025\/10\/Logo-Le-Boeuf-canadien-e1771614413792.jpg\" alt=\"\" width=\"402\" height=\"264\" srcset=\"https:\/\/bovin.qc.ca\/wp-content\/uploads\/2025\/10\/Logo-Le-Boeuf-canadien-e1771614413792.jpg 787w, https:\/\/bovin.qc.ca\/wp-content\/uploads\/2025\/10\/Logo-Le-Boeuf-canadien-e1771614413792-300x197.jpg 300w, https:\/\/bovin.qc.ca\/wp-content\/uploads\/2025\/10\/Logo-Le-Boeuf-canadien-e1771614413792-195x128.jpg 195w\" sizes=\"auto, (max-width: 402px) 100vw, 402px\" \/><\/p>\n<h4><strong>B\u0153uf Canada de retour en Chine<\/strong><\/h4>\n<div id=\"attachment_31193\" style=\"width: 502px\" class=\"wp-caption aligncenter\"><img loading=\"lazy\" decoding=\"async\" aria-describedby=\"caption-attachment-31193\" class=\"wp-image-31193\" src=\"https:\/\/bovin.qc.ca\/wp-content\/uploads\/2026\/04\/A.-Eringfeld-scaled-e1775842934394-300x266.jpg\" alt=\"\" width=\"492\" height=\"436\" srcset=\"https:\/\/bovin.qc.ca\/wp-content\/uploads\/2026\/04\/A.-Eringfeld-scaled-e1775842934394-300x266.jpg 300w, https:\/\/bovin.qc.ca\/wp-content\/uploads\/2026\/04\/A.-Eringfeld-scaled-e1775842934394-144x128.jpg 144w, https:\/\/bovin.qc.ca\/wp-content\/uploads\/2026\/04\/A.-Eringfeld-scaled-e1775842934394-1536x1363.jpg 1536w, https:\/\/bovin.qc.ca\/wp-content\/uploads\/2026\/04\/A.-Eringfeld-scaled-e1775842934394.jpg 1707w\" sizes=\"auto, (max-width: 492px) 100vw, 492px\" \/><p id=\"caption-attachment-31193\" class=\"wp-caption-text\">M. Albert Eringfeld, vice-pr\u00e9sident charg\u00e9 du d\u00e9veloppement des march\u00e9s d&#8217;exportation chez B\u0153uf Canada<\/p><\/div>\n<p>&nbsp;<\/p>\n<p>En avril, B\u0153uf Canada a entrepris son premier voyage en Chine depuis le r\u00e9tablissement de l&#8217;acc\u00e8s au march\u00e9, gr\u00e2ce notamment aux avanc\u00e9es r\u00e9alis\u00e9es sur ce march\u00e9 depuis janvier 2026 et \u00e0 une strat\u00e9gie de diversification des exportations ax\u00e9e sur les march\u00e9s les plus prometteurs pour le b\u0153uf canadien.<\/p>\n<p>Albert Eringfeld, vice-pr\u00e9sident charg\u00e9 du d\u00e9veloppement des march\u00e9s d&#8217;exportation chez B\u0153uf Canada, a particip\u00e9 \u00e0 diverses activit\u00e9s \u00e0 Haikou, P\u00e9kin et Shanghai au cours de ce voyage, qui s&#8217;est d\u00e9roul\u00e9 du 10 au 18 avril. Le b\u0153uf canadien a occup\u00e9 une place de choix lors d&#8217;\u00e9v\u00e9nements sp\u00e9ciaux organis\u00e9s tout au long du s\u00e9jour, notamment une d\u00e9monstration culinaire \u00ab Saveur du Canada \u00bb, un d\u00eener promotionnel mettant \u00e0 l&#8217;honneur le b\u0153uf canadien et une r\u00e9ception donn\u00e9e par le gouvernement canadien.<\/p>\n<p>\u00c0 Haikou, les activit\u00e9s ont notamment consist\u00e9 \u00e0 participer au Salon chinois des produits de consommation, en compagnie du ministre de l\u2019Agriculture et de l\u2019Irrigation de l\u2019Alberta, M. RJ Sigurdson, et du ministre canadien du Commerce international, M. Maninder Sidhu. \u00c0 P\u00e9kin, des r\u00e9unions ont eu lieu avec des repr\u00e9sentants de l\u2019ambassade du Canada et du Service des d\u00e9l\u00e9gu\u00e9s commerciaux du Canada en Chine. \u00c0 Shanghai, l\u2019\u00e9quipe a rencontr\u00e9 des repr\u00e9sentants des fournisseurs de b\u0153uf canadien en Chine, ainsi que leurs principaux importateurs et clients d\u00e9taillants canadiens.<\/p>\n<p>Parmi les autres actions r\u00e9centes men\u00e9es par l&#8217;\u00e9quipe pour promouvoir le b\u0153uf canadien, on peut citer des ateliers de commercialisation et de cuisine, ainsi que des salons professionnels et des s\u00e9minaires organis\u00e9s aux Philippines et au Vietnam.<\/p>\n<p><em>Source : B\u0153uf Canada<\/em><\/p>\n<p><a href=\"#top\">Retour en haut<\/a><\/p>\n<hr>\n<h4><a id=\"NP5\"><\/a><img loading=\"lazy\" decoding=\"async\" class=\"aligncenter wp-image-31306\" src=\"https:\/\/bovin.qc.ca\/wp-content\/uploads\/2026\/04\/logos_cbcoa-300x150.png\" alt=\"\" width=\"402\" height=\"201\" srcset=\"https:\/\/bovin.qc.ca\/wp-content\/uploads\/2026\/04\/logos_cbcoa-300x150.png 300w, https:\/\/bovin.qc.ca\/wp-content\/uploads\/2026\/04\/logos_cbcoa-256x128.png 256w, https:\/\/bovin.qc.ca\/wp-content\/uploads\/2026\/04\/logos_cbcoa.png 834w\" sizes=\"auto, (max-width: 402px) 100vw, 402px\" \/><\/h4>\n<h4 style=\"text-align: left;\">Bourse d&#8217;\u00e9tudes de l&#8217;Agence canadienne de pr\u00e9l\u00e8vement du b\u0153uf<\/h4>\n<p><img loading=\"lazy\" decoding=\"async\" class=\"wp-image-31267 aligncenter\" src=\"https:\/\/bovin.qc.ca\/wp-content\/uploads\/2026\/04\/CBCCO-bourse-detudes-300x225.jpeg\" alt=\"\" width=\"725\" height=\"544\" srcset=\"https:\/\/bovin.qc.ca\/wp-content\/uploads\/2026\/04\/CBCCO-bourse-detudes-300x225.jpeg 300w, https:\/\/bovin.qc.ca\/wp-content\/uploads\/2026\/04\/CBCCO-bourse-detudes-171x128.jpeg 171w, https:\/\/bovin.qc.ca\/wp-content\/uploads\/2026\/04\/CBCCO-bourse-detudes.jpeg 1280w\" sizes=\"auto, (max-width: 725px) 100vw, 725px\" \/><\/p>\n<p>&nbsp;<\/p>\n<p>L\u2019Agence canadienne de pr\u00e9l\u00e8vement du b\u0153uf a cr\u00e9\u00e9 une bourse d\u2019une valeur de 2&nbsp;000&nbsp;$ pour encourager et soutenir les \u00e9tudiants qui poursuivent des \u00e9tudes postsecondaires dans le domaine de l\u2019agriculture, de la recherche agricole, ou qui ont une formation en agriculture et poursuivent des \u00e9tudes en marketing.<\/p>\n<p>Les candidatures pour cette bourse doivent \u00eatre d\u00e9pos\u00e9es avant le 30 juin 2026.<\/p>\n<p>Le prix sera annonc\u00e9 lors de&nbsp;l\u2019assembl\u00e9e g\u00e9n\u00e9rale annuelle&nbsp;de l\u2019Agence canadienne de pr\u00e9l\u00e8vement du b\u0153uf, et sera vers\u00e9 au plus tard le 1<sup>er<\/sup>&nbsp;octobre de l\u2019ann\u00e9e du prix.<\/p>\n<p>Postuler <a href=\"https:\/\/www.surveymonkey.com\/r\/cdnbeefscholarship26\" target=\"_blank\" rel=\"noopener\"><strong>ici<\/strong><\/a>.<\/p>\n<p><em><a href=\"https:\/\/www.cdnbeefcheckoff.ca\/scholarship\/\" target=\"_blank\" rel=\"noopener\"><img loading=\"lazy\" decoding=\"async\" class=\"alignnone\" src=\"https:\/\/bovin.qc.ca\/wp-content\/uploads\/2025\/02\/Bouton-en-savoir-plus.png\" alt=\"\" width=\"204\" height=\"53\"><\/a><\/em><\/p>\n<p><em>Source&nbsp;: Agence canadienne de pr\u00e9l\u00e8vement du b\u0153uf<\/em><\/p>\n<p><a href=\"#top\">Retour en haut<\/a><\/p>\n<div class=\"html-div xdj266r x14z9mp xat24cr x1lziwak xexx8yu xyri2b x18d9i69 x1c1uobl\" tabindex=\"-1\">\n<div class=\"html-div xdj266r x14z9mp xat24cr x1lziwak xexx8yu xyri2b x18d9i69 x1c1uobl\" tabindex=\"-1\">\n<div class=\"html-div xdj266r x14z9mp xat24cr x1lziwak xexx8yu xyri2b x18d9i69 x1c1uobl\" tabindex=\"-1\">\n<div class=\"html-div xdj266r x14z9mp xat24cr x1lziwak xexx8yu xyri2b x18d9i69 x1c1uobl\" tabindex=\"-1\">\n<div class=\"html-div xdj266r x14z9mp xat24cr x1lziwak xexx8yu xyri2b x18d9i69 x1c1uobl\" tabindex=\"-1\">\n<div class=\"html-div xdj266r x14z9mp xat24cr x1lziwak xexx8yu xyri2b x18d9i69 x1c1uobl\" tabindex=\"-1\">\n<div class=\"html-div xdj266r x14z9mp xat24cr x1lziwak xexx8yu xyri2b x18d9i69 x1c1uobl\" tabindex=\"-1\">\n<table style=\"width: 100%; border-collapse: collapse; background-color: #a52a2a;\" border=\"0\">\n<tbody>\n<tr>\n<td style=\"width: 100%;\">\n<h3 style=\"text-align: center;\"><span style=\"color: #ffffff;\"><strong><a id=\"NR\"><\/a>NOUVELLES R\u00c9GIONALES<\/strong><\/span><\/h3>\n<\/td>\n<\/tr>\n<\/tbody>\n<\/table>\n<h4 style=\"text-align: left;\"><strong><a id=\"NR1\"><\/a>Retour sur la soir\u00e9e th\u00e9matique \u00ab\u20095 \u00e0 7 &#8211; Veau d\u2019embouche\u2009\u00bb de la Mauricie\u2009!<\/strong><\/h4>\n<p><img loading=\"lazy\" decoding=\"async\" class=\"wp-image-31207 aligncenter\" src=\"https:\/\/bovin.qc.ca\/wp-content\/uploads\/2026\/04\/logo-pbq-mauricie-300x142.jpg\" alt=\"\" width=\"535\" height=\"253\" srcset=\"https:\/\/bovin.qc.ca\/wp-content\/uploads\/2026\/04\/logo-pbq-mauricie-300x142.jpg 300w, https:\/\/bovin.qc.ca\/wp-content\/uploads\/2026\/04\/logo-pbq-mauricie-271x128.jpg 271w, https:\/\/bovin.qc.ca\/wp-content\/uploads\/2026\/04\/logo-pbq-mauricie.jpg 778w\" sizes=\"auto, (max-width: 535px) 100vw, 535px\" \/><\/p>\n<p>Les Producteurs de bovins de la Mauricie ont organis\u00e9 leur traditionnel \u00ab\u2009<em>5 \u00e0 7 Veau d\u2019embouche<\/em>\u2009\u00bb le 18&nbsp;mars dernier \u00e0 Yamachiche. Une trentaine de&nbsp;producteurs et productrices de la Mauricie et de Lanaudi\u00e8re \u00e9taient pr\u00e9sents pour l\u2019occasion.<\/p>\n<p>Sylvain Lefebvre, directeur du d\u00e9veloppement des affaires au CIAQ, \u00e9tait sur place pour pr\u00e9senter la conf\u00e9rence \u00ab\u2009<strong>Comment la g\u00e9n\u00e9tique doit se positionner dans la cha\u00eene de production de l\u2019industrie bovine<\/strong><strong>\u2009<\/strong><strong>\u00bb. <\/strong>Les participants ont pu en apprendre sur l\u2019\u00e9tat de la situation de la production bovine, les mani\u00e8res de standardiser la production de viande rouge et sur le calculateur pour effectuer un plan de synchronisation. M. Steve Beaudry, pr\u00e9sident des Producteurs de bovins de la Mauricie a \u00e9galement fait un tour d\u2019horizon sur le march\u00e9 nord-am\u00e9ricain de la viande bovine.<\/p>\n<p><em>Source : Les Producteurs de bovins de la Mauricie<\/em><\/p>\n<p><a href=\"#top\">Retour en haut<\/a><\/p>\n<\/div>\n<\/div>\n<\/div>\n<\/div>\n<\/div>\n<\/div>\n<\/div>\n","protected":false},"excerpt":{"rendered":"<p>\u00c9dition avril 2026 L&#8217;Info-Prix Actualit\u00e9s Nouvelle repr\u00e9sentante de la rel\u00e8ve au conseil d&#8217;administration Nouvelles rencontres politiques \u00e0 Ottawa Code de pratiques pour le soin et la manipulation des bovins de boucherie : la p\u00e9riode de commentaires publics est ouverte Projet de R\u00e8glement sur les pratiques agroenvironnementales (RPAE) &#8211; Les PBQ soumettent leurs commentaires Renseignez-vous sur [&#8230;]<\/p>\n","protected":false},"author":6,"featured_media":0,"parent":0,"menu_order":0,"comment_status":"closed","ping_status":"closed","template":"","meta":{"ngg_post_thumbnail":0,"footnotes":""},"class_list":["post-31420","page","type-page","status-publish","hentry"],"_links":{"self":[{"href":"https:\/\/bovin.qc.ca\/en\/wp-json\/wp\/v2\/pages\/31420","targetHints":{"allow":["GET"]}}],"collection":[{"href":"https:\/\/bovin.qc.ca\/en\/wp-json\/wp\/v2\/pages"}],"about":[{"href":"https:\/\/bovin.qc.ca\/en\/wp-json\/wp\/v2\/types\/page"}],"author":[{"embeddable":true,"href":"https:\/\/bovin.qc.ca\/en\/wp-json\/wp\/v2\/users\/6"}],"replies":[{"embeddable":true,"href":"https:\/\/bovin.qc.ca\/en\/wp-json\/wp\/v2\/comments?post=31420"}],"version-history":[{"count":1,"href":"https:\/\/bovin.qc.ca\/en\/wp-json\/wp\/v2\/pages\/31420\/revisions"}],"predecessor-version":[{"id":31421,"href":"https:\/\/bovin.qc.ca\/en\/wp-json\/wp\/v2\/pages\/31420\/revisions\/31421"}],"wp:attachment":[{"href":"https:\/\/bovin.qc.ca\/en\/wp-json\/wp\/v2\/media?parent=31420"}],"curies":[{"name":"wp","href":"https:\/\/api.w.org\/{rel}","templated":true}]}}