{"id":3063,"date":"2016-12-21T10:15:22","date_gmt":"2016-12-21T15:15:22","guid":{"rendered":"https:\/\/bovin.qc.ca\/infolettre-la-minute-bovine-decembre-2016\/"},"modified":"2016-12-21T10:26:46","modified_gmt":"2016-12-21T15:26:46","slug":"infolettre-la-minute-bovine-decembre-2016","status":"publish","type":"page","link":"https:\/\/bovin.qc.ca\/en\/la-minute-bovine-2\/2016-2\/infolettre-la-minute-bovine-decembre-2016\/","title":{"rendered":"Infolettre : La minute bovine d\u00e9cembre 2016"},"content":{"rendered":"<h1 style=\"font-size: 32px; margin-top: 24px;\"><a id=\"haut_de_page\"><\/a>Infolettre : La minute bovine \u2013&nbsp;D\u00e9cembre 2016<\/h1>\n<ul>\n<li><a href=\"#registre_sorties\">Registre des sorties bovins de r\u00e9forme et veaux laitiers<\/a><\/li>\n<li><a href=\"#code_veau\">Code veau en consultation publique<\/a><\/li>\n<li><a href=\"#veau_quebec_temps_fetes\">Le Veau du Qu\u00e9bec : un menu classique pour le temps des F\u00eates!<\/a><\/li>\n<li><a href=\"#traitements_demandes_rmaaq\">Traitement des demandes faites \u00e0 la RMAAQ<\/a><\/li>\n<li><a href=\"#salmonella_dublin_situation\"><em>Salmonella<\/em> Dublin dans la production vache-veau : \u00e9tat de la situation<\/a><\/li>\n<li><a href=\"#conferences_interactives_gaspesie\">Conf\u00e9rences interactives en Gasp\u00e9sie<\/a><\/li>\n<li><a href=\"#journee_bovine_outaouais_laurentides\">Journ\u00e9e bovine en Outaouais-Laurentides<\/a><\/li>\n<li><a href=\"#carte_noel\">Carte de No\u00ebl<\/a><\/li>\n<\/ul>\n<p>&nbsp;<\/p>\n<p><span style=\"font-size: xx-large;\"><img loading=\"lazy\" decoding=\"async\" class=\" wp-image-3033 alignleft\" src=\"https:\/\/bovin.qc.ca\/wp-content\/uploads\/2016\/12\/Registre-225x300.jpg\" alt=\"\" width=\"194\" height=\"259\" srcset=\"https:\/\/bovin.qc.ca\/wp-content\/uploads\/2016\/12\/Registre-225x300.jpg 225w, https:\/\/bovin.qc.ca\/wp-content\/uploads\/2016\/12\/Registre-96x128.jpg 96w, https:\/\/bovin.qc.ca\/wp-content\/uploads\/2016\/12\/Registre.jpg 842w\" sizes=\"auto, (max-width: 194px) 100vw, 194px\" \/><\/span><\/p>\n<h4><a id=\"registre_sorties\"><\/a>REGISTRE DES SORTIES BOVINS DE R\u00c9FORME ET VEAUX LAITIERS<\/h4>\n<p style=\"text-align: justify;\">Les PBQ pr\u00e9sentent le <em>Registre des sorties bovins de r\u00e9forme et veaux laitiers<\/em>, un nouvel outil simple et pratique pour les producteurs de bovins de r\u00e9forme et de veaux laitiers. Il est offert gratuitement aux producteurs. Vous pouvez en faire la demande aupr\u00e8s des PBQ.<\/p>\n<p>Louis Blouin<\/p>\n<p><a href=\"#haut_de_page\">Retour en haut<\/a><\/p>\n<p>\n &nbsp;&nbsp;<\/p>\n<hr>\n<p>&nbsp;<\/p>\n<h4><strong><a id=\"code_veau\"><\/a>CODE VEAU EN CONSULTATION PUBLIQUE&nbsp; <\/strong><span style=\"font-size: xx-large;\"><img loading=\"lazy\" decoding=\"async\" class=\"size-medium wp-image-3030 alignright\" src=\"https:\/\/bovin.qc.ca\/wp-content\/uploads\/2016\/12\/Code-veau-300x183.jpg\" alt=\"\" width=\"300\" height=\"183\" srcset=\"https:\/\/bovin.qc.ca\/wp-content\/uploads\/2016\/12\/Code-veau-300x183.jpg 300w, https:\/\/bovin.qc.ca\/wp-content\/uploads\/2016\/12\/Code-veau-209x128.jpg 209w, https:\/\/bovin.qc.ca\/wp-content\/uploads\/2016\/12\/Code-veau.jpg 440w\" sizes=\"auto, (max-width: 300px) 100vw, 300px\" \/><\/span><\/h4>\n<p style=\"text-align: justify;\">La p\u00e9riode de commentaires publics sur la version pr\u00e9liminaire du <em>Code de pratiques pour le soin et la manipulation des veaux lourds<\/em> vient de d\u00e9buter. Cette p\u00e9riode de commentaires publics permet aux acteurs du milieu \u2013 producteurs, consommateurs et autres personnes int\u00e9ress\u00e9es par le bien-\u00eatre des veaux lourds \u2013 de consulter la version pr\u00e9liminaire du code et d\u2019avoir leur mot \u00e0 dire sur sa version d\u00e9finitive.<\/p>\n<p style=\"text-align: justify;\">Le code pr\u00e9liminaire et le syst\u00e8me pour \u00e9mettre des commentaires publics sont maintenant accessibles au <a href=\"http:\/\/www.nfacc.ca\/codes-de-pratiques\/veaux-lourds\">www.nfacc.ca\/codes-de-pratiques\/veaux-lourds<\/a>. Tous les commentaires doivent \u00eatre soumis en ligne. La p\u00e9riode de commentaires publics <strong>se termine le 14 f\u00e9vrier 2017<\/strong>. Apr\u00e8s cette p\u00e9riode, le comit\u00e9 d\u2019\u00e9laboration du code \u00e9tudiera les commentaires soumis. La publication de la version d\u00e9finitive du code pour les veaux lourds est pr\u00e9vue d\u2019ici l\u2019automne 2017.<\/p>\n<p style=\"text-align: justify;\">Deux rencontres d\u2019information pour les producteurs de veaux de grain et de veaux de lait auront lieu pour informer les producteurs sur le contenu du nouveau code de pratiques pour le soin et la manipulation des veaux lourds et de recueillir leurs commentaires qui seront par la suite transmis au comit\u00e9 d\u2019\u00e9laboration du code afin de finaliser le contenu de celui-ci.<\/p>\n<p style=\"text-align: justify;\">Les rencontres se tiendro<span style=\"font-size: xx-large;\"><img loading=\"lazy\" decoding=\"async\" class=\"wp-image-3031 alignleft\" src=\"https:\/\/bovin.qc.ca\/wp-content\/uploads\/2016\/12\/Inscription.jpg\" alt=\"\" width=\"184\" height=\"184\" srcset=\"https:\/\/bovin.qc.ca\/wp-content\/uploads\/2016\/12\/Inscription.jpg 225w, https:\/\/bovin.qc.ca\/wp-content\/uploads\/2016\/12\/Inscription-150x150.jpg 150w, https:\/\/bovin.qc.ca\/wp-content\/uploads\/2016\/12\/Inscription-128x128.jpg 128w\" sizes=\"auto, (max-width: 184px) 100vw, 184px\" \/><\/span>nt de 10 h \u00e0 15 h. Nous offrirons le d\u00eener aux personnes inscrites.<\/p>\n<table cellspacing=\"20px\">\n<tbody>\n<tr>\n<td>\n<p><strong>Drummondville &#8211; 23 janvier 2017<br \/>\n <\/strong>H\u00f4tel le Dauphin<br \/>\n 600, boul. St-Joseph<br \/>\n Drummondville (Qu\u00e9bec) J2C 2C1&nbsp;<\/p>\n<\/td>\n<td>\n<p><strong>Qu\u00e9bec &#8211; 27 janvier 2017<br \/>\n <\/strong>H\u00f4tel Clarion<br \/>\n 3125, boul. Hochelaga<br \/>\n Qu\u00e9bec (Qu\u00e9bec) &nbsp;G1W 2P9<\/p>\n<\/td>\n<\/tr>\n<\/tbody>\n<\/table>\n<p>&nbsp;<\/p>\n<p>Pour vous inscrire, vous devez communiquer avec Nathalie C\u00f4t\u00e9 au 450 679-0540, poste 8460.<\/p>\n<p>Nathalie C\u00f4t\u00e9<\/p>\n<p><a href=\"#haut_de_page\">Retour en haut<\/a><\/p>\n<hr>\n<h4><a id=\"veau_quebec_temps_fetes\"><\/a>LE VEAU DU QU\u00c9BEC&nbsp;: UN MENU CLASSIQUE POUR LE TEMPS DES F\u00caTES!<\/h4>\n<p><img loading=\"lazy\" decoding=\"async\" class=\"wp-image-3035 alignleft\" src=\"https:\/\/bovin.qc.ca\/wp-content\/uploads\/2016\/12\/Tourti\u00e8re-300x126.png\" alt=\"\" width=\"221\" height=\"93\" srcset=\"https:\/\/bovin.qc.ca\/wp-content\/uploads\/2016\/12\/Tourti\u00e8re-300x126.png 300w, https:\/\/bovin.qc.ca\/wp-content\/uploads\/2016\/12\/Tourti\u00e8re-306x128.png 306w, https:\/\/bovin.qc.ca\/wp-content\/uploads\/2016\/12\/Tourti\u00e8re.png 580w\" sizes=\"auto, (max-width: 221px) 100vw, 221px\" \/><a href=\"http:\/\/veaudelait.com\/portfolio\/135-tourtiere-de-veau-de-lait-du-quebec-a-la-mode\/\"><strong>Tourti\u00e8re de Veau de lait du Qu\u00e9bec \u00e0 la mode<\/strong><\/a><\/p>\n<p>Cliquez <a href=\"http:\/\/veaudelait.com\/portfolio\/135-tourtiere-de-veau-de-lait-du-quebec-a-la-mode\/\">ici <\/a><\/p>\n<p><strong>&nbsp;<\/strong><\/p>\n<p>&nbsp;<\/p>\n<p><a href=\"http:\/\/veaudegrain.com\/portfolio-item\/346-ragout-de-boulettes-de-veau-de-grain-du-quebec\/\"><strong><u>Rago\u00fbt de boulettes<\/u><\/strong><span style=\"font-size: xx-large;\"><img loading=\"lazy\" decoding=\"async\" class=\"wp-image-3032 alignleft\" src=\"https:\/\/bovin.qc.ca\/wp-content\/uploads\/2016\/12\/Rago\u00fbt-300x157.jpg\" alt=\"\" width=\"216\" height=\"113\" srcset=\"https:\/\/bovin.qc.ca\/wp-content\/uploads\/2016\/12\/Rago\u00fbt-300x157.jpg 300w, https:\/\/bovin.qc.ca\/wp-content\/uploads\/2016\/12\/Rago\u00fbt-244x128.jpg 244w, https:\/\/bovin.qc.ca\/wp-content\/uploads\/2016\/12\/Rago\u00fbt.jpg 504w\" sizes=\"auto, (max-width: 216px) 100vw, 216px\" \/><\/span><strong><u> de Veau de grain du Qu\u00e9bec<\/u><\/strong><\/a><\/p>\n<p>Cliquez <a href=\"http:\/\/veaudegrain.com\/portfolio-item\/346-ragout-de-boulettes-de-veau-de-grain-du-quebec\/\">ici<\/a><\/p>\n<p><a href=\"#haut_de_page\">Retour en haut<\/a><\/p>\n<p>&nbsp;&nbsp;<\/p>\n<hr>\n<h4><strong><a id=\"traitements_demandes_rmaaq\"><\/a>TRAITEME<\/strong><strong>NT DES DEMANDES FAITES \u00c0 LA RMAAQ <\/strong><\/h4>\n<p style=\"text-align: justify;\">La R\u00e9gie des march\u00e9s agricoles et alimentaires du Qu\u00e9bec (RMAAQ) est un organisme de r\u00e9gulation \u00e9conomique qui vise notamment \u00e0 favoriser une mise en march\u00e9 efficace et ordonn\u00e9e des produits agricoles et alimentaires. Elle agit aussi en tant qu\u2019organisme de r\u00e9solution des diff\u00e9rends entre intervenants engag\u00e9s dans la mise en march\u00e9 d\u2019un produit.<\/p>\n<p style=\"text-align: justify;\">Vous vivez une probl\u00e9matique? Voici des liens pour vous aider&nbsp;:<\/p>\n<p><img loading=\"lazy\" decoding=\"async\" class=\"wp-image-3034 alignnone\" src=\"https:\/\/bovin.qc.ca\/wp-content\/uploads\/2016\/12\/RMAAQ.png\" alt=\"\" width=\"176\" height=\"176\" srcset=\"https:\/\/bovin.qc.ca\/wp-content\/uploads\/2016\/12\/RMAAQ.png 225w, https:\/\/bovin.qc.ca\/wp-content\/uploads\/2016\/12\/RMAAQ-150x150.png 150w, https:\/\/bovin.qc.ca\/wp-content\/uploads\/2016\/12\/RMAAQ-128x128.png 128w\" sizes=\"auto, (max-width: 176px) 100vw, 176px\" \/><\/p>\n<p>Comment transmettre une demande <br \/>\n <a href=\"http:\/\/www.rmaaq.gouv.qc.ca\/fileadmin\/DocuCentre\/Documents\/RMAAQ\/Procedures\/RMAAQ_nouv_demande.pdf\">http:\/\/www.rmaaq.gouv.qc.ca\/fileadmin\/DocuCentre\/Documents\/RMAAQ\/Procedures\/RMAAQ_nouv_demande.pdf<\/a><\/p>\n<p>Conna\u00eetre le cheminement d\u2019une demande \u00e0 la RMAAQ<br \/>\n <a href=\"http:\/\/www.rmaaq.gouv.qc.ca\/fileadmin\/DocuCentre\/Documents\/RMAAQ\/Procedures\/RMAAQ_chemi_demande.pdf\">http:\/\/www.rmaaq.gouv.qc.ca\/fileadmin\/DocuCentre\/Documents\/RMAAQ\/Procedures\/RMAAQ_chemi_demande.pdf<\/a><\/p>\n<p>Comment participer \u00e0 une s\u00e9ance publique de la RMAAQ<br \/>\n <a href=\"http:\/\/www.rmaaq.gouv.qc.ca\/fileadmin\/DocuCentre\/Documents\/RMAAQ\/Procedures\/RMAAQ_seance.pdf\">http:\/\/www.rmaaq.gouv.qc.ca\/fileadmin\/DocuCentre\/Documents\/RMAAQ\/Procedures\/RMAAQ_seance.pdf<\/a><\/p>\n<p>Jos\u00e9e-Anne Desautels<\/p>\n<p><a href=\"#haut_de_page\">Retour en haut&nbsp;<\/a><\/p>\n<hr>\n<h4 style=\"text-align: justify;\"><strong><em><a id=\"salmonella_dublin_situation\"><\/a>SALMONELLA<\/em><\/strong><strong> DUBLIN DANS LA PRODUCTION VACHE-VEAU&nbsp;: \u00c9TAT DE LA SITUATION<\/strong><\/h4>\n<p style=\"text-align: justify;\">L\u2019\u00e9mergence des infections \u00e0 <em>Salmonella<\/em> Dublin dans le secteur bovin demeure pr\u00e9occupante. La maladie chez le bovin peut \u00eatre s\u00e9v\u00e8re et elle affecte principalement les veaux de moins de 3 mois. Elle est pr\u00e9occupante aussi parce qu\u2019elle peut causer une maladie s\u00e9v\u00e8re chez l\u2019humain, bien que ces cas soient rarement rapport\u00e9s. Selon le bilan du MAPAQ, les cas cliniques dans les troupeaux vache-veau sont assez rares. Bien que les tests s\u00e9rologiques soient imparfaits, ils sont utiles comme outil de surveillance. Par contre, la pr\u00e9vention et le contr\u00f4le de cette maladie passent avant tout par l\u2019am\u00e9lioration des pratiques en bios\u00e9curit\u00e9.<\/p>\n<p>R\u00e9mi Laplante<\/p>\n<p style=\"text-align: justify;\"><a href=\"#haut_de_page\">Retour en haut<\/a><\/p>\n<hr>\n<h4><strong><a id=\"conferences_interactives_gaspesie\"><\/a>CONF<\/strong><strong>\u00c9RENCES INTERACTIVES EN GASP\u00c9SIE<\/strong><\/h4>\n<p><img loading=\"lazy\" decoding=\"async\" class=\"wp-image-3037 alignleft\" src=\"https:\/\/bovin.qc.ca\/wp-content\/uploads\/2016\/12\/Galloway-003-300x225.jpg\" alt=\"\" width=\"182\" height=\"137\" srcset=\"https:\/\/bovin.qc.ca\/wp-content\/uploads\/2016\/12\/Galloway-003-300x225.jpg 300w, https:\/\/bovin.qc.ca\/wp-content\/uploads\/2016\/12\/Galloway-003-171x128.jpg 171w, https:\/\/bovin.qc.ca\/wp-content\/uploads\/2016\/12\/Galloway-003.jpg 640w\" sizes=\"auto, (max-width: 182px) 100vw, 182px\" \/><\/p>\n<p style=\"text-align: justify;\">Le 6 d\u00e9cembre 2016, quelque 50 producteurs de la r\u00e9gion de la Gasp\u00e9sie-les-\u00celes se sont r\u00e9unis \u00e0 New Richmond pour un souper-conf\u00e9rence. Au menu, conf\u00e9rence sur le bien-\u00eatre animal et sur la manipulation des animaux. \u00c0 l\u2019aide de mises en situation et de vid\u00e9os, les deux conf\u00e9renciers ont livr\u00e9 leur mat\u00e9riel de fa\u00e7on conviviale. Une belle initiative du Syndicat des producteurs de bovins de la Gasp\u00e9sie-les-\u00celes, du MAPAQ et du r\u00e9seau Agriconseils.<\/p>\n<p style=\"text-align: justify;\">&nbsp;<\/p>\n<p>Nathalie C\u00f4t\u00e9<\/p>\n<p><a href=\"#haut_de_page\">Retour en haut<\/a><\/p>\n<hr>\n<h4><strong><a id=\"journee_bovine_outaouais_laurentides\"><\/a>JOURN\u00c9E BOVINE EN OUTAOUAIS-LAURENTIDES<\/strong><\/h4>\n<p style=\"text-align: justify;\">Le 24 septembre dernier, le Syndicat des producteurs de bovins Outaouais-Laurentides, en collaboration avec le minist\u00e8re de l\u2019Agriculture, des P\u00eacheries et de l\u2019Alimentation du Qu\u00e9bec (MAPAQ) des r\u00e9gions de l\u2019Outaouais et des Laurentides et le r\u00e9seau Agriconseils Laurentides, a tenu une journ\u00e9e d\u2019information sur la production bovine dans la r\u00e9gion des Hautes-Laurentides.<\/p>\n<p style=\"text-align: justify;\">Lors de cette journ\u00e9e, les producteurs pouvaient visiter deux entreprises bovines ainsi que l\u2019abattoir de proximit\u00e9 de la Coop\u00e9rative de solidarit\u00e9 des \u00e9leveurs des Hautes-Laurentides situ\u00e9 \u00e0 Ferme-Neuve.<\/p>\n<p style=\"text-align: justify;\">Lors des visites de fermes, les participants en ont appris davantage sur l\u2019utilisation de corral, de cage de contention et de cage hydraulique pour le parage des onglons, sur les enclos d\u2019hivernage et l\u2019ins\u00e9mination artificielle.<\/p>\n<p style=\"text-align: justify;\">Une conf\u00e9rence sur le bien-\u00eatre animal \u00e9tait aussi \u00e0 l\u2019horaire. Plus de 40 producteurs ont particip\u00e9 \u00e0 cette journ\u00e9e.<\/p>\n<p style=\"text-align: justify;\">Nathalie C\u00f4t\u00e9<\/p>\n<p style=\"text-align: justify;\"><a href=\"#haut_de_page\">Retour en haut<\/a><\/p>\n<p style=\"text-align: justify;\">______________________________________________________________________________________________________________________________<\/p>\n<h4 style=\"text-align: justify;\"><strong><a id=\"carte_noel\"><\/a>CARTE DE NO\u00cbL<\/strong><\/h4>\n<p style=\"text-align: justify;\"><a href=\"https:\/\/bovin.qc.ca\/fetes2016.html\"><img loading=\"lazy\" decoding=\"async\" class=\" wp-image-3043 aligncenter\" src=\"https:\/\/bovin.qc.ca\/wp-content\/uploads\/2016\/12\/Carte-300x163.jpg\" alt=\"\" width=\"467\" height=\"254\" srcset=\"https:\/\/bovin.qc.ca\/wp-content\/uploads\/2016\/12\/Carte-300x163.jpg 300w, https:\/\/bovin.qc.ca\/wp-content\/uploads\/2016\/12\/Carte-235x128.jpg 235w, https:\/\/bovin.qc.ca\/wp-content\/uploads\/2016\/12\/Carte.jpg 740w\" sizes=\"auto, (max-width: 467px) 100vw, 467px\" \/><\/a><\/p>\n<p style=\"text-align: justify;\"><a href=\"#haut_de_page\">Retour en haut<\/a><\/p>\n<p><strong>&nbsp;<\/strong><\/p>\n<p><strong>&nbsp;<\/strong><\/p>\n<p><strong>&nbsp;<\/strong><\/p>\n<p>&nbsp;<\/p>\n<p>&nbsp;<\/p>\n<p><strong>&nbsp;<\/strong><\/p>\n","protected":false},"excerpt":{"rendered":"<p>Infolettre : La minute bovine \u2013&nbsp;D\u00e9cembre 2016 Registre des sorties bovins de r\u00e9forme et veaux laitiers Code veau en consultation publique Le Veau du Qu\u00e9bec : un menu classique pour le temps des F\u00eates! Traitement des demandes faites \u00e0 la RMAAQ Salmonella Dublin dans la production vache-veau : \u00e9tat de la situation Conf\u00e9rences interactives en [&#8230;]<\/p>\n","protected":false},"author":6,"featured_media":0,"parent":2423,"menu_order":0,"comment_status":"closed","ping_status":"closed","template":"","meta":{"ngg_post_thumbnail":0,"footnotes":""},"class_list":["post-3063","page","type-page","status-publish","hentry"],"_links":{"self":[{"href":"https:\/\/bovin.qc.ca\/en\/wp-json\/wp\/v2\/pages\/3063","targetHints":{"allow":["GET"]}}],"collection":[{"href":"https:\/\/bovin.qc.ca\/en\/wp-json\/wp\/v2\/pages"}],"about":[{"href":"https:\/\/bovin.qc.ca\/en\/wp-json\/wp\/v2\/types\/page"}],"author":[{"embeddable":true,"href":"https:\/\/bovin.qc.ca\/en\/wp-json\/wp\/v2\/users\/6"}],"replies":[{"embeddable":true,"href":"https:\/\/bovin.qc.ca\/en\/wp-json\/wp\/v2\/comments?post=3063"}],"version-history":[{"count":8,"href":"https:\/\/bovin.qc.ca\/en\/wp-json\/wp\/v2\/pages\/3063\/revisions"}],"predecessor-version":[{"id":3079,"href":"https:\/\/bovin.qc.ca\/en\/wp-json\/wp\/v2\/pages\/3063\/revisions\/3079"}],"up":[{"embeddable":true,"href":"https:\/\/bovin.qc.ca\/en\/wp-json\/wp\/v2\/pages\/2423"}],"wp:attachment":[{"href":"https:\/\/bovin.qc.ca\/en\/wp-json\/wp\/v2\/media?parent=3063"}],"curies":[{"name":"wp","href":"https:\/\/api.w.org\/{rel}","templated":true}]}}