{"id":26265,"date":"2025-04-24T11:26:43","date_gmt":"2025-04-24T15:26:43","guid":{"rendered":"https:\/\/bovin.qc.ca\/?page_id=26265"},"modified":"2025-04-24T11:26:43","modified_gmt":"2025-04-24T15:26:43","slug":"la-minute-bovine-april-2025","status":"publish","type":"page","link":"https:\/\/bovin.qc.ca\/en\/la-minute-bovine-april-2025\/","title":{"rendered":"La Minute bovine : April 2025"},"content":{"rendered":"<h3><div class=\"newsletter_subscription_box\"><a class=\"newsletter_subscription_link\" href=\"https:\/\/bovin.qc.ca\/abonnement\/\"><div class=\"left_side\"><img decoding=\"async\" src=\"https:\/\/bovin.qc.ca\/wp-content\/themes\/bovins\/images\/infolettre_icon.png\" class=\"newsletter_icon\" \/><\/div><div class=\"right_side\"><p class=\"newsletter_sub_text\">Vous n'\u00eates pas abonn\u00e9 \u00e0 notre infolettre?<br \/>Cliquez ici.<\/p><\/div><div style=\"clear:both;\"><\/div><\/a><\/div><\/h3>\n<p>&nbsp;<a id=\"top\"><\/a><\/p>\n<h1 style=\"text-align: left;\">INFOLETTRE<br \/>\nLa Minute bovine : avril 2025<\/h1>\n<h2 style=\"text-align: left;\"><a href=\"#prix\">L&#8217;Info-prix<\/a><\/h2>\n<h2 style=\"text-align: left;\"><a href=\"#evenements\">\u00c9v\u00e9nements \u00e0 venir<\/a><\/h2>\n<h2 style=\"text-align: left;\"><strong><a href=\"#actualite\">Actualit\u00e9s<\/a><\/strong><\/h2>\n<ul>\n<li style=\"list-style-type: none;\">\n<ul>\n<li><strong><a href=\"#A1\">Bovins durables 2035 : le nouvel engagement des PBQ<\/a><\/strong><\/li>\n<li><strong><a href=\"#A2\">Nouveaux visages au conseil d\u2019administration des PBQ<\/a><\/strong><\/li>\n<li><strong><a href=\"#A3\">La ferme \u00c0 L\u2019HERBE! Bouvillons au p\u00e2turage remporte le Prix TESA \u2013 Qu\u00e9bec<\/a><\/strong><\/li>\n<li><strong><a href=\"#A4\">Le Prix INNOVEAU d\u00e9cern\u00e9 \u00e0 la Ferme Deaunier<\/a><\/strong><\/li>\n<li><strong><a href=\"#A5\">Les PBQ remettent 9\u2009500 $ en bourses \u00e0 des jeunes de la rel\u00e8ve<\/a><\/strong><\/li>\n<li><strong><a href=\"#A6\">D\u00e9couvrez les images gagnantes du concours photo : 50 ans des PBQ<\/a><\/strong><\/li>\n<li><strong><a href=\"#A7\">B\u0153uf durable : renouvellement du programme Cr\u00e9dit de reconnaissance<\/a><\/strong><\/li>\n<li><strong><a href=\"#A8\">La production bovine au c\u0153ur d\u2019un balado<\/a><\/strong><\/li>\n<li><strong><a href=\"#A9\">L\u2019Universit\u00e9 Laval offrira le cours sur la production bovine chaque ann\u00e9e<\/a><\/strong><\/li>\n<li><strong><a href=\"#A10\">Retour de la bourse d\u2019\u00e9tudes de l\u2019Agence canadienne de pr\u00e9l\u00e8vement du b\u0153uf<\/a><\/strong><\/li>\n<li><strong><a href=\"#A11\">FAFC : p\u00e9riode de d\u00e9p\u00f4t des projets jusqu\u2019au 30 avril<\/a><\/strong><\/li>\n<li><strong><a href=\"#A12\">Des outils pour prot\u00e9ger les troupeaux<\/a><\/strong><\/li>\n<li><strong><a href=\"#A13\">\u00c9tude universitaire sur la sant\u00e9 mentale des producteurs<\/a><\/strong><\/li>\n<li><strong><a href=\"#A14\">Recommandation aux producteurs et intervenants de maintenir une r\u00e9serve d\u2019identifiants<\/a><\/strong><\/li>\n<\/ul>\n<\/li>\n<\/ul>\n<table style=\"width: 100%; border-collapse: collapse; background-color: #a52a2a;\" border=\"0\">\n<tbody>\n<tr>\n<td style=\"width: 100%;\">\n<h3 style=\"text-align: center;\"><span style=\"color: #ffffff;\"><strong>CLIQUEZ SUR VOTRE SECTEUR POUR VOS NOUVELLES<\/strong><\/span><\/h3>\n<\/td>\n<\/tr>\n<\/tbody>\n<\/table>\n<p>\n<a href=\"#BR1\"><img loading=\"lazy\" decoding=\"async\" class=\"alignnone wp-image-8129 size-full\" src=\"https:\/\/bovin.qc.ca\/wp-content\/uploads\/2020\/01\/br.jpg\" alt=\"\" width=\"156\" height=\"348\" srcset=\"https:\/\/bovin.qc.ca\/wp-content\/uploads\/2020\/01\/br.jpg 156w, https:\/\/bovin.qc.ca\/wp-content\/uploads\/2020\/01\/br-134x300.jpg 134w, https:\/\/bovin.qc.ca\/wp-content\/uploads\/2020\/01\/br-57x128.jpg 57w\" sizes=\"auto, (max-width: 156px) 100vw, 156px\" \/>&nbsp;&nbsp;<\/a><a href=\"#vgvl\"><img loading=\"lazy\" decoding=\"async\" class=\"alignnone wp-image-8131\" src=\"https:\/\/bovin.qc.ca\/wp-content\/uploads\/2020\/01\/vg.jpg\" alt=\"\" width=\"156\" height=\"348\">&nbsp;<\/a><a href=\"#vgvl\"><img loading=\"lazy\" decoding=\"async\" class=\"alignnone wp-image-8133\" src=\"https:\/\/bovin.qc.ca\/wp-content\/uploads\/2020\/01\/vl.jpg\" alt=\"\" width=\"155\" height=\"348\"><\/a><a href=\"#ve\"><img loading=\"lazy\" decoding=\"async\" class=\"alignnone wp-image-8135\" src=\"https:\/\/bovin.qc.ca\/wp-content\/uploads\/2020\/01\/ve.jpg\" alt=\"\" width=\"155\" height=\"348\" srcset=\"https:\/\/bovin.qc.ca\/wp-content\/uploads\/2020\/01\/ve.jpg 157w, https:\/\/bovin.qc.ca\/wp-content\/uploads\/2020\/01\/ve-134x300.jpg 134w, https:\/\/bovin.qc.ca\/wp-content\/uploads\/2020\/01\/ve-57x128.jpg 57w\" sizes=\"auto, (max-width: 155px) 100vw, 155px\" \/><\/a><a href=\"#veba\"><img loading=\"lazy\" decoding=\"async\" class=\"alignnone wp-image-8137\" src=\"https:\/\/bovin.qc.ca\/wp-content\/uploads\/2020\/01\/ba-sec.jpg\" alt=\"\" width=\"159\" height=\"348\" srcset=\"https:\/\/bovin.qc.ca\/wp-content\/uploads\/2020\/01\/ba-sec.jpg 159w, https:\/\/bovin.qc.ca\/wp-content\/uploads\/2020\/01\/ba-sec-137x300.jpg 137w, https:\/\/bovin.qc.ca\/wp-content\/uploads\/2020\/01\/ba-sec-59x128.jpg 59w\" sizes=\"auto, (max-width: 159px) 100vw, 159px\" \/><\/a><\/p>\n<h2 style=\"text-align: left;\"><a href=\"#F1\">Nouvelles de La Financi\u00e8re agricole du Qu\u00e9bec<\/a><\/h2>\n<ul>\n<li style=\"list-style-type: none;\">\n<ul>\n<li><a href=\"#F1\" rel=\"noopener\"><strong>Assurance r\u00e9colte : Importance de fournir vos rendements r\u00e9els<\/strong><\/a><\/li>\n<li><a href=\"#F2\" rel=\"noopener\"><strong>Concours Tournez-vous vers l&#8217;excellence!: Il est encore temps de s\u2019inscrire<\/strong><\/a><\/li>\n<\/ul>\n<\/li>\n<\/ul>\n<h2 style=\"text-align: left;\"><a href=\"#CCA\">Nouvelles de l&#8217;Association canadienne des bovins<\/a><\/h2>\n<ul>\n<li style=\"list-style-type: none;\">\n<ul>\n<li><a href=\"#CCA1\" rel=\"noopener\"><strong>L&#8217;ACB \u00e9lit une nouvelle direction pour 2025\u20132026<\/strong><\/a><\/li>\n<li><a href=\"#CCA2\" rel=\"noopener\"><strong>Publication du rapport annuel de l\u2019ACB<\/strong><\/a><\/li>\n<\/ul>\n<\/li>\n<\/ul>\n<h2 style=\"text-align: left;\"><a href=\"#NR1\">Nouvelles r\u00e9gionales<\/a><\/h2>\n<ul>\n<li style=\"list-style-type: none;\">\n<ul>\n<li><a href=\"#NR1\"><strong>Mauricie : La soir\u00e9e th\u00e9matique \u00ab\u2009Veau d\u2019embouche\u2009\u00bb attire plus de 30 participants<\/strong><\/a><\/li>\n<\/ul>\n<\/li>\n<\/ul>\n<hr>\n<p>&nbsp;<\/p>\n<table style=\"width: 100%; border-collapse: collapse; background-color: #a52a2a;\" border=\"0\">\n<tbody>\n<tr>\n<td style=\"width: 100%;\">\n<h3 style=\"text-align: center;\"><span style=\"color: #ffffff;\"><strong>COUP D&#8217;\u0152IL SUR LES MARCH\u00c9S DU B\u0152UF ET DU VEAU<\/strong><\/span><\/h3>\n<\/td>\n<\/tr>\n<\/tbody>\n<\/table>\n<p>&nbsp;<\/p>\n<p style=\"text-align: center;\"><span style=\"text-decoration: underline;\"><a href=\"https:\/\/bovin.qc.ca\/wp-content\/uploads\/2025\/04\/2025-04-Coup-doeil-sur-les-marches-boeuf-et-veau-FRAN.pdf\" target=\"_blank\" rel=\"noopener\">Version fran\u00e7aise<\/a><br \/>\n<\/span><\/p>\n<p style=\"text-align: center;\"><span style=\"text-decoration: underline;\"><a href=\"https:\/\/bovin.qc.ca\/wp-content\/uploads\/2025\/04\/2025-04-Coup-doeil-sur-les-marches-boeuf-et-veau-ANG.pdf\" target=\"_blank\" rel=\"noopener\">Version anglaise<\/a><br \/>\n<\/span><\/p>\n<p style=\"text-align: center;\"><img loading=\"lazy\" decoding=\"async\" class=\"wp-image-10769 aligncenter\" src=\"https:\/\/bovin.qc.ca\/wp-content\/uploads\/2020\/08\/shutterstock_699231256-min_WEB-1.jpg\" alt=\"\" width=\"500\" height=\"317\" srcset=\"https:\/\/bovin.qc.ca\/wp-content\/uploads\/2020\/08\/shutterstock_699231256-min_WEB-1.jpg 1024w, https:\/\/bovin.qc.ca\/wp-content\/uploads\/2020\/08\/shutterstock_699231256-min_WEB-1-300x190.jpg 300w, https:\/\/bovin.qc.ca\/wp-content\/uploads\/2020\/08\/shutterstock_699231256-min_WEB-1-202x128.jpg 202w\" sizes=\"auto, (max-width: 500px) 100vw, 500px\" \/><\/p>\n<p style=\"text-align: left;\"><a href=\"#top\">Retour en haut<\/a><a id=\"prix\"><\/a><\/p>\n<hr>\n<p>&nbsp;<\/p>\n<p><img loading=\"lazy\" decoding=\"async\" class=\"aligncenter wp-image-5452\" src=\"https:\/\/bovin.qc.ca\/wp-content\/uploads\/2018\/09\/info-prix-bandeau.jpg\" alt=\"\" width=\"750\" height=\"183\" srcset=\"https:\/\/bovin.qc.ca\/wp-content\/uploads\/2018\/09\/info-prix-bandeau.jpg 650w, https:\/\/bovin.qc.ca\/wp-content\/uploads\/2018\/09\/info-prix-bandeau-300x73.jpg 300w, https:\/\/bovin.qc.ca\/wp-content\/uploads\/2018\/09\/info-prix-bandeau-523x128.jpg 523w\" sizes=\"auto, (max-width: 750px) 100vw, 750px\" \/><\/p>\n<p style=\"text-align: center;\">Cliquez sur un secteur pour les prix du march\u00e9<\/p>\n<p style=\"text-align: center;\"><u><a href=\"https:\/\/www.fpbq.upa.qc.ca\/infoprix\/BouvAbattage\/BAInfoPrixQuot.asp?Langue=F\" target=\"_blank\" rel=\"noopener\"><strong>BOUVILLON<\/strong><\/a><br \/>\n<\/u><u><a href=\"https:\/\/www.fpbq.upa.qc.ca\/infoprix\/BovinReforme\/BRInfoPrixQuot.asp?Langue=F\" target=\"_blank\" rel=\"noopener\"><strong>BOVIN DE R\u00c9FORME ET VEAU LAITIER<\/strong><\/a><br \/>\n<\/u><u><a href=\"https:\/\/www.fpbq.upa.qc.ca\/infoprix\/VeauDeGrain\/VGInfoPrixHebdo.asp?Langue=F\" target=\"_blank\" rel=\"noopener\"><strong>VEAU DE GRAIN<\/strong><\/a><br \/>\n<\/u><u><strong><a href=\"https:\/\/www.fpbq.upa.qc.ca\/infoprix\/VeauDeLait\/VLInfoPrixHebdo.asp?Langue=F\" target=\"_blank\" rel=\"noopener\">VEAU DE LAIT<\/a><br \/>\n<\/strong><\/u><u><a href=\"https:\/\/www.fpbq.upa.qc.ca\/infoprix\/VeauEmbouche\/VEInfoPrixQuot.asp?Langue=F\" target=\"_blank\" rel=\"noopener\"><strong>VEAU D\u2019EMBOUCHE<\/strong><\/a><\/u><\/p>\n<p><a href=\"#top\">Retour en haut<\/a><a id=\"evenements\"><\/a><\/p>\n<table style=\"width: 100%; border-collapse: collapse; background-color: #a52a2a;\" border=\"0\">\n<tbody>\n<tr>\n<td style=\"width: 100%;\">\n<h3 style=\"text-align: center;\"><span style=\"color: #ffffff;\"><strong>\u00c9V\u00c9NEMENTS \u00c0 VENIR<\/strong><\/span><\/h3>\n<\/td>\n<\/tr>\n<\/tbody>\n<\/table>\n<p>&nbsp;<\/p>\n<h4>Journ\u00e9e bovine MERCK 2025<\/h4>\n<p><strong>Confirmez votre pr\u00e9sence avant le 1<sup>er<\/sup> juin \u00e0 Nicolas Morin au 418-655-2684 ou par courriel&nbsp;: <a href=\"mailto:nicolas.morin1@merck.com\">nicolas.morin1@merck.com<\/a><\/strong><\/p>\n<h4><strong><img loading=\"lazy\" decoding=\"async\" class=\"alignright wp-image-26236\" src=\"https:\/\/bovin.qc.ca\/wp-content\/uploads\/2025\/04\/Diapositive1-journee-Merck.jpg\" alt=\"\" width=\"400\" height=\"225\" srcset=\"https:\/\/bovin.qc.ca\/wp-content\/uploads\/2025\/04\/Diapositive1-journee-Merck.jpg 1280w, https:\/\/bovin.qc.ca\/wp-content\/uploads\/2025\/04\/Diapositive1-journee-Merck-300x169.jpg 300w, https:\/\/bovin.qc.ca\/wp-content\/uploads\/2025\/04\/Diapositive1-journee-Merck-228x128.jpg 228w\" sizes=\"auto, (max-width: 400px) 100vw, 400px\" \/><\/strong><\/h4>\n<p><strong>Quand?<\/strong> 6 juin 2025 de 9 h \u00e0 16 h<\/p>\n<p><strong>O\u00f9?<\/strong> L\u2019Ent\u00eat\u00e9 Microbrasserie &#8211;&nbsp;15&nbsp;400 Charles, Mirabel, Qc, J7J 0V9<\/p>\n<p><strong>Horaire<\/strong><\/p>\n<p>9 h \u2013 Inscription<\/p>\n<p>9 h 15 \u2013 Mot de bienvenue<\/p>\n<p>9 h 30 \u2013 <em>Mise \u00e0 jour sur l\u2019utilisation des drones en agriculture<\/em> (Olivier Barmettler, propri\u00e9taire Les Entreprises OJ Ag)<\/p>\n<p>10 h \u2013 <em>On croyait conna\u00eetre l\u2019incertitude<\/em> (Vincent Cloutier, agr., MBA, directeur principal Strat\u00e9gie en agriculture BNC)<\/p>\n<p>10 h 45 \u2013 13 faits pour r\u00e9ussir en reproduction bovine (Dre Lisiane Poulin, DMV, m\u00e9decin v\u00e9t\u00e9rinaire aux services techniques grands animaux)<\/p>\n<p>11 h 30 \u2013 Mieux conna\u00eetre les implants en production bovine (Dre Natasha Kutryk DMV, m\u00e9decin v\u00e9t\u00e9rinaire aux services techniques grands animaux)<\/p>\n<p>12 h 15&nbsp;\u2013 Pr\u00e9sentation des Fermes Desrosiers (Famille Desrosiers, producteurs de bouvillons d\u2019abattage, ac\u00e9ricoles et de grandes cultures)<\/p>\n<p>12 h 30 \u2013 D\u00eener gratuit<\/p>\n<p>14 h \u2013 Visite des Fermes Desrosiers et d\u00e9monstration de drone (Les Fermes Desrosiers, 3860 Rang Saint-Hyacinthe, Mirabel, Qu\u00e9bec, J7N 2Z9)<\/p>\n<p>16 h \u2013 Cl\u00f4ture de l\u2019\u00e9v\u00e8nement<\/p>\n<p><em>Source : Merck, Sant\u00e9 animale<\/em><\/p>\n<p><a href=\"#top\">Retour en haut<\/a><a id=\"A1\"><\/a><\/p>\n<table style=\"width: 100%; border-collapse: collapse; background-color: #a52a2a;\" border=\"0\">\n<tbody>\n<tr>\n<td style=\"width: 100%;\">\n<h3 style=\"text-align: center;\"><span style=\"color: #ffffff;\"><strong>ACTUALIT\u00c9S<\/strong><\/span><\/h3>\n<\/td>\n<\/tr>\n<\/tbody>\n<\/table>\n<h4><strong>Bovins durables 2035 : le nouvel engagement des PBQ<\/strong><\/h4>\n<p><img loading=\"lazy\" decoding=\"async\" class=\"wp-image-26080 size-full alignright\" src=\"https:\/\/bovin.qc.ca\/wp-content\/uploads\/2025\/04\/Strategie-de-durabilite-photo-5.jpg\" alt=\"\" width=\"400\" height=\"300\"><\/p>\n<p>&nbsp;<\/p>\n<p>\u00c0 l\u2019occasion de l\u2019assembl\u00e9e g\u00e9n\u00e9rale annuelle des producteurs de bovins du Qu\u00e9bec, les PBQ ont proc\u00e9d\u00e9 au lancement officiel de leur strat\u00e9gie de durabilit\u00e9. Durant la pr\u00e9sentation, l\u2019organisation a d\u00e9voil\u00e9 son engagement d\u2019atteindre une production bovine durable d\u2019ici 2035.<\/p>\n<p>Port\u00e9 par le conseil d\u2019administration des PBQ, cet engagement d\u00e9coule de pressions croissantes venant du gouvernement, des consommateurs et de l\u2019industrie agroalimentaire pour rendre la production plus durable. Plut\u00f4t que de subir les changements, les PBQ ont choisi d\u2019agir et de se doter d\u2019un plan d\u2019action concret pour d\u00e9finir eux-m\u00eames leur avenir.<\/p>\n<table style=\"border-collapse: collapse; width: 100%;\">\n<tbody>\n<tr>\n<td style=\"width: 49%; vertical-align: top;\"><img loading=\"lazy\" decoding=\"async\" class=\"wp-image-26075 size-full alignleft\" src=\"https:\/\/bovin.qc.ca\/wp-content\/uploads\/2025\/04\/Strategie-de-durabilite-photo-1.jpg\" alt=\"\" width=\"400\" height=\"300\" srcset=\"https:\/\/bovin.qc.ca\/wp-content\/uploads\/2025\/04\/Strategie-de-durabilite-photo-1.jpg 400w, https:\/\/bovin.qc.ca\/wp-content\/uploads\/2025\/04\/Strategie-de-durabilite-photo-1-300x225.jpg 300w, https:\/\/bovin.qc.ca\/wp-content\/uploads\/2025\/04\/Strategie-de-durabilite-photo-1-171x128.jpg 171w\" sizes=\"auto, (max-width: 400px) 100vw, 400px\" \/><\/td>\n<td style=\"width: 2%; vertical-align: top;\">&nbsp;<\/td>\n<td style=\"width: 49%; vertical-align: top;\"><img loading=\"lazy\" decoding=\"async\" class=\"alignright wp-image-26077 size-full\" src=\"https:\/\/bovin.qc.ca\/wp-content\/uploads\/2025\/04\/Strategie-de-durabilite-photo-2.jpg\" alt=\"\" width=\"400\" height=\"300\" srcset=\"https:\/\/bovin.qc.ca\/wp-content\/uploads\/2025\/04\/Strategie-de-durabilite-photo-2.jpg 400w, https:\/\/bovin.qc.ca\/wp-content\/uploads\/2025\/04\/Strategie-de-durabilite-photo-2-300x225.jpg 300w, https:\/\/bovin.qc.ca\/wp-content\/uploads\/2025\/04\/Strategie-de-durabilite-photo-2-171x128.jpg 171w\" sizes=\"auto, (max-width: 400px) 100vw, 400px\" \/><\/td>\n<\/tr>\n<\/tbody>\n<\/table>\n<p>Six producteurs ont pris la parole pour t\u00e9moigner de leurs pratiques actuelles en mati\u00e8re de durabilit\u00e9 \u00e0 travers des exemples concrets et inspirants. Ils ont \u00e9t\u00e9 invit\u00e9s \u00e0 ajouter leur propre pierre \u00e0 l\u2019\u00e9difice en inscrivant leurs actions durables. R\u00e9sultat&nbsp;: un panorama d\u2019initiatives concr\u00e8tes qui confirme que la production bovine au Qu\u00e9bec est bel et bien en marche vers un avenir durable.<\/p>\n<table style=\"border-collapse: collapse; width: 100%;\">\n<tbody>\n<tr>\n<td style=\"width: 49%; vertical-align: top;\"><img loading=\"lazy\" decoding=\"async\" class=\"wp-image-26100 size-full alignleft\" src=\"https:\/\/bovin.qc.ca\/wp-content\/uploads\/2025\/04\/Strategie-de-durabilite-photo-3.jpg\" alt=\"\" width=\"400\" height=\"300\" srcset=\"https:\/\/bovin.qc.ca\/wp-content\/uploads\/2025\/04\/Strategie-de-durabilite-photo-3.jpg 400w, https:\/\/bovin.qc.ca\/wp-content\/uploads\/2025\/04\/Strategie-de-durabilite-photo-3-300x225.jpg 300w, https:\/\/bovin.qc.ca\/wp-content\/uploads\/2025\/04\/Strategie-de-durabilite-photo-3-171x128.jpg 171w\" sizes=\"auto, (max-width: 400px) 100vw, 400px\" \/><\/td>\n<td style=\"width: 2%; vertical-align: top;\">&nbsp;<\/td>\n<td style=\"width: 49%; vertical-align: top;\"><img loading=\"lazy\" decoding=\"async\" class=\"alignright wp-image-26096 size-full\" src=\"https:\/\/bovin.qc.ca\/wp-content\/uploads\/2025\/04\/Strategie-de-durabilite-photo-4.jpg\" alt=\"\" width=\"400\" height=\"300\" srcset=\"https:\/\/bovin.qc.ca\/wp-content\/uploads\/2025\/04\/Strategie-de-durabilite-photo-4.jpg 400w, https:\/\/bovin.qc.ca\/wp-content\/uploads\/2025\/04\/Strategie-de-durabilite-photo-4-300x225.jpg 300w, https:\/\/bovin.qc.ca\/wp-content\/uploads\/2025\/04\/Strategie-de-durabilite-photo-4-171x128.jpg 171w\" sizes=\"auto, (max-width: 400px) 100vw, 400px\" \/><\/td>\n<\/tr>\n<\/tbody>\n<\/table>\n<p>Ce n\u2019est que le d\u00e9but, mais une chose est certaine&nbsp;: les producteurs de bovins du Qu\u00e9bec sont d\u00e9j\u00e0 en mouvement, et c\u2019est ensemble qu\u2019on avance vers un avenir plus durable.<\/p>\n<p><em>Source : PBQ<\/em><\/p>\n<p><a href=\"#top\">Retour en haut<\/a><a id=\"A2\"><\/a><\/p>\n<hr>\n<h4><strong>Nouveaux visages au conseil d\u2019administration des PBQ<\/strong><\/h4>\n<table style=\"border-collapse: collapse; width: 100%; height: 339px;\">\n<tbody>\n<tr style=\"height: 316px;\">\n<td style=\"width: 49%; vertical-align: top; height: 316px;\"><img loading=\"lazy\" decoding=\"async\" class=\"alignleft wp-image-26244 size-full\" src=\"https:\/\/bovin.qc.ca\/wp-content\/uploads\/2025\/04\/JF-Gaudette.jpg\" alt=\"\" width=\"400\" height=\"301\" srcset=\"https:\/\/bovin.qc.ca\/wp-content\/uploads\/2025\/04\/JF-Gaudette.jpg 400w, https:\/\/bovin.qc.ca\/wp-content\/uploads\/2025\/04\/JF-Gaudette-300x226.jpg 300w, https:\/\/bovin.qc.ca\/wp-content\/uploads\/2025\/04\/JF-Gaudette-170x128.jpg 170w\" sizes=\"auto, (max-width: 400px) 100vw, 400px\" \/><\/td>\n<td style=\"width: 2%; vertical-align: top; height: 316px;\">&nbsp;<\/td>\n<td style=\"width: 49%; vertical-align: top; height: 316px;\"><img loading=\"lazy\" decoding=\"async\" class=\"alignright size-full wp-image-26105\" src=\"https:\/\/bovin.qc.ca\/wp-content\/uploads\/2025\/04\/Martin-Tessier-1.jpg\" alt=\"\" width=\"400\" height=\"301\" srcset=\"https:\/\/bovin.qc.ca\/wp-content\/uploads\/2025\/04\/Martin-Tessier-1.jpg 400w, https:\/\/bovin.qc.ca\/wp-content\/uploads\/2025\/04\/Martin-Tessier-1-300x226.jpg 300w, https:\/\/bovin.qc.ca\/wp-content\/uploads\/2025\/04\/Martin-Tessier-1-170x128.jpg 170w\" sizes=\"auto, (max-width: 400px) 100vw, 400px\" \/><\/td>\n<\/tr>\n<tr style=\"height: 23px;\">\n<td style=\"width: 49%; vertical-align: top; height: 23px;\" colspan=\"3\"><span style=\"font-size: 10pt;\">\u00c0 gauche, M. Jean-Fran\u00e7ois Gaudette, pr\u00e9sident de Mont\u00e9r\u00e9gie-Est et \u00e0 droite, M. Martin Tessier, pr\u00e9sident du comit\u00e9 de mise en march\u00e9 des veaux de grain<\/span><\/td>\n<\/tr>\n<\/tbody>\n<\/table>\n<p>&nbsp;<\/p>\n<p>Deux producteurs ont r\u00e9cemment rejoint le conseil d\u2019administration des PBQ. M.&nbsp;Jean\u2011Fran\u00e7ois&nbsp;Gaudette, producteur de bouvillons d\u2019abattage dont la ferme est situ\u00e9e \u00e0 Farnham, a \u00e9t\u00e9 nomm\u00e9 pr\u00e9sident des Producteurs de bovins de la Mont\u00e9r\u00e9gie-Est, succ\u00e9dant ainsi \u00e0 M.&nbsp;Jean-Marc&nbsp;M\u00e9nard.<\/p>\n<p>Martin&nbsp;Tessier, dont l\u2019entreprise est situ\u00e9e \u00e0 Saint-Eug\u00e8ne, dans le Centre-du-Qu\u00e9bec, a \u00e9t\u00e9 \u00e9lu pr\u00e9sident du comit\u00e9 de mise en march\u00e9 des veaux de grain, une fonction pr\u00e9c\u00e9demment occup\u00e9e par M.&nbsp;Louis-Joseph Beaudoin.<\/p>\n<p><strong>&nbsp;<\/strong><em>Source&nbsp;: PBQ<\/em><\/p>\n<p><a href=\"#top\">Retour en haut<\/a><a id=\"A3\"><\/a><\/p>\n<hr>\n<h4><strong>La ferme \u00c0 L\u2019HERBE! Bouvillons au p\u00e2turage remporte le Prix TESA \u2013 Qu\u00e9bec<\/strong><\/h4>\n<h4><strong><img loading=\"lazy\" decoding=\"async\" class=\"wp-image-26111 aligncenter\" src=\"https:\/\/bovin.qc.ca\/wp-content\/uploads\/2025\/04\/Prix-TESA-scaled.jpg\" alt=\"\" width=\"815\" height=\"543\" srcset=\"https:\/\/bovin.qc.ca\/wp-content\/uploads\/2025\/04\/Prix-TESA-scaled.jpg 2560w, https:\/\/bovin.qc.ca\/wp-content\/uploads\/2025\/04\/Prix-TESA-300x200.jpg 300w, https:\/\/bovin.qc.ca\/wp-content\/uploads\/2025\/04\/Prix-TESA-192x128.jpg 192w, https:\/\/bovin.qc.ca\/wp-content\/uploads\/2025\/04\/Prix-TESA-1536x1024.jpg 1536w, https:\/\/bovin.qc.ca\/wp-content\/uploads\/2025\/04\/Prix-TESA-2048x1365.jpg 2048w\" sizes=\"auto, (max-width: 815px) 100vw, 815px\" \/><\/strong><\/h4>\n<p>Le Prix de l\u2019intendance environnementale (TESA) \u2013 Qu\u00e9bec est d\u00e9cern\u00e9 cette ann\u00e9e \u00e0 la ferme \u00c0 L\u2019HERBE! Bouvillons de p\u00e2turage. Situ\u00e9e dans la r\u00e9gion de la Capitale-Nationale, l\u2019entreprise, fond\u00e9e par Mme Dominique Dumas et M. Fr\u00e9d\u00e9ric Lebel, s\u2019est donn\u00e9 pour mission de fournir aux familles une viande saine et savoureuse, dans le plus grand respect du bien-\u00eatre animal et de l\u2019environnement.<\/p>\n<p>Dans le but de saluer leurs efforts et leur travail exemplaire, les PBQ leur accordent une aide financi\u00e8re de 1 000 $ pour des services-conseils en agroenvironnement.<\/p>\n<p>Ce prix r\u00e9compense le leadership des producteurs de bovins de boucherie en mati\u00e8re d\u2019environnement. Toutes nos f\u00e9licitations!<\/p>\n<p><em>Source : PBQ<\/em><\/p>\n<p><a href=\"#top\">Retour en haut<\/a><a id=\"A4\"><\/a><\/p>\n<hr>\n<h4><strong>Le Prix INNOVEAU d\u00e9cern\u00e9 \u00e0 la Ferme Deaunier<\/strong><\/h4>\n<h4><img loading=\"lazy\" decoding=\"async\" class=\"wp-image-26113 aligncenter\" src=\"https:\/\/bovin.qc.ca\/wp-content\/uploads\/2025\/04\/Prix-Innoveau-scaled.jpg\" alt=\"\" width=\"815\" height=\"543\" srcset=\"https:\/\/bovin.qc.ca\/wp-content\/uploads\/2025\/04\/Prix-Innoveau-scaled.jpg 2560w, https:\/\/bovin.qc.ca\/wp-content\/uploads\/2025\/04\/Prix-Innoveau-300x200.jpg 300w, https:\/\/bovin.qc.ca\/wp-content\/uploads\/2025\/04\/Prix-Innoveau-192x128.jpg 192w, https:\/\/bovin.qc.ca\/wp-content\/uploads\/2025\/04\/Prix-Innoveau-1536x1024.jpg 1536w, https:\/\/bovin.qc.ca\/wp-content\/uploads\/2025\/04\/Prix-Innoveau-2048x1365.jpg 2048w\" sizes=\"auto, (max-width: 815px) 100vw, 815px\" \/><\/h4>\n<p>La Ferme Deaunier, situ\u00e9e dans la r\u00e9gion de Chaudi\u00e8re-Appalaches, remporte le Prix INNOVEAU&nbsp;2025. Cette distinction r\u00e9compense l\u2019excellence des producteurs de veaux lourds en mati\u00e8re de bien-\u00eatre animal, d\u2019innovation et de conservation.<\/p>\n<p>Dirig\u00e9e par M. Pierre&nbsp;Nadeau, Mme Denise&nbsp;Fournier et M. Pier-Luc&nbsp;Nadeau, l\u2019entreprise se distingue par son approche pr\u00e9ventive de la sant\u00e9 animale et par les nombreuses am\u00e9liorations apport\u00e9es \u00e0 l\u2019alimentation du troupeau ainsi qu\u2019aux b\u00e2timents d\u2019\u00e9levage.<\/p>\n<p>Dans le but de saluer leurs efforts et leur travail exemplaire, les PBQ leur accordent une aide financi\u00e8re de 1 000 $ pour des services-conseils en agroenvironnement. Toutes nos f\u00e9licitations!<\/p>\n<p><em>Source : PBQ<\/em><\/p>\n<p><a href=\"#top\">Retour en haut<\/a><a id=\"A5\"><\/a><\/p>\n<hr>\n<h4><strong>Les PBQ remettent 9\u2009500&nbsp;$ en bourses \u00e0 des jeunes de la rel\u00e8ve<\/strong><\/h4>\n<h4><strong><img loading=\"lazy\" decoding=\"async\" class=\"aligncenter wp-image-26115\" src=\"https:\/\/bovin.qc.ca\/wp-content\/uploads\/2025\/04\/Bourses-scaled.jpg\" alt=\"\" width=\"815\" height=\"543\" srcset=\"https:\/\/bovin.qc.ca\/wp-content\/uploads\/2025\/04\/Bourses-scaled.jpg 2560w, https:\/\/bovin.qc.ca\/wp-content\/uploads\/2025\/04\/Bourses-300x200.jpg 300w, https:\/\/bovin.qc.ca\/wp-content\/uploads\/2025\/04\/Bourses-192x128.jpg 192w, https:\/\/bovin.qc.ca\/wp-content\/uploads\/2025\/04\/Bourses-1536x1024.jpg 1536w, https:\/\/bovin.qc.ca\/wp-content\/uploads\/2025\/04\/Bourses-2048x1365.jpg 2048w\" sizes=\"auto, (max-width: 815px) 100vw, 815px\" \/><\/strong><\/h4>\n<p>\u00c0 l\u2019occasion de l\u2019assembl\u00e9e g\u00e9n\u00e9rale annuelle des producteurs de bovins du Qu\u00e9bec le 25 mars, les PBQ ont remis quatre bourses \u00e0 des jeunes qui se d\u00e9marquent par leur engagement exemplaire envers la production bovine.<\/p>\n<p><u>Laur\u00e9ats des Bourses PBQ de la rel\u00e8ve en production bovine<\/u><\/p>\n<ul>\n<li>Cat\u00e9gorie&nbsp;\u00ab\u2009Nouveau dans l\u2019industrie\u2009\u00bb&nbsp;: Mme Alycia Boucher, agr. (baccalaur\u00e9at en agronomie, Universit\u00e9 Laval) &#8211; 5\u2009000&nbsp;$<\/li>\n<li>Cat\u00e9gorie \u00ab\u2009Issu de l\u2019industrie\u2009\u00bb : Mme Marilou Murray (DEC en Technologie des productions animales, ITAQ, campus de La Pocati\u00e8re) &#8211; 2500 $<\/li>\n<\/ul>\n<p><u>Laur\u00e9ats des Bourses Agria en production bovine<\/u><\/p>\n<ul>\n<li>Mme Malorie Bilodeau (DEC en Gestion et technologies d\u2019entreprise agricole, C\u00e9gep de L\u00e9vis) -1\u2009000&nbsp;$ (<em>absente de la photo<\/em>)<\/li>\n<li>Michael Cyr (DEC en Technologie des productions animales, ITAQ, campus de La Pocati\u00e8re) -1\u2009000&nbsp;$<\/li>\n<\/ul>\n<p>Les PBQ souhaitent remercier chaleureusement la Fondation Agria pour son soutien \u00e0 la rel\u00e8ve agricole. F\u00e9licitations aux laur\u00e9ats!<\/p>\n<p><em>Source : PBQ<\/em><\/p>\n<p><a href=\"#top\">Retour en haut<\/a><a id=\"A6\"><\/a><\/p>\n<hr>\n<h4><strong>D\u00e9couvrez les images gagnantes du concours photo&nbsp;: 50 ans des PBQ<\/strong><\/h4>\n<p>Voici les images gagnantes du concours organis\u00e9 dans le cadre du 50<sup>e<\/sup> anniversaire des PBQ. Une s\u00e9lection des meilleures photos des participants et d\u2019images d\u2019archives a d\u00e9fil\u00e9 tout au long de l\u2019assembl\u00e9e g\u00e9n\u00e9rale annuelle des producteurs de bovins du Qu\u00e9bec, tenue les 25 et 26 mars. Merci \u00e0 tous les participants!<\/p>\n<p><strong>1<sup>re<\/sup>&nbsp;place (300&nbsp;$)&nbsp;: Ferme du Perche<\/strong><\/p>\n<p><img loading=\"lazy\" decoding=\"async\" class=\"aligncenter wp-image-26117\" src=\"https:\/\/bovin.qc.ca\/wp-content\/uploads\/2025\/04\/Concours-photo-Ferme-du-Perche-scaled.jpg\" alt=\"\" width=\"815\" height=\"691\" srcset=\"https:\/\/bovin.qc.ca\/wp-content\/uploads\/2025\/04\/Concours-photo-Ferme-du-Perche-scaled.jpg 2560w, https:\/\/bovin.qc.ca\/wp-content\/uploads\/2025\/04\/Concours-photo-Ferme-du-Perche-300x254.jpg 300w, https:\/\/bovin.qc.ca\/wp-content\/uploads\/2025\/04\/Concours-photo-Ferme-du-Perche-151x128.jpg 151w, https:\/\/bovin.qc.ca\/wp-content\/uploads\/2025\/04\/Concours-photo-Ferme-du-Perche-1536x1302.jpg 1536w, https:\/\/bovin.qc.ca\/wp-content\/uploads\/2025\/04\/Concours-photo-Ferme-du-Perche-2048x1736.jpg 2048w\" sizes=\"auto, (max-width: 815px) 100vw, 815px\" \/><\/p>\n<p><strong>2<sup>e<\/sup>&nbsp;place (200&nbsp;$)&nbsp;: Ferme Gib&nbsp;Drury<\/strong><\/p>\n<p><img loading=\"lazy\" decoding=\"async\" class=\"aligncenter wp-image-26121\" src=\"https:\/\/bovin.qc.ca\/wp-content\/uploads\/2025\/04\/Concours-photo-Gib-Drury.jpg\" alt=\"\" width=\"815\" height=\"543\" srcset=\"https:\/\/bovin.qc.ca\/wp-content\/uploads\/2025\/04\/Concours-photo-Gib-Drury.jpg 2152w, https:\/\/bovin.qc.ca\/wp-content\/uploads\/2025\/04\/Concours-photo-Gib-Drury-300x200.jpg 300w, https:\/\/bovin.qc.ca\/wp-content\/uploads\/2025\/04\/Concours-photo-Gib-Drury-192x128.jpg 192w, https:\/\/bovin.qc.ca\/wp-content\/uploads\/2025\/04\/Concours-photo-Gib-Drury-1536x1024.jpg 1536w, https:\/\/bovin.qc.ca\/wp-content\/uploads\/2025\/04\/Concours-photo-Gib-Drury-2048x1366.jpg 2048w\" sizes=\"auto, (max-width: 815px) 100vw, 815px\" \/><\/p>\n<p><strong>3<sup>e<\/sup>&nbsp;place (100&nbsp;$)&nbsp;: Ferme Loumi<\/strong><\/p>\n<p><img loading=\"lazy\" decoding=\"async\" class=\"wp-image-26119 aligncenter\" src=\"https:\/\/bovin.qc.ca\/wp-content\/uploads\/2025\/04\/Concours-photo-Ferme-Loumi-4-scaled.jpg\" alt=\"\" width=\"815\" height=\"611\" srcset=\"https:\/\/bovin.qc.ca\/wp-content\/uploads\/2025\/04\/Concours-photo-Ferme-Loumi-4-scaled.jpg 2560w, https:\/\/bovin.qc.ca\/wp-content\/uploads\/2025\/04\/Concours-photo-Ferme-Loumi-4-300x225.jpg 300w, https:\/\/bovin.qc.ca\/wp-content\/uploads\/2025\/04\/Concours-photo-Ferme-Loumi-4-171x128.jpg 171w, https:\/\/bovin.qc.ca\/wp-content\/uploads\/2025\/04\/Concours-photo-Ferme-Loumi-4-1536x1152.jpg 1536w, https:\/\/bovin.qc.ca\/wp-content\/uploads\/2025\/04\/Concours-photo-Ferme-Loumi-4-2048x1536.jpg 2048w\" sizes=\"auto, (max-width: 815px) 100vw, 815px\" \/><\/p>\n<p>Voir ou revoir ci-dessous la galerie de photos pr\u00e9sent\u00e9e lors de la derni\u00e8re AGA.<\/p>\n<p><iframe loading=\"lazy\" src=\"\/\/www.youtube.com\/embed\/gPfF6I641bs\" width=\"560\" height=\"314\" allowfullscreen=\"allowfullscreen\"><\/iframe><\/p>\n<p><em>Source : PBQ<\/em><\/p>\n<p><a href=\"#top\">Retour en haut<\/a><a id=\"A7\"><\/a><\/p>\n<hr>\n<h4><strong>B\u0153uf durable&nbsp;: renouvellement du programme Cr\u00e9dit de reconnaissance<\/strong><\/h4>\n<h4><strong><img loading=\"lazy\" decoding=\"async\" class=\"size-full wp-image-21465 aligncenter\" src=\"https:\/\/bovin.qc.ca\/wp-content\/uploads\/2024\/03\/crsb-vbp.png\" alt=\"\" width=\"815\" height=\"134\" srcset=\"https:\/\/bovin.qc.ca\/wp-content\/uploads\/2024\/03\/crsb-vbp.png 815w, https:\/\/bovin.qc.ca\/wp-content\/uploads\/2024\/03\/crsb-vbp-300x49.png 300w, https:\/\/bovin.qc.ca\/wp-content\/uploads\/2024\/03\/crsb-vbp-779x128.png 779w\" sizes=\"auto, (max-width: 815px) 100vw, 815px\" \/><\/strong><\/h4>\n<p>C\u2019est avec plaisir que les PBQ annoncent le renouvellement du programme Cr\u00e9dit de reconnaissance pour une troisi\u00e8me ann\u00e9e cons\u00e9cutive.<\/p>\n<p>Ce cr\u00e9dit vise \u00e0 reconna\u00eetre les producteurs qui ont maintenu un statut de certification actif (VBP+ et Table ronde canadienne sur le b\u0153uf durable &#8211; CRSB) en 2024, et qui se poursuit en 2025.<\/p>\n<p>Cette reconnaissance financi\u00e8re garantit que toutes les entreprises certifi\u00e9es re\u00e7oivent un minimum de 400&nbsp;$ en paiements totaux li\u00e9s \u00e0 l\u2019approvisionnement en b\u0153uf durable de Cargill pour l\u2019ann\u00e9e&nbsp;2024.<\/p>\n<p>En trois ans, environ 140 000&nbsp;$ ont \u00e9t\u00e9 vers\u00e9s en cr\u00e9dits de reconnaissance aux producteurs certifi\u00e9s et admissibles.<\/p>\n<p>Pour plus d\u2019informations sur les modalit\u00e9s du programme et sur la fa\u00e7on de participer, communiquez avec Nathalie&nbsp;C\u00f4t\u00e9 \u00e0 <a href=\"mailto:ncote@upa.qc.ca\" target=\"_blank\" rel=\"noopener\">ncote@upa.qc.ca<\/a>.<\/p>\n<p><em>Source : PBQ<\/em><\/p>\n<p><a href=\"#top\">Retour en haut<\/a><a id=\"A8\"><\/a><\/p>\n<hr>\n<h4><strong><img loading=\"lazy\" decoding=\"async\" class=\"alignright wp-image-26124\" src=\"https:\/\/bovin.qc.ca\/wp-content\/uploads\/2025\/04\/Balado.jpg\" alt=\"\" width=\"325\" height=\"327\" srcset=\"https:\/\/bovin.qc.ca\/wp-content\/uploads\/2025\/04\/Balado.jpg 673w, https:\/\/bovin.qc.ca\/wp-content\/uploads\/2025\/04\/Balado-127x128.jpg 127w, https:\/\/bovin.qc.ca\/wp-content\/uploads\/2025\/04\/Balado-150x150.jpg 150w, https:\/\/bovin.qc.ca\/wp-content\/uploads\/2025\/04\/Balado-75x75.jpg 75w\" sizes=\"auto, (max-width: 325px) 100vw, 325px\" \/>La production bovine au c\u0153ur d\u2019un balado<\/strong><\/h4>\n<p>Trois producteurs tr\u00e8s impliqu\u00e9s au sein des PBQ ont particip\u00e9 au balado agricole <em>Les Prods<\/em>, r\u00e9alis\u00e9 par la F\u00e9d\u00e9ration de l\u2019UPA Lanaudi\u00e8re. Mme&nbsp;Francine&nbsp;Tr\u00e9panier, vice-pr\u00e9sidente, M.&nbsp;Andr\u00e9&nbsp;Ricard, pr\u00e9sident du comit\u00e9 de mise en march\u00e9 des bouvillons d\u2019abattage, et M.&nbsp;Martin&nbsp;Drainville, pr\u00e9sident du comit\u00e9 de mise en march\u00e9 des veaux d\u2019embouche, ont partag\u00e9 leur parcours personnel ainsi que leur passion pour la production bovine. L\u2019\u00e9pisode a \u00e9galement abord\u00e9 les particularit\u00e9s des diff\u00e9rents secteurs et le r\u00f4le des PBQ.<\/p>\n<p>Pour \u00e9couter l\u2019\u00e9pisode&nbsp;:<\/p>\n<p>Spotify&nbsp;: <a href=\"https:\/\/spoti.fi\/3L7s8vW\" target=\"_blank\" rel=\"noopener\">https:\/\/spoti.fi\/3L7s8vW<\/a><br \/>\nApple Podcasts&nbsp;: <a href=\"https:\/\/apple.co\/3NiXKAG\" target=\"_blank\" rel=\"noopener\">https:\/\/apple.co\/3NiXKAG<\/a><br \/>\nSite de la f\u00e9d\u00e9ration&nbsp;: <a href=\"https:\/\/bit.ly\/3tCgLGH\" target=\"_blank\" rel=\"noopener\">https:\/\/bit.ly\/3tCgLGH<\/a><\/p>\n<p><em>Source : PBQ<\/em><\/p>\n<p><a href=\"#top\">Retour en haut<\/a><a id=\"A9\"><\/a><\/p>\n<hr>\n<h4><strong><img loading=\"lazy\" decoding=\"async\" class=\"alignright  wp-image-26130\" src=\"https:\/\/bovin.qc.ca\/wp-content\/uploads\/2025\/04\/Rodolpho-Martin-do-Prado-reduced.jpg\" alt=\"\" width=\"325\" height=\"244\" srcset=\"https:\/\/bovin.qc.ca\/wp-content\/uploads\/2025\/04\/Rodolpho-Martin-do-Prado-reduced.jpg 400w, https:\/\/bovin.qc.ca\/wp-content\/uploads\/2025\/04\/Rodolpho-Martin-do-Prado-reduced-300x226.jpg 300w, https:\/\/bovin.qc.ca\/wp-content\/uploads\/2025\/04\/Rodolpho-Martin-do-Prado-reduced-170x128.jpg 170w\" sizes=\"auto, (max-width: 325px) 100vw, 325px\" \/>L\u2019Universit\u00e9 Laval offrira le cours sur la production bovine chaque ann\u00e9e<\/strong><\/h4>\n<p>Le cours \u00ab\u2009SAN-3201 \u2013 Production de viande bovine\u2009\u00bb sera d\u00e9sormais propos\u00e9 chaque ann\u00e9e \u00e0 partir de l\u2019automne&nbsp;2025 \u00e0 l\u2019Universit\u00e9 Laval. Anim\u00e9 par le professeur adjoint M.&nbsp;Rodolpho&nbsp;Martin&nbsp;Do&nbsp;Prado, Ph.&nbsp;D., il sera accessible en pr\u00e9sentiel pour les \u00e9tudiants du baccalaur\u00e9at en agronomie. Les \u00e9tudiants du certificat en production animale auront \u00e9galement la possibilit\u00e9 de le suivre en classe ou \u00e0 distance. Jusqu\u2019\u00e0 pr\u00e9sent, ce cours \u00e9tait offert tous les deux ans.<\/p>\n<p><em><a href=\"https:\/\/www.ulaval.ca\/etudes\/cours\/san-3201-production-de-viande-bovine\" target=\"_blank\" rel=\"noopener\"><img loading=\"lazy\" decoding=\"async\" class=\"alignleft wp-image-25361\" src=\"https:\/\/bovin.qc.ca\/wp-content\/uploads\/2025\/02\/Bouton-en-savoir-plus.png\" alt=\"\" width=\"200\" height=\"52\" srcset=\"https:\/\/bovin.qc.ca\/wp-content\/uploads\/2025\/02\/Bouton-en-savoir-plus.png 457w, https:\/\/bovin.qc.ca\/wp-content\/uploads\/2025\/02\/Bouton-en-savoir-plus-300x78.png 300w\" sizes=\"auto, (max-width: 200px) 100vw, 200px\" \/><\/a><\/em><\/p>\n<p>&nbsp;<\/p>\n<p>&nbsp;<\/p>\n<p><em>Source : PBQ<\/em><\/p>\n<p><a href=\"#top\">Retour en haut<\/a><a id=\"A10\"><\/a><\/p>\n<hr>\n<h4><strong><img loading=\"lazy\" decoding=\"async\" class=\"alignright wp-image-26133\" src=\"https:\/\/bovin.qc.ca\/wp-content\/uploads\/2025\/04\/Bourses-NCO.jpg\" alt=\"\" width=\"400\" height=\"300\" srcset=\"https:\/\/bovin.qc.ca\/wp-content\/uploads\/2025\/04\/Bourses-NCO.jpg 1667w, https:\/\/bovin.qc.ca\/wp-content\/uploads\/2025\/04\/Bourses-NCO-300x225.jpg 300w, https:\/\/bovin.qc.ca\/wp-content\/uploads\/2025\/04\/Bourses-NCO-171x128.jpg 171w, https:\/\/bovin.qc.ca\/wp-content\/uploads\/2025\/04\/Bourses-NCO-1536x1152.jpg 1536w\" sizes=\"auto, (max-width: 400px) 100vw, 400px\" \/><\/strong><\/h4>\n<h4><strong>Retour de la bourse d\u2019\u00e9tudes de l\u2019Agence canadienne de pr\u00e9l\u00e8vement du b\u0153uf<\/strong><\/h4>\n<p>L\u2019Agence canadienne de pr\u00e9l\u00e8vement du b\u0153uf a cr\u00e9\u00e9 une bourse de 2000$ pour encourager et soutenir les \u00e9tudiants qui poursuivent des \u00e9tudes post secondaires dans le domaine de l\u2019agriculture, de la recherche agricole, ou qui ont une formation en agriculture et poursuivent des \u00e9tudes en marketing.<\/p>\n<p>Les candidatures pour cette bourse doivent \u00eatre d\u00e9pos\u00e9es avant le 30 juin 2025.<\/p>\n<p><em><a href=\"https:\/\/www.cdnbeefcheckoff.ca\/scholarship\/ \" target=\"_blank\" rel=\"noopener\"><img loading=\"lazy\" decoding=\"async\" class=\"alignleft wp-image-25361\" src=\"https:\/\/bovin.qc.ca\/wp-content\/uploads\/2025\/02\/Bouton-en-savoir-plus.png\" alt=\"\" width=\"200\" height=\"52\" srcset=\"https:\/\/bovin.qc.ca\/wp-content\/uploads\/2025\/02\/Bouton-en-savoir-plus.png 457w, https:\/\/bovin.qc.ca\/wp-content\/uploads\/2025\/02\/Bouton-en-savoir-plus-300x78.png 300w\" sizes=\"auto, (max-width: 200px) 100vw, 200px\" \/><\/a><\/em><\/p>\n<p>&nbsp;<\/p>\n<p>&nbsp;<\/p>\n<p>Source&nbsp;: <em>Agence canadienne de pr\u00e9l\u00e8vement du b\u0153uf<\/em><\/p>\n<p>&nbsp;<\/p>\n<p><a href=\"#top\">Retour en haut<\/a><a id=\"A11\"><\/a><\/p>\n<hr>\n<h4><strong>FAFC : p\u00e9riode de d\u00e9p\u00f4t des projets jusqu\u2019au 30 avril<\/strong><\/h4>\n<h4><strong><img loading=\"lazy\" decoding=\"async\" class=\"alignright wp-image-26139\" src=\"https:\/\/bovin.qc.ca\/wp-content\/uploads\/2025\/04\/FAFC-scaled.jpg\" alt=\"\" width=\"400\" height=\"300\" srcset=\"https:\/\/bovin.qc.ca\/wp-content\/uploads\/2025\/04\/FAFC-scaled.jpg 2560w, https:\/\/bovin.qc.ca\/wp-content\/uploads\/2025\/04\/FAFC-300x225.jpg 300w, https:\/\/bovin.qc.ca\/wp-content\/uploads\/2025\/04\/FAFC-171x128.jpg 171w, https:\/\/bovin.qc.ca\/wp-content\/uploads\/2025\/04\/FAFC-1536x1152.jpg 1536w, https:\/\/bovin.qc.ca\/wp-content\/uploads\/2025\/04\/FAFC-2048x1536.jpg 2048w\" sizes=\"auto, (max-width: 400px) 100vw, 400px\" \/><\/strong><\/h4>\n<p>L\u2019Association canadienne pour les plantes fourrag\u00e8res et les prairies (ACPF) annonce qu\u2019Agriculture et Agroalimentaire Canada (AAC) a prolong\u00e9 le Fonds d\u2019action climat \u00e0 la ferme (FACF) pour les trois prochaines ann\u00e9es. Cette prolongation comprend jusqu\u2019\u00e0 16,1 millions de dollars de financement, afin de continuer \u00e0 soutenir les agriculteurs de la Colombie-Britannique, de l\u2019Alberta, de la Saskatchewan et du Qu\u00e9bec dans la planification et la mise en \u0153uvre de pratiques de p\u00e2turage rotatif.<\/p>\n<p>La p\u00e9riode de d\u00e9p\u00f4t des projets pour 2025 se termine le 30 avril.<\/p>\n<p><em><a href=\"https:\/\/www.cdnbeefcheckoff.ca\/scholarship\/ \" target=\"_blank\" rel=\"noopener\"><img loading=\"lazy\" decoding=\"async\" class=\"alignleft wp-image-25361\" src=\"https:\/\/bovin.qc.ca\/wp-content\/uploads\/2025\/02\/Bouton-en-savoir-plus.png\" alt=\"\" width=\"200\" height=\"52\" srcset=\"https:\/\/bovin.qc.ca\/wp-content\/uploads\/2025\/02\/Bouton-en-savoir-plus.png 457w, https:\/\/bovin.qc.ca\/wp-content\/uploads\/2025\/02\/Bouton-en-savoir-plus-300x78.png 300w\" sizes=\"auto, (max-width: 200px) 100vw, 200px\" \/><\/a><\/em><\/p>\n<p>&nbsp;<\/p>\n<p>&nbsp;<\/p>\n<p>Source : <em>ACPF<\/em><\/p>\n<p><a href=\"#top\">Retour en haut<\/a><a id=\"A12\"><\/a><\/p>\n<hr>\n<h4><strong>Des outils pour prot\u00e9ger les troupeaux <\/strong><\/h4>\n<p><img loading=\"lazy\" decoding=\"async\" class=\"wp-image-26142 aligncenter\" src=\"https:\/\/bovin.qc.ca\/wp-content\/uploads\/2025\/04\/Fievre-aphteuse.png\" alt=\"\" width=\"815\" height=\"458\" srcset=\"https:\/\/bovin.qc.ca\/wp-content\/uploads\/2025\/04\/Fievre-aphteuse.png 1920w, https:\/\/bovin.qc.ca\/wp-content\/uploads\/2025\/04\/Fievre-aphteuse-300x169.png 300w, https:\/\/bovin.qc.ca\/wp-content\/uploads\/2025\/04\/Fievre-aphteuse-228x128.png 228w, https:\/\/bovin.qc.ca\/wp-content\/uploads\/2025\/04\/Fievre-aphteuse-1536x864.png 1536w\" sizes=\"auto, (max-width: 815px) 100vw, 815px\" \/><\/p>\n<p>La fi\u00e8vre aphteuse est un virus hautement infectieux qui a de graves cons\u00e9quences pour l&#8217;industrie du b\u0153uf et les animaux biongul\u00e9s dans le monde entier.<\/p>\n<p>Soyez un super-h\u00e9ros de la bios\u00e9curit\u00e9 : aidez le Canada \u00e0 rester exempt de fi\u00e8vre aphteuse.<\/p>\n<p>Vous trouverez des outils pratiques pour prot\u00e9ger le b\u00e9tail canadien contre la fi\u00e8vre aphteuse, en collaboration avec Sant\u00e9 animale Canada, \u00e0 l&#8217;adresse suivante: <a href=\"https:\/\/www.beefresearch.ca\/fr\/topics\/foot-and-mouth-disease\/\" target=\"_blank\" rel=\"noopener\">https:\/\/www.beefresearch.ca\/fr\/topics\/foot-and-mouth-disease\/<\/a><\/p>\n<p><em>Source&nbsp;: BCRC<\/em><\/p>\n<p><a href=\"#top\">Retour en haut<\/a><a id=\"A13\"><\/a><\/p>\n<hr>\n<h4><strong><img loading=\"lazy\" decoding=\"async\" class=\"alignright wp-image-26144\" src=\"https:\/\/bovin.qc.ca\/wp-content\/uploads\/2025\/04\/h-UQTR.jpg\" alt=\"\" width=\"400\" height=\"187\" srcset=\"https:\/\/bovin.qc.ca\/wp-content\/uploads\/2025\/04\/h-UQTR.jpg 1408w, https:\/\/bovin.qc.ca\/wp-content\/uploads\/2025\/04\/h-UQTR-300x140.jpg 300w, https:\/\/bovin.qc.ca\/wp-content\/uploads\/2025\/04\/h-UQTR-274x128.jpg 274w\" sizes=\"auto, (max-width: 400px) 100vw, 400px\" \/><\/strong><\/h4>\n<h4><strong>\u00c9tude universitaire sur la sant\u00e9 mentale des producteurs<\/strong><\/h4>\n<p>Une \u00e9quipe de recherche de l\u2019Universit\u00e9 du Qu\u00e9bec \u00e0 Trois-Rivi\u00e8res m\u00e8ne une \u00e9tude visant \u00e0 dresser le portrait de sant\u00e9 mentale des propri\u00e9taires d\u2019entreprises agricoles qu\u00e9b\u00e9cois.<\/p>\n<p>L\u2019\u00e9quipe d\u00e9sire recruter pr\u00e8s de 1200 personnes pour remplir un questionnaire en ligne d\u2019une dur\u00e9e de 20 \u00e0 30 minutes.<\/p>\n<p>Pour participer \u00e0 l\u2019\u00e9tude, c\u2019est ici &#x1f449; : <a href=\"https:\/\/donnees.limequery.com\/921545?lang=fr\" target=\"_blank\" rel=\"noopener\">https:\/\/donnees.limequery.com\/921545?lang=fr<\/a><\/p>\n<p>La sant\u00e9 mentale des propri\u00e9taires d\u2019entreprises agricoles qu\u00e9b\u00e9cois \u00e9tant peu document\u00e9e, leur participation est cruciale afin de leur offrir des services de sant\u00e9 pertinents et ad\u00e9quats.<\/p>\n<p><em>Source&nbsp;: UQTR<\/em><\/p>\n<p><a href=\"#top\">Retour en haut<\/a><a id=\"A14\"><\/a><\/p>\n<hr>\n<h4><strong>Recommandation aux producteurs et intervenants de maintenir une r\u00e9serve d\u2019identifiants<\/strong><\/h4>\n<h4><strong><img loading=\"lazy\" decoding=\"async\" class=\"size-full wp-image-25399 aligncenter\" src=\"https:\/\/bovin.qc.ca\/wp-content\/uploads\/2025\/02\/Attestra.png\" alt=\"\" width=\"500\" height=\"59\" srcset=\"https:\/\/bovin.qc.ca\/wp-content\/uploads\/2025\/02\/Attestra.png 500w, https:\/\/bovin.qc.ca\/wp-content\/uploads\/2025\/02\/Attestra-300x35.png 300w\" sizes=\"auto, (max-width: 500px) 100vw, 500px\" \/><\/strong><\/h4>\n<p>Attestra souhaite informer ses partenaires qu\u2019elle suit de pr\u00e8s l\u2019\u00e9volution du conflit de travail chez Postes Canada. En collaboration avec leur fournisseur d\u2019identifiants Allflex, ils \u00e9laborent un plan d\u2019action afin de limiter autant que possible l\u2019impact d\u2019une \u00e9ventuelle reprise de la gr\u00e8ve, qui pourrait survenir d\u00e8s le mois de mai 2025.<\/p>\n<p>Dans ce contexte et afin de pr\u00e9parer au mieux les producteurs et les encans \u00e0 cette situation, <a href=\"https:\/\/attestra.com\/wp-content\/uploads\/2025\/03\/Greve-Postes-Canada-2025-Infographie-pour-producteurs_Final_Web.pdf\" target=\"_blank\" rel=\"noopener\">une communication<\/a> leur a \u00e9t\u00e9 envoy\u00e9e pour les encourager \u00e0 constituer d\u00e8s le mois d\u2019avril une r\u00e9serve d\u2019identifiants couvrant une p\u00e9riode pouvant aller jusqu\u2019\u00e0 6 mois.<\/p>\n<p><em>Source&nbsp;: Attestra<\/em><\/p>\n<p><a href=\"#top\">Retour en haut<\/a><a id=\"BR1\"><\/a><\/p>\n<table style=\"width: 100%; border-collapse: collapse; background-color: #a52a2a;\" border=\"0\">\n<tbody>\n<tr>\n<td style=\"width: 100%;\">\n<h3 style=\"text-align: center;\"><span style=\"color: #ffffff;\">BOVIN DE R\u00c9FORME ET VEAU LAITIER<\/span><\/h3>\n<\/td>\n<\/tr>\n<\/tbody>\n<\/table>\n<h4><strong><img loading=\"lazy\" decoding=\"async\" class=\"alignright wp-image-26150\" src=\"https:\/\/bovin.qc.ca\/wp-content\/uploads\/2025\/04\/DSC_9301_Normand_Huberdeau_Groupe_NH_Photographes-scaled.jpg\" alt=\"\" width=\"400\" height=\"267\" srcset=\"https:\/\/bovin.qc.ca\/wp-content\/uploads\/2025\/04\/DSC_9301_Normand_Huberdeau_Groupe_NH_Photographes-scaled.jpg 2560w, https:\/\/bovin.qc.ca\/wp-content\/uploads\/2025\/04\/DSC_9301_Normand_Huberdeau_Groupe_NH_Photographes-300x200.jpg 300w, https:\/\/bovin.qc.ca\/wp-content\/uploads\/2025\/04\/DSC_9301_Normand_Huberdeau_Groupe_NH_Photographes-192x128.jpg 192w, https:\/\/bovin.qc.ca\/wp-content\/uploads\/2025\/04\/DSC_9301_Normand_Huberdeau_Groupe_NH_Photographes-1536x1024.jpg 1536w, https:\/\/bovin.qc.ca\/wp-content\/uploads\/2025\/04\/DSC_9301_Normand_Huberdeau_Groupe_NH_Photographes-2048x1365.jpg 2048w\" sizes=\"auto, (max-width: 400px) 100vw, 400px\" \/>Retour sur l\u2019AGA 2025<\/strong><\/h4>\n<p>La hausse de la contribution sp\u00e9ciale pour la production et la mise en march\u00e9 des veaux laitiers, de 1,05\u2009$ par veau laitier mis en march\u00e9, applicable \u00e0 compter du 1<sup>er<\/sup> novembre 2025,\u2009a \u00e9t\u00e9 adopt\u00e9e \u00e0 la majorit\u00e9 lors de l\u2019assembl\u00e9e g\u00e9n\u00e9rale annuelle des producteurs de bovins du Qu\u00e9bec. Une demande de modification au&nbsp;<em>R\u00e8glement sur les contributions des producteurs de bovins<\/em>&nbsp;a \u00e9t\u00e9 soumis \u00e0 la R\u00e9gie des march\u00e9s agricoles et alimentaires du Qu\u00e9bec. Notons que cette hausse avait \u00e9t\u00e9 approuv\u00e9e \u00e0 une large majorit\u00e9 (84 %) lors de la consultation tenue dans le cadre des assembl\u00e9es g\u00e9n\u00e9rales annuelles r\u00e9gionales.<\/p>\n<p>Source&nbsp;: PBQ<\/p>\n<p><a href=\"#top\">Retour en haut<\/a><a id=\"BR2\"><\/a><\/p>\n<hr>\n<h4><strong>Comment produire un veau ayant 24 fois moins de risques d&#8217;\u00eatre malade?<\/strong><\/h4>\n<p><img loading=\"lazy\" decoding=\"async\" class=\"alignleft wp-image-26153\" src=\"https:\/\/bovin.qc.ca\/wp-content\/uploads\/2025\/04\/texte-BR-veau.jpg\" alt=\"\" width=\"400\" height=\"225\" srcset=\"https:\/\/bovin.qc.ca\/wp-content\/uploads\/2025\/04\/texte-BR-veau.jpg 713w, https:\/\/bovin.qc.ca\/wp-content\/uploads\/2025\/04\/texte-BR-veau-300x169.jpg 300w, https:\/\/bovin.qc.ca\/wp-content\/uploads\/2025\/04\/texte-BR-veau-228x128.jpg 228w\" sizes=\"auto, (max-width: 400px) 100vw, 400px\" \/><\/p>\n<p>Les veaux naissent avec un syst\u00e8me immunitaire immature. Bien que certains \u00e9l\u00e9ments cl\u00e9s du syst\u00e8me immunitaire soient pr\u00e9sents, leurs niveaux sont nettement inf\u00e9rieurs \u00e0 ceux d&#8217;une vache adulte. Cela entra\u00eene une r\u00e9action plus lente et moins efficace du syst\u00e8me immunitaire du veau nouveau-n\u00e9 face aux agents pathog\u00e8nes.<\/p>\n<p>La bonne nouvelle est que le <strong>colostrum<\/strong> permet le transfert des anticorps de la m\u00e8re au veau, offrant ainsi une protection temporaire pendant que le veau d\u00e9veloppe ses propres anticorps.<br \/>\n&nbsp;<\/p>\n<p>Ces anticorps proviennent des interactions de la m\u00e8re avec des agents pathog\u00e8nes dans l&#8217;environnement ou des vaccins re\u00e7us. En donnant le colostrum de la m\u00e8re \u00e0 son veau, ce dernier est mieux pr\u00e9par\u00e9 \u00e0 affronter les agents pathog\u00e8nes sp\u00e9cifiques pr\u00e9sents dans l&#8217;exploitation d&#8217;origine. Ce processus est connu sous le nom de transfert passif d&#8217;immunit\u00e9.&nbsp;<\/p>\n<p>Le transfert passif de l&#8217;immunit\u00e9 est r\u00e9ussi lorsque le veau re\u00e7oit une quantit\u00e9 suffisante de colostrum propre et de bonne qualit\u00e9 peu apr\u00e8s la naissance. En revanche, l&#8217;\u00e9chec du transfert passif de l&#8217;immunit\u00e9 survient lorsque le veau ne re\u00e7oit pas assez de colostrum, que le colostrum est de mauvaise qualit\u00e9 ou contient peu d&#8217;anticorps, ou encore s&#8217;il est contamin\u00e9. Ce transfert passif prot\u00e8ge les veaux pendant leur premier mois de vie, p\u00e9riode o\u00f9 ils sont extr\u00eamement vuln\u00e9rables \u00e0 la maladie et \u00e0 la mort.<\/p>\n<p><strong>Quelques faits saillants&nbsp;:<\/strong><\/p>\n<ul>\n<li>Les veaux qui se remettent d&#8217;une maladie auront un taux de croissance r\u00e9duit et seront moins productifs tout au long de leur vie;<\/li>\n<li>Selon l\u2019\u00e9tude de Lora et. al. (2018), 34,6 % des veaux ont connu un \u00e9chec du transfert passif, ce qui les rend 24 fois plus susceptibles de souffrir de diarrh\u00e9e et 11 fois plus susceptibles de mourir par rapport aux veaux ayant r\u00e9ussi le transfert passif;<\/li>\n<li>L&#8217;\u00e9chec du transfert passif de l&#8217;immunit\u00e9 est \u00e9galement associ\u00e9 \u00e0 un risque plus \u00e9lev\u00e9 de devoir traiter les veaux avec des antibiotiques;<\/li>\n<li>La r\u00e9duction des risques de diarrh\u00e9e, l&#8217;am\u00e9lioration des chances de gu\u00e9rison, la diminution de l&#8217;utilisation d&#8217;antibiotiques et l&#8217;optimisation de la productivit\u00e9 sont autant de raisons de perfectionner de votre programme de colostrum.<\/li>\n<\/ul>\n<p>Pour en savoir plus, consultez l\u2019article (en anglais) <a href=\"https:\/\/calfcare.ca\/management\/how-to-raise-a-calf-that-is-24-times-less-likely-to-get-sick\/\" target=\"_blank\" rel=\"noopener\"><em>How to raise a calf that is 24 times less likely to get sick<\/em><\/a><\/p>\n<p>Cr\u00e9dit photo: Calfcare.ca &nbsp;<\/p>\n<p><em>Source&nbsp;: PBQ<\/em><\/p>\n<p><a href=\"#top\">Retour en haut<\/a><a id=\"BR3\"><\/a><\/p>\n<hr>\n<h4><strong><img loading=\"lazy\" decoding=\"async\" class=\"alignright wp-image-26165\" src=\"https:\/\/bovin.qc.ca\/wp-content\/uploads\/2025\/04\/texte-Bovins-laitiers-grippe-scaled.jpg\" alt=\"\" width=\"400\" height=\"267\" srcset=\"https:\/\/bovin.qc.ca\/wp-content\/uploads\/2025\/04\/texte-Bovins-laitiers-grippe-scaled.jpg 2560w, https:\/\/bovin.qc.ca\/wp-content\/uploads\/2025\/04\/texte-Bovins-laitiers-grippe-300x200.jpg 300w, https:\/\/bovin.qc.ca\/wp-content\/uploads\/2025\/04\/texte-Bovins-laitiers-grippe-192x128.jpg 192w, https:\/\/bovin.qc.ca\/wp-content\/uploads\/2025\/04\/texte-Bovins-laitiers-grippe-1536x1024.jpg 1536w, https:\/\/bovin.qc.ca\/wp-content\/uploads\/2025\/04\/texte-Bovins-laitiers-grippe-2048x1365.jpg 2048w\" sizes=\"auto, (max-width: 400px) 100vw, 400px\" \/>Prot\u00e9gez vos bovins laitiers de la grippe aviaire<\/strong><\/h4>\n<p>Le minist\u00e8re de l\u2019Agriculture, des P\u00eacheries et de l\u2019Alimentation du Qu\u00e9bec a \u00e9labor\u00e9 un outil pratique destin\u00e9 aux producteurs de bovins laitiers \u00e0 propos de l\u2019influenza aviaire. <a href=\"https:\/\/cdn-contenu.quebec.ca\/cdn-contenu\/adm\/min\/agriculture-pecheries-alimentation\/sante-animale\/maladies-animales\/grippe-aviaire\/FI_grippe_aviaire_bovins_laitiers_MAPAQ.pdf\" target=\"_blank\" rel=\"noopener\">Il peut \u00eatre imprim\u00e9 et affich\u00e9 dans la laiterie pour \u00eatre consult\u00e9 au besoin.<\/a><\/p>\n<p><em>Source&nbsp;: MAPAQ<\/em><\/p>\n<p><a href=\"#top\">Retour en haut<\/a><a id=\"vgvl\"><\/a><\/p>\n<table style=\"width: 100%; border-collapse: collapse; background-color: #a52a2a;\" border=\"0\">\n<tbody>\n<tr>\n<td style=\"width: 100%;\">\n<h3 style=\"text-align: center;\"><span style=\"color: #ffffff;\">VEAU DE GRAIN ET VEAU DE LAIT<\/span><\/h3>\n<\/td>\n<\/tr>\n<\/tbody>\n<\/table>\n<h4><strong>R\u00e9sultats de l\u2019analyse de cycle de vie de la fili\u00e8re veau qu\u00e9b\u00e9coise<\/strong><\/h4>\n<p><img loading=\"lazy\" decoding=\"async\" class=\"alignright wp-image-26168\" src=\"https:\/\/bovin.qc.ca\/wp-content\/uploads\/2025\/04\/resultat-filiere-veau.jpg\" alt=\"\" width=\"400\" height=\"267\" srcset=\"https:\/\/bovin.qc.ca\/wp-content\/uploads\/2025\/04\/resultat-filiere-veau.jpg 1205w, https:\/\/bovin.qc.ca\/wp-content\/uploads\/2025\/04\/resultat-filiere-veau-300x200.jpg 300w, https:\/\/bovin.qc.ca\/wp-content\/uploads\/2025\/04\/resultat-filiere-veau-192x128.jpg 192w\" sizes=\"auto, (max-width: 400px) 100vw, 400px\" \/><\/p>\n<p>Le 25&nbsp;mars dernier, lors de l\u2019assembl\u00e9e g\u00e9n\u00e9rale annuelle des producteurs de bovins du Qu\u00e9bec, producteurs et intervenants ont assist\u00e9 au d\u00e9voilement des r\u00e9sultats de l\u2019analyse de cycle de vie (ACV) de la fili\u00e8re veau qu\u00e9b\u00e9coise. Il s\u2019agit de la premi\u00e8re analyse compl\u00e8te du cycle de vie de nos activit\u00e9s, de la ferme \u00e0 l\u2019abattoir. Cette ACV repr\u00e9sente une \u00e9tape importante pour la fili\u00e8re veau au Qu\u00e9bec, offrant un <strong>premier aper\u00e7u de la performance environnementale de la production et de la transformation du veau<\/strong>.<\/p>\n<p>Les r\u00e9sultats de cette \u00e9tude permettent \u00e0 la fili\u00e8re veau du Qu\u00e9bec de <strong>mieux comprendre les principaux contributeurs aux impacts environnementaux<\/strong>, afin d\u2019<strong>identifier des pistes<\/strong> d\u2019am\u00e9lioration pour r\u00e9duire l\u2019empreinte \u00e9cologique du secteur.<\/p>\n<p>L\u2019ACV se concentre sur les <strong>productions de viande de veau de lait et de veau de grain du Qu\u00e9bec<\/strong>, en couvrant les \u00e9tapes suivantes&nbsp;:<\/p>\n<ul>\n<li>La culture et la production d\u2019aliments pour les animaux<\/li>\n<li>L\u2019\u00e9levage \u00e0 la ferme<\/li>\n<li>La premi\u00e8re (abattage) et la deuxi\u00e8me transformation<\/li>\n<\/ul>\n<p>En plus des donn\u00e9es obtenues aupr\u00e8s des PBQ, des entretiens ont \u00e9t\u00e9 men\u00e9s avec des experts du syst\u00e8me d\u2019\u00e9levage de veaux, de l\u2019alimentation animale et de la transformation, afin de recueillir des donn\u00e9es de la meilleure qualit\u00e9 disponible et de valider la fiabilit\u00e9 des donn\u00e9es issues de la litt\u00e9rature. Les donn\u00e9es ont \u00e9t\u00e9 collect\u00e9es pour la p\u00e9riode de janvier 2022 \u00e0 d\u00e9cembre 2023, couvrant ainsi un minimum de 12 mois cons\u00e9cutifs. Il est courant d\u2019employer certaines donn\u00e9es g\u00e9n\u00e9riques lors d\u2019un premier bilan, ce qui permet d\u2019entamer un processus progressif vers une \u00e9valuation plus pr\u00e9cise.<\/p>\n<p>Les indicateurs environnementaux \u00e9valu\u00e9s sont parmi les plus couramment utilis\u00e9s dans le secteur agroalimentaire et sont recommand\u00e9s par les lignes directrices du LEAP (Partenariat pour l\u2019\u00e9valuation et la performance environnementale de l\u2019\u00e9levage) pour les ruminants&nbsp;:<\/p>\n<ul>\n<li><strong>Empreinte carbone<\/strong>: Mesure des \u00e9missions de gaz \u00e0 effet de serre (GES) reli\u00e9es aux activit\u00e9s humaines (c.-\u00e0-d. CO<sub>2<\/sub>, CH<sub>4<\/sub>, N<sub>2<\/sub>O, SF<sub>6<\/sub>, PFC et HFC). Les \u00e9missions sont rapport\u00e9es en kilogramme \u00e9quivalent de CO<sub>2<\/sub> (kg \u00e9q. CO<sub>2<\/sub>).<\/li>\n<li><strong>Utilisation des terres<\/strong>: Mesure le ratio de pertes d\u2019esp\u00e8ces pour l\u2019utilisation des terres par rapport aux pertes de l\u2019utilisation pour les cultures. L\u2019unit\u00e9 employ\u00e9e de \u00ab\u2009m\u00e8tres carr\u00e9s ann\u00e9es de terres cultiv\u00e9es\u2009\u00bb (m\u00b2an) exprime les superficies de terres cultiv\u00e9es qui auraient caus\u00e9 des pertes d\u2019esp\u00e8ces suppl\u00e9mentaires.<\/li>\n<li>Consommation <strong>d\u2019eau<\/strong>: La consommation d\u2019eau concerne l\u2019eau qui est \u00e9vapor\u00e9e, incorpor\u00e9e dans un produit, transf\u00e9r\u00e9e dans un autre milieu aquatique, ou rejet\u00e9e \u00e0 la mer et qui n\u2019est donc plus disponible pour les humains et \u00e9cosyst\u00e8mes. L\u2019unit\u00e9 employ\u00e9e correspond au volume d\u2019eau consomm\u00e9, exprim\u00e9 en m\u00e8tres cubes (m\u00b3 d\u2019eau consomm\u00e9e).<\/li>\n<\/ul>\n<p>Les principaux constats identifi\u00e9s dans les r\u00e9sultats de l\u2019ACV du <strong>veau de grain<\/strong> sont&nbsp;:<\/p>\n<ul>\n<li><strong>Sur une base de 1&nbsp;kg de poids vif, jusqu\u2019\u00e0 la sortie de la ferme&nbsp;:&nbsp; <\/strong>\n<ul>\n<li>La <strong>production des aliments pour nourrir les veaux<\/strong> (cultures et aliments pour animaux) est un contributeur majeur \u00e0 tous les indicateurs \u00e9valu\u00e9s. Elle repr\u00e9sente 37&nbsp;% de l\u2019empreinte carbone, 72&nbsp;% de l\u2019utilisation des terres et 45&nbsp;% de la consommation d\u2019eau.<\/li>\n<\/ul>\n<\/li>\n<li>Sur<strong> une base de 1&nbsp;kg de viande d\u00e9soss\u00e9e et emball\u00e9e, jusqu\u2019\u00e0 la sortie de l\u2019usine de transformation&nbsp;:&nbsp; <\/strong>\n<ul>\n<li>Les \u00e9tapes d\u2019<strong>\u00e9levage<\/strong> et <strong>cultures et aliments pour animaux<\/strong> contribuent toutes deux de mani\u00e8re significative \u00e0 tous les indicateurs \u00e9valu\u00e9s. L\u2019\u00e9levage repr\u00e9sente entre 27 et 51&nbsp;% des impacts calcul\u00e9s pour les trois indicateurs, alors la production des aliments pour les veaux compte pour 34 \u00e0 71&nbsp;%.<\/li>\n<\/ul>\n<\/li>\n<\/ul>\n<p>Les principaux constats identifi\u00e9s dans les r\u00e9sultats de l\u2019ACV du <strong>veau de lait<\/strong> sont&nbsp;:<\/p>\n<ul>\n<li><strong>Sur une base de 1&nbsp;kg de poids vif, jusqu\u2019\u00e0 la sortie de la ferme&nbsp;:&nbsp; <\/strong>\n<ul>\n<li>La <strong>production des aliments pour nourrir les veaux<\/strong> (cultures et aliments pour animaux) est un contributeur majeur \u00e0 <strong>tous les indicateurs \u00e9valu\u00e9s<\/strong>. Elle repr\u00e9sente 37&nbsp;% de l\u2019empreinte carbone, 73&nbsp;% de l\u2019utilisation des terres et 65&nbsp;% de la consommation d\u2019eau.<\/li>\n<\/ul>\n<\/li>\n<li><strong>Sur une base de 1&nbsp;kg de viande d\u00e9soss\u00e9e et emball\u00e9e, jusqu\u2019\u00e0 la sortie de l\u2019usine de transformation&nbsp;:&nbsp; <\/strong>\n<ul>\n<li>Les \u00e9tapes d\u2019<strong>\u00e9levage<\/strong> et <strong>cultures et aliments pour animaux<\/strong> contribuent toutes deux de mani\u00e8re significative \u00e0 tous les indicateurs \u00e9valu\u00e9s. L\u2019\u00e9levage repr\u00e9sente entre 26 et 50&nbsp;% des impacts calcul\u00e9s pour les trois indicateurs, alors la production des aliments pour les veaux compte pour 35 \u00e0 73&nbsp;%.<\/li>\n<\/ul>\n<\/li>\n<\/ul>\n<p>Il est important de souligner que cette ACV n\u2019est que le <strong>point de d\u00e9part d\u2019une d\u00e9marche de d\u00e9veloppement durable<\/strong>. Pour la suite, il est propos\u00e9 de <strong>d\u00e9velopper un plan d\u2019action concert\u00e9 afin d\u2019agir l\u00e0 o\u00f9 cela compte<\/strong>, en concentrant dans un premier temps les efforts sur la production d\u2019aliments pour nourrir les veaux et la productivit\u00e9 des \u00e9levages. D\u2019autres actions pourront \u00eatre mises en place, car ce sujet est inclus dans la planification strat\u00e9gique du secteur pour les cinq prochaines ann\u00e9es.<\/p>\n<p><em>Ce projet a \u00e9t\u00e9 financ\u00e9 par le minist\u00e8re de l\u2019Agriculture, des P\u00eacheries et de l\u2019Alimentation dans le cadre du Programme de d\u00e9veloppement territorial et sectoriel&nbsp;2023-2026.<\/em><\/p>\n<p><em>Source&nbsp;: PBQ<\/em><\/p>\n<p><a href=\"#top\">Retour en haut<\/a><a id=\"vgvl2\"><\/a><\/p>\n<hr>\n<h4><strong><img loading=\"lazy\" decoding=\"async\" class=\"aligncenter wp-image-20859 size-full\" src=\"https:\/\/bovin.qc.ca\/wp-content\/uploads\/2024\/01\/Veau-de-grain-certifie-Promotion_Plan-de-travail-1-1.png\" alt=\"\" width=\"815\" height=\"202\" srcset=\"https:\/\/bovin.qc.ca\/wp-content\/uploads\/2024\/01\/Veau-de-grain-certifie-Promotion_Plan-de-travail-1-1.png 815w, https:\/\/bovin.qc.ca\/wp-content\/uploads\/2024\/01\/Veau-de-grain-certifie-Promotion_Plan-de-travail-1-1-300x74.png 300w, https:\/\/bovin.qc.ca\/wp-content\/uploads\/2024\/01\/Veau-de-grain-certifie-Promotion_Plan-de-travail-1-1-516x128.png 516w\" sizes=\"auto, (max-width: 815px) 100vw, 815px\" \/><\/strong><\/h4>\n<h4><strong><img loading=\"lazy\" decoding=\"async\" class=\"alignright  wp-image-26170\" src=\"https:\/\/bovin.qc.ca\/wp-content\/uploads\/2025\/04\/Masterchef-Junior.jpg\" alt=\"\" width=\"330\" height=\"248\" srcset=\"https:\/\/bovin.qc.ca\/wp-content\/uploads\/2025\/04\/Masterchef-Junior.jpg 400w, https:\/\/bovin.qc.ca\/wp-content\/uploads\/2025\/04\/Masterchef-Junior-300x226.jpg 300w, https:\/\/bovin.qc.ca\/wp-content\/uploads\/2025\/04\/Masterchef-Junior-170x128.jpg 170w\" sizes=\"auto, (max-width: 330px) 100vw, 330px\" \/>Commandite de l\u2019\u00e9mission <em>MasterChef Junior<\/em><\/strong><\/h4>\n<p>Du 28 avril au 19 juin, durant les pauses publicitaires de l\u2019\u00e9mission <em>MasterChef Junior<\/em>, il sera possible de voir la publicit\u00e9 vid\u00e9o du Veau de grain du Qu\u00e9bec dans un d\u00e9compte avec habillage personnalis\u00e9. Ce d\u00e9compte sera donc diffus\u00e9 sur les ondes de TVA ainsi que sur TVA+ et Helix \u00e0 raison de trois fois par semaine (total de 24). L\u2019objectif de cette campagne est d\u2019accro\u00eetre la reconnaissance de la marque de certification Veau de grain du Qu\u00e9bec aupr\u00e8s de monsieur et madame Tout-le-Monde.<\/p>\n<p><iframe loading=\"lazy\" title=\"YouTube video player\" src=\"https:\/\/www.youtube.com\/embed\/JfDnVz-S1u4?si=0fJ8Qz5IDdpRi06x\" width=\"560\" height=\"315\" frameborder=\"0\" allowfullscreen=\"allowfullscreen\"><\/iframe><\/p>\n<p><em>Source&nbsp;: PBQ<\/em><\/p>\n<p><a href=\"#top\">Retour en haut<\/a><a id=\"vgvl3\"><\/a><\/p>\n<hr>\n<h4><strong>Focus protocole&nbsp;: la technique d\u2019injection<\/strong><\/h4>\n<p><strong><a href=\"https:\/\/bovin.qc.ca\/nos-grands-dossiers\/certification\/veau-verifie-et-vgqc\/#collapse190640\" target=\"_blank\" rel=\"noopener\"><img loading=\"lazy\" decoding=\"async\" class=\"aligncenter wp-image-26174\" src=\"https:\/\/bovin.qc.ca\/wp-content\/uploads\/2025\/04\/Trucs-et-astuce-VG-VL.png\" alt=\"\" width=\"624\" height=\"468\" srcset=\"https:\/\/bovin.qc.ca\/wp-content\/uploads\/2025\/04\/Trucs-et-astuce-VG-VL.png 1024w, https:\/\/bovin.qc.ca\/wp-content\/uploads\/2025\/04\/Trucs-et-astuce-VG-VL-300x225.png 300w, https:\/\/bovin.qc.ca\/wp-content\/uploads\/2025\/04\/Trucs-et-astuce-VG-VL-171x128.png 171w\" sizes=\"auto, (max-width: 624px) 100vw, 624px\" \/><\/a><\/strong><\/p>\n<p><a href=\"https:\/\/bovin.qc.ca\/nos-grands-dossiers\/certification\/veau-verifie-et-vgqc\/#collapse190640\" target=\"_blank\" rel=\"noopener\"><strong>Cliquez sur l&#8217;image<\/strong><\/a> pour acc\u00e9der protocoles<\/p>\n<p>Source : PBQ<\/p>\n<p><a href=\"#top\">Retour en haut<\/a><a id=\"ve\"><\/a><\/p>\n<table style=\"width: 100%; border-collapse: collapse; background-color: #a52a2a;\" border=\"0\">\n<tbody>\n<tr>\n<td style=\"width: 100%;\">\n<h3 style=\"text-align: center;\"><span style=\"color: #ffffff;\">VEAU D&#8217;EMBOUCHE<\/span><\/h3>\n<\/td>\n<\/tr>\n<\/tbody>\n<\/table>\n<h4><strong>R\u00e9sultats de l\u2019ench\u00e8re \u00e9lectronique du 18 mars<\/strong><\/h4>\n<p><img loading=\"lazy\" decoding=\"async\" class=\"wp-image-26180 aligncenter\" src=\"https:\/\/bovin.qc.ca\/wp-content\/uploads\/2025\/04\/Encheres.jpg\" alt=\"\" width=\"815\" height=\"458\" srcset=\"https:\/\/bovin.qc.ca\/wp-content\/uploads\/2025\/04\/Encheres.jpg 1067w, https:\/\/bovin.qc.ca\/wp-content\/uploads\/2025\/04\/Encheres-300x169.jpg 300w, https:\/\/bovin.qc.ca\/wp-content\/uploads\/2025\/04\/Encheres-228x128.jpg 228w\" sizes=\"auto, (max-width: 815px) 100vw, 815px\" \/><\/p>\n<p>Lors de l\u2019ench\u00e8re \u00e9lectronique du 18 mars 2025, 226 veaux d\u2019embouche issus de 6 producteurs ont \u00e9t\u00e9 vendus \u00e0 trois acheteurs. Au total, trois acheteurs \u00e9taient inscrits sur la plateforme d\u2019ench\u00e8re. Voici les r\u00e9sultats de la vente :<\/p>\n<p><img loading=\"lazy\" decoding=\"async\" class=\"aligncenter wp-image-26182\" src=\"https:\/\/bovin.qc.ca\/wp-content\/uploads\/2025\/04\/tableau.png\" alt=\"\" width=\"750\" height=\"239\" srcset=\"https:\/\/bovin.qc.ca\/wp-content\/uploads\/2025\/04\/tableau.png 900w, https:\/\/bovin.qc.ca\/wp-content\/uploads\/2025\/04\/tableau-300x96.png 300w, https:\/\/bovin.qc.ca\/wp-content\/uploads\/2025\/04\/tableau-401x128.png 401w\" sizes=\"auto, (max-width: 750px) 100vw, 750px\" \/><\/p>\n<p>La prochaine vente par ench\u00e8re \u00e9lectronique est pr\u00e9vue pour le 15 avril 2025. Les producteurs souhaitant inscrire des veaux ont jusqu\u2019au 11 avril pour le faire. Toutes les informations n\u00e9cessaires (conditions de vente et d\u2019achat, formulaire d\u2019inscription, acc\u00e8s \u00e0 la plateforme d\u2019ench\u00e8re, etc.) se trouvent <a href=\"https:\/\/bovin.qc.ca\/la-production\/veau-dembouche\/encheres-electroniques\/\" target=\"_blank\" rel=\"noopener\">ICI<\/a>.<\/p>\n<p><em>Source : PBQ<\/em><\/p>\n<p><a href=\"#top\">Retour en haut<\/a><a id=\"nova\"><\/a><\/p>\n<hr>\n<h4><strong><img loading=\"lazy\" decoding=\"async\" class=\"wp-image-24581 aligncenter\" src=\"https:\/\/bovin.qc.ca\/wp-content\/uploads\/2024\/12\/logo-Nova-Boeuf-avec-texte.png\" alt=\"\" width=\"226\" height=\"226\" srcset=\"https:\/\/bovin.qc.ca\/wp-content\/uploads\/2024\/12\/logo-Nova-Boeuf-avec-texte.png 2401w, https:\/\/bovin.qc.ca\/wp-content\/uploads\/2024\/12\/logo-Nova-Boeuf-avec-texte-300x300.png 300w, https:\/\/bovin.qc.ca\/wp-content\/uploads\/2024\/12\/logo-Nova-Boeuf-avec-texte-128x128.png 128w, https:\/\/bovin.qc.ca\/wp-content\/uploads\/2024\/12\/logo-Nova-Boeuf-avec-texte-150x150.png 150w, https:\/\/bovin.qc.ca\/wp-content\/uploads\/2024\/12\/logo-Nova-Boeuf-avec-texte-1536x1536.png 1536w, https:\/\/bovin.qc.ca\/wp-content\/uploads\/2024\/12\/logo-Nova-Boeuf-avec-texte-2048x2048.png 2048w, https:\/\/bovin.qc.ca\/wp-content\/uploads\/2024\/12\/logo-Nova-Boeuf-avec-texte-75x75.png 75w\" sizes=\"auto, (max-width: 226px) 100vw, 226px\" \/><\/strong><\/h4>\n<h4><strong><a href=\"https:\/\/montaureau.com\/\" target=\"_blank\" rel=\"noopener\"><img loading=\"lazy\" decoding=\"async\" class=\"wp-image-26184 alignright\" src=\"https:\/\/bovin.qc.ca\/wp-content\/uploads\/2025\/04\/Vignette_Presentation-genetique.jpg\" alt=\"\" width=\"400\" height=\"400\" srcset=\"https:\/\/bovin.qc.ca\/wp-content\/uploads\/2025\/04\/Vignette_Presentation-genetique.jpg 1024w, https:\/\/bovin.qc.ca\/wp-content\/uploads\/2025\/04\/Vignette_Presentation-genetique-300x300.jpg 300w, https:\/\/bovin.qc.ca\/wp-content\/uploads\/2025\/04\/Vignette_Presentation-genetique-128x128.jpg 128w, https:\/\/bovin.qc.ca\/wp-content\/uploads\/2025\/04\/Vignette_Presentation-genetique-150x150.jpg 150w, https:\/\/bovin.qc.ca\/wp-content\/uploads\/2025\/04\/Vignette_Presentation-genetique-75x75.jpg 75w\" sizes=\"auto, (max-width: 400px) 100vw, 400px\" \/><\/a><\/strong><\/h4>\n<h4><strong>Des rencontres inspirantes!<\/strong><\/h4>\n<p>L\u2019\u00e9quipe Nova-B\u0153uf \u00e9tait pr\u00e9sente lors des Soir\u00e9es Bovines pour les producteurs de bovins en Estrie le 28 f\u00e9vrier ainsi qu\u2019en Mauricie le 20 mars. Nous avons eu la chance de vous pr\u00e9senter la conf\u00e9rence \u00ab&nbsp;De la g\u00e9n\u00e9tique \u00e0 la carcasse&nbsp;: d\u00e9fis et opportunit\u00e9s pour l\u2019avenir&nbsp;\u00bb, portant sur l\u2019importance de la g\u00e9n\u00e9tique sur la qualit\u00e9 de la viande et ses concepts cl\u00e9s pour faire des choix judicieux afin d\u2019atteindre les standards recherch\u00e9s par les acheteurs.<\/p>\n<p><a href=\"https:\/\/www.agrireseau.net\/bovinsboucherie\/documents\/114932\/de-la-genetique-a-la-carcasse-defis-et-opportunites-pour-l_avenir?a=1&amp;r=carcasse\" target=\"_blank\" rel=\"noopener\">Vous pouvez consulter la pr\u00e9sentation ici.<\/a><\/p>\n<p>L\u2019\u00e9quipe Nova-B\u0153uf \u00e9tait aussi pr\u00e9sente lors de l\u2019AGA des PBQ le 25 mars afin de vous pr\u00e9senter les r\u00e9sultats pr\u00e9liminaires du sondage effectu\u00e9 dans le cadre de la r\u00e9solution \u00ab&nbsp;De trouver des outils de gestion adapt\u00e9s \u00e0 la production bovine du Qu\u00e9bec et entreprendre des d\u00e9marches afin de les rendre accessibles aux producteurs&nbsp;\u00bb. <a href=\"https:\/\/www.youtube.com\/watch?v=FtB277A9N3E\" target=\"_blank\" rel=\"noopener\">Il est possible de consulter ici un enregistrement qui pr\u00e9sente ces r\u00e9sultats.<\/a><\/p>\n<p>&nbsp;<\/p>\n<p>L\u2019\u00e9quipe Nova B\u0153uf ainsi que les Producteurs de Bovins du Qu\u00e9bec tiennent \u00e0 remercier tous les producteurs participants qui ont r\u00e9pondu au sondage. Merci de votre participation!<\/p>\n<p><img loading=\"lazy\" decoding=\"async\" class=\"aligncenter wp-image-26186\" src=\"https:\/\/bovin.qc.ca\/wp-content\/uploads\/2025\/04\/Remerciements-participation-sondage.png\" alt=\"\" width=\"400\" height=\"335\" srcset=\"https:\/\/bovin.qc.ca\/wp-content\/uploads\/2025\/04\/Remerciements-participation-sondage.png 940w, https:\/\/bovin.qc.ca\/wp-content\/uploads\/2025\/04\/Remerciements-participation-sondage-300x251.png 300w, https:\/\/bovin.qc.ca\/wp-content\/uploads\/2025\/04\/Remerciements-participation-sondage-153x128.png 153w\" sizes=\"auto, (max-width: 400px) 100vw, 400px\" \/><\/p>\n<p><em>Source : Nova B\u0153uf<\/em><\/p>\n<p><a href=\"#top\">Retour en haut<\/a><a id=\"veba\"><\/a><\/p>\n<table style=\"width: 100%; border-collapse: collapse; background-color: #a52a2a; height: 65px;\" border=\"0\">\n<tbody>\n<tr style=\"height: 65px;\">\n<td style=\"width: 100%; height: 65px;\">\n<h3 style=\"text-align: center;\"><span style=\"color: #ffffff;\">VEAU D&#8217;EMBOUCHE ET BOUVILLON D&#8217;ABATTAGE<\/span><\/h3>\n<\/td>\n<\/tr>\n<\/tbody>\n<\/table>\n<h4><strong><img loading=\"lazy\" decoding=\"async\" class=\"aligncenter wp-image-18097\" src=\"https:\/\/bovin.qc.ca\/wp-content\/uploads\/2023\/05\/La-chronique-VBP.png\" alt=\"\" width=\"815\" height=\"272\" srcset=\"https:\/\/bovin.qc.ca\/wp-content\/uploads\/2023\/05\/La-chronique-VBP.png 1630w, https:\/\/bovin.qc.ca\/wp-content\/uploads\/2023\/05\/La-chronique-VBP-300x100.png 300w, https:\/\/bovin.qc.ca\/wp-content\/uploads\/2023\/05\/La-chronique-VBP-384x128.png 384w, https:\/\/bovin.qc.ca\/wp-content\/uploads\/2023\/05\/La-chronique-VBP-1536x513.png 1536w\" sizes=\"auto, (max-width: 815px) 100vw, 815px\" \/><\/strong><\/h4>\n<h4><strong>Face \u00e0 un monde incertain, que pouvons-nous contr\u00f4ler?<\/strong><\/h4>\n<p>Avec tout ce qui se passe chez nos voisins, sur nos march\u00e9s, le tout saupoudr\u00e9 d\u2019un climat impr\u00e9visible, on a le droit de se sentir \u00e0 la merci des al\u00e9as du monde qui nous entoure. C\u2019est \u00e9tourdissant et ins\u00e9curisant!<\/p>\n<p>Allons-y \u00e0 l\u2019envers&nbsp;: que pouvons-nous contr\u00f4ler au sein de notre entreprise alors? Les risques li\u00e9s \u00e0 la production, bien entendu! Trop peu et sans impacts, vous direz? Voyons voir\u2026<\/p>\n<table style=\"border-collapse: collapse; width: 100%; height: 143px;\">\n<tbody>\n<tr style=\"height: 143px;\">\n<td style=\"width: 100%; height: 143px; border-color: #000000; vertical-align: middle;\" scope=\"col\">\n<hr>\n<p><strong>&nbsp; &nbsp;Quels sont les risques li\u00e9s \u00e0 la production bovine?<\/strong><\/p>\n<ol>\n<li><strong>Chimiques<\/strong> \u2013 ex.&nbsp;: m\u00e9dicaments, toxines, herbicides, pesticides, diesel, etc.<\/li>\n<li><strong>Physiques<\/strong> \u2013 ex.&nbsp;: aiguilles, objets tranchants et coupants, mat\u00e9riel chirurgical, etc.<\/li>\n<li><strong>Biologiques<\/strong> \u2013 ex.&nbsp;: <a href=\"https:\/\/issuu.com\/verifiedbeef\/docs\/vbp_manual_-_06_-_vulnerable_distre_2f10e8137e3fa1\/6\" target=\"_blank\" rel=\"noopener\">maladies infectieuses<\/a>, <a href=\"https:\/\/issuu.com\/verifiedbeef\/docs\/vbp_manual_-_06_-_vulnerable_distre_2f10e8137e3fa1\/4\" target=\"_blank\" rel=\"noopener\">zoonoses<\/a>, <a href=\"https:\/\/issuu.com\/verifiedbeef\/docs\/vbp_manual_-_06_-_vulnerable_distre_2f10e8137e3fa1\/6\" target=\"_blank\" rel=\"noopener\">maladies \u00e0 d\u00e9claration obligatoires<\/a>, etc.<\/li>\n<\/ol>\n<hr>\n<\/td>\n<\/tr>\n<\/tbody>\n<\/table>\n<p><strong>10 pratiques simples pour diminuer et mieux contr\u00f4ler les risques li\u00e9s \u00e0 la production<\/strong><\/p>\n<ol>\n<li>Tenir un <a href=\"https:\/\/docs.google.com\/spreadsheets\/d\/1IjCMCAFdkuOAgsMCApc2I-li2LZ_q8hz7dPoQfSPAcI\/edit?gid=0#gid=0\" target=\"_blank\" rel=\"noopener\">registre des traitements<\/a> et y noter <a href=\"https:\/\/bovin.qc.ca\/wp-content\/uploads\/2023\/10\/05.-Registre-traitement-vierge.pdf\" target=\"_blank\" rel=\"noopener\">la possibilit\u00e9 d\u2019aiguilles bris\u00e9es<\/a>.<\/li>\n<li>Suivre la <a href=\"https:\/\/issuu.com\/verifiedbeef\/docs\/vbp_manual_-_section_3_-_animal_health_french\/2\" target=\"_blank\" rel=\"noopener\">prescription de votre v\u00e9t\u00e9rinaire<\/a> pour administrer la bonne dose, utiliser la bonne voie et noter la bonne p\u00e9riode de retrait du m\u00e9dicament (avoir une <strong>R<\/strong>elation <strong>V<\/strong>\u00e9t\u00e9rinaire-<strong>C<\/strong>lient-<strong>P<\/strong>atient).<\/li>\n<li><a href=\"https:\/\/bovin.qc.ca\/wp-content\/uploads\/2023\/10\/09.-Registre-de-sortie-vierge.pdf\" target=\"_blank\" rel=\"noopener\">\u00c0 l\u2019aide d\u2019un document, informer les futurs propri\u00e9taires<\/a> de l\u2019\u00e9tat des animaux lors de leur d\u00e9part, s\u2019ils sont toujours sous une p\u00e9riode de retrait d\u2019un m\u00e9dicament et de la possibilit\u00e9 qu\u2019une aiguille bris\u00e9e soit pr\u00e9sente dans l\u2019un d\u2019entre eux.<\/li>\n<li>S\u2019assurer que toutes les installations et aires sont <a href=\"https:\/\/www.nfacc.ca\/pdfs\/codes\/bovins_de_boucherie_code_de_pratiques.pdf\" target=\"_blank\" rel=\"noopener\">s\u00e9curitaires et sans risque de blessure<\/a> (<em>Code de pratiques pour le soin et la manipulation des bovins de boucherie<\/em>, 2013).<\/li>\n<li>Jeter les <a href=\"https:\/\/bovin.qc.ca\/wp-content\/uploads\/2023\/11\/15.-Fiche_elimination_medicaments_eleveurs.pdf\" target=\"_blank\" rel=\"noopener\">m\u00e9dicaments p\u00e9rim\u00e9s aupr\u00e8s de son v\u00e9t\u00e9rinaire<\/a> ou s\u2019informer aupr\u00e8s d\u2019<a href=\"https:\/\/agrirecup.ca\/materiaux\/pesticides-et-medicaments-pour-betail-non-desires-ou-perimes\/\" target=\"_blank\" rel=\"noopener\">AgriR\u00c9CUP<\/a>.<\/li>\n<li>S\u2019assurer que la ripe et la paille achet\u00e9es \u00e0 l\u2019ext\u00e9rieur sont <a href=\"https:\/\/issuu.com\/verifiedbeef\/docs\/vbp_manual_-_animal_health_-_nutrition_french\/8\" target=\"_blank\" rel=\"noopener\">exemptes de bois trait\u00e9 ou de toxines<\/a>.<\/li>\n<li>Retirer rapidement les animaux morts des parcs ou du p\u00e2turage et en disposer selon <a href=\"https:\/\/bovin.qc.ca\/wp-content\/uploads\/2023\/08\/Doc.-Ref.-09-Enfouissement-animaux-morts.pdf\" target=\"_blank\" rel=\"noopener\">la r\u00e9glementation en vigueur<\/a> (enfouissement ou \u00e9quarrissage).<\/li>\n<li>S\u2019assurer que les animaux n\u2019ont pas acc\u00e8s \u00e0 des produits chimiques et que ceux-ci <a href=\"https:\/\/issuu.com\/verifiedbeef\/docs\/vbp_manual_-_section_3_-_animal_health_french\/12\" target=\"_blank\" rel=\"noopener\">ne sont pas entrepos\u00e9s pr\u00e8s des aires d\u2019alimentation<\/a> pour \u00e9viter toute contamination.<\/li>\n<li>S\u2019assurer que les animaux et les parcs sont bien identifi\u00e9s afin d\u2019\u00e9viter de donner des m\u00e9dicaments aux mauvais animaux lors des traitements par injection ou dans les aliments (<a href=\"https:\/\/bovin.qc.ca\/wp-content\/uploads\/2023\/10\/11.-Infos-obligatoires-aliments-medicamentes.pdf\" target=\"_blank\" rel=\"noopener\">aliments m\u00e9dicament\u00e9s&nbsp;<\/a>: rin\u00e7age ou s\u00e9quen\u00e7age).<\/li>\n<li>\u00c0 l\u2019arriv\u00e9e de nouveaux animaux, mettre en place un <a href=\"https:\/\/issuu.com\/verifiedbeef\/docs\/vbp_-_section_8_-_biosecurity_-_french\/10\" target=\"_blank\" rel=\"noopener\">protocole de vaccination et de quarantaine<\/a>.<\/li>\n<\/ol>\n<p><img loading=\"lazy\" decoding=\"async\" class=\"alignright wp-image-26197\" src=\"https:\/\/bovin.qc.ca\/wp-content\/uploads\/2025\/04\/VBP-avril-2025-1.png\" alt=\"\" width=\"310\" height=\"232\" srcset=\"https:\/\/bovin.qc.ca\/wp-content\/uploads\/2025\/04\/VBP-avril-2025-1.png 1024w, https:\/\/bovin.qc.ca\/wp-content\/uploads\/2025\/04\/VBP-avril-2025-1-300x225.png 300w, https:\/\/bovin.qc.ca\/wp-content\/uploads\/2025\/04\/VBP-avril-2025-1-171x128.png 171w\" sizes=\"auto, (max-width: 310px) 100vw, 310px\" \/>Nous ne pouvons peut-\u00eatre pas tout contr\u00f4ler, mais nous pouvons faire en sorte d\u2019offrir un produit de qualit\u00e9 et d\u00e9montrer nos bonnes pratiques aux consommateurs. Montrons que notre b\u0153uf a toujours sa place sur les tablettes d\u2019\u00e9picerie!<\/p>\n<p>Image adapt\u00e9e de la publication Facebook du 17&nbsp;mars&nbsp;2025, Verified Beef Production Plus<\/p>\n<p><em>Source&nbsp;: PBQ<\/em><\/p>\n<p><a href=\"#top\">Retour en haut<\/a><a id=\"veba2\"><\/a><\/p>\n<p>&nbsp;<\/p>\n<hr>\n<h4><strong>Chandails de hockey VBP+ 2025 : d\u00e9voilement de nos 5 gagnants!<\/strong><\/h4>\n<p>F\u00e9licitations aux entreprises gagnantes! Nous vous rappelons que pour \u00eatre admissible au tirage, il fallait avoir r\u00e9alis\u00e9 son premier audit ou son audit de renouvellement VBP+\/CRSB entre janvier&nbsp;2024 et mars&nbsp;2025.<\/p>\n<h4><strong><img loading=\"lazy\" decoding=\"async\" class=\"alignright wp-image-26202\" src=\"https:\/\/bovin.qc.ca\/wp-content\/uploads\/2025\/04\/Visuel-chandail-Hockey-2025.png\" alt=\"\" width=\"375\" height=\"281\" srcset=\"https:\/\/bovin.qc.ca\/wp-content\/uploads\/2025\/04\/Visuel-chandail-Hockey-2025.png 1024w, https:\/\/bovin.qc.ca\/wp-content\/uploads\/2025\/04\/Visuel-chandail-Hockey-2025-300x225.png 300w, https:\/\/bovin.qc.ca\/wp-content\/uploads\/2025\/04\/Visuel-chandail-Hockey-2025-171x128.png 171w\" sizes=\"auto, (max-width: 375px) 100vw, 375px\" \/><\/strong><\/h4>\n<p>Sans plus tarder, voici nos gagnants&nbsp;:<\/p>\n<ol>\n<li><strong>Bouffard &amp; Cie lt\u00e9e<\/strong> \u2013 certifi\u00e9 depuis 2019 &#8211; Estrie<\/li>\n<li><strong>Ferme Martin Gauthier SENC<\/strong> \u2013 certifi\u00e9 depuis 2019 &#8211; Capitale-Nationale\u2013C\u00f4te-Nord<\/li>\n<li><strong>Ferme Le Rondel inc.<\/strong> \u2013 certifi\u00e9 depuis 2019 &#8211; Centre-du-Qu\u00e9bec<\/li>\n<li><strong>Les \u00e9levages Gimic inc.<\/strong> \u2013 certifi\u00e9 depuis 2020 &#8211; Chaudi\u00e8re-Appalaches<\/li>\n<li><strong>Ferme Julien Tremblay<\/strong> \u2013 certifi\u00e9 depuis 2019 &#8211; Capitale-Nationale\u2013C\u00f4te-Nord<\/li>\n<\/ol>\n<p>Restez \u00e0 l\u2019aff\u00fbt de la prochaine <em>Minute bovine<\/em> pour d\u00e9couvrir les photos de nos gagnants!<\/p>\n<p><strong>Merci \u00e0 notre partenaire de la campagne VBP+ hiver&nbsp;2024-2025, <\/strong><a href=\"https:\/\/www.uniform-agri.com\/ca_fr\/media\/uniform-agri-offre-un-soutien-pour-la-tenue-de-registre-conformes-a-la-certification-vbp-au-canada\/\" target=\"_blank\" rel=\"noopener\"><strong>UNIFORM-Agri<\/strong><\/a><strong>!<\/strong><\/p>\n<p><em>Source&nbsp;: PBQ<\/em><\/p>\n<p><a href=\"#top\">Retour en haut<\/a><a id=\"ba\"><\/a><\/p>\n<table style=\"width: 100%; border-collapse: collapse; background-color: #a52a2a; height: 65px;\" border=\"0\">\n<tbody>\n<tr style=\"height: 65px;\">\n<td style=\"width: 100%; height: 65px;\">\n<h3 style=\"text-align: center;\"><span style=\"color: #ffffff;\">BOUVILLON D&#8217;ABATTAGE<a id=\"ba\"><\/a><\/span><\/h3>\n<\/td>\n<\/tr>\n<\/tbody>\n<\/table>\n<h4><strong>L\u2019\u00e2ge et le poids d\u2019abattage influencent-ils le niveau de persillage chez le bouvillon?<\/strong><\/h4>\n<p><img loading=\"lazy\" decoding=\"async\" class=\"aligncenter wp-image-26214\" src=\"https:\/\/bovin.qc.ca\/wp-content\/uploads\/2025\/04\/BA-Minute-bovine-avril-scaled.jpg\" alt=\"\" width=\"800\" height=\"533\" srcset=\"https:\/\/bovin.qc.ca\/wp-content\/uploads\/2025\/04\/BA-Minute-bovine-avril-scaled.jpg 2560w, https:\/\/bovin.qc.ca\/wp-content\/uploads\/2025\/04\/BA-Minute-bovine-avril-300x200.jpg 300w, https:\/\/bovin.qc.ca\/wp-content\/uploads\/2025\/04\/BA-Minute-bovine-avril-192x128.jpg 192w, https:\/\/bovin.qc.ca\/wp-content\/uploads\/2025\/04\/BA-Minute-bovine-avril-1536x1024.jpg 1536w, https:\/\/bovin.qc.ca\/wp-content\/uploads\/2025\/04\/BA-Minute-bovine-avril-2048x1365.jpg 2048w\" sizes=\"auto, (max-width: 800px) 100vw, 800px\" \/><\/p>\n<p>L\u2019\u00e2ge et le poids d\u2019abattage interviennent dans l&#8217;accumulation de la graisse intramusculaire chez le bouvillon.<\/p>\n<p>Plusieurs \u00e9tudes men\u00e9es sur diff\u00e9rentes races bovines concluent qu\u2019une p\u00e9riode d\u2019engraissement prolong\u00e9e augmente le niveau de persillage. D\u2019autres \u00e9tudes ont permis d\u2019observer une augmentation du niveau de persillage chez les bovins Angus et Hereford avec l\u2019augmentation de l&#8217;\u00e2ge d&#8217;abattage. En effet, les muscles n\u00e9cessitent du temps pour atteindre leur maturit\u00e9, et une p\u00e9riode d&#8217;engraissement prolong\u00e9e permet \u00e0 l&#8217;animal de d\u00e9poser plus de graisse intramusculaire. De m\u00eame, des \u00e9tudes ont mis en \u00e9vidence une corr\u00e9lation positive entre le niveau de persillage et le poids d&#8217;abattage. Plus le poids d&#8217;abattage est \u00e9lev\u00e9, plus le niveau de persillage est important.<\/p>\n<p>Cependant, un engraissement prolong\u00e9 pourrait entra\u00eener une hausse des co\u00fbts d\u2019alimentation en raison de la diminution de l\u2019efficacit\u00e9 alimentaire avec l\u2019\u00e2ge. De plus, cela pourrait \u00e9galement entra\u00eener une augmentation de la quantit\u00e9 de graisse sous-cutan\u00e9e, ce qui affecterait n\u00e9gativement le rendement carcasse. Des \u00e9tudes ont indiqu\u00e9 qu\u2019un engraissement prolong\u00e9 est davantage sugg\u00e9r\u00e9 pour les bovins ayant un fort potentiel g\u00e9n\u00e9tique de persillage afin d&#8217;optimiser la qualit\u00e9 de la viande sans trop compromettre le rendement carcasse.<\/p>\n<p><em><strong>Sources :&nbsp;<\/strong><\/em><\/p>\n<p><em><strong>Tan, Z., and Jiang, H. 2024<\/strong>. \u201cMolecular and cellular mechanisms of intramuscular fat development and growth in cattle\u201d. International Journal of Molecular Sciences, 25(5), 2520.<\/em><\/p>\n<p><em><strong>Nguyen, Don Viet., Nguyen, Oanh C. and Malau\u2011Aduli, Aduli E.O. 2021<\/strong>. \u201cMain Regulatory Factors of Marbling Level in Beef Cattle\u201d. Veterinary and Animal Science, 14.<\/em><\/p>\n<p><a href=\"#top\">Retour en haut<\/a><a id=\"F1\"><\/a><\/p>\n<table style=\"width: 100%; border-collapse: collapse; background-color: #a52a2a;\" border=\"0\">\n<tbody>\n<tr>\n<td style=\"width: 100%;\">\n<h3 style=\"text-align: center;\"><span style=\"color: #ffffff;\"><strong>NOUVELLES DE LA FINANCI\u00c8RE AGRICOLE DU QU\u00c9BEC<a id=\"F1\"><\/a><\/strong><\/span><\/h3>\n<\/td>\n<\/tr>\n<\/tbody>\n<\/table>\n<h4><img loading=\"lazy\" decoding=\"async\" class=\"aligncenter size-full wp-image-11069\" src=\"https:\/\/bovin.qc.ca\/wp-content\/uploads\/2020\/10\/FADQ.jpg\" alt=\"\" width=\"232\" height=\"72\"><\/h4>\n<p>&nbsp;<\/p>\n<h4><strong>Assurance r\u00e9colte &#8211; Importance de fournir vos rendements r\u00e9els chaque ann\u00e9e<\/strong><\/h4>\n<p>L\u2019assurance r\u00e9colte (ASREC) permet de prot\u00e9ger vos cultures et de r\u00e9duire les risques financiers de votre entreprise. C\u2019est un outil de gestion des risques indispensable qui offre une protection adapt\u00e9e \u00e0 votre r\u00e9alit\u00e9.<\/p>\n<p>Pour ce faire, il est important de fournir vos rendements r\u00e9els chaque ann\u00e9e. Ces derniers constituent les fondations qui serviront \u00e0 \u00e9tablir le rendement probable le mieux adapt\u00e9 \u00e0 votre situation.<\/p>\n<h4><em><a href=\"https:\/\/www.fadq.qc.ca\/salle-de-presse\/actualites\/2025\/asrec-rappel-importance-de-fournir-vos-rendements-reels-chaque-annee\" target=\"_blank\" rel=\"noopener\"><img loading=\"lazy\" decoding=\"async\" class=\"alignleft wp-image-25361\" src=\"https:\/\/bovin.qc.ca\/wp-content\/uploads\/2025\/02\/Bouton-en-savoir-plus.png\" alt=\"\" width=\"200\" height=\"52\" srcset=\"https:\/\/bovin.qc.ca\/wp-content\/uploads\/2025\/02\/Bouton-en-savoir-plus.png 457w, https:\/\/bovin.qc.ca\/wp-content\/uploads\/2025\/02\/Bouton-en-savoir-plus-300x78.png 300w\" sizes=\"auto, (max-width: 200px) 100vw, 200px\" \/><\/a><\/em><\/h4>\n<p>&nbsp;<\/p>\n<p>&nbsp;<\/p>\n<p><em>Source : La Financi\u00e8re agricole du Qu\u00e9bec<\/em><\/p>\n<p><a href=\"#top\">Retour en haut<\/a><a id=\"F2\"><\/a><\/p>\n<hr>\n<h4><strong>Concours Tournez-vous vers l&#8217;excellence! : Il est encore temps de s\u2019inscrire<\/strong><\/h4>\n<p>La p\u00e9riode d\u2019inscription \u00e0 l\u2019\u00e9dition 2025 est en cours, et ce, jusqu\u2019au 30 avril. Destin\u00e9 \u00e0 la rel\u00e8ve agricole \u00e2g\u00e9e de 18 ans et plus, sans avoir atteint l\u2019\u00e2ge de 40 ans au 30 avril 2025, ce concours offre entre autres :<\/p>\n<ul>\n<li>Une visibilit\u00e9 nationale pour les entreprises (couverture m\u00e9dia, r\u00e9seaux sociaux, vid\u00e9os)<\/li>\n<li>18 000 $ en bourses<\/li>\n<li>Cinq personnes gagnantes par \u00e9dition<\/li>\n<li>Une reconnaissance du travail des agricultrices et des agriculteurs<\/li>\n<\/ul>\n<h4><em><a href=\"https:\/\/www.fadq.qc.ca\/releve-agricole\/concours\" target=\"_blank\" rel=\"noopener\"><img loading=\"lazy\" decoding=\"async\" class=\"alignleft wp-image-25361\" src=\"https:\/\/bovin.qc.ca\/wp-content\/uploads\/2025\/02\/Bouton-en-savoir-plus.png\" alt=\"\" width=\"200\" height=\"52\" srcset=\"https:\/\/bovin.qc.ca\/wp-content\/uploads\/2025\/02\/Bouton-en-savoir-plus.png 457w, https:\/\/bovin.qc.ca\/wp-content\/uploads\/2025\/02\/Bouton-en-savoir-plus-300x78.png 300w\" sizes=\"auto, (max-width: 200px) 100vw, 200px\" \/><\/a><\/em><\/h4>\n<p>&nbsp;<\/p>\n<p>&nbsp;<\/p>\n<p><em>Source : La Financi\u00e8re agricole du Qu\u00e9bec<\/em><\/p>\n<p><a href=\"#top\">Retour en haut<\/a><a id=\"CCA1\"><\/a><\/p>\n<table style=\"width: 100%; border-collapse: collapse; background-color: #a52a2a;\" border=\"0\">\n<tbody>\n<tr>\n<td style=\"width: 100%;\">\n<h3 style=\"text-align: center;\"><span style=\"color: #ffffff;\"><strong>NOUVELLES DE L&#8217;ASSOCIATION CANADIENNE DES BOVINS<\/strong><\/span><\/h3>\n<\/td>\n<\/tr>\n<\/tbody>\n<\/table>\n<p><a href=\"https:\/\/www.cattle.ca\/fr\/nouvelles-et-evenements\" target=\"_blank\" rel=\"noopener\"><img loading=\"lazy\" decoding=\"async\" class=\"aligncenter wp-image-15269\" src=\"https:\/\/bovin.qc.ca\/wp-content\/uploads\/2022\/08\/acb-nouvelles.jpg\" alt=\"\" width=\"815\" height=\"225\" srcset=\"https:\/\/bovin.qc.ca\/wp-content\/uploads\/2022\/08\/acb-nouvelles.jpg 820w, https:\/\/bovin.qc.ca\/wp-content\/uploads\/2022\/08\/acb-nouvelles-300x83.jpg 300w, https:\/\/bovin.qc.ca\/wp-content\/uploads\/2022\/08\/acb-nouvelles-464x128.jpg 464w\" sizes=\"auto, (max-width: 815px) 100vw, 815px\" \/><\/a><\/p>\n<p><a href=\"https:\/\/cancattle.formstack.com\/forms\/cca_action_news_subscription\" target=\"_blank\" rel=\"noopener\"><img loading=\"lazy\" decoding=\"async\" class=\"aligncenter wp-image-24965\" src=\"https:\/\/bovin.qc.ca\/wp-content\/uploads\/2025\/01\/CCA-action-news-button.jpg\" alt=\"\" width=\"246\" height=\"34\" srcset=\"https:\/\/bovin.qc.ca\/wp-content\/uploads\/2025\/01\/CCA-action-news-button.jpg 520w, https:\/\/bovin.qc.ca\/wp-content\/uploads\/2025\/01\/CCA-action-news-button-300x42.jpg 300w\" sizes=\"auto, (max-width: 246px) 100vw, 246px\" \/><\/a><\/p>\n<h4><strong>L&#8217;ACB \u00e9lit une nouvelle direction pour 2025\u20132026<\/strong><\/h4>\n<h4><strong><img loading=\"lazy\" decoding=\"async\" class=\"alignright wp-image-26216\" src=\"https:\/\/bovin.qc.ca\/wp-content\/uploads\/2025\/04\/Tyler-Fulton-CCA-scaled.jpg\" alt=\"\" width=\"258\" height=\"172\" srcset=\"https:\/\/bovin.qc.ca\/wp-content\/uploads\/2025\/04\/Tyler-Fulton-CCA-scaled.jpg 2560w, https:\/\/bovin.qc.ca\/wp-content\/uploads\/2025\/04\/Tyler-Fulton-CCA-300x200.jpg 300w, https:\/\/bovin.qc.ca\/wp-content\/uploads\/2025\/04\/Tyler-Fulton-CCA-192x128.jpg 192w, https:\/\/bovin.qc.ca\/wp-content\/uploads\/2025\/04\/Tyler-Fulton-CCA-1536x1024.jpg 1536w, https:\/\/bovin.qc.ca\/wp-content\/uploads\/2025\/04\/Tyler-Fulton-CCA-2048x1366.jpg 2048w\" sizes=\"auto, (max-width: 258px) 100vw, 258px\" \/><\/strong><\/h4>\n<p>L&#8217;Association canadienne des bovins a termin\u00e9 son assembl\u00e9e g\u00e9n\u00e9rale annuelle 2025 le jeudi 20&nbsp;mars 2025 \u00e0 Ottawa avec un certain nombre d&#8217;\u00e9v\u00e9nements, de r\u00e9unions et l&#8217;\u00e9lection d&#8217;un nouveau&nbsp;conseil d&#8217;administration.<\/p>\n<p>Tyler Fulton, de Birtle au Manitoba, devient pr\u00e9sident, succ\u00e9dant \u00e0 M. Nathan Phinney, de Sackville au Nouveau-Brunswick. Ce dernier demeure au conseil d&#8217;administration en tant qu&#8217;ancien pr\u00e9sident. Mme Sheila Hillmer et M. Doug Roxborough, de l&#8217;Alberta, et M. Jack Chaffe, de l&#8217;Ontario, se sont retir\u00e9s du conseil d&#8217;administration. L&#8217;ACB les remercie pour leur temps et leur contribution.<\/p>\n<p>Mentionnons \u00e9galement que le producteur M. Kirk Jackson, membre de l\u2019ex\u00e9cutif des PBQ, a \u00e9t\u00e9 reconduit comme administrateur au CA de l\u2019ACB.<\/p>\n<h4><em><a href=\"https:\/\/www.cattle.ca\/wp-content\/uploads\/2025\/03\/2025-03-21-CCA_Elects_New_Board_Representatives_2025-2026-FR.pdf \" target=\"_blank\" rel=\"noopener\"><img loading=\"lazy\" decoding=\"async\" class=\"alignleft wp-image-25361\" src=\"https:\/\/bovin.qc.ca\/wp-content\/uploads\/2025\/02\/Bouton-en-savoir-plus.png\" alt=\"\" width=\"200\" height=\"52\" srcset=\"https:\/\/bovin.qc.ca\/wp-content\/uploads\/2025\/02\/Bouton-en-savoir-plus.png 457w, https:\/\/bovin.qc.ca\/wp-content\/uploads\/2025\/02\/Bouton-en-savoir-plus-300x78.png 300w\" sizes=\"auto, (max-width: 200px) 100vw, 200px\" \/><\/a><\/em><\/h4>\n<p>&nbsp;<\/p>\n<p>&nbsp;<\/p>\n<p><em>Source : ACB<\/em><\/p>\n<p><a href=\"#top\">Retour en haut<\/a><a id=\"CCA2\"><\/a><\/p>\n<hr>\n<h4><strong><img loading=\"lazy\" decoding=\"async\" class=\"alignright wp-image-26218\" src=\"https:\/\/bovin.qc.ca\/wp-content\/uploads\/2025\/04\/rapport-annuel-CCA.jpg\" alt=\"\" width=\"231\" height=\"290\" srcset=\"https:\/\/bovin.qc.ca\/wp-content\/uploads\/2025\/04\/rapport-annuel-CCA.jpg 606w, https:\/\/bovin.qc.ca\/wp-content\/uploads\/2025\/04\/rapport-annuel-CCA-239x300.jpg 239w, https:\/\/bovin.qc.ca\/wp-content\/uploads\/2025\/04\/rapport-annuel-CCA-102x128.jpg 102w\" sizes=\"auto, (max-width: 231px) 100vw, 231px\" \/>Publication du rapport annuel de l\u2019ACB<\/strong><\/h4>\n<p>Le 20 mars dernier, l\u2019Association canadienne des bovins (ACB) a d\u00e9pos\u00e9 son rapport annuel. Afin d\u2019en faciliter la lecture, l\u2019\u00e9dition 2024 affiche un design plus \u00e9pur\u00e9 avec plus d\u2019illustrations et des textes plus concis. Il est disponible en format num\u00e9rique en <a href=\"https:\/\/www.cattle.ca\/wp-content\/uploads\/2025\/03\/CCA_AnnualReport2025_FR.pdf\" target=\"_blank\" rel=\"noopener\">fran\u00e7ais<\/a> et en <a href=\"https:\/\/www.cattle.ca\/wp-content\/uploads\/2025\/03\/CCA_AnnualReport2024_EN.pdf\" target=\"_blank\" rel=\"noopener\">anglais<\/a>.<\/p>\n<p><em>Source : ACB<\/em><\/p>\n<p><a href=\"#top\">Retour en haut<\/a><a id=\"NR1\"><\/a><\/p>\n<table style=\"width: 100%; border-collapse: collapse; background-color: #a52a2a;\" border=\"0\">\n<tbody>\n<tr>\n<td style=\"width: 100%;\">\n<h4 style=\"text-align: center;\"><span style=\"color: #ffffff;\"><strong>NOUVELLES R\u00c9GIONALES<a id=\"NR1\"><\/a><\/strong><\/span><\/h4>\n<\/td>\n<\/tr>\n<\/tbody>\n<\/table>\n<h4><strong>Mauricie<br \/>\n<\/strong><strong>La soir\u00e9e th\u00e9matique \u00ab\u2009Veau d\u2019embouche\u2009\u00bb attire plus de 30 participants<\/strong><\/h4>\n<p><img loading=\"lazy\" decoding=\"async\" class=\"aligncenter wp-image-26220\" src=\"https:\/\/bovin.qc.ca\/wp-content\/uploads\/2025\/04\/Activite-Mauricie-3-scaled.jpg\" alt=\"\" width=\"815\" height=\"458\" srcset=\"https:\/\/bovin.qc.ca\/wp-content\/uploads\/2025\/04\/Activite-Mauricie-3-scaled.jpg 2560w, https:\/\/bovin.qc.ca\/wp-content\/uploads\/2025\/04\/Activite-Mauricie-3-300x169.jpg 300w, https:\/\/bovin.qc.ca\/wp-content\/uploads\/2025\/04\/Activite-Mauricie-3-228x128.jpg 228w, https:\/\/bovin.qc.ca\/wp-content\/uploads\/2025\/04\/Activite-Mauricie-3-1536x864.jpg 1536w, https:\/\/bovin.qc.ca\/wp-content\/uploads\/2025\/04\/Activite-Mauricie-3-2048x1152.jpg 2048w\" sizes=\"auto, (max-width: 815px) 100vw, 815px\" \/><\/p>\n<p>Les Producteurs de bovins de la Mauricie ont organis\u00e9 leur \u00ab\u20095 \u00e0 7 Veau d\u2019embouche\u2009\u00bb le 20 mars dernier \u00e0 Yamachiche. Un total de 33 producteurs et productrices de la Mauricie et de Lanaudi\u00e8re \u00e9taient pr\u00e9sents.<\/p>\n<p>\u00c0 cette occasion, Mme M\u00e9lanie Lachance, agronome et coordonnatrice de la fili\u00e8re bovine pour Nova B\u0153uf, \u00e9tait sur place accompagn\u00e9e de M. Yannick Sauv\u00e9, directeur mise en march\u00e9 bouvillon d\u2019abattage aux PBQ, pour pr\u00e9senter leur conf\u00e9rence \u00ab De la g\u00e9n\u00e9tique \u00e0 la qualit\u00e9 de la carcasse : d\u00e9fis et opportunit\u00e9s pour l\u2019avenir \u00bb.<\/p>\n<p>Les participants ont pu en apprendre davantage sur les besoins et crit\u00e8res de qualit\u00e9 recherch\u00e9s par l\u2019industrie et sur la mani\u00e8re dont la g\u00e9n\u00e9tique peut aider \u00e0 les atteindre. M.&nbsp;Sylvain&nbsp;Lefebvre, directeur du d\u00e9veloppement des affaires au Centre d\u2019ins\u00e9mination artificielle du Qu\u00e9bec, a termin\u00e9 cette soir\u00e9e avec une conf\u00e9rence intitul\u00e9e \u00ab\u2009Comment l\u2019ins\u00e9mination artificielle peut-elle am\u00e9liorer la g\u00e9n\u00e9tique de vos troupeaux? \u00bb.<\/p>\n<p><em>Source&nbsp;: Les Producteurs de bovins de la Mauricie<\/em><\/p>\n<p><a href=\"#top\">Retour en haut<\/a><a id=\"NR2\"><\/a><\/p>\n","protected":false},"excerpt":{"rendered":"<p>&nbsp; INFOLETTRE La Minute bovine : avril 2025 L&#8217;Info-prix \u00c9v\u00e9nements \u00e0 venir Actualit\u00e9s Bovins durables 2035 : le nouvel engagement des PBQ Nouveaux visages au conseil d\u2019administration des PBQ La ferme \u00c0 L\u2019HERBE! Bouvillons au p\u00e2turage remporte le Prix TESA \u2013 Qu\u00e9bec Le Prix INNOVEAU d\u00e9cern\u00e9 \u00e0 la Ferme Deaunier Les PBQ remettent 9\u2009500 $ [&#8230;]<\/p>\n","protected":false},"author":6,"featured_media":0,"parent":0,"menu_order":0,"comment_status":"closed","ping_status":"closed","template":"","meta":{"ngg_post_thumbnail":0,"footnotes":""},"class_list":["post-26265","page","type-page","status-publish","hentry"],"_links":{"self":[{"href":"https:\/\/bovin.qc.ca\/en\/wp-json\/wp\/v2\/pages\/26265","targetHints":{"allow":["GET"]}}],"collection":[{"href":"https:\/\/bovin.qc.ca\/en\/wp-json\/wp\/v2\/pages"}],"about":[{"href":"https:\/\/bovin.qc.ca\/en\/wp-json\/wp\/v2\/types\/page"}],"author":[{"embeddable":true,"href":"https:\/\/bovin.qc.ca\/en\/wp-json\/wp\/v2\/users\/6"}],"replies":[{"embeddable":true,"href":"https:\/\/bovin.qc.ca\/en\/wp-json\/wp\/v2\/comments?post=26265"}],"version-history":[{"count":1,"href":"https:\/\/bovin.qc.ca\/en\/wp-json\/wp\/v2\/pages\/26265\/revisions"}],"predecessor-version":[{"id":26266,"href":"https:\/\/bovin.qc.ca\/en\/wp-json\/wp\/v2\/pages\/26265\/revisions\/26266"}],"wp:attachment":[{"href":"https:\/\/bovin.qc.ca\/en\/wp-json\/wp\/v2\/media?parent=26265"}],"curies":[{"name":"wp","href":"https:\/\/api.w.org\/{rel}","templated":true}]}}