{"id":25559,"date":"2025-02-28T15:28:51","date_gmt":"2025-02-28T20:28:51","guid":{"rendered":"https:\/\/bovin.qc.ca\/?page_id=25559"},"modified":"2025-02-28T15:28:51","modified_gmt":"2025-02-28T20:28:51","slug":"la-minute-bovine-february-2025","status":"publish","type":"page","link":"https:\/\/bovin.qc.ca\/en\/la-minute-bovine-february-2025\/","title":{"rendered":"La Minute bovine : February 2025"},"content":{"rendered":"<h3><div class=\"newsletter_subscription_box\"><a class=\"newsletter_subscription_link\" href=\"https:\/\/bovin.qc.ca\/abonnement\/\"><div class=\"left_side\"><img decoding=\"async\" src=\"https:\/\/bovin.qc.ca\/wp-content\/themes\/bovins\/images\/infolettre_icon.png\" class=\"newsletter_icon\" \/><\/div><div class=\"right_side\"><p class=\"newsletter_sub_text\">Vous n'\u00eates pas abonn\u00e9 \u00e0 notre infolettre?<br \/>Cliquez ici.<\/p><\/div><div style=\"clear:both;\"><\/div><\/a><\/div><\/h3>\n<p>&nbsp;<a id=\"top\"><\/a><\/p>\n<h1 style=\"text-align: left;\">INFOLETTRE<br \/>\nLa Minute bovine : f\u00e9vrier 2025<\/h1>\n<h2 style=\"text-align: left;\"><a href=\"#prix\">L&#8217;Info-prix<\/a><\/h2>\n<h2 style=\"text-align: left;\"><a href=\"#evenements\">\u00c9v\u00e9nements \u00e0 venir<\/a><\/h2>\n<h2 style=\"text-align: left;\"><strong><a href=\"#actualite\">Actualit\u00e9s<\/a><\/strong><\/h2>\n<ul>\n<li style=\"list-style-type: none;\">\n<ul>\n<li><strong><a href=\"#A1\">Nouveau d\u00e9l\u00e9gu\u00e9 du Qu\u00e9bec au CCYC Canadian<\/a><\/strong><\/li>\n<li><strong><a href=\"#A2\">C\u2019est le moment de postuler au Programme de mentorat des jeunes leaders en production bovine<\/a><\/strong><\/li>\n<li><strong><a href=\"#A3\">Un documentaire sur le r\u00f4le des bovins pour la plan\u00e8te<\/a><\/strong><\/li>\n<li><strong><a href=\"#A4\">Report du changement au taux d&#8217;inclusion des gains en capital<\/a><\/strong><\/li>\n<li><strong><a href=\"#A5\">Nouvelle \u00e9dition du cahier&nbsp;<em>Bovins du Qu\u00e9bec<\/em> &nbsp;disponible!<\/a><\/strong><\/li>\n<li><strong><a href=\"#A6\">La pr\u00e9vention, toujours d&#8217;actualit\u00e9!<\/a><\/strong><\/li>\n<li><strong><a href=\"#A7\">Un outil pour \u00e9valuer les r\u00e9sultats des tests sur les aliments pour animaux<br \/>\n<\/a><\/strong><\/li>\n<li><strong><a href=\"#A8\">Augmentation des frais de poste pour les commandes d\u2019identifiants en inventaire<\/a><\/strong><\/li>\n<li><strong><strong><a href=\"#A10\">Sant\u00e9 du cheptel bovin qu\u00e9b\u00e9cois-Rapport trimestriel du r\u00e9seau bovin<\/a><\/strong><\/strong><\/li>\n<li><strong><strong><a href=\"#A11\">Programme d&#8217;emploi et de comp\u00e9tences des jeunes<\/a><\/strong><\/strong>\n<p>&nbsp;<\/p>\n<\/li>\n<\/ul>\n<\/li>\n<\/ul>\n<table style=\"width: 100%; border-collapse: collapse; background-color: #a52a2a;\" border=\"0\">\n<tbody>\n<tr>\n<td style=\"width: 100%;\">\n<h3 style=\"text-align: center;\"><span style=\"color: #ffffff;\"><strong>CLIQUEZ SUR VOTRE SECTEUR POUR VOS NOUVELLES<\/strong><\/span><\/h3>\n<\/td>\n<\/tr>\n<\/tbody>\n<\/table>\n<p>\n<a href=\"#BR1\"><img loading=\"lazy\" decoding=\"async\" class=\"alignnone wp-image-8129 size-full\" src=\"https:\/\/bovin.qc.ca\/wp-content\/uploads\/2020\/01\/br.jpg\" alt=\"\" width=\"156\" height=\"348\" srcset=\"https:\/\/bovin.qc.ca\/wp-content\/uploads\/2020\/01\/br.jpg 156w, https:\/\/bovin.qc.ca\/wp-content\/uploads\/2020\/01\/br-134x300.jpg 134w, https:\/\/bovin.qc.ca\/wp-content\/uploads\/2020\/01\/br-57x128.jpg 57w\" sizes=\"auto, (max-width: 156px) 100vw, 156px\" \/>&nbsp;&nbsp;<\/a><a href=\"#vgvl\"><img loading=\"lazy\" decoding=\"async\" class=\"alignnone wp-image-8131\" src=\"https:\/\/bovin.qc.ca\/wp-content\/uploads\/2020\/01\/vg.jpg\" alt=\"\" width=\"156\" height=\"348\">&nbsp;<\/a><a href=\"#vgvl\"><img loading=\"lazy\" decoding=\"async\" class=\"alignnone wp-image-8133\" src=\"https:\/\/bovin.qc.ca\/wp-content\/uploads\/2020\/01\/vl.jpg\" alt=\"\" width=\"155\" height=\"348\"><\/a><a href=\"#ve\"><img loading=\"lazy\" decoding=\"async\" class=\"alignnone wp-image-8135\" src=\"https:\/\/bovin.qc.ca\/wp-content\/uploads\/2020\/01\/ve.jpg\" alt=\"\" width=\"155\" height=\"348\" srcset=\"https:\/\/bovin.qc.ca\/wp-content\/uploads\/2020\/01\/ve.jpg 157w, https:\/\/bovin.qc.ca\/wp-content\/uploads\/2020\/01\/ve-134x300.jpg 134w, https:\/\/bovin.qc.ca\/wp-content\/uploads\/2020\/01\/ve-57x128.jpg 57w\" sizes=\"auto, (max-width: 155px) 100vw, 155px\" \/><\/a><a href=\"#ba\"><img loading=\"lazy\" decoding=\"async\" class=\"alignnone wp-image-8137\" src=\"https:\/\/bovin.qc.ca\/wp-content\/uploads\/2020\/01\/ba-sec.jpg\" alt=\"\" width=\"159\" height=\"348\" srcset=\"https:\/\/bovin.qc.ca\/wp-content\/uploads\/2020\/01\/ba-sec.jpg 159w, https:\/\/bovin.qc.ca\/wp-content\/uploads\/2020\/01\/ba-sec-137x300.jpg 137w, https:\/\/bovin.qc.ca\/wp-content\/uploads\/2020\/01\/ba-sec-59x128.jpg 59w\" sizes=\"auto, (max-width: 159px) 100vw, 159px\" \/><\/a><\/p>\n<h2 style=\"text-align: left;\"><a href=\"#F1\">Nouvelles de La Financi\u00e8re agricole du Qu\u00e9bec<\/a><\/h2>\n<ul>\n<li style=\"list-style-type: none;\">\n<ul>\n<li><a href=\"#F1\"><strong>Programme Investissement Croissance Durable (PICD)<\/strong><\/a><\/li>\n<li><a href=\"#F2\"><strong>Pr\u00eat de fonds de roulement : encore quelques jours pour faire la demande<\/strong><\/a><\/li>\n<li><a href=\"#F3\"><strong>Agri-Qu\u00e9bec et Agri-investissement Autogestion des risques, une strat\u00e9gie gagnante!<\/strong><\/a><\/li>\n<li><a href=\"#F4\"><strong>R\u00e9tribution agroenvironnementale : une nouvelle aide financi\u00e8re pour prendre soin de l&#8217;environnement<\/strong><\/a><\/li>\n<li><a href=\"#F5\"><strong>Concours Tournez-vous vers l&#8217;excellence!<\/strong><\/a><\/li>\n<\/ul>\n<\/li>\n<\/ul>\n<h2 style=\"text-align: left;\"><a href=\"#CCA\">Nouvelles de l&#8217;Association canadienne des bovins<\/a><\/h2>\n<ul>\n<li style=\"list-style-type: none;\">\n<ul>\n<li><a href=\"#CCA\"><strong>Les programmes jeunesse de l\u2019ACB \u00e0 Denver pour une exp\u00e9rience interactive d\u2019apprentissage sur les relations d\u2019\u00e9changes Canada\u2013\u00c9tats-Unis<\/strong><br \/>\n<\/a><\/li>\n<\/ul>\n<\/li>\n<\/ul>\n<h2 style=\"text-align: left;\"><a href=\"#NR1\">Nouvelles r\u00e9gionales<\/a><\/h2>\n<ul>\n<li style=\"list-style-type: none;\">\n<ul>\n<li><a href=\"#NR1\"><strong>Chaudi\u00e8re-Appalaches-Sud: un retour concluant pour le Colloque B\u0153uf<\/strong><\/a><\/li>\n<li><strong><a href=\"#NR2\">Les Producteurs de bovins de la Mont\u00e9r\u00e9gie-Ouest finalistes au Agristars 2025<\/a><\/strong><\/li>\n<\/ul>\n<\/li>\n<\/ul>\n<p>&nbsp;<\/p>\n<hr>\n<p>&nbsp;<\/p>\n<table style=\"width: 100%; border-collapse: collapse; background-color: #a52a2a;\" border=\"0\">\n<tbody>\n<tr>\n<td style=\"width: 100%;\">\n<h3 style=\"text-align: center;\"><span style=\"color: #ffffff;\"><strong>COUP D&#8217;\u0152IL SUR LES MARCH\u00c9S DU B\u0152UF ET DU VEAU<\/strong><\/span><\/h3>\n<\/td>\n<\/tr>\n<\/tbody>\n<\/table>\n<p>&nbsp;<\/p>\n<p style=\"text-align: center;\"><span style=\"text-decoration: underline;\"><a href=\"https:\/\/bovin.qc.ca\/wp-content\/uploads\/2025\/02\/2025-02-Coup-doeil-sur-les-marches-boeuf-et-veau-FRAN-1.pdf\" target=\"_blank\" rel=\"noopener\">Version fran\u00e7aise<\/a><br \/>\n<\/span><\/p>\n<p style=\"text-align: center;\"><span style=\"text-decoration: underline;\"><a href=\"https:\/\/bovin.qc.ca\/wp-content\/uploads\/2025\/02\/2025-02-Coup-doeil-sur-les-marches-boeuf-et-veau-ANG-1.pdf\" target=\"_blank\" rel=\"noopener\">Version anglaise<\/a><br \/>\n<\/span><\/p>\n<p style=\"text-align: center;\"><img loading=\"lazy\" decoding=\"async\" class=\"wp-image-10769 aligncenter\" src=\"https:\/\/bovin.qc.ca\/wp-content\/uploads\/2020\/08\/shutterstock_699231256-min_WEB-1.jpg\" alt=\"\" width=\"500\" height=\"317\" srcset=\"https:\/\/bovin.qc.ca\/wp-content\/uploads\/2020\/08\/shutterstock_699231256-min_WEB-1.jpg 1024w, https:\/\/bovin.qc.ca\/wp-content\/uploads\/2020\/08\/shutterstock_699231256-min_WEB-1-300x190.jpg 300w, https:\/\/bovin.qc.ca\/wp-content\/uploads\/2020\/08\/shutterstock_699231256-min_WEB-1-202x128.jpg 202w\" sizes=\"auto, (max-width: 500px) 100vw, 500px\" \/><\/p>\n<p style=\"text-align: left;\"><a href=\"#top\">Retour en haut<\/a><a id=\"prix\"><\/a><\/p>\n<hr>\n<p>&nbsp;<\/p>\n<p><img loading=\"lazy\" decoding=\"async\" class=\"aligncenter wp-image-5452\" src=\"https:\/\/bovin.qc.ca\/wp-content\/uploads\/2018\/09\/info-prix-bandeau.jpg\" alt=\"\" width=\"750\" height=\"183\" srcset=\"https:\/\/bovin.qc.ca\/wp-content\/uploads\/2018\/09\/info-prix-bandeau.jpg 650w, https:\/\/bovin.qc.ca\/wp-content\/uploads\/2018\/09\/info-prix-bandeau-300x73.jpg 300w, https:\/\/bovin.qc.ca\/wp-content\/uploads\/2018\/09\/info-prix-bandeau-523x128.jpg 523w\" sizes=\"auto, (max-width: 750px) 100vw, 750px\" \/><\/p>\n<p style=\"text-align: center;\">Cliquez sur un secteur pour les prix du march\u00e9<\/p>\n<p style=\"text-align: center;\"><u><a href=\"https:\/\/www.fpbq.upa.qc.ca\/infoprix\/BouvAbattage\/BAInfoPrixQuot.asp?Langue=F\" target=\"_blank\" rel=\"noopener\"><strong>BOUVILLON<\/strong><\/a><br \/>\n<\/u><u><a href=\"https:\/\/www.fpbq.upa.qc.ca\/infoprix\/BovinReforme\/BRInfoPrixQuot.asp?Langue=F\" target=\"_blank\" rel=\"noopener\"><strong>BOVIN DE R\u00c9FORME ET VEAU LAITIER<\/strong><\/a><br \/>\n<\/u><u><a href=\"https:\/\/www.fpbq.upa.qc.ca\/infoprix\/VeauDeGrain\/VGInfoPrixHebdo.asp?Langue=F\" target=\"_blank\" rel=\"noopener\"><strong>VEAU DE GRAIN<\/strong><\/a><br \/>\n<\/u><u><strong><a href=\"https:\/\/www.fpbq.upa.qc.ca\/infoprix\/VeauDeLait\/VLInfoPrixHebdo.asp?Langue=F\" target=\"_blank\" rel=\"noopener\">VEAU DE LAIT<\/a><br \/>\n<\/strong><\/u><u><a href=\"https:\/\/www.fpbq.upa.qc.ca\/infoprix\/VeauEmbouche\/VEInfoPrixQuot.asp?Langue=F\" target=\"_blank\" rel=\"noopener\"><strong>VEAU D\u2019EMBOUCHE<\/strong><\/a><\/u><\/p>\n<p><a href=\"#top\">Retour en haut<\/a><a id=\"evenements\"><\/a><\/p>\n<table style=\"width: 100%; border-collapse: collapse; background-color: #a52a2a;\" border=\"0\">\n<tbody>\n<tr>\n<td style=\"width: 100%;\">\n<h3 style=\"text-align: center;\"><span style=\"color: #ffffff;\"><strong>\u00c9V\u00c9NEMENTS \u00c0 VENIR<\/strong><\/span><\/h3>\n<\/td>\n<\/tr>\n<\/tbody>\n<\/table>\n<h4><a href=\"https:\/\/www.youtube.com\/c\/LesProducteursdebovinsduQu%C3%A9bec\/streams\" target=\"_blank\" rel=\"noopener\"><img loading=\"lazy\" decoding=\"async\" class=\"aligncenter wp-image-25245 size-full\" src=\"https:\/\/bovin.qc.ca\/wp-content\/uploads\/2025\/02\/Visuel-AGA-2025-FR.png\" alt=\"\" width=\"815\" height=\"639\" srcset=\"https:\/\/bovin.qc.ca\/wp-content\/uploads\/2025\/02\/Visuel-AGA-2025-FR.png 815w, https:\/\/bovin.qc.ca\/wp-content\/uploads\/2025\/02\/Visuel-AGA-2025-FR-300x235.png 300w, https:\/\/bovin.qc.ca\/wp-content\/uploads\/2025\/02\/Visuel-AGA-2025-FR-163x128.png 163w\" sizes=\"auto, (max-width: 815px) 100vw, 815px\" \/><\/a><\/h4>\n<p>L\u2019assembl\u00e9e g\u00e9n\u00e9rale annuelle des producteurs de bovins du Qu\u00e9bec se tiendra les 25 et 26&nbsp;mars&nbsp;2025 \u00e0 l\u2019H\u00f4tel Le Concorde \u00e0 Qu\u00e9bec. Seuls les producteurs d\u00e9l\u00e9gu\u00e9s pr\u00e9sents sur place pourront voter s\u2019ils sont habilit\u00e9s \u00e0 le faire.<\/p>\n<p>Les producteurs qui ne sont pas d\u00e9l\u00e9gu\u00e9s par leur r\u00e9gion doivent confirmer leur pr\u00e9sence par courriel au <a href=\"mailto:pbq@upa.qc.ca\" target=\"_blank\" rel=\"noopener\">pbq@upa.qc.ca<\/a>.<\/p>\n<p>Cliquez sur le lien suivant pour consulter les documents&nbsp;: <a href=\"https:\/\/bovin.qc.ca\/assemblees\/2025-2\/\" target=\"_blank\" rel=\"noopener\">2025 &#8211; Bovins<\/a><\/p>\n<p><em>Source : PBQ<\/em><\/p>\n<p><a href=\"#top\">Retour en haut<\/a><a id=\"e2\"><\/a><\/p>\n<hr>\n<h4><strong>Webinaires sur les aliments pour animaux de ferme<\/strong>&nbsp;&nbsp;<\/h4>\n<p><img loading=\"lazy\" decoding=\"async\" class=\"alignright  wp-image-25455\" src=\"https:\/\/bovin.qc.ca\/wp-content\/uploads\/2025\/02\/aliments-pour-animaux-evenment-scaled.jpg\" alt=\"\" width=\"367\" height=\"206\" srcset=\"https:\/\/bovin.qc.ca\/wp-content\/uploads\/2025\/02\/aliments-pour-animaux-evenment-scaled.jpg 2560w, https:\/\/bovin.qc.ca\/wp-content\/uploads\/2025\/02\/aliments-pour-animaux-evenment-300x169.jpg 300w, https:\/\/bovin.qc.ca\/wp-content\/uploads\/2025\/02\/aliments-pour-animaux-evenment-228x128.jpg 228w, https:\/\/bovin.qc.ca\/wp-content\/uploads\/2025\/02\/aliments-pour-animaux-evenment-1536x863.jpg 1536w, https:\/\/bovin.qc.ca\/wp-content\/uploads\/2025\/02\/aliments-pour-animaux-evenment-2048x1151.jpg 2048w\" sizes=\"auto, (max-width: 367px) 100vw, 367px\" \/><\/p>\n<p>L\u2019Agence canadienne d\u2019inspection des aliments (ACIA) a mis \u00e0 jour la page <a href=\"https:\/\/inspection.canada.ca\/fr\/sante-animaux\/aliments-du-betail\/modernisation-du-reglement-aliments-du-bet\">Modernisation du r\u00e8glement sur les aliments du b\u00e9tail<\/a> afin d\u2019y inclure des renseignements sur l\u2019enregistrement de deux webinaires.<\/p>\n<p>Les parties int\u00e9ress\u00e9es sont encourag\u00e9es \u00e0 s\u2019inscrire \u00e0 ces webinaires pour en savoir plus sur le nouveau r\u00e8glement sur les aliments pour animaux, y compris les changements qui entreront en vigueur le 17 juin 2025.<\/p>\n<p><strong>L\u2019enregistrement et l\u2019\u00e9tiquetage des aliments pour animaux de ferme<\/strong><\/p>\n<p><strong>Session en fran\u00e7ais<\/strong><br \/>\nQuand : 11 mars 2025, de 11h30 \u00e0 13h30 (HAE)<br \/>\n<a href=\"https:\/\/events.teams.microsoft.com\/event\/21a97343-e0b8-4f4e-8b9d-89b09f371cbb@18b5a5ed-1d86-41d3-94a0-bc27dae32ab2\" target=\"_blank\" rel=\"noopener\">Inscrivez-vous ici<\/a><br \/>\n<strong>Session en anglais<\/strong><br \/>\nQuand : 4 mars 2025, de 11h30 \u00e0 13h30 (HAE)<br \/>\n<a href=\"https:\/\/events.teams.microsoft.com\/event\/8bb51a36-1c6a-4968-ba38-e33f9628a25b@18b5a5ed-1d86-41d3-94a0-bc27dae32ab2\" target=\"_blank\" rel=\"noopener\">Inscrivez-vous ici<\/a><\/p>\n<p><strong>Les plans de contr\u00f4le pr\u00e9ventif des aliments pour animaux de ferme<\/strong><\/p>\n<p><strong>Session en fran\u00e7ais<\/strong><br \/>\nQuand : 19 mars 2025, de 12h00 \u00e0 13h00 (HAE)<br \/>\n<a href=\"https:\/\/events.teams.microsoft.com\/event\/c90b77be-9c79-40d4-86f6-58fe4fe5f165@18b5a5ed-1d86-41d3-94a0-bc27dae32ab2\" target=\"_blank\" rel=\"noopener\">Inscrivez-vous ici<\/a><br \/>\n<strong>Session en anglais<\/strong><br \/>\nQuand : 18 mars 2025, de 12h00 \u00e0 13h00 (HAE)<br \/>\n<a href=\"https:\/\/events.teams.microsoft.com\/event\/5ff46b58-3f34-4a7d-b7e4-84ebe5f7d8d8@18b5a5ed-1d86-41d3-94a0-bc27dae32ab2\" target=\"_blank\" rel=\"noopener\">Inscrivez-vous ici<\/a><\/p>\n<p><em>Source : Gouvernement du Canada<\/em><\/p>\n<p><a href=\"#top\">Retour en haut<\/a><a id=\"e2\"><\/a><\/p>\n<table style=\"width: 100%; border-collapse: collapse; background-color: #a52a2a;\" border=\"0\">\n<tbody>\n<tr>\n<td style=\"width: 100%;\">\n<h3 style=\"text-align: center;\"><span style=\"color: #ffffff;\"><strong>ACTUALIT\u00c9S<a id=\"A1\"><\/a><\/strong><\/span><\/h3>\n<\/td>\n<\/tr>\n<\/tbody>\n<\/table>\n<h4><strong>Nouveau d\u00e9l\u00e9gu\u00e9 du Qu\u00e9bec au CCYC <\/strong><\/h4>\n<p style=\"text-align: right;\"><em><img loading=\"lazy\" decoding=\"async\" class=\"alignright wp-image-25416 \" src=\"https:\/\/bovin.qc.ca\/wp-content\/uploads\/2025\/02\/Delegue-CCYC-Patrick-Sullivan-recadre.jpeg\" alt=\"\" width=\"316\" height=\"233\" srcset=\"https:\/\/bovin.qc.ca\/wp-content\/uploads\/2025\/02\/Delegue-CCYC-Patrick-Sullivan-recadre.jpeg 1365w, https:\/\/bovin.qc.ca\/wp-content\/uploads\/2025\/02\/Delegue-CCYC-Patrick-Sullivan-recadre-300x222.jpeg 300w, https:\/\/bovin.qc.ca\/wp-content\/uploads\/2025\/02\/Delegue-CCYC-Patrick-Sullivan-recadre-173x128.jpeg 173w\" sizes=\"auto, (max-width: 316px) 100vw, 316px\" \/><\/em><\/p>\n<p style=\"text-align: left;\">Les PBQ sont fiers de nommer M.&nbsp;Patrick J. Sullivan pour repr\u00e9senter le Qu\u00e9bec au Canadian Cattle Youth Council (CCYC), le Conseil des jeunes \u00e9leveurs de l\u2019Association canadienne des bovins (ACB). M.&nbsp;Sullivan, d\u00e9sormais membre du conseil d\u2019administration des Producteurs de bovins Outaouais\u2011Laurentides, succ\u00e8de ainsi \u00e0 M.&nbsp;Sym\u00e9on Couture.<\/p>\n<p style=\"text-align: left;\">Le CCYC est un comit\u00e9 qui regroupe des passionn\u00e9s de production bovine \u00e2g\u00e9s de 18 \u00e0 40&nbsp;ans venant des quatre coins du Canada. Son objectif est de favoriser le d\u00e9veloppement du leadership chez les jeunes en production bovine en exposant ces d\u00e9l\u00e9gu\u00e9s \u00e0 l\u2019\u00e9laboration de politiques dans l\u2019industrie. Il leur offre la possibilit\u00e9 d\u2019acqu\u00e9rir de l\u2019exp\u00e9rience et de proposer de nouvelles id\u00e9es \u00e0 l\u2019ACB et \u00e0 l\u2019industrie canadienne. Le CCYC s\u2019efforce \u00e9galement d\u2019\u00eatre un canal de communication entre les organisations de l\u2019industrie et les jeunes producteurs.<\/p>\n<p style=\"text-align: left;\">\u00ab\u2009Je d\u00e9sire mettre \u00e0 contribution mon exp\u00e9rience de finaliste au programme de mentorat des Canadian Young Leaders, perfectionner ma compr\u00e9hension des enjeux de l\u2019industrie et faciliter les \u00e9changes d\u2019informations entre le Qu\u00e9bec et le reste du Canada\u2009\u00bb, a expliqu\u00e9 M. Sullivan.<\/p>\n<p><em>Source&nbsp;: PBQ<\/em><strong><em>&nbsp;<\/em><\/strong><\/p>\n<p><a href=\"#top\">Retour en haut<\/a><a id=\"A2\"><\/a><\/p>\n<hr>\n<h4>C\u2019est le moment de postuler au Programme de mentorat des jeunes leaders en production bovine<\/h4>\n<p><img loading=\"lazy\" decoding=\"async\" class=\"wp-image-25144 alignright\" src=\"https:\/\/bovin.qc.ca\/wp-content\/uploads\/2025\/02\/Programme-des-jeunes-leaders-en-production-bovine.jpg\" alt=\"\" width=\"291\" height=\"245\" srcset=\"https:\/\/bovin.qc.ca\/wp-content\/uploads\/2025\/02\/Programme-des-jeunes-leaders-en-production-bovine.jpg 734w, https:\/\/bovin.qc.ca\/wp-content\/uploads\/2025\/02\/Programme-des-jeunes-leaders-en-production-bovine-300x252.jpg 300w, https:\/\/bovin.qc.ca\/wp-content\/uploads\/2025\/02\/Programme-des-jeunes-leaders-en-production-bovine-152x128.jpg 152w\" sizes=\"auto, (max-width: 291px) 100vw, 291px\" \/><\/p>\n<p style=\"text-align: left;\">Profitez de mentorat et de possibilit\u00e9s de carri\u00e8re dans l\u2019industrie bovine canadienne gr\u00e2ce au Programme de mentorat des jeunes leaders en production bovine du Canadian Cattle Young Leaders (CYL), fili\u00e8re de l\u2019Association canadienne des bovins. L\u2019appel de candidatures pour le programme est officiellement lanc\u00e9 et se terminera <strong>le 31&nbsp;mars&nbsp;2025<\/strong>.<\/p>\n<p style=\"text-align: left;\">Chaque ann\u00e9e, ce programme accueille des Canadiens de 18 \u00e0 35 ans impliqu\u00e9s \u00e0 divers niveaux de la fili\u00e8re b\u0153uf, tels que des producteurs, des \u00e9tudiants, des v\u00e9t\u00e9rinaires et bien d\u2019autres. Le programme du CYL permet aux 16 participants s\u00e9lectionn\u00e9s d\u2019\u00eatre jumel\u00e9s \u00e0 un leader de l\u2019industrie pour un mentorat de neuf mois afin de les aider \u00e0 faire avancer leur carri\u00e8re dans l\u2019industrie du b\u0153uf. Ils re\u00e7oivent \u00e9galement un budget de 3\u2009000 $ \u00e0 utiliser pour la formation de leur choix. De plus, les participants ont acc\u00e8s \u00e0 de nombreuses formations visant l\u2019acquisition de comp\u00e9tences ainsi qu\u2019\u00e0 des possibilit\u00e9s de r\u00e9seautage.<\/p>\n<p><em><a href=\"https:\/\/canadiancattleyoungleaders.ca\/cyl_application_form.html\" target=\"_blank\" rel=\"noopener\"><img loading=\"lazy\" decoding=\"async\" class=\"alignnone wp-image-21224\" src=\"https:\/\/bovin.qc.ca\/wp-content\/uploads\/2024\/02\/Bouton-je-minscris-3.png\" alt=\"\" width=\"204\" height=\"53\" srcset=\"https:\/\/bovin.qc.ca\/wp-content\/uploads\/2024\/02\/Bouton-je-minscris-3.png 457w, https:\/\/bovin.qc.ca\/wp-content\/uploads\/2024\/02\/Bouton-je-minscris-3-300x78.png 300w\" sizes=\"auto, (max-width: 204px) 100vw, 204px\" \/><\/a><\/em><\/p>\n<p><em>Source : PBQ<\/em><\/p>\n<p><a href=\"#top\">Retour en haut<\/a><a id=\"A3\"><\/a><\/p>\n<hr>\n<h4><strong>Un documentaire sur le r\u00f4le des bovins pour la plan\u00e8te<\/strong><\/h4>\n<p><img loading=\"lazy\" decoding=\"async\" class=\"alignright wp-image-25146\" src=\"https:\/\/bovin.qc.ca\/wp-content\/uploads\/2025\/02\/Documentaire.jpg\" alt=\"\" width=\"291\" height=\"192\" srcset=\"https:\/\/bovin.qc.ca\/wp-content\/uploads\/2025\/02\/Documentaire.jpg 1087w, https:\/\/bovin.qc.ca\/wp-content\/uploads\/2025\/02\/Documentaire-300x198.jpg 300w, https:\/\/bovin.qc.ca\/wp-content\/uploads\/2025\/02\/Documentaire-194x128.jpg 194w\" sizes=\"auto, (max-width: 291px) 100vw, 291px\" \/><\/p>\n<p>Que se passerait-il si toutes les vaches disparaissaient?<\/p>\n<p>C\u2019est la question \u00e0 laquelle tente de r\u00e9pondre <em>World Without Cows<\/em>, un documentaire qui cherche \u00e0 comprendre l\u2019impact r\u00e9el des bovins et les cons\u00e9quences potentielles de la fin de la production bovine. Tourn\u00e9 dans neuf pays, ce long-m\u00e9trage vise \u00e0 \u00e9largir la conversation sur le r\u00f4le des bovins dans notre quotidien et pour le monde qui nous entoure en donnant la parole \u00e0 des producteurs, des chercheurs et plusieurs experts. Produit par Planet of Plenty, une initiative de l\u2019entreprise de nutrition animale Alltech, le documentaire est pr\u00e9sent\u00e9 dans divers festivals et projections priv\u00e9es.<\/p>\n<p>La bande-annonce (V.O. en anglais, sous-titres en fran\u00e7ais) est d\u00e9sormais disponible sur YouTube.<\/p>\n<p><em><a href=\"https:\/\/youtu.be\/TrlYXg-Iqqw\" target=\"_blank\" rel=\"noopener\"><img loading=\"lazy\" decoding=\"async\" class=\"alignleft wp-image-25361\" src=\"https:\/\/bovin.qc.ca\/wp-content\/uploads\/2025\/02\/Bouton-en-savoir-plus.png\" alt=\"\" width=\"204\" height=\"53\" srcset=\"https:\/\/bovin.qc.ca\/wp-content\/uploads\/2025\/02\/Bouton-en-savoir-plus.png 457w, https:\/\/bovin.qc.ca\/wp-content\/uploads\/2025\/02\/Bouton-en-savoir-plus-300x78.png 300w\" sizes=\"auto, (max-width: 204px) 100vw, 204px\" \/><\/a><\/em><\/p>\n<p>&nbsp;<\/p>\n<p>&nbsp;<\/p>\n<p><em>Source : PBQ<\/em><\/p>\n<p><a href=\"#top\">Retour en haut<\/a><a id=\"A4\"><\/a><\/p>\n<hr>\n<h4><img loading=\"lazy\" decoding=\"async\" class=\"wp-image-25148 aligncenter\" src=\"https:\/\/bovin.qc.ca\/wp-content\/uploads\/2025\/02\/logo-canada-taux-inclusion.png\" alt=\"\" width=\"429\" height=\"40\" srcset=\"https:\/\/bovin.qc.ca\/wp-content\/uploads\/2025\/02\/logo-canada-taux-inclusion.png 3413w, https:\/\/bovin.qc.ca\/wp-content\/uploads\/2025\/02\/logo-canada-taux-inclusion-300x28.png 300w, https:\/\/bovin.qc.ca\/wp-content\/uploads\/2025\/02\/logo-canada-taux-inclusion-960x89.png 960w, https:\/\/bovin.qc.ca\/wp-content\/uploads\/2025\/02\/logo-canada-taux-inclusion-1536x143.png 1536w, https:\/\/bovin.qc.ca\/wp-content\/uploads\/2025\/02\/logo-canada-taux-inclusion-2048x190.png 2048w\" sizes=\"auto, (max-width: 429px) 100vw, 429px\" \/><\/h4>\n<h4>Report du changement au taux d\u2019inclusion des gains en capital<\/h4>\n<p>Le 31&nbsp;janvier, le gouvernement f\u00e9d\u00e9ral a annonc\u00e9 le report de la date \u00e0 laquelle le taux d\u2019inclusion des gains en capital passerait de 50&nbsp;% \u00e0 66 2\/3&nbsp;%. La mise en \u0153uvre de ce changement aura donc lieu le 1<sup>er<\/sup>&nbsp;janvier&nbsp;2026 et non le 25&nbsp;juin&nbsp;2024. Le taux d\u2019inclusion des gains en capital repr\u00e9sente la portion des gains en capital qui est imposable et demeure, pour le moment, \u00e0 50&nbsp;%.<\/p>\n<p>L\u2019exon\u00e9ration cumulative des gains en capital pour la vente de biens agricoles, d\u2019actions de soci\u00e9t\u00e9s par actions agricoles et de participations dans une soci\u00e9t\u00e9 de personnes (SENC) a cependant \u00e9t\u00e9 augment\u00e9e \u00e0 1,25&nbsp;M$ depuis le 25&nbsp;juin&nbsp;2024.<\/p>\n<p>L\u2019incitatif aux entrepreneurs canadiens sera en place \u00e0 compter de 2025, comme pr\u00e9vu, et permettra un taux d\u2019inclusion de 33 1\/3&nbsp;% sur une tranche de 400\u2009000&nbsp;$ de gains en capital (pour la disposition de biens agricoles admissibles). Cet incitatif augmentera de 400\u2009000&nbsp;$ par ann\u00e9e pour atteindre 2&nbsp;M$ en 2029. Il s\u2019appliquera lorsque l\u2019exon\u00e9ration cumulative pour gains en capital aura \u00e9t\u00e9 enti\u00e8rement utilis\u00e9e par un particulier.<\/p>\n<p>Par ailleurs, <a href=\"https:\/\/cdn-contenu.quebec.ca\/cdn-contenu\/adm\/min\/finances\/publications-adm\/Bulletins\/FR\/BULFR_2025-1.pdf\" target=\"_blank\" rel=\"noopener\">le gouvernement du Qu\u00e9bec a annonc\u00e9<\/a> qu\u2019il ajustera le r\u00e9gime fiscal qu\u00e9b\u00e9cois en fonction des nouvelles mesures f\u00e9d\u00e9rales touchant l\u2019imposition des gains en capital, l\u2019exon\u00e9ration cumulative des gains en capital et l\u2019incitatif aux entrepreneurs canadiens.<\/p>\n<p><em>Source : Gouvernement du Canada, SCF Conseils, Minist\u00e8re des Finances du Qu\u00e9bec<\/em><\/p>\n<p><a href=\"#top\">Retour en haut<\/a><a id=\"A5\"><\/a><\/p>\n<hr>\n<h4>Nouvelle \u00e9dition du cahier <em>Bovins du Qu\u00e9bec<\/em> disponible!<\/h4>\n<table style=\"border-collapse: collapse; width: 100%;\">\n<tbody>\n<tr>\n<td style=\"width: 32.6489%; text-align: left; vertical-align: top;\">\n<a href=\"https:\/\/publications.laterre.ca\/cahiers-speciaux\/cahiers-speciaux\/2025-01-15\" target=\"_blank\" rel=\"noopener\"><img loading=\"lazy\" decoding=\"async\" class=\"alignleft wp-image-25152\" src=\"https:\/\/bovin.qc.ca\/wp-content\/uploads\/2025\/02\/Bovins-du-Quebec-fevrier-2025.jpg\" alt=\"\" width=\"378\" height=\"500\"><\/a><\/td>\n<td style=\"width: 44.9818%; vertical-align: top;\">\n<ul style=\"list-style-type: circle;\">\n<li>\n<h4>Au menu&nbsp;:<\/h4>\n<ul>\n<li>Besoins en eau des bovins: un enjeu sous-estim\u00e9<\/li>\n<\/ul>\n<ul>\n<li>La caract\u00e9risation pour optimiser la gestion des mati\u00e8res fertilisantes<\/li>\n<li>Coup d&#8217;\u0153il sur la nouvelle strat\u00e9gie en bios\u00e9curit\u00e9 de la fili\u00e8re bovine<\/li>\n<li>Le pouvoir cach\u00e9 de la vitamine A sur le persillage<\/li>\n<\/ul>\n<\/li>\n<\/ul>\n<\/td>\n<td style=\"width: 24.0859%; vertical-align: middle;\">&nbsp;<\/td>\n<\/tr>\n<\/tbody>\n<\/table>\n<p><em><a href=\"https:\/\/publications.laterre.ca\/reader\/e0facc9c-c1fc-4f26-b132-1176dbd5ed3c?origin=%2Fcahiers-speciaux%2Fcahiers-speciaux%2F2025-01-29&amp;fbclid=IwY2xjawIN9uJleHRuA2FlbQIxMAABHcznGVt95dCAULY95Z8cA7YJQ4KN0vo3Z0sfobKd9vLwW8jJB_xozuqFVg_aem_dsrMG1rtEyxYEOf78Ou7vQ\" target=\"_blank\" rel=\"noopener\"><strong>Cliquez ici pour consulter le cahier<\/strong><\/a><\/em><\/p>\n<p><em>Source : PBQ<\/em><\/p>\n<p><a href=\"#top\">Retour en haut<\/a><a id=\"A6\"><\/a><\/p>\n<hr>\n<h4><img loading=\"lazy\" decoding=\"async\" class=\"alignright wp-image-25169 size-medium\" src=\"https:\/\/bovin.qc.ca\/wp-content\/uploads\/2025\/02\/Actu-prevention-300x278.png\" alt=\"\" width=\"300\" height=\"278\" srcset=\"https:\/\/bovin.qc.ca\/wp-content\/uploads\/2025\/02\/Actu-prevention-300x278.png 300w, https:\/\/bovin.qc.ca\/wp-content\/uploads\/2025\/02\/Actu-prevention-138x128.png 138w, https:\/\/bovin.qc.ca\/wp-content\/uploads\/2025\/02\/Actu-prevention.png 691w\" sizes=\"auto, (max-width: 300px) 100vw, 300px\" \/>La pr\u00e9vention, toujours d&#8217;actualit\u00e9!<\/h4>\n<p>On ne le r\u00e9p\u00e9tera jamais assez : la pr\u00e9vention des accidents \u00e0 la ferme est primordiale. C\u2019est pourquoi le minist\u00e8re de l\u2019Agriculture, des P\u00eacheries et de l\u2019Alimentation du Qu\u00e9bec, en collaboration avec la Soci\u00e9t\u00e9 d\u2019agriculture du comt\u00e9 de L\u2019Islet, l\u2019Union des producteurs agricoles et plusieurs autres partenaires, a lanc\u00e9 une s\u00e9rie de 19 vid\u00e9os sur la pr\u00e9vention en milieu agricole. Ces capsules, dans lesquelles des producteurs de bovins t\u00e9moignent, offrent de pr\u00e9cieux conseils sur la s\u00e9curit\u00e9 et les bonnes pratiques pour la manipulation des animaux. Vous trouverez ci-dessous le lien vers ces vid\u00e9os :<\/p>\n<p><a href=\"https:\/\/youtube.com\/playlist?list=PL-1kaadKEWwJfFTVHcqZa-ztbDF9yjNsX\" target=\"_blank\" rel=\"noopener\"><em>Des pr\u00e9cieux conseils sur la s\u00e9curit\u00e9 et les bonnes pratiques pour la manipulation des animaux<\/em><\/a><\/p>\n<p><em>Source: PBQ<\/em><\/p>\n<p><a href=\"#top\">Retour en haut<\/a><a id=\"A7\"><\/a><\/p>\n<hr>\n<h4>Un outil pour \u00e9valuer les r\u00e9sultats des tests sur les aliments pour animaux<\/h4>\n<p><img loading=\"lazy\" decoding=\"async\" class=\"alignright size-full wp-image-25546\" src=\"https:\/\/bovin.qc.ca\/wp-content\/uploads\/2025\/02\/image-A7.png\" alt=\"\" width=\"282\" height=\"275\" srcset=\"https:\/\/bovin.qc.ca\/wp-content\/uploads\/2025\/02\/image-A7.png 282w, https:\/\/bovin.qc.ca\/wp-content\/uploads\/2025\/02\/image-A7-131x128.png 131w\" sizes=\"auto, (max-width: 282px) 100vw, 282px\" \/>Lorsque l\u2019on ne conna\u00eet pas la qualit\u00e9 des aliments pour animaux d\u2019une exploitation, le maintien de la sant\u00e9 et du bien-\u00eatre des animaux peut s\u2019av\u00e9rer beaucoup plus difficile. L\u2019\u00e9valuation visuelle des aliments pour animaux n\u2019est pas suffisamment pr\u00e9cise pour d\u00e9terminer la qualit\u00e9 et peut conduire \u00e0 une sous- alimentation des vaches et \u00e0 une perte d\u2019\u00e9tat corporel, ou \u00e0 un gaspillage d\u2019argent pour des suppl\u00e9ments co\u00fbteux qui ne sont pas n\u00e9cessaires.<\/p>\n<p>Cet outil, d\u00e9velopp\u00e9 par le Beef Cattle Research Council, \u00e9value la capacit\u00e9 d\u2019un aliment particulier \u00e0 r\u00e9pondre aux besoins nutritionnels de base de diff\u00e9rentes cat\u00e9gories de bovins \u00e0 diff\u00e9rents stades de production dans des circonstances normales. Il n\u2019est pas con\u00e7u pour \u00eatre utilis\u00e9 dans l\u2019\u00e9quilibrage des rations, mais plut\u00f4t pour vous alerter sur les probl\u00e8mes potentiels li\u00e9s aux ingr\u00e9dients individuels des aliments.&nbsp;<\/p>\n<p><em> <a href=\"https:\/\/www.beefresearch.ca\/fr\/tools\/feed-testing-analysis-for-beef-cattle\/\" target=\"_blank\" rel=\"noopener\"><img loading=\"lazy\" decoding=\"async\" class=\"alignleft wp-image-25361\" src=\"https:\/\/bovin.qc.ca\/wp-content\/uploads\/2025\/02\/Bouton-en-savoir-plus.png\" alt=\"\" width=\"204\" height=\"53\" srcset=\"https:\/\/bovin.qc.ca\/wp-content\/uploads\/2025\/02\/Bouton-en-savoir-plus.png 457w, https:\/\/bovin.qc.ca\/wp-content\/uploads\/2025\/02\/Bouton-en-savoir-plus-300x78.png 300w\" sizes=\"auto, (max-width: 204px) 100vw, 204px\" \/><\/a><\/em><\/p>\n<p>&nbsp;<\/p>\n<p>&nbsp;<\/p>\n<p><em>Source&nbsp;: PBQ<\/em><\/p>\n<p><a href=\"#top\">Retour en haut<\/a><a id=\"A8\"><\/a><\/p>\n<hr>\n<p><img loading=\"lazy\" decoding=\"async\" class=\"wp-image-25399 aligncenter\" src=\"https:\/\/bovin.qc.ca\/wp-content\/uploads\/2025\/02\/Attestra.png\" alt=\"\" width=\"432\" height=\"51\" srcset=\"https:\/\/bovin.qc.ca\/wp-content\/uploads\/2025\/02\/Attestra.png 500w, https:\/\/bovin.qc.ca\/wp-content\/uploads\/2025\/02\/Attestra-300x35.png 300w\" sizes=\"auto, (max-width: 432px) 100vw, 432px\" \/><\/p>\n<h4>Augmentation des frais de poste pour les commandes d\u2019identifiants en inventaire&nbsp;<\/h4>\n<p>Attestra informe les producteurs de bovins, d\u2019ovins et de cervid\u00e9s que les frais d\u2019envoi pour les commandes en inventaire sont r\u00e9vis\u00e9s \u00e0 la hausse, en raison d\u2019une augmentation des tarifs postaux par Postes Canada.<\/p>\n<p><strong>\u00c0 partir du lundi 24 f\u00e9vrier 2025<\/strong>, les frais d\u2019envoi pour les commandes en inventaire (identifiants en r\u00e9serve dans nos bureaux \u00e0 Longueuil) passeront de 25,00 $ \u00e0 28,76 $. Ce tarif comprend les frais d\u2019administration et les frais postaux.<\/p>\n<p>Attestra souhaite rappeler aux producteurs et aux intervenants de l\u2019industrie que les commandes de boucles et accessoires peuvent \u00eatre effectu\u00e9es en ligne \u00e0 tout moment par le biais de SimpliTRACE ou par t\u00e9l\u00e9phone en communiquant avec le Service \u00e0 la client\u00e8le pendant les heures d\u2019ouverture au 1 866 270-4319.<\/p>\n<p><a href=\"https:\/\/bovin.qc.ca\/wp-content\/uploads\/2025\/02\/2025-02-21-Attestra_communique_frais-Postes-CA.pdf\" target=\"_blank\" rel=\"noopener\">T\u00e9l\u00e9charger le communiqu\u00e9<\/a><\/p>\n<p><em>So<\/em><em>urce : Attestra&nbsp;<\/em><\/p>\n<p><a href=\"#top\">Retour en haut<\/a><a id=\"A10\"><\/a><\/p>\n<hr>\n<h4>Sant\u00e9 du cheptel bovin qu\u00e9b\u00e9cois &#8211; Rapport trimestriel du r\u00e9seau bovin<\/h4>\n<h4><img loading=\"lazy\" decoding=\"async\" class=\" wp-image-25488 alignleft\" src=\"https:\/\/bovin.qc.ca\/wp-content\/uploads\/2025\/02\/Rapport.jpg\" alt=\"\" width=\"387\" height=\"251\" srcset=\"https:\/\/bovin.qc.ca\/wp-content\/uploads\/2025\/02\/Rapport.jpg 684w, https:\/\/bovin.qc.ca\/wp-content\/uploads\/2025\/02\/Rapport-300x195.jpg 300w, https:\/\/bovin.qc.ca\/wp-content\/uploads\/2025\/02\/Rapport-197x128.jpg 197w\" sizes=\"auto, (max-width: 387px) 100vw, 387px\" \/><\/h4>\n<p>Ce trimestre, les faits saillants en sant\u00e9 bovine sont les suivants&nbsp;: le nombre de troupeaux de vaches laiti\u00e8res infect\u00e9s par la grippe aviaire bovine continue d\u2019augmenter aux \u00c9tats-Unis, une hausse des cas de diarrh\u00e9e des veaux et du complexe respiratoire a \u00e9t\u00e9 rapport\u00e9e, et les infections \u00e0 <em>Salmonella<\/em> restent fr\u00e9quentes. <a href=\"https:\/\/bovin.qc.ca\/wp-content\/uploads\/2024\/02\/Rapport_trimestriel_producteur_reseau_bovin_oct_dec_2023_final.pdf\" target=\"_blank\" rel=\"noopener\">Pour plus de d\u00e9tails, consultez le rapport disponible ici<\/a>.<\/p>\n<p>Le r\u00e9seau bovin assure une surveillance continue de la sant\u00e9 du cheptel bovin qu\u00e9b\u00e9cois en collectant des donn\u00e9es et en favorisant la d\u00e9tection rapide des probl\u00e8mes de sant\u00e9. Chaque trimestre, le r\u00e9seau publie un rapport pour les producteurs et les intervenants r\u00e9sumant les principales maladies d\u00e9tect\u00e9es ainsi que leur pr\u00e9valence dans le cheptel bovin qu\u00e9b\u00e9cois.<\/p>\n<p>&nbsp;<\/p>\n<p>&nbsp;<\/p>\n<p>Source&nbsp;: PBQ<\/p>\n<p><a href=\"#top\">Retour en haut<\/a><a id=\"A11\"><\/a><\/p>\n<hr>\n<h4><strong>Programme d&#8217;emploi et de comp\u00e9tences des jeunes<\/strong><\/h4>\n<h4><img loading=\"lazy\" decoding=\"async\" class=\"alignright wp-image-25501 \" src=\"https:\/\/bovin.qc.ca\/wp-content\/uploads\/2025\/02\/programme-emplois.jpg\" alt=\"\" width=\"342\" height=\"285\" srcset=\"https:\/\/bovin.qc.ca\/wp-content\/uploads\/2025\/02\/programme-emplois.jpg 1200w, https:\/\/bovin.qc.ca\/wp-content\/uploads\/2025\/02\/programme-emplois-300x250.jpg 300w, https:\/\/bovin.qc.ca\/wp-content\/uploads\/2025\/02\/programme-emplois-154x128.jpg 154w\" sizes=\"auto, (max-width: 342px) 100vw, 342px\" \/><\/h4>\n<p><strong>La p\u00e9riode de r\u00e9ception des demandes est prolong\u00e9e jusqu\u2019au 3 mars 2025.<\/strong><\/p>\n<p>Dans le cadre de ce programme, Agriculture et Agroalimentaire Canada (AAC) versera approximativement 13,5 millions de dollars aux projets qui emploient des jeunes et des jeunes confront\u00e9s \u00e0 des obstacles \u00e0 l&#8217;emploi. Chaque projet pourra recevoir jusqu&#8217;\u00e0 14 000 $ en fonds de contrepartie pour embaucher un employ\u00e9.<\/p>\n<p>&nbsp;<\/p>\n<p><a href=\"https:\/\/agriculture.canada.ca\/fr\/programmes\/emploi-competences-jeunes?fbclid=IwY2xjawIsWnJleHRuA2FlbQIxMAABHbtZpq9LSqgSLLpCI5m_6RSitfqHDNXnvUMtC_fe4WT4YL9jiSSys4Cz3Q_aem_ApuwcoC74HcUXdt_SqLpmw\" target=\"_blank\" rel=\"noopener\"><img loading=\"lazy\" decoding=\"async\" class=\"alignleft wp-image-25361\" src=\"https:\/\/bovin.qc.ca\/wp-content\/uploads\/2025\/02\/Bouton-en-savoir-plus.png\" alt=\"\" width=\"204\" height=\"53\" srcset=\"https:\/\/bovin.qc.ca\/wp-content\/uploads\/2025\/02\/Bouton-en-savoir-plus.png 457w, https:\/\/bovin.qc.ca\/wp-content\/uploads\/2025\/02\/Bouton-en-savoir-plus-300x78.png 300w\" sizes=\"auto, (max-width: 204px) 100vw, 204px\" \/><\/a><\/p>\n<p>&nbsp;<\/p>\n<p>&nbsp;<\/p>\n<p>Source :<em>&nbsp;AAC<\/em><\/p>\n<p><a href=\"#top\">Retour en haut<\/a><a id=\"BR1\"><\/a><\/p>\n<table style=\"width: 100%; border-collapse: collapse; background-color: #a52a2a;\" border=\"0\">\n<tbody>\n<tr>\n<td style=\"width: 100%;\">\n<h3 style=\"text-align: center;\"><span style=\"color: #ffffff;\">BOVIN DE R\u00c9FORME ET VEAU LAITIER<\/span><\/h3>\n<\/td>\n<\/tr>\n<\/tbody>\n<\/table>\n<h4>\u00c0 mettre \u00e0 votre agenda<\/h4>\n<p>&nbsp;<\/p>\n<p><img loading=\"lazy\" decoding=\"async\" class=\"wp-image-25437  aligncenter\" src=\"https:\/\/bovin.qc.ca\/wp-content\/uploads\/2025\/02\/journee-naisseur-finisseur-2.png\" alt=\"\" width=\"582\" height=\"582\" srcset=\"https:\/\/bovin.qc.ca\/wp-content\/uploads\/2025\/02\/journee-naisseur-finisseur-2.png 1654w, https:\/\/bovin.qc.ca\/wp-content\/uploads\/2025\/02\/journee-naisseur-finisseur-2-300x300.png 300w, https:\/\/bovin.qc.ca\/wp-content\/uploads\/2025\/02\/journee-naisseur-finisseur-2-128x128.png 128w, https:\/\/bovin.qc.ca\/wp-content\/uploads\/2025\/02\/journee-naisseur-finisseur-2-150x150.png 150w, https:\/\/bovin.qc.ca\/wp-content\/uploads\/2025\/02\/journee-naisseur-finisseur-2-1536x1536.png 1536w, https:\/\/bovin.qc.ca\/wp-content\/uploads\/2025\/02\/journee-naisseur-finisseur-2-75x75.png 75w\" sizes=\"auto, (max-width: 582px) 100vw, 582px\" \/><\/p>\n<p>&nbsp;<\/p>\n<p><a href=\"https:\/\/lepointdevente.com\/billets\/3e9250407001\" target=\"_blank\" rel=\"noopener\"><img loading=\"lazy\" decoding=\"async\" class=\"alignleft wp-image-25352\" src=\"https:\/\/bovin.qc.ca\/wp-content\/uploads\/2025\/02\/Bouton-je-minscris.png\" alt=\"\" width=\"204\" height=\"53\" srcset=\"https:\/\/bovin.qc.ca\/wp-content\/uploads\/2025\/02\/Bouton-je-minscris.png 457w, https:\/\/bovin.qc.ca\/wp-content\/uploads\/2025\/02\/Bouton-je-minscris-300x78.png 300w\" sizes=\"auto, (max-width: 204px) 100vw, 204px\" \/><\/a><\/p>\n<p>&nbsp;<\/p>\n<p>&nbsp;<\/p>\n<p><em>Source&nbsp;: PBQ<\/em><\/p>\n<p><a href=\"#top\">Retour en haut<\/a><a id=\"vgvl\"><\/a><\/p>\n<table style=\"width: 100%; border-collapse: collapse; background-color: #a52a2a;\" border=\"0\">\n<tbody>\n<tr>\n<td style=\"width: 100%;\">\n<h3 style=\"text-align: center;\"><span style=\"color: #ffffff;\">VEAU DE GRAIN ET VEAU DE LAIT<\/span><\/h3>\n<\/td>\n<\/tr>\n<\/tbody>\n<\/table>\n<p>&nbsp;<\/p>\n<p><img loading=\"lazy\" decoding=\"async\" class=\"aligncenter wp-image-25154\" src=\"https:\/\/bovin.qc.ca\/wp-content\/uploads\/2025\/02\/2025-01-10.png\" alt=\"\" width=\"624\" height=\"468\" srcset=\"https:\/\/bovin.qc.ca\/wp-content\/uploads\/2025\/02\/2025-01-10.png 1024w, https:\/\/bovin.qc.ca\/wp-content\/uploads\/2025\/02\/2025-01-10-300x225.png 300w, https:\/\/bovin.qc.ca\/wp-content\/uploads\/2025\/02\/2025-01-10-171x128.png 171w\" sizes=\"auto, (max-width: 624px) 100vw, 624px\" \/><\/p>\n<p>&nbsp;<\/p>\n<p><strong>Voici les points cl\u00e9s \u00e0 retenir pour l\u2019\u00e9talonnage des balances pour veaux et m\u00e9dicaments&nbsp;:<\/strong><\/p>\n<ul>\n<li>L&#8217;\u00e9talonnage r\u00e9gulier est essentiel pour garantir la pr\u00e9cision des pes\u00e9es;<\/li>\n<li>Documentez chaque \u00e9talonnage <a href=\"https:\/\/bovin.qc.ca\/wp-content\/uploads\/2023\/08\/Registre-08-Balances.pdf\" target=\"_blank\" rel=\"noopener\">dans un registre<\/a>;<\/li>\n<li>Pr\u00e9voyez un calendrier d&#8217;\u00e9talonnage r\u00e9gulier (au minimum une fois par ann\u00e9e).<\/li>\n<\/ul>\n<p>Pour plus de d\u00e9tails, consultez le protocole complet&nbsp;: <a href=\"https:\/\/bovin.qc.ca\/wp-content\/uploads\/2023\/08\/Revision-manuel_Version-finale.pdf\" target=\"_blank\" rel=\"noopener\">https:\/\/bovin.qc.ca\/wp-content\/uploads\/2023\/08\/Revision-manuel_Version-finale.pdf<\/a>.<\/p>\n<p><em>Source&nbsp;: PBQ<\/em><\/p>\n<p><a href=\"#top\">Retour en haut<\/a><a id=\"vgvl2\"><\/a><\/p>\n<hr>\n<h4><strong><img loading=\"lazy\" decoding=\"async\" class=\"aligncenter wp-image-20859 size-full\" src=\"https:\/\/bovin.qc.ca\/wp-content\/uploads\/2024\/01\/Veau-de-grain-certifie-Promotion_Plan-de-travail-1-1.png\" alt=\"\" width=\"815\" height=\"202\" srcset=\"https:\/\/bovin.qc.ca\/wp-content\/uploads\/2024\/01\/Veau-de-grain-certifie-Promotion_Plan-de-travail-1-1.png 815w, https:\/\/bovin.qc.ca\/wp-content\/uploads\/2024\/01\/Veau-de-grain-certifie-Promotion_Plan-de-travail-1-1-300x74.png 300w, https:\/\/bovin.qc.ca\/wp-content\/uploads\/2024\/01\/Veau-de-grain-certifie-Promotion_Plan-de-travail-1-1-516x128.png 516w\" sizes=\"auto, (max-width: 815px) 100vw, 815px\" \/><\/strong><\/h4>\n<h4><strong><img loading=\"lazy\" decoding=\"async\" class=\"wp-image-25305 alignright\" src=\"https:\/\/bovin.qc.ca\/wp-content\/uploads\/2025\/02\/Image-concours.jpg\" alt=\"\" width=\"206\" height=\"206\" srcset=\"https:\/\/bovin.qc.ca\/wp-content\/uploads\/2025\/02\/Image-concours.jpg 720w, https:\/\/bovin.qc.ca\/wp-content\/uploads\/2025\/02\/Image-concours-300x300.jpg 300w, https:\/\/bovin.qc.ca\/wp-content\/uploads\/2025\/02\/Image-concours-128x128.jpg 128w, https:\/\/bovin.qc.ca\/wp-content\/uploads\/2025\/02\/Image-concours-150x150.jpg 150w, https:\/\/bovin.qc.ca\/wp-content\/uploads\/2025\/02\/Image-concours-75x75.jpg 75w\" sizes=\"auto, (max-width: 206px) 100vw, 206px\" \/><\/strong><\/h4>\n<h4><strong>Concours de la Saint-Valentin sur la page Facebook<\/strong><\/h4>\n<p style=\"text-align: justify;\">En partenariat avec Famille Fontaine, un concours a eu lieu du 2 au 10 f\u00e9vrier sur la page Facebook Veau du Qu\u00e9bec. Le prix offert \u00e9tait une cocotte Le Creuset, un livret de recettes de veau de grain, un tablier et des mitaines de four en silicone Veau de grain du Qu\u00e9bec ainsi que des produits de veau de grain Famille Fontaine (filet mignon, osso buco et cubes \u00e0 rago\u00fbt). Pr\u00e8s de 1 600 personnes ont particip\u00e9 au concours.<\/p>\n<p>&nbsp;<\/p>\n<p><em>Source&nbsp;: PBQ<\/em><\/p>\n<p><a href=\"#top\">Retour en haut<\/a><a id=\"vgvl3\"><\/a><\/p>\n<hr>\n<h4><strong>Campagne d&#8217;influence pour les festivit\u00e9s du ramadan<\/strong><\/h4>\n<h4><strong><img loading=\"lazy\" decoding=\"async\" class=\"alignright wp-image-25443 \" src=\"https:\/\/bovin.qc.ca\/wp-content\/uploads\/2025\/02\/Ramadan-Veal-Tajine-with-Green-Peas-and-Artichoke-Hearts-S.jpg\" alt=\"\" width=\"291\" height=\"291\" srcset=\"https:\/\/bovin.qc.ca\/wp-content\/uploads\/2025\/02\/Ramadan-Veal-Tajine-with-Green-Peas-and-Artichoke-Hearts-S.jpg 1200w, https:\/\/bovin.qc.ca\/wp-content\/uploads\/2025\/02\/Ramadan-Veal-Tajine-with-Green-Peas-and-Artichoke-Hearts-S-300x300.jpg 300w, https:\/\/bovin.qc.ca\/wp-content\/uploads\/2025\/02\/Ramadan-Veal-Tajine-with-Green-Peas-and-Artichoke-Hearts-S-128x128.jpg 128w, https:\/\/bovin.qc.ca\/wp-content\/uploads\/2025\/02\/Ramadan-Veal-Tajine-with-Green-Peas-and-Artichoke-Hearts-S-150x150.jpg 150w, https:\/\/bovin.qc.ca\/wp-content\/uploads\/2025\/02\/Ramadan-Veal-Tajine-with-Green-Peas-and-Artichoke-Hearts-S-75x75.jpg 75w\" sizes=\"auto, (max-width: 291px) 100vw, 291px\" \/><\/strong><\/h4>\n<p>Durant le mois de mars, une campagne d\u2019influence impliquant des macro-influenceurs aura lieu dans trois boucheries halal de Montr\u00e9al et ses environs afin d\u2019augmenter les ventes de veau de grain pour les festivit\u00e9s du ramadan. Les influenceurs diffuseront des vid\u00e9os dans lesquelles nous les voyons acheter du veau de grain dans une boucherie de leur quartier puis pr\u00e9parer une recette. Ces vid\u00e9os seront mises de l\u2019avant sur la page Instagram du Veau du Qu\u00e9bec.<\/p>\n<p>Pour appuyer cette initiative, des annonces publicitaires cibl\u00e9es sont diffus\u00e9es depuis la mi-f\u00e9vrier sur le Web sous forme de Google Ads en fonction de mots-cl\u00e9s en rapport avec le halal.<\/p>\n<p>&nbsp;<\/p>\n<p>&nbsp;<\/p>\n<p>Source: PBQ<\/p>\n<p><a href=\"#top\">Retour en haut<\/a><a id=\"ve\"><\/a><\/p>\n<hr>\n<h4>&nbsp;<\/h4>\n<table style=\"width: 100%; border-collapse: collapse; background-color: #a52a2a;\" border=\"0\">\n<tbody>\n<tr>\n<td style=\"width: 100%;\">\n<h3 style=\"text-align: center;\"><span style=\"color: #ffffff;\">VEAU D&#8217;EMBOUCHE<\/span><\/h3>\n<\/td>\n<\/tr>\n<\/tbody>\n<\/table>\n<p><img loading=\"lazy\" decoding=\"async\" class=\"wp-image-25253 aligncenter\" src=\"https:\/\/bovin.qc.ca\/wp-content\/uploads\/2025\/02\/encheres-electronique-1-scaled.jpg\" alt=\"\" width=\"731\" height=\"439\" srcset=\"https:\/\/bovin.qc.ca\/wp-content\/uploads\/2025\/02\/encheres-electronique-1-scaled.jpg 2560w, https:\/\/bovin.qc.ca\/wp-content\/uploads\/2025\/02\/encheres-electronique-1-300x180.jpg 300w, https:\/\/bovin.qc.ca\/wp-content\/uploads\/2025\/02\/encheres-electronique-1-213x128.jpg 213w, https:\/\/bovin.qc.ca\/wp-content\/uploads\/2025\/02\/encheres-electronique-1-1536x923.jpg 1536w, https:\/\/bovin.qc.ca\/wp-content\/uploads\/2025\/02\/encheres-electronique-1-2048x1231.jpg 2048w\" sizes=\"auto, (max-width: 731px) 100vw, 731px\" \/><\/p>\n<h4><strong>Ench\u00e8re \u00e9lectronique<\/strong><\/h4>\n<p>Lors de l\u2019ench\u00e8re \u00e9lectronique du 11 f\u00e9vrier 2025, 390 veaux d\u2019embouche provenant de 12 producteurs ont \u00e9t\u00e9 vendus \u00e0 cinq acheteurs. Au total, 10 acheteurs de tout le pays \u00e9taient inscrits sur la plateforme d\u2019ench\u00e8re. Voici les r\u00e9sultats de la vente :<\/p>\n<p><img loading=\"lazy\" decoding=\"async\" class=\"aligncenter wp-image-25543\" src=\"https:\/\/bovin.qc.ca\/wp-content\/uploads\/2025\/02\/enchere-electroniques-2.png\" alt=\"\" width=\"400\" height=\"423\" srcset=\"https:\/\/bovin.qc.ca\/wp-content\/uploads\/2025\/02\/enchere-electroniques-2.png 632w, https:\/\/bovin.qc.ca\/wp-content\/uploads\/2025\/02\/enchere-electroniques-2-283x300.png 283w, https:\/\/bovin.qc.ca\/wp-content\/uploads\/2025\/02\/enchere-electroniques-2-121x128.png 121w\" sizes=\"auto, (max-width: 400px) 100vw, 400px\" \/><\/p>\n<p>La prochaine vente par ench\u00e8re \u00e9lectronique aura lieu le 4 mars. Les producteurs souhaitant inscrire des veaux ont jusqu\u2019au 28 f\u00e9vrier pour le faire. Toutes les informations n\u00e9cessaires (conditions de vente et d\u2019achat, formulaire d\u2019inscription, acc\u00e8s \u00e0 plateforme d\u2019ench\u00e8re, etc.) se trouvent <a href=\"https:\/\/bovin.qc.ca\/la-production\/veau-dembouche\/encheres-electroniques\/\" target=\"_blank\" rel=\"noopener\">ICI<\/a>.<\/p>\n<p><em>Source : PBQ<\/em><\/p>\n<p><a href=\"#top\">Retour en haut<\/a><a id=\"ve2\"><\/a><\/p>\n<hr>\n<h4>\u00c0 mettre \u00e0 votre agenda<\/h4>\n<p><img loading=\"lazy\" decoding=\"async\" class=\"wp-image-25432  aligncenter\" src=\"https:\/\/bovin.qc.ca\/wp-content\/uploads\/2025\/02\/qualite-carcasse-3.png\" alt=\"\" width=\"699\" height=\"699\" srcset=\"https:\/\/bovin.qc.ca\/wp-content\/uploads\/2025\/02\/qualite-carcasse-3.png 1654w, https:\/\/bovin.qc.ca\/wp-content\/uploads\/2025\/02\/qualite-carcasse-3-300x300.png 300w, https:\/\/bovin.qc.ca\/wp-content\/uploads\/2025\/02\/qualite-carcasse-3-128x128.png 128w, https:\/\/bovin.qc.ca\/wp-content\/uploads\/2025\/02\/qualite-carcasse-3-150x150.png 150w, https:\/\/bovin.qc.ca\/wp-content\/uploads\/2025\/02\/qualite-carcasse-3-1536x1536.png 1536w, https:\/\/bovin.qc.ca\/wp-content\/uploads\/2025\/02\/qualite-carcasse-3-75x75.png 75w\" sizes=\"auto, (max-width: 699px) 100vw, 699px\" \/><\/p>\n<p>&nbsp;<\/p>\n<p><a href=\"https:\/\/lepointdevente.com\/billets\/3e9250408001\" target=\"_blank\" rel=\"noopener\"><img loading=\"lazy\" decoding=\"async\" class=\"alignleft wp-image-25352\" src=\"https:\/\/bovin.qc.ca\/wp-content\/uploads\/2025\/02\/Bouton-je-minscris.png\" alt=\"\" width=\"204\" height=\"53\" srcset=\"https:\/\/bovin.qc.ca\/wp-content\/uploads\/2025\/02\/Bouton-je-minscris.png 457w, https:\/\/bovin.qc.ca\/wp-content\/uploads\/2025\/02\/Bouton-je-minscris-300x78.png 300w\" sizes=\"auto, (max-width: 204px) 100vw, 204px\" \/><\/a><\/p>\n<p>&nbsp;<\/p>\n<p>&nbsp;<\/p>\n<p><em>Source : PBQ<\/em><\/p>\n<p><a href=\"#top\">Retour en haut<\/a><a id=\"ve3\"><\/a><\/p>\n<hr>\n<h4><strong><img loading=\"lazy\" decoding=\"async\" class=\"aligncenter wp-image-18097\" src=\"https:\/\/bovin.qc.ca\/wp-content\/uploads\/2023\/05\/La-chronique-VBP.png\" alt=\"\" width=\"815\" height=\"272\" srcset=\"https:\/\/bovin.qc.ca\/wp-content\/uploads\/2023\/05\/La-chronique-VBP.png 1630w, https:\/\/bovin.qc.ca\/wp-content\/uploads\/2023\/05\/La-chronique-VBP-300x100.png 300w, https:\/\/bovin.qc.ca\/wp-content\/uploads\/2023\/05\/La-chronique-VBP-384x128.png 384w, https:\/\/bovin.qc.ca\/wp-content\/uploads\/2023\/05\/La-chronique-VBP-1536x513.png 1536w\" sizes=\"auto, (max-width: 815px) 100vw, 815px\" \/><\/strong><\/h4>\n<h4><strong>Comment se pr\u00e9parer \u00e0 la saison des v\u00ealages pour diminuer son stress?<\/strong><\/h4>\n<p><a href=\"https:\/\/www.beefresearch.ca\/fr\/blog\/prepare-for-calving-season\/\" target=\"_blank\" rel=\"noopener\">Cynthia Beck, productrice de bovins de la Saskatchewan<\/a> et psychologue nous dit : \u00ab&nbsp;Pour de nombreux producteurs, moi y compris, le v\u00ealage est une p\u00e9riode difficile, et je pense que la plupart d\u2019entre nous attribuent cette difficult\u00e9 au stress et \u00e0 l\u2019\u00e9puisement. Pourtant, peu de producteurs savent qu\u2019il y a des choses que nous pouvons faire pour nous aider de mani\u00e8re proactive \u00e0 passer le cap du v\u00ealage tout en pr\u00e9servant notre sant\u00e9 physique et mentale \u00bb.<\/p>\n<p><strong><a href=\"https:\/\/issuu.com\/verifiedbeef\/docs\/vbp_manual_-_section_05_-_animal_care_-_french\/18\" target=\"_blank\" rel=\"noopener\">VBP+ encourage les producteurs \u00e0 avoir un plan de gestion des v\u00ealages qui inclut :<\/a><\/strong><\/p>\n<ul>\n<li>La reconnaissance des probl\u00e8mes potentiels<\/li>\n<li>Les proc\u00e9dures d&#8217;urgence \u00e0 suivre<\/li>\n<li>Les contacts d\u2019urgence<\/li>\n<li>L&#8217;emplacement de l&#8217;\u00e9quipement de v\u00ealage<\/li>\n<\/ul>\n<p><strong>Voici <\/strong><a href=\"https:\/\/youtu.be\/VTg6AXWOGl4?si=onClNYoTOuYVDb0T\" target=\"_blank\" rel=\"noopener\"><strong>des bonnes pratiques pour r\u00e9animer un veau naissant :<\/strong><\/a><\/p>\n<ul>\n<li>Position de r\u00e9cup\u00e9ration pour faciliter la respiration<\/li>\n<li>Paille propre ins\u00e9r\u00e9e d\u00e9licatement dans une narine<\/li>\n<li>Quelques gouttes d&#8217;eau dans l&#8217;oreille<\/li>\n<li>Friction vigoureuse du veau<\/li>\n<\/ul>\n<p><strong>\u00c0 \u00e9viter absolument :<\/strong><\/p>\n<ul>\n<li>Suspendre le veau la t\u00eate en bas &#8211; cette pratique nuit \u00e0 sa respiration<\/li>\n<\/ul>\n<p><strong>Rappels VBP+ :<\/strong><\/p>\n<ul>\n<li>Bien que le plan de gestion des v\u00ealages ne soit pas obligatoire pour \u00eatre conforme au programme, il t\u00e9moigne de votre engagement envers les bonnes pratiques;<\/li>\n<li>Ces m\u00e9thodes respectent le bien-\u00eatre animal, un pilier essentiel du programme VBP+.<\/li>\n<\/ul>\n<p><strong>De bonnes ressources pour vous :<\/strong><\/p>\n<ul>\n<li><em>Beef Cattle Research Council<\/em>: <a href=\"https:\/\/www.beefresearch.ca\/fr\/blog\/prepare-for-calving-season\/\" target=\"_blank\" rel=\"noopener\">Calme et s\u00e9r\u00e9nit\u00e9 \u2013 Se pr\u00e9parer \u00e0 une saison de v\u00ealage en douceur et dans de bonnes conditions<\/a><\/li>\n<li><em>Soins d\u2019urgence aux veaux\u2026 STAT! <\/em>(Dr Antoine Bourgeois &#8211; webinaire)&nbsp;: <a href=\"https:\/\/youtu.be\/4HdTG8dh5zo?si=Jqih-fE1EkbVaXr_\" target=\"_blank\" rel=\"noopener\">https:\/\/youtu.be\/4HdTG8dh5zo?si=Jqih-fE1EkbVaXr_<\/a><\/li>\n<\/ul>\n<p><strong>Merci \u00e0 notre partenaire de la campagne VBP+ hiver 2024-2025, <\/strong><a href=\"https:\/\/www.uniform-agri.com\/ca_fr\/media\/uniform-agri-offre-un-soutien-pour-la-tenue-de-registre-conformes-a-la-certification-vbp-au-canada\/\" target=\"_blank\" rel=\"noopener\"><strong>UNIFORM-Agri<\/strong><\/a><strong>!<\/strong><\/p>\n<p><img loading=\"lazy\" decoding=\"async\" class=\"aligncenter wp-image-25158\" src=\"https:\/\/bovin.qc.ca\/wp-content\/uploads\/2025\/02\/hockey-vbp.png\" alt=\"\" width=\"582\" height=\"166\" srcset=\"https:\/\/bovin.qc.ca\/wp-content\/uploads\/2025\/02\/hockey-vbp.png 841w, https:\/\/bovin.qc.ca\/wp-content\/uploads\/2025\/02\/hockey-vbp-300x86.png 300w, https:\/\/bovin.qc.ca\/wp-content\/uploads\/2025\/02\/hockey-vbp-449x128.png 449w, https:\/\/bovin.qc.ca\/wp-content\/uploads\/2025\/02\/hockey-vbp-350x100.png 350w\" sizes=\"auto, (max-width: 582px) 100vw, 582px\" \/><\/p>\n<p>&nbsp;<\/p>\n<p><em>Source : PBQ<\/em><\/p>\n<p><a href=\"#top\">Retour en haut<\/a><a id=\"patbq\"><\/a><\/p>\n<hr>\n<h4><strong><img loading=\"lazy\" decoding=\"async\" class=\"wp-image-24581 alignright\" src=\"https:\/\/bovin.qc.ca\/wp-content\/uploads\/2024\/12\/logo-Nova-Boeuf-avec-texte.png\" alt=\"\" width=\"226\" height=\"226\" srcset=\"https:\/\/bovin.qc.ca\/wp-content\/uploads\/2024\/12\/logo-Nova-Boeuf-avec-texte.png 2401w, https:\/\/bovin.qc.ca\/wp-content\/uploads\/2024\/12\/logo-Nova-Boeuf-avec-texte-300x300.png 300w, https:\/\/bovin.qc.ca\/wp-content\/uploads\/2024\/12\/logo-Nova-Boeuf-avec-texte-128x128.png 128w, https:\/\/bovin.qc.ca\/wp-content\/uploads\/2024\/12\/logo-Nova-Boeuf-avec-texte-150x150.png 150w, https:\/\/bovin.qc.ca\/wp-content\/uploads\/2024\/12\/logo-Nova-Boeuf-avec-texte-1536x1536.png 1536w, https:\/\/bovin.qc.ca\/wp-content\/uploads\/2024\/12\/logo-Nova-Boeuf-avec-texte-2048x2048.png 2048w, https:\/\/bovin.qc.ca\/wp-content\/uploads\/2024\/12\/logo-Nova-Boeuf-avec-texte-75x75.png 75w\" sizes=\"auto, (max-width: 226px) 100vw, 226px\" \/><\/strong><\/h4>\n<h4><strong>Affichez-vous sur montaureau.com !<\/strong><\/h4>\n<p>MONTAUREAU.COM c\u2019est un outil incontournable pour les \u00e9leveurs afin de s\u2019afficher et pour les acheteurs afin de les trouver!<\/p>\n<p><strong>Venez voir la <\/strong><a href=\"https:\/\/montaureau.com\/CarteInteractive\" target=\"_blank\" rel=\"noopener\"><strong>carte interactive<\/strong><\/a> directement sur le site web afin de voir toutes les entreprises inscrites en un coup d\u2019\u0153il. Venez faire un tour sur <a href=\"https:\/\/montaureau.com\/\" target=\"_blank\" rel=\"noopener\"><strong>MONTAUREAU.COM<\/strong><\/a> afin de profiter des derni\u00e8res nouveaut\u00e9s.<\/p>\n<p><strong>Des nouveaut\u00e9s restent \u00e0 venir d\u2019ici l\u2019\u00e9t\u00e9 2025, restez \u00e0 l\u2019aff\u00fbt !<\/strong><\/p>\n<p><strong>&nbsp;<\/strong><a href=\"https:\/\/montaureau.com\/\" target=\"_blank\" rel=\"noopener\"><img loading=\"lazy\" decoding=\"async\" class=\"aligncenter wp-image-24915\" src=\"https:\/\/bovin.qc.ca\/wp-content\/uploads\/2025\/01\/Montaureau.com-visuel-minute-bovine-jan2025.png\" alt=\"\" width=\"741\" height=\"170\" srcset=\"https:\/\/bovin.qc.ca\/wp-content\/uploads\/2025\/01\/Montaureau.com-visuel-minute-bovine-jan2025.png 1842w, https:\/\/bovin.qc.ca\/wp-content\/uploads\/2025\/01\/Montaureau.com-visuel-minute-bovine-jan2025-300x69.png 300w, https:\/\/bovin.qc.ca\/wp-content\/uploads\/2025\/01\/Montaureau.com-visuel-minute-bovine-jan2025-559x128.png 559w, https:\/\/bovin.qc.ca\/wp-content\/uploads\/2025\/01\/Montaureau.com-visuel-minute-bovine-jan2025-1536x352.png 1536w\" sizes=\"auto, (max-width: 741px) 100vw, 741px\" \/><\/a><\/p>\n<p><em>Source : Nova B\u0153uf<\/em><\/p>\n<p><a href=\"#top\">Retour en haut<\/a><a id=\"veba\"><\/a><\/p>\n<table style=\"width: 100%; border-collapse: collapse; background-color: #a52a2a; height: 65px;\" border=\"0\">\n<tbody>\n<tr style=\"height: 65px;\">\n<td style=\"width: 100%; height: 65px;\">\n<h3 style=\"text-align: center;\"><span style=\"color: #ffffff;\">VEAU D&#8217;EMBOUCHE ET BOUVILLON D&#8217;ABATTAGE<\/span><\/h3>\n<\/td>\n<\/tr>\n<\/tbody>\n<\/table>\n<h4><strong>Prix VBP+ 2024&nbsp;: serez-vous parmi nos laur\u00e9ats 2024?<\/strong><\/h4>\n<h4><strong> <img loading=\"lazy\" decoding=\"async\" class=\"aligncenter wp-image-25267 size-full\" src=\"https:\/\/bovin.qc.ca\/wp-content\/uploads\/2025\/02\/laureat-VBP-1.png\" alt=\"\" width=\"589\" height=\"589\" srcset=\"https:\/\/bovin.qc.ca\/wp-content\/uploads\/2025\/02\/laureat-VBP-1.png 589w, https:\/\/bovin.qc.ca\/wp-content\/uploads\/2025\/02\/laureat-VBP-1-300x300.png 300w, https:\/\/bovin.qc.ca\/wp-content\/uploads\/2025\/02\/laureat-VBP-1-128x128.png 128w, https:\/\/bovin.qc.ca\/wp-content\/uploads\/2025\/02\/laureat-VBP-1-150x150.png 150w, https:\/\/bovin.qc.ca\/wp-content\/uploads\/2025\/02\/laureat-VBP-1-75x75.png 75w\" sizes=\"auto, (max-width: 589px) 100vw, 589px\" \/><\/strong><\/h4>\n<p><a href=\"https:\/\/bovin.qc.ca\/wp-content\/uploads\/2025\/02\/Prix-VBP-2024-2-1.mp4\" target=\"_blank\" rel=\"noopener\"><img loading=\"lazy\" decoding=\"async\" class=\"alignleft wp-image-25514\" src=\"https:\/\/bovin.qc.ca\/wp-content\/uploads\/2025\/02\/Bouton-regarder-la-video-1.png\" alt=\"\" width=\"227\" height=\"53\" srcset=\"https:\/\/bovin.qc.ca\/wp-content\/uploads\/2025\/02\/Bouton-regarder-la-video-1.png 510w, https:\/\/bovin.qc.ca\/wp-content\/uploads\/2025\/02\/Bouton-regarder-la-video-1-300x70.png 300w\" sizes=\"auto, (max-width: 227px) 100vw, 227px\" \/><\/a><\/p>\n<p>&nbsp;<\/p>\n<p>&nbsp;<\/p>\n<p><em>Source : PBQ<\/em><\/p>\n<p><a href=\"#top\">Retour en haut<\/a><a id=\"ba\"><\/a><\/p>\n<table style=\"width: 100%; border-collapse: collapse; background-color: #a52a2a; height: 65px;\" border=\"0\">\n<tbody>\n<tr style=\"height: 65px;\">\n<td style=\"width: 100%; height: 65px;\">\n<h3 style=\"text-align: center;\"><span style=\"color: #ffffff;\">BOUVILLON D&#8217;ABATTAGE<a id=\"ba\"><\/a><\/span><\/h3>\n<\/td>\n<\/tr>\n<\/tbody>\n<\/table>\n<h4><strong>Implanter sans compromettre le persillage<\/strong><\/h4>\n<p><img loading=\"lazy\" decoding=\"async\" class=\"alignright wp-image-25186\" src=\"https:\/\/bovin.qc.ca\/wp-content\/uploads\/2025\/02\/Actu-persillage.jpg\" alt=\"\" width=\"291\" height=\"194\" srcset=\"https:\/\/bovin.qc.ca\/wp-content\/uploads\/2025\/02\/Actu-persillage.jpg 486w, https:\/\/bovin.qc.ca\/wp-content\/uploads\/2025\/02\/Actu-persillage-300x200.jpg 300w, https:\/\/bovin.qc.ca\/wp-content\/uploads\/2025\/02\/Actu-persillage-192x128.jpg 192w\" sizes=\"auto, (max-width: 291px) 100vw, 291px\" \/><\/p>\n<p>Le persillage et le rendement carcasse constituent deux crit\u00e8res de qualit\u00e9 essentiels dans la valorisation de la viande bovine. Afin d\u2019obtenir un haut niveau de persillage tout en affectant au minimum le rendement carcasse, il est imp\u00e9ratif d\u2019\u00e9quilibrer la strat\u00e9gie d\u2019engraissement, notamment l\u2019utilisation des implants hormonaux.<\/p>\n<p>Les implants sont con\u00e7us pour am\u00e9liorer les performances de croissance, le gain moyen quotidien (GMQ) et l\u2019efficacit\u00e9 alimentaire. Selon la strat\u00e9gie d\u2019implantation mise en place, le GMQ pourrait \u00eatre am\u00e9lior\u00e9 jusqu\u2019\u00e0 20 % et l\u2019efficacit\u00e9 alimentaire jusqu\u2019\u00e0 15 % sans augmenter le co\u00fbt de l\u2019alimentation. Afin d\u2019atteindre de meilleures performances de croissance et selon les objectifs du producteur, l\u2019implantation doit \u00eatre adapt\u00e9e selon la g\u00e9n\u00e9tique ainsi que la strat\u00e9gie d\u2019alimentation.<\/p>\n<p>Cependant, les implants favorisent la croissance musculaire au d\u00e9triment du d\u00e9p\u00f4t de graisse, y compris la graisse intramusculaire. Ainsi, pour ne pas affecter le niveau de persillage, il est sugg\u00e9r\u00e9 d\u2019utiliser les implants avec une grande prudence, car une utilisation excessive pourrait acc\u00e9l\u00e9rer la maturation des carcasses et r\u00e9duire le persillage. En effet, pour obtenir des hauts niveaux de persillage, il est sugg\u00e9r\u00e9 d\u2019adopter une strat\u00e9gie d\u2019implantation conservatrice. Le ou les moments d\u2019implantation ainsi que la puissance de l\u2019implant auront un impact consid\u00e9rable sur le niveau de persillage obtenu \u00e0 l\u2019abattage.<\/p>\n<p>Des \u00e9tudes sugg\u00e8rent que retarder la pose de l\u2019implant de 30 \u00e0 50 jours apr\u00e8s l\u2019entr\u00e9e en parc d\u2019engraissement permettrait d\u2019am\u00e9liorer le persillage tout en minimisant les pertes de GMQ et d\u2019efficacit\u00e9 alimentaire. Il est \u00e9galement sugg\u00e9r\u00e9 de ne pas implanter trop pr\u00e8s de la p\u00e9riode d\u2019abattage.<\/p>\n<p>Cependant, une implantation plus agressive aupr\u00e8s des races \u00e0 haut potentiel de persillage, comme la race Angus, permettra d\u2019obtenir un rendement carcasse int\u00e9ressant tout en minimisant l\u2019impact n\u00e9gatif sur le niveau de persillage comparativement aux races dont le potentiel de persillage est plus limit\u00e9.<\/p>\n<p><em>Sources : PBQ<\/em><\/p>\n<p><a href=\"https:\/\/www.wrightsfeeds.ca\/wp-content\/uploads\/Managing-and-Feeding-for-Marbling-andCarcass-Quality-in-Beef-Cattle.pdf\" target=\"_blank\" rel=\"noopener\">https:\/\/www.wrightsfeeds.ca\/wp-content\/uploads\/Managing-and-Feeding-for-Marbling-andCarcass-Quality-in-Beef-Cattle.pdf<\/a>, &nbsp;(Article consult\u00e9 le 13 janvier 2025).<\/p>\n<p><a href=\"https:\/\/www.agrireseau.net\/bovinsboucherie\/Documents\/22-IMPLANTS.htm\" target=\"_blank\" rel=\"noopener\">https:\/\/www.agrireseau.net\/bovinsboucherie\/Documents\/22-IMPLANTS.htm<\/a>, (Article consult\u00e9 le 13 janvier 2025).<\/p>\n<p style=\"text-align: left;\"><a href=\"#top\">Retour en haut<\/a><a id=\"F1\"><\/a><\/p>\n<table style=\"width: 100%; border-collapse: collapse; background-color: #a52a2a;\" border=\"0\">\n<tbody>\n<tr>\n<td style=\"width: 100%;\">\n<h3 style=\"text-align: center;\"><span style=\"color: #ffffff;\"><strong>NOUVELLES DE LA FINANCI\u00c8RE AGRICOLE DU QU\u00c9BEC<a id=\"F1\"><\/a><\/strong><\/span><\/h3>\n<\/td>\n<\/tr>\n<\/tbody>\n<\/table>\n<h4><img loading=\"lazy\" decoding=\"async\" class=\"aligncenter size-full wp-image-11069\" src=\"https:\/\/bovin.qc.ca\/wp-content\/uploads\/2020\/10\/FADQ.jpg\" alt=\"\" width=\"232\" height=\"72\"><\/h4>\n<h4>Le Programme Investissement Croissance Durable (PICD)<\/h4>\n<p>Avez-vous un nouveau projet \u00e0 caract\u00e8re durable de croissance ou de diversification? Ce programme a \u00e9t\u00e9 mis en place pour les entrepreneurs agricoles qui ont des projets d\u2019investissement, peu importe leur secteur de production et l\u2019\u00e9tape de vie de leur entreprise.<\/p>\n<p>L\u2019aide financi\u00e8re accord\u00e9e dans le cadre du PICD est conditionnelle \u00e0 l\u2019octroi d\u2019une&nbsp;garantie de pr\u00eat de La&nbsp;Financi\u00e8re agricole (FADQ) et elle est vers\u00e9e sur une p\u00e9riode de trois ans. Le montant maximal du financement admissible par entreprise peut s\u2019\u00e9lever \u00e0 700&nbsp;000&nbsp;$.<\/p>\n<p><img loading=\"lazy\" decoding=\"async\" class=\"alignright wp-image-25071\" src=\"https:\/\/bovin.qc.ca\/wp-content\/uploads\/2025\/01\/FADQ_Nouvelles_815PX_A.jpg\" alt=\"\" width=\"291\" height=\"193\" srcset=\"https:\/\/bovin.qc.ca\/wp-content\/uploads\/2025\/01\/FADQ_Nouvelles_815PX_A.jpg 815w, https:\/\/bovin.qc.ca\/wp-content\/uploads\/2025\/01\/FADQ_Nouvelles_815PX_A-300x199.jpg 300w, https:\/\/bovin.qc.ca\/wp-content\/uploads\/2025\/01\/FADQ_Nouvelles_815PX_A-193x128.jpg 193w\" sizes=\"auto, (max-width: 291px) 100vw, 291px\" \/>&#x1f5a5;&#x1f449;&#x1f3fb;<a href=\"https:\/\/www.fadq.qc.ca\/investissement-croissance-durable\/admissibilite\" target=\"_blank\" rel=\"noopener\"><strong>Admissibilit\u00e9 au PICD<\/strong><\/a><\/p>\n<p>Un volet d\u00e9di\u00e9 aux secteurs bovin, ovin et caprin propose aux entreprises une aide financi\u00e8re pouvant atteindre 150 000 $, soit 25 % d\u2019un montant maximum admissible de 600 000 $.<\/p>\n<p>Discutez-en avec votre conseiller ou votre conseill\u00e8re de votre <a href=\"https:\/\/www.fadq.qc.ca\/pour-nous-joindre\" target=\"_blank\" rel=\"noopener\">centre de services<\/a> ou consultez notre site Web&nbsp;:<\/p>\n<ul>\n<li><a href=\"https:\/\/www.fadq.qc.ca\/financement\" target=\"_blank\" rel=\"noopener\">Besoin en financement?<\/a><\/li>\n<li><a href=\"https:\/\/www.fadq.qc.ca\/assurances-et-protection-du-revenu\" target=\"_blank\" rel=\"noopener\">Besoin en assurances et protection du revenu?<\/a><\/li>\n<\/ul>\n<p><em>Source : FADQ<\/em><\/p>\n<p><a href=\"#top\">Retour en haut<\/a><a id=\"F2\"><\/a><\/p>\n<hr>\n<h4><strong>Pr\u00eat de fonds de roulement : encore quelques jours pour faire la demande<\/strong><\/h4>\n<p>Votre entreprise est affect\u00e9e par l&#8217;augmentation des taux d\u2019int\u00e9r\u00eat et du co\u00fbt des intrants?<\/p>\n<p>En faisant la demande au plus tard le&nbsp;<strong>31&nbsp;mars 2025<\/strong>, vous pourriez b\u00e9n\u00e9ficier de liquidit\u00e9s suppl\u00e9mentaires avec le&nbsp;<a href=\"https:\/\/www.fadq.qc.ca\/investissement-croissance-durable\/admissibilite#c17315\" target=\"_blank\" rel=\"noopener\">Pr\u00eat de fonds de roulement<\/a>&nbsp;de La&nbsp;Financi\u00e8re agricole (FADQ).<\/p>\n<ul>\n<li>Garantie de pr\u00eat pouvant atteindre 300&nbsp;000&nbsp;$<\/li>\n<li>Aide financi\u00e8re jusqu\u2019\u00e0 75&nbsp;000&nbsp;$<\/li>\n<li>Disponible, peu importe votre secteur de production<\/li>\n<\/ul>\n<p>Vous pouvez consulter l\u2019<a href=\"https:\/\/www.fadq.qc.ca\/fileadmin\/fr\/investissement-croissance-durable\/aide-memoire-fonds-roulement.pdf\" target=\"_blank\" rel=\"noopener\">aide-m\u00e9moire du Pr\u00eat de fonds de roulement<\/a>&nbsp;pour v\u00e9rifier votre admissibilit\u00e9 et conna\u00eetre les \u00e9tapes \u00e0 suivre pour en faire la demande.<\/p>\n<p>Les conseill\u00e8res et conseillers en financement ainsi qu\u2019en assurances et en protection du revenu de la FADQ peuvent vous accompagner dans vos d\u00e9marches avec une approche personnalis\u00e9e et professionnelle.<\/p>\n<p><em>Source : FADQ<\/em><\/p>\n<p><a href=\"#top\">Retour en haut<\/a><a id=\"F3\"><\/a><\/p>\n<hr>\n<h4 style=\"text-align: left;\"><strong><span style=\"font-size: 14pt;\">Agri-Qu\u00e9bec et Agri-investissement Autogestion des risques, une strat\u00e9gie gagnante!<\/span><\/strong><\/h4>\n<p>Dans le secteur agricole, la mise en place d\u2019une bonne strat\u00e9gie de gestion des risques est devenue une n\u00e9cessit\u00e9. Cette planification \u00e9volutive vise \u00e0 aider les agriculteurs \u00e0 g\u00e9rer les risques li\u00e9s \u00e0 leur entreprise agricole et \u00e0 maximiser les occasions d\u2019investissement pour mieux y faire face.<\/p>\n<p><a href=\"https:\/\/www.fadq.qc.ca\/agri-quebec\/description\" target=\"_blank\" rel=\"noopener\"><strong>Agri-Qu\u00e9bec<\/strong><\/a> et<strong><a href=\"https:\/\/www.fadq.qc.ca\/agri-investissement\/description\" target=\"_blank\" rel=\"noopener\">Agri-investissement<\/a><\/strong> sont deux programmes d\u2019autogestion des risques qui vous permettent de d\u00e9poser annuellement un montant dans un compte et de recevoir, en retour, un montant \u00e9quivalent des gouvernements. Ainsi, les sommes d\u00e9pos\u00e9es dans ces comptes d\u2019\u00e9pargne constituent un fonds de r\u00e9serve qui vous permet de mieux g\u00e9rer les risques auxquels votre entreprise est confront\u00e9e.<\/p>\n<p>Des programmes \u00e0 votre service\u2026<\/p>\n<ul>\n<li><strong>Investissez dans votre avenir <\/strong>: effectuez un d\u00e9p\u00f4t annuel bas\u00e9 sur vos ventes nettes ajust\u00e9es (VNA).<\/li>\n<li><strong>Les gouvernements doublent la mise <\/strong>: profitez d\u2019une contribution \u00e9quivalente des<\/li>\n<li><strong>Votre argent travaille pour vous <\/strong>: accumulez et g\u00e9n\u00e9rez des int\u00e9r\u00eats gr\u00e2ce \u00e0 vos d\u00e9p\u00f4ts.<\/li>\n<li><strong>Flexibilit\u00e9 <\/strong><em>: <\/em>utilisez le solde de vos comptes \u00e0 tout moment pour vos besoins de liquidit\u00e9.<\/li>\n<\/ul>\n<p><strong>L&#8217;autogestion des risques, des r\u00e9flexes \u00e0 d\u00e9velopper<\/strong><img loading=\"lazy\" decoding=\"async\" class=\"alignright  wp-image-25299\" src=\"https:\/\/bovin.qc.ca\/wp-content\/uploads\/2025\/02\/2.png\" alt=\"\" width=\"482\" height=\"251\" srcset=\"https:\/\/bovin.qc.ca\/wp-content\/uploads\/2025\/02\/2.png 557w, https:\/\/bovin.qc.ca\/wp-content\/uploads\/2025\/02\/2-300x156.png 300w, https:\/\/bovin.qc.ca\/wp-content\/uploads\/2025\/02\/2-246x128.png 246w\" sizes=\"auto, (max-width: 482px) 100vw, 482px\" \/><\/p>\n<p style=\"text-align: justify;\">G\u00e9rez les risques de votre entreprise agricole et devenez l&#8217;architecte de votre s\u00e9curit\u00e9 financi\u00e8re. <a href=\"https:\/\/www.fadq.qc.ca\/agri-quebec\/description\" target=\"_blank\" rel=\"noopener\">Agri-Qu\u00e9bec<\/a> et <a href=\"https:\/\/www.fadq.qc.ca\/agri-investissement\/description\" target=\"_blank\" rel=\"noopener\">Agri-investissement<\/a> constituent une r\u00e9serve contre les fluctuations de prix, les al\u00e9as climatiques et les probl\u00e8mes phytosanitaires. Cette \u00e9pargne permet d\u2019att\u00e9nuer les baisses de marges inf\u00e9rieures \u00e0 30 %.<\/p>\n<p style=\"text-align: justify;\">Au-del\u00e0 de 30 %, <a href=\"https:\/\/www.fadq.qc.ca\/agri-stabilite\/description\" target=\"_blank\" rel=\"noopener\">Agri-stabilit\u00e9<\/a> et <a href=\"https:\/\/www.fadq.qc.ca\/agri-quebec-plus\/description\" target=\"_blank\" rel=\"noopener\">Agri-Qu\u00e9bec Plus<\/a> interviennent. Ensemble, ils consolident votre entreprise face aux d\u00e9fis agricoles<\/p>\n<p>&nbsp;<\/p>\n<p style=\"text-align: left;\"><strong>Agri-Qu\u00e9bec et Agri-investissement, une strat\u00e9gie d\u2019autogestion des risques bien planifi\u00e9e<\/strong><\/p>\n<p><img loading=\"lazy\" decoding=\"async\" class=\"wp-image-25301 alignleft\" src=\"https:\/\/bovin.qc.ca\/wp-content\/uploads\/2025\/02\/3.png\" alt=\"\" width=\"790\" height=\"292\" srcset=\"https:\/\/bovin.qc.ca\/wp-content\/uploads\/2025\/02\/3.png 933w, https:\/\/bovin.qc.ca\/wp-content\/uploads\/2025\/02\/3-300x111.png 300w, https:\/\/bovin.qc.ca\/wp-content\/uploads\/2025\/02\/3-346x128.png 346w\" sizes=\"auto, (max-width: 790px) 100vw, 790px\" \/><\/p>\n<p>&nbsp;<\/p>\n<p>&nbsp;<\/p>\n<p>&nbsp;<\/p>\n<p>&nbsp;<\/p>\n<p>&nbsp;<\/p>\n<p>&nbsp;<\/p>\n<p>&nbsp;<\/p>\n<p>&nbsp;<\/p>\n<p><em>Source : FADQ<\/em><em>&nbsp; &nbsp; &nbsp; &nbsp; &nbsp; &nbsp; &nbsp; &nbsp; &nbsp; &nbsp; &nbsp; &nbsp;<\/em><\/p>\n<p><a href=\"#top\">Retour en haut<\/a><a id=\"F4\"><\/a><\/p>\n<hr>\n<h4><strong>R\u00e9tribution agroenvironnementale : nouvelle aide financi\u00e8re pour prendre soin de l\u2019environnement<\/strong><\/h4>\n<p><img loading=\"lazy\" decoding=\"async\" class=\"alignright  wp-image-25393\" src=\"https:\/\/bovin.qc.ca\/wp-content\/uploads\/2025\/02\/FADQ-agroenvironnemental-scaled.jpg\" alt=\"\" width=\"606\" height=\"347\" srcset=\"https:\/\/bovin.qc.ca\/wp-content\/uploads\/2025\/02\/FADQ-agroenvironnemental-scaled.jpg 2560w, https:\/\/bovin.qc.ca\/wp-content\/uploads\/2025\/02\/FADQ-agroenvironnemental-300x172.jpg 300w, https:\/\/bovin.qc.ca\/wp-content\/uploads\/2025\/02\/FADQ-agroenvironnemental-224x128.jpg 224w, https:\/\/bovin.qc.ca\/wp-content\/uploads\/2025\/02\/FADQ-agroenvironnemental-1536x880.jpg 1536w, https:\/\/bovin.qc.ca\/wp-content\/uploads\/2025\/02\/FADQ-agroenvironnemental-2048x1173.jpg 2048w\" sizes=\"auto, (max-width: 606px) 100vw, 606px\" \/><\/p>\n<p>Une p\u00e9riode d\u2019inscription sera ouverte, \u00e0 compter du 5 mars, pour participer \u00e0 la nouvelle Initiative minist\u00e9rielle R\u00e9tribution agroenvironnementale. Le tout a \u00e9t\u00e9 annonc\u00e9 le 17 f\u00e9vrier 2025 par les gouvernements f\u00e9d\u00e9ral et provincial.<\/p>\n<p>Bien que la plupart des param\u00e8tres de l\u2019Initiative de r\u00e9tribution des pratiques agroenvironnementales (RPA) seront reconduits dans cette nouvelle Initiative, la dur\u00e9e de participation de celle-ci sera de deux ans au lieu de trois. Cela permettra aux entreprises, qui ont termin\u00e9 une premi\u00e8re p\u00e9riode de participation \u00e0 la RPA, de poursuivre leur parcours agroenvironnemental et \u00e0 de nouvelles entreprises de s\u2019y engager.<\/p>\n<p>Les entreprises qui appliquent des pratiques et g\u00e9n\u00e8rent des gains environnementaux importants sont invit\u00e9es \u00e0 faire conna\u00eetre leurs r\u00e9alisations en s\u2019inscrivant avant la fin mars 2025. L\u2019aide financi\u00e8re maximale sera de 50 000 $ par entreprise.<\/p>\n<p><a href=\"https:\/\/www.fadq.qc.ca\/salle-de-presse\/actualites\/2025\/retribution-agroenvironnementale-nouvelle-aide-financiere-pour-prendre-soin-de-lenvironnement\" target=\"_blank\" rel=\"noopener\"><img loading=\"lazy\" decoding=\"async\" class=\"alignleft wp-image-25361\" src=\"https:\/\/bovin.qc.ca\/wp-content\/uploads\/2025\/02\/Bouton-en-savoir-plus.png\" alt=\"\" width=\"227\" height=\"59\" srcset=\"https:\/\/bovin.qc.ca\/wp-content\/uploads\/2025\/02\/Bouton-en-savoir-plus.png 457w, https:\/\/bovin.qc.ca\/wp-content\/uploads\/2025\/02\/Bouton-en-savoir-plus-300x78.png 300w\" sizes=\"auto, (max-width: 227px) 100vw, 227px\" \/><\/a><\/p>\n<p>&nbsp;<\/p>\n<p>&nbsp;<\/p>\n<p><em>Source : FADQ<\/em><em>&nbsp; &nbsp; &nbsp; &nbsp; &nbsp; &nbsp; &nbsp; &nbsp; &nbsp; &nbsp; &nbsp; &nbsp; &nbsp;&nbsp;<\/em><\/p>\n<p><a href=\"#top\">Retour en haut<\/a><a id=\"F5\"><\/a><\/p>\n<hr>\n<h4><strong>Concours Tournez-vous vers l\u2019excellence!<\/strong><\/h4>\n<p><img loading=\"lazy\" decoding=\"async\" class=\"wp-image-25408  aligncenter\" src=\"https:\/\/bovin.qc.ca\/wp-content\/uploads\/2025\/02\/3310_Excellence_2025.jpg\" alt=\"\" width=\"372\" height=\"372\" srcset=\"https:\/\/bovin.qc.ca\/wp-content\/uploads\/2025\/02\/3310_Excellence_2025.jpg 1080w, https:\/\/bovin.qc.ca\/wp-content\/uploads\/2025\/02\/3310_Excellence_2025-300x300.jpg 300w, https:\/\/bovin.qc.ca\/wp-content\/uploads\/2025\/02\/3310_Excellence_2025-128x128.jpg 128w, https:\/\/bovin.qc.ca\/wp-content\/uploads\/2025\/02\/3310_Excellence_2025-150x150.jpg 150w, https:\/\/bovin.qc.ca\/wp-content\/uploads\/2025\/02\/3310_Excellence_2025-75x75.jpg 75w\" sizes=\"auto, (max-width: 372px) 100vw, 372px\" \/><\/p>\n<p>La Financi\u00e8re agricole du Qu\u00e9bec est fi\u00e8re de lancer la 20<sup>e<\/sup> \u00e9dition du <a href=\"https:\/\/www.fadq.qc.ca\/releve-agricole\/concours\" target=\"_blank\" rel=\"noopener\">concours <em>Tournez-vous vers l\u2019excellence!<\/em><\/a> Celles et ceux, \u00e2g\u00e9s de 18 \u00e0 39 ans, qui se distinguent par leurs aptitudes professionnelles et leurs qualit\u00e9s de gestionnaire dans le secteur de l\u2019agriculture sont invit\u00e9s \u00e0 s\u2019y inscrire. La p\u00e9riode d\u2019inscription est en cours et se poursuit jusqu\u2019au 30 avril prochain.<\/p>\n<p><a href=\"https:\/\/www.fadq.qc.ca\/salle-de-presse\/actualites\/2025\/20e-edition-du-concours-tournez-vous-vers-lexcellence-inscrivez-vous-des-maintenant\" target=\"_blank\" rel=\"noopener\"><img loading=\"lazy\" decoding=\"async\" class=\"alignleft wp-image-25406\" src=\"https:\/\/bovin.qc.ca\/wp-content\/uploads\/2025\/02\/Bouton-je-minscris-1.png\" alt=\"\" width=\"207\" height=\"54\" srcset=\"https:\/\/bovin.qc.ca\/wp-content\/uploads\/2025\/02\/Bouton-je-minscris-1.png 457w, https:\/\/bovin.qc.ca\/wp-content\/uploads\/2025\/02\/Bouton-je-minscris-1-300x78.png 300w\" sizes=\"auto, (max-width: 207px) 100vw, 207px\" \/><\/a><\/p>\n<p>&nbsp;<\/p>\n<p>&nbsp;<\/p>\n<p><em>Source&nbsp;: La Financi\u00e8re agricole Qu\u00e9bec<\/em><em>&nbsp; &nbsp; &nbsp; &nbsp; &nbsp; &nbsp; &nbsp; &nbsp; &nbsp; &nbsp; &nbsp; &nbsp; &nbsp;&nbsp;<\/em><\/p>\n<p style=\"text-align: left;\"><a href=\"#top\">Retour en haut<\/a><a id=\"CCA\"><\/a><\/p>\n<table style=\"width: 100%; border-collapse: collapse; background-color: #a52a2a;\" border=\"0\">\n<tbody>\n<tr>\n<td style=\"width: 100%;\">\n<h3 style=\"text-align: center;\"><span style=\"color: #ffffff;\"><strong>NOUVELLES DE L&#8217;ASSOCIATION CANADIENNE DES BOVINS<\/strong><\/span><\/h3>\n<\/td>\n<\/tr>\n<\/tbody>\n<\/table>\n<p><a href=\"https:\/\/www.cattle.ca\/fr\/nouvelles-et-evenements\" target=\"_blank\" rel=\"noopener\"><img loading=\"lazy\" decoding=\"async\" class=\"aligncenter wp-image-15269\" src=\"https:\/\/bovin.qc.ca\/wp-content\/uploads\/2022\/08\/acb-nouvelles.jpg\" alt=\"\" width=\"815\" height=\"225\" srcset=\"https:\/\/bovin.qc.ca\/wp-content\/uploads\/2022\/08\/acb-nouvelles.jpg 820w, https:\/\/bovin.qc.ca\/wp-content\/uploads\/2022\/08\/acb-nouvelles-300x83.jpg 300w, https:\/\/bovin.qc.ca\/wp-content\/uploads\/2022\/08\/acb-nouvelles-464x128.jpg 464w\" sizes=\"auto, (max-width: 815px) 100vw, 815px\" \/><\/a><\/p>\n<p><a href=\"https:\/\/cancattle.formstack.com\/forms\/cca_action_news_subscription\" target=\"_blank\" rel=\"noopener\"><img loading=\"lazy\" decoding=\"async\" class=\"aligncenter wp-image-24965\" src=\"https:\/\/bovin.qc.ca\/wp-content\/uploads\/2025\/01\/CCA-action-news-button.jpg\" alt=\"\" width=\"246\" height=\"34\" srcset=\"https:\/\/bovin.qc.ca\/wp-content\/uploads\/2025\/01\/CCA-action-news-button.jpg 520w, https:\/\/bovin.qc.ca\/wp-content\/uploads\/2025\/01\/CCA-action-news-button-300x42.jpg 300w\" sizes=\"auto, (max-width: 246px) 100vw, 246px\" \/><\/a><\/p>\n<p style=\"text-align: right;\">&nbsp;<\/p>\n<p>&nbsp;<\/p>\n<h4>Les programmes jeunesse de l\u2019ACB \u00e0 Denver pour une exp\u00e9rience interactive d\u2019apprentissage sur les relations d\u2019\u00e9changes Canada\u2013\u00c9tats-Unis<\/h4>\n<p style=\"text-align: right;\"><a href=\"https:\/\/cancattle.wixsite.com\/cattle\/post\/cca-s-youth-programs-head-to-denver-for-an-interactive-learning-experience-focused-on-the-can-us-tra\" target=\"_blank\" rel=\"noopener\">Lire l\u2019int\u00e9gralit\u00e9 de l\u2019article (en anglais)<\/a><\/p>\n<p><img loading=\"lazy\" decoding=\"async\" class=\"alignright wp-image-25217\" src=\"https:\/\/bovin.qc.ca\/wp-content\/uploads\/2025\/02\/photo-ABC.jpg\" alt=\"\" width=\"291\" height=\"218\" srcset=\"https:\/\/bovin.qc.ca\/wp-content\/uploads\/2025\/02\/photo-ABC.jpg 740w, https:\/\/bovin.qc.ca\/wp-content\/uploads\/2025\/02\/photo-ABC-300x225.jpg 300w, https:\/\/bovin.qc.ca\/wp-content\/uploads\/2025\/02\/photo-ABC-171x128.jpg 171w\" sizes=\"auto, (max-width: 291px) 100vw, 291px\" \/>Le mois dernier, une d\u00e9l\u00e9gation des programmes jeunesse de l&#8217;Association canadienne des bovins (ACB) s\u2019est rendue \u00e0 Denver, au Colorado, pour constater par elle-m\u00eame l\u2019importance des relations commerciales entre le Canada et les \u00c9tats-Unis dans notre cha\u00eene d\u2019approvisionnement nord-am\u00e9ricaine hautement int\u00e9gr\u00e9e en b\u0153uf.<\/p>\n<p>Le voyage du 14 au 17 janvier 2025 a \u00e9t\u00e9 planifi\u00e9 en collaboration avec le consulat g\u00e9n\u00e9ral du Canada et il incluait des repr\u00e9sentants du Canadian Cattle Youth Council, du programme Canadian Cattle Youth Leaders et du personnel de l&#8217;ACB.<\/p>\n<p>Ce voyage annuel \u00e0 Denver constitue une excellente occasion pour les futurs dirigeants de notre industrie d\u2019en apprendre davantage sur le commerce du b\u0153uf entre le Canada et les \u00c9tats-Unis et de commencer \u00e0 nouer des relations avec leurs homologues au sud de la fronti\u00e8re. Un merci tout sp\u00e9cial au consulat g\u00e9n\u00e9ral du Canada \u00e0 Denver pour l\u2019\u00e9laboration d\u2019un programme int\u00e9ressant pour nos jeunes dirigeants et pour le financement qu\u2019il a fourni pour les aider \u00e0 payer leur voyage.<\/p>\n<p><em>Source&nbsp;: ACB<\/em><\/p>\n<p><a href=\"#top\">Retour en haut<\/a><a id=\"NR1\"><\/a><\/p>\n<table style=\"width: 100%; border-collapse: collapse; background-color: #a52a2a;\" border=\"0\">\n<tbody>\n<tr>\n<td style=\"width: 100%;\">\n<h3 style=\"text-align: center;\"><span style=\"color: #ffffff;\"><strong>NOUVELLES R\u00c9GIONALES<a id=\"NR1\"><\/a><\/strong><\/span><\/h3>\n<\/td>\n<\/tr>\n<\/tbody>\n<\/table>\n<h4><strong>Chaudi\u00e8re-Appalaches-Sud<\/strong><\/h4>\n<h4><strong>Un retour triomphant pour le Colloque B\u0153uf<\/strong><\/h4>\n<h4><strong><img loading=\"lazy\" decoding=\"async\" class=\"alignright wp-image-25162\" src=\"https:\/\/bovin.qc.ca\/wp-content\/uploads\/2025\/02\/colloque-boeuf.jpg\" alt=\"\" width=\"291\" height=\"218\" srcset=\"https:\/\/bovin.qc.ca\/wp-content\/uploads\/2025\/02\/colloque-boeuf.jpg 1035w, https:\/\/bovin.qc.ca\/wp-content\/uploads\/2025\/02\/colloque-boeuf-300x225.jpg 300w, https:\/\/bovin.qc.ca\/wp-content\/uploads\/2025\/02\/colloque-boeuf-171x128.jpg 171w\" sizes=\"auto, (max-width: 291px) 100vw, 291px\" \/><\/strong><\/h4>\n<p>En pause depuis la pand\u00e9mie, le Colloque B\u0153uf \u00e9tait de retour le 22 janvier dernier \u00e0 Sainte-Marie. L\u2019\u00e9v\u00e9nement a attir\u00e9 pr\u00e8s de 120 personnes, bien au-del\u00e0 des attentes initiales du comit\u00e9 organisateur.<\/p>\n<p>Apr\u00e8s un brunch offert en d\u00e9but de journ\u00e9e, plusieurs conf\u00e9renciers \u2014 agronomes et v\u00e9t\u00e9rinaires \u2014 se sont succ\u00e9d\u00e9 pour transmettre leurs connaissances sur divers sujets touchant la production bovine&nbsp;: p\u00e2turages, co\u00fbts de production, g\u00e9n\u00e9tique, sant\u00e9 du troupeau, etc. Les repr\u00e9sentants r\u00e9gionaux des producteurs de bovins, de La Financi\u00e8re agricole du Qu\u00e9bec et du R\u00e9seau Agriconseils ont \u00e9galement saisi l\u2019occasion pour partager quelques actualit\u00e9s concernant la production.<\/p>\n<p>Le Colloque B\u0153uf est organis\u00e9 par le Groupe-projet veau d\u2019embouche, qui regroupe diff\u00e9rents partenaires de la fili\u00e8re bovine de la r\u00e9gion, dont les Producteurs de bovins de la Chaudi\u00e8re\u2011Appalaches Nord et Sud.<\/p>\n<p><em>Source&nbsp;: Les Producteurs de bovins de la Chaudi\u00e8re-Appalaches Nord et Sud&nbsp; <\/em><strong>&nbsp;<\/strong><\/p>\n<p><a href=\"#top\">Retour en haut<\/a><a id=\"NR2\"><\/a><\/p>\n<hr>\n<h4><strong>Mont\u00e9r\u00e9gie-Ouest<\/strong><\/h4>\n<h4>Les Producteurs de bovins de la Mont\u00e9r\u00e9gie-Ouest finalistes au Gala Agristars 2025<\/h4>\n<p><img loading=\"lazy\" decoding=\"async\" class=\"size-full wp-image-25531 aligncenter\" src=\"https:\/\/bovin.qc.ca\/wp-content\/uploads\/2025\/02\/Image-A9.png\" alt=\"\" width=\"815\" height=\"368\" srcset=\"https:\/\/bovin.qc.ca\/wp-content\/uploads\/2025\/02\/Image-A9.png 815w, https:\/\/bovin.qc.ca\/wp-content\/uploads\/2025\/02\/Image-A9-300x135.png 300w, https:\/\/bovin.qc.ca\/wp-content\/uploads\/2025\/02\/Image-A9-283x128.png 283w\" sizes=\"auto, (max-width: 815px) 100vw, 815px\" \/><\/p>\n<p>Pour une deuxi\u00e8me ann\u00e9e cons\u00e9cutive, les Producteurs de bovins de la Mont\u00e9r\u00e9gie-Ouest sont finalistes pour le Prix \u00ab\u2009Bon coup agricole\u2009\u00bb du Gala Agristars&nbsp;2025, en reconnaissance de l\u2019organisation de leur journ\u00e9e bovine annuelle.<\/p>\n<p>L\u2019activit\u00e9 du syndicat avait r\u00e9uni l\u2019automne dernier pr\u00e8s de 120&nbsp;participants et, pour l\u2019occasion, un encan avait permis d\u2019amasser plus de 5\u2009000&nbsp;$ au profit des travailleurs de rang de la Mont\u00e9r\u00e9gie. La 12<sup>e<\/sup>&nbsp;\u00e9dition du Gala Agristars aura lieu le 7&nbsp;avril prochain, au Th\u00e9\u00e2tre Manuvie \u00e0 Brossard.<\/p>\n<p><a href=\"https:\/\/monteregie.upa.qc.ca\/producteur\/centre-des-communications\/gala-agristars-2025\" target=\"_blank\" rel=\"noopener\"><img loading=\"lazy\" decoding=\"async\" class=\"alignleft wp-image-25419\" src=\"https:\/\/bovin.qc.ca\/wp-content\/uploads\/2025\/02\/Bouton-en-savoir-plus-1.png\" alt=\"\" width=\"204\" height=\"53\" srcset=\"https:\/\/bovin.qc.ca\/wp-content\/uploads\/2025\/02\/Bouton-en-savoir-plus-1.png 457w, https:\/\/bovin.qc.ca\/wp-content\/uploads\/2025\/02\/Bouton-en-savoir-plus-1-300x78.png 300w\" sizes=\"auto, (max-width: 204px) 100vw, 204px\" \/><\/a><\/p>\n<p>&nbsp;<\/p>\n<p>&nbsp;<\/p>\n<p><em>So<\/em><em>urce : PBQ&nbsp;<\/em><\/p>\n","protected":false},"excerpt":{"rendered":"<p>&nbsp; INFOLETTRE La Minute bovine : f\u00e9vrier 2025 L&#8217;Info-prix \u00c9v\u00e9nements \u00e0 venir Actualit\u00e9s Nouveau d\u00e9l\u00e9gu\u00e9 du Qu\u00e9bec au CCYC Canadian C\u2019est le moment de postuler au Programme de mentorat des jeunes leaders en production bovine Un documentaire sur le r\u00f4le des bovins pour la plan\u00e8te Report du changement au taux d&#8217;inclusion des gains en capital [&#8230;]<\/p>\n","protected":false},"author":6,"featured_media":0,"parent":0,"menu_order":0,"comment_status":"closed","ping_status":"closed","template":"","meta":{"ngg_post_thumbnail":0,"footnotes":""},"class_list":["post-25559","page","type-page","status-publish","hentry"],"_links":{"self":[{"href":"https:\/\/bovin.qc.ca\/en\/wp-json\/wp\/v2\/pages\/25559","targetHints":{"allow":["GET"]}}],"collection":[{"href":"https:\/\/bovin.qc.ca\/en\/wp-json\/wp\/v2\/pages"}],"about":[{"href":"https:\/\/bovin.qc.ca\/en\/wp-json\/wp\/v2\/types\/page"}],"author":[{"embeddable":true,"href":"https:\/\/bovin.qc.ca\/en\/wp-json\/wp\/v2\/users\/6"}],"replies":[{"embeddable":true,"href":"https:\/\/bovin.qc.ca\/en\/wp-json\/wp\/v2\/comments?post=25559"}],"version-history":[{"count":1,"href":"https:\/\/bovin.qc.ca\/en\/wp-json\/wp\/v2\/pages\/25559\/revisions"}],"predecessor-version":[{"id":25560,"href":"https:\/\/bovin.qc.ca\/en\/wp-json\/wp\/v2\/pages\/25559\/revisions\/25560"}],"wp:attachment":[{"href":"https:\/\/bovin.qc.ca\/en\/wp-json\/wp\/v2\/media?parent=25559"}],"curies":[{"name":"wp","href":"https:\/\/api.w.org\/{rel}","templated":true}]}}