{"id":20488,"date":"2023-12-04T07:33:47","date_gmt":"2023-12-04T12:33:47","guid":{"rendered":"https:\/\/bovin.qc.ca\/?page_id=20488"},"modified":"2023-12-04T07:38:41","modified_gmt":"2023-12-04T12:38:41","slug":"la-minute-bovine-november-2023","status":"publish","type":"page","link":"https:\/\/bovin.qc.ca\/en\/la-minute-bovine-november-2023\/","title":{"rendered":"La Minute bovine : November 2023"},"content":{"rendered":"<h3><div class=\"newsletter_subscription_box\"><a class=\"newsletter_subscription_link\" href=\"https:\/\/bovin.qc.ca\/abonnement\/\"><div class=\"left_side\"><img decoding=\"async\" src=\"https:\/\/bovin.qc.ca\/wp-content\/themes\/bovins\/images\/infolettre_icon.png\" class=\"newsletter_icon\" \/><\/div><div class=\"right_side\"><p class=\"newsletter_sub_text\">Vous n'\u00eates pas abonn\u00e9 \u00e0 notre infolettre?<br \/>Cliquez ici.<\/p><\/div><div style=\"clear:both;\"><\/div><\/a><\/div><\/h3>\n<p>&nbsp;<a id=\"top\"><\/a><\/p>\n<h1 style=\"text-align: left;\">INFOLETTRE<br \/>\nLa Minute bovine : novembre 2023<\/h1>\n<ul>\n<li>\n<h2 style=\"text-align: left;\"><a href=\"#coup\"><strong>Coup d\u2019\u0153il sur les march\u00e9s du b\u0153uf et du veau<\/strong><\/a><\/h2>\n<\/li>\n<li style=\"text-align: left;\">\n<h2 style=\"text-align: left;\"><a href=\"#prix\">L&#8217;Info-prix<\/a><\/h2>\n<\/li>\n<\/ul>\n<ul>\n<li style=\"text-align: left;\">\n<h2 style=\"text-align: left;\"><a href=\"#evenements\">\u00c9v\u00e9nements \u00e0 venir<\/a><\/h2>\n<\/li>\n<\/ul>\n<ul>\n<li style=\"list-style-type: none;\">\n<ul>\n<li style=\"text-align: left;\">\n<h2 style=\"text-align: left;\"><strong><a href=\"#actualite\">Actualit\u00e9s<\/a><\/strong><\/h2>\n<ul>\n<li><a href=\"#A1\"><strong>Franc succ\u00e8s pour le Colloque de l\u2019industrie bovine qu\u00e9b\u00e9coise 2023<\/strong><\/a><\/li>\n<li><a href=\"#A2\"><strong>Les Producteurs de bovins du Qu\u00e9bec d\u00e9voilent la nouvelle certification B\u0153uf du Qu\u00e9bec<\/strong><\/a><\/li>\n<li><a href=\"#A3\"><strong>Deux nouvelles capsules disponibles sur lesfaitsboeuf | veaufaits.com<\/strong><\/a><\/li>\n<li><a href=\"#A4\"><strong>Un projet des Producteurs de bovins du Qu\u00e9bec s\u2019illustre au niveau canadien<\/strong><\/a><\/li>\n<li><a href=\"#A5\"><strong>On parle biodiversit\u00e9 avec les jeunes!<\/strong><\/a><\/li>\n<li><a href=\"#A6\"><strong>Faites vite pour vous inscrire au Prix TESA!<\/strong><\/a><\/li>\n<li><a href=\"#A7\"><strong>Du nouveau personnel aux PBQ<\/strong><\/a><\/li>\n<li><a href=\"#A8\"><b>Nouvelle \u00e9dition du cahier Bovins du Qu\u00e9bec disponible!<\/b><\/a><\/li>\n<\/ul>\n<\/li>\n<\/ul>\n<\/li>\n<\/ul>\n<p>&nbsp;<\/p>\n<table style=\"width: 100%; border-collapse: collapse; background-color: #a52a2a;\" border=\"0\">\n<tbody>\n<tr>\n<td style=\"width: 100%;\">\n<h3 style=\"text-align: center;\"><span style=\"color: #ffffff;\"><strong>CLIQUEZ SUR VOTRE SECTEUR POUR VOS NOUVELLES<\/strong><\/span><\/h3>\n<\/td>\n<\/tr>\n<\/tbody>\n<\/table>\n<p>\n<a href=\"#br\"><img loading=\"lazy\" decoding=\"async\" class=\"alignnone wp-image-8129 size-full\" src=\"https:\/\/bovin.qc.ca\/wp-content\/uploads\/2020\/01\/br.jpg\" alt=\"\" width=\"156\" height=\"348\" srcset=\"https:\/\/bovin.qc.ca\/wp-content\/uploads\/2020\/01\/br.jpg 156w, https:\/\/bovin.qc.ca\/wp-content\/uploads\/2020\/01\/br-134x300.jpg 134w, https:\/\/bovin.qc.ca\/wp-content\/uploads\/2020\/01\/br-57x128.jpg 57w\" sizes=\"auto, (max-width: 156px) 100vw, 156px\" \/>&nbsp;<\/a>&nbsp;<a href=\"#vgvl\"><img loading=\"lazy\" decoding=\"async\" class=\"alignnone wp-image-8131\" src=\"https:\/\/bovin.qc.ca\/wp-content\/uploads\/2020\/01\/vg.jpg\" alt=\"\" width=\"156\" height=\"348\">&nbsp;<\/a>&nbsp;<a href=\"#vl\">&nbsp;&nbsp;<\/a><a href=\"#vgvl\"><img loading=\"lazy\" decoding=\"async\" class=\"alignnone wp-image-8133\" src=\"https:\/\/bovin.qc.ca\/wp-content\/uploads\/2020\/01\/vl.jpg\" alt=\"\" width=\"155\" height=\"348\"><\/a><a href=\"#ve\"><img loading=\"lazy\" decoding=\"async\" class=\"alignnone wp-image-8135\" src=\"https:\/\/bovin.qc.ca\/wp-content\/uploads\/2020\/01\/ve.jpg\" alt=\"\" width=\"155\" height=\"348\" srcset=\"https:\/\/bovin.qc.ca\/wp-content\/uploads\/2020\/01\/ve.jpg 157w, https:\/\/bovin.qc.ca\/wp-content\/uploads\/2020\/01\/ve-134x300.jpg 134w, https:\/\/bovin.qc.ca\/wp-content\/uploads\/2020\/01\/ve-57x128.jpg 57w\" sizes=\"auto, (max-width: 155px) 100vw, 155px\" \/>&nbsp;<\/a><a href=\"#veba\"><img loading=\"lazy\" decoding=\"async\" class=\"alignnone wp-image-8137\" src=\"https:\/\/bovin.qc.ca\/wp-content\/uploads\/2020\/01\/ba-sec.jpg\" alt=\"\" width=\"159\" height=\"348\" srcset=\"https:\/\/bovin.qc.ca\/wp-content\/uploads\/2020\/01\/ba-sec.jpg 159w, https:\/\/bovin.qc.ca\/wp-content\/uploads\/2020\/01\/ba-sec-137x300.jpg 137w, https:\/\/bovin.qc.ca\/wp-content\/uploads\/2020\/01\/ba-sec-59x128.jpg 59w\" sizes=\"auto, (max-width: 159px) 100vw, 159px\" \/><\/a><\/p>\n<p><a href=\"https:\/\/www.vetoquinol.ca\/fr\" target=\"_blank\" rel=\"noopener\"><img loading=\"lazy\" decoding=\"async\" class=\"wp-image-20420 aligncenter\" src=\"https:\/\/bovin.qc.ca\/wp-content\/uploads\/2023\/11\/Bandeau-publicitaire-Vetoquinol_728x90_02.jpg\" alt=\"\" width=\"815\" height=\"101\" srcset=\"https:\/\/bovin.qc.ca\/wp-content\/uploads\/2023\/11\/Bandeau-publicitaire-Vetoquinol_728x90_02.jpg 1517w, https:\/\/bovin.qc.ca\/wp-content\/uploads\/2023\/11\/Bandeau-publicitaire-Vetoquinol_728x90_02-300x37.jpg 300w, https:\/\/bovin.qc.ca\/wp-content\/uploads\/2023\/11\/Bandeau-publicitaire-Vetoquinol_728x90_02-960x119.jpg 960w\" sizes=\"auto, (max-width: 815px) 100vw, 815px\" \/><\/a><\/p>\n<h2 style=\"text-align: left;\"><a href=\"#FADQ\">Nouvelles de La Financi\u00e8re agricole du Qu\u00e9bec<\/a><\/h2>\n<ul>\n<li style=\"list-style-type: none;\">\n<ul>\n<li><strong><a href=\"#F1\">R\u00e9tribution des pratiques agroenvironnementales : actions \u00e0 poser<\/a><\/strong><\/li>\n<li><strong><a href=\"#F2\">G\u00e9rez-vous bien vos risques?<\/a><\/strong><\/li>\n<li><a href=\"#f3\"><strong>Pr\u00eat pour le fonds de roulement jusqu\u2019\u00e0 200&nbsp;000$<\/strong><\/a><\/li>\n<\/ul>\n<\/li>\n<\/ul>\n<h2 style=\"text-align: left;\"><a href=\"#CCA\">Nouvelles de l&#8217;Association canadienne des bovins<\/a><\/h2>\n<ul>\n<li style=\"list-style-type: none;\">\n<ul>\n<li><a href=\"#CCA1\"><strong>L\u2019ACB participe \u00e0 une mission commerciale en Asie<\/strong><\/a><\/li>\n<li><a href=\"#CCA2\"><strong>Pr\u00e9senter le point de vue de l\u2019industrie au Forum mondial de l\u2019alimentation<\/strong><\/a><\/li>\n<\/ul>\n<\/li>\n<\/ul>\n<ul>\n<li style=\"list-style-type: none;\">&nbsp;<\/li>\n<\/ul>\n<p style=\"text-align: left;\"><a href=\"#top\">Retour en haut<\/a><a id=\"coup\"><\/a><\/p>\n<table style=\"width: 100%; border-collapse: collapse; background-color: #a52a2a;\" border=\"0\">\n<tbody>\n<tr>\n<td style=\"width: 100%;\">\n<h3 style=\"text-align: center;\"><span style=\"color: #ffffff;\"><strong>COUP D&#8217;\u0152IL SUR LES MARCH\u00c9S DU B\u0152UF ET DU VEAU<\/strong><\/span><\/h3>\n<\/td>\n<\/tr>\n<\/tbody>\n<\/table>\n<p>&nbsp;<\/p>\n<p style=\"text-align: center;\"><span style=\"text-decoration: underline;\"><a href=\"https:\/\/bovin.qc.ca\/wp-content\/uploads\/2023\/10\/2023-10-Coup-doeil-sur-les-marches-boeuf-et-veau-FRAN.pdf\" target=\"_blank\" rel=\"noopener\">Version fran\u00e7aise<\/a><br \/>\n<a href=\"https:\/\/bovin.qc.ca\/wp-content\/uploads\/2023\/10\/2023-10-Coup-doeil-sur-les-marches-boeuf-et-veau-ANG.pdf\" target=\"_blank\" rel=\"noopener\">English version<\/a><br \/>\n<\/span><\/p>\n<p style=\"text-align: center;\"><img loading=\"lazy\" decoding=\"async\" class=\"wp-image-10769 aligncenter\" src=\"https:\/\/bovin.qc.ca\/wp-content\/uploads\/2020\/08\/shutterstock_699231256-min_WEB-1.jpg\" alt=\"\" width=\"500\" height=\"317\" srcset=\"https:\/\/bovin.qc.ca\/wp-content\/uploads\/2020\/08\/shutterstock_699231256-min_WEB-1.jpg 1024w, https:\/\/bovin.qc.ca\/wp-content\/uploads\/2020\/08\/shutterstock_699231256-min_WEB-1-300x190.jpg 300w, https:\/\/bovin.qc.ca\/wp-content\/uploads\/2020\/08\/shutterstock_699231256-min_WEB-1-202x128.jpg 202w\" sizes=\"auto, (max-width: 500px) 100vw, 500px\" \/><\/p>\n<p style=\"text-align: left;\"><a href=\"#top\">Retour en haut<\/a><a id=\"prix\"><\/a><\/p>\n<hr>\n<p>&nbsp;<\/p>\n<p><img loading=\"lazy\" decoding=\"async\" class=\"aligncenter wp-image-5452\" src=\"https:\/\/bovin.qc.ca\/wp-content\/uploads\/2018\/09\/info-prix-bandeau.jpg\" alt=\"\" width=\"750\" height=\"183\" srcset=\"https:\/\/bovin.qc.ca\/wp-content\/uploads\/2018\/09\/info-prix-bandeau.jpg 650w, https:\/\/bovin.qc.ca\/wp-content\/uploads\/2018\/09\/info-prix-bandeau-300x73.jpg 300w, https:\/\/bovin.qc.ca\/wp-content\/uploads\/2018\/09\/info-prix-bandeau-523x128.jpg 523w\" sizes=\"auto, (max-width: 750px) 100vw, 750px\" \/><\/p>\n<p style=\"text-align: center;\">Cliquez sur un secteur pour les prix du march\u00e9<\/p>\n<p style=\"text-align: center;\"><u><a href=\"https:\/\/www.fpbq.upa.qc.ca\/infoprix\/BouvAbattage\/BAInfoPrixQuot.asp?Langue=F\" target=\"_blank\" rel=\"noopener\"><strong>BOUVILLON<\/strong><\/a><br \/>\n<\/u><u><a href=\"https:\/\/www.fpbq.upa.qc.ca\/infoprix\/BovinReforme\/BRInfoPrixQuot.asp?Langue=F\" target=\"_blank\" rel=\"noopener\"><strong>BOVIN DE R\u00c9FORME ET VEAU LAITIER<\/strong><\/a><br \/>\n<\/u><u><a href=\"https:\/\/www.fpbq.upa.qc.ca\/infoprix\/VeauDeGrain\/VGInfoPrixHebdo.asp?Langue=F\" target=\"_blank\" rel=\"noopener\"><strong>VEAU DE GRAIN<\/strong><\/a><br \/>\n<\/u><u><strong><a href=\"https:\/\/www.fpbq.upa.qc.ca\/infoprix\/VeauDeLait\/VLInfoPrixHebdo.asp?Langue=F\" target=\"_blank\" rel=\"noopener\">VEAU DE LAIT<\/a><br \/>\n<\/strong><\/u><u><a href=\"https:\/\/www.fpbq.upa.qc.ca\/infoprix\/VeauEmbouche\/VEInfoPrixQuot.asp?Langue=F\" target=\"_blank\" rel=\"noopener\"><strong>VEAU D\u2019EMBOUCHE<\/strong><\/a><\/u><\/p>\n<p><a href=\"#top\">Retour en haut<\/a><a id=\"evenements\"><\/a><\/p>\n<p>&nbsp;<\/p>\n<table style=\"width: 100%; border-collapse: collapse; background-color: #a52a2a;\" border=\"0\">\n<tbody>\n<tr>\n<td style=\"width: 100%;\">\n<h3 style=\"text-align: center;\"><span style=\"color: #ffffff;\"><strong>\u00c9V\u00c9NEMENTS \u00c0 VENIR<\/strong><\/span><\/h3>\n<\/td>\n<\/tr>\n<\/tbody>\n<\/table>\n<h4 style=\"text-align: left;\">Fili\u00e8re b\u0153uf et veau<a id=\"evenements\"><\/a><\/h4>\n<h4 style=\"text-align: left;\"><img loading=\"lazy\" decoding=\"async\" class=\"aligncenter wp-image-20294\" src=\"https:\/\/bovin.qc.ca\/wp-content\/uploads\/2023\/11\/Evenement-UPA-Monteregie1.jpg\" alt=\"\" width=\"815\" height=\"584\" srcset=\"https:\/\/bovin.qc.ca\/wp-content\/uploads\/2023\/11\/Evenement-UPA-Monteregie1.jpg 674w, https:\/\/bovin.qc.ca\/wp-content\/uploads\/2023\/11\/Evenement-UPA-Monteregie1-300x215.jpg 300w, https:\/\/bovin.qc.ca\/wp-content\/uploads\/2023\/11\/Evenement-UPA-Monteregie1-179x128.jpg 179w\" sizes=\"auto, (max-width: 815px) 100vw, 815px\" \/><\/h4>\n<p><strong>Webinaire gratuit : Pratiques agricoles favorables aux oiseaux champ\u00eatres dans les champs de foin<\/strong><\/p>\n<p>Quand&nbsp;: 1<sup>er<\/sup> d\u00e9cembre 2023 de 12 h \u00e0 13 h 15<\/p>\n<p><strong>Inscription obligatoire<\/strong>&nbsp;<\/p>\n<p>\u00c0 l&#8217;horaire :<\/p>\n<ul>\n<li>Comment mieux prot\u00e9ger le Goglu des pr\u00e9s et la Sturnelle des pr\u00e9s dans les champs de foin : vers des pratiques agricoles durables, pr\u00e9sent\u00e9 par M. Carl Savignac, M. Sc., biologiste de la faune terrestre, directeur chez Dendroica Environnement et Faune<\/li>\n<li>Fauche retard\u00e9e de foin via le programme ALUS Mont\u00e9r\u00e9gie, pr\u00e9sent\u00e9 par Mme Fr\u00e9d\u00e9rique Gagn\u00e9, conseill\u00e8re en agroenvironnement, F\u00e9d\u00e9ration de l\u2019UPA de la Mont\u00e9r\u00e9gie<\/li>\n<li>T\u00e9moignage de M. Martin Berger, producteur agricole, Ferme Bermanic S.E.N.C.<\/li>\n<\/ul>\n<p><em>Source&nbsp;: F\u00e9d\u00e9ration de l\u2019UPA de la Mont\u00e9r\u00e9gie<\/em><\/p>\n<p><a href=\"https:\/\/bit.ly\/3QVyN23\" target=\"_blank\" rel=\"noopener\"><img loading=\"lazy\" decoding=\"async\" class=\"aligncenter wp-image-19539 size-full\" src=\"https:\/\/bovin.qc.ca\/wp-content\/uploads\/2023\/08\/je-minscris-01-01-1.png\" alt=\"\" width=\"691\" height=\"93\" srcset=\"https:\/\/bovin.qc.ca\/wp-content\/uploads\/2023\/08\/je-minscris-01-01-1.png 691w, https:\/\/bovin.qc.ca\/wp-content\/uploads\/2023\/08\/je-minscris-01-01-1-300x40.png 300w\" sizes=\"auto, (max-width: 691px) 100vw, 691px\" \/><\/a><\/p>\n<hr>\n<h4 style=\"text-align: left;\">G\u00c9N\u00c9RAL<a id=\"e2\"><\/a><\/h4>\n<h4 style=\"text-align: left;\"><img loading=\"lazy\" decoding=\"async\" class=\"aligncenter wp-image-20296\" src=\"https:\/\/bovin.qc.ca\/wp-content\/uploads\/2023\/11\/Bandeau-webinaire.jpg\" alt=\"\" width=\"815\" height=\"163\" srcset=\"https:\/\/bovin.qc.ca\/wp-content\/uploads\/2023\/11\/Bandeau-webinaire.jpg 1000w, https:\/\/bovin.qc.ca\/wp-content\/uploads\/2023\/11\/Bandeau-webinaire-300x60.jpg 300w, https:\/\/bovin.qc.ca\/wp-content\/uploads\/2023\/11\/Bandeau-webinaire-640x128.jpg 640w\" sizes=\"auto, (max-width: 815px) 100vw, 815px\" \/><\/h4>\n<p><strong>Webinaire&nbsp;sur la t\u00e9l\u00e9m\u00e9decine v\u00e9t\u00e9rinaire au Qu\u00e9bec <\/strong><\/p>\n<p>Quand : 11 d\u00e9cembre 2023 de 13 h 30 \u00e0 14 h 45<\/p>\n<p>\u00c0 l\u2019horaire&nbsp;:<\/p>\n<p>Pr\u00e9sentation des r\u00e9sultats du sondage men\u00e9 par Groupe AG\u00c9CO aupr\u00e8s des producteurs sur les besoins pour le d\u00e9veloppement de la t\u00e9l\u00e9m\u00e9decine v\u00e9t\u00e9rinaire au Qu\u00e9bec<\/p>\n<ul>\n<li>Aper\u00e7u de l\u2019outil technologique de t\u00e9l\u00e9m\u00e9decine actuellement en d\u00e9veloppement et de ses avantages<\/li>\n<li>T\u00e9moignage de producteur et v\u00e9t\u00e9rinaire pour qui la t\u00e9l\u00e9m\u00e9decine est essentielle<\/li>\n<li>Annonce de la campagne du Programme int\u00e9gr\u00e9 de sant\u00e9 animale du Qu\u00e9bec (PISAQ) sur la t\u00e9l\u00e9m\u00e9decine v\u00e9t\u00e9rinaire<\/li>\n<\/ul>\n<p>Ce webinaire est pr\u00e9sent\u00e9 dans le cadre de la strat\u00e9gie de d\u00e9ploiement de la t\u00e9l\u00e9m\u00e9decine v\u00e9t\u00e9rinaire au Qu\u00e9bec, financ\u00e9 par l\u2019Offensive de transformation num\u00e9rique (OTN). Les objectifs de cette strat\u00e9gie sont de bonifier l\u2019offre de services en mati\u00e8re de conseils v\u00e9t\u00e9rinaires au Qu\u00e9bec et d\u2019implanter des solutions pour mieux structurer les \u00e9changes entre m\u00e9decins v\u00e9t\u00e9rinaires et producteurs, tout en maximisant l\u2019efficacit\u00e9 de travail du m\u00e9decin v\u00e9t\u00e9rinaire.<\/p>\n<p><em>Source&nbsp;: UPA<\/em><a href=\"https:\/\/us02web.zoom.us\/webinar\/register\/WN_0zNAo9mIRRqdJ62GAoXJFQ#\/registration\" target=\"_blank\" rel=\"noopener\"><img loading=\"lazy\" decoding=\"async\" class=\"aligncenter wp-image-19539 size-full\" src=\"https:\/\/bovin.qc.ca\/wp-content\/uploads\/2023\/08\/je-minscris-01-01-1.png\" alt=\"\" width=\"691\" height=\"93\" srcset=\"https:\/\/bovin.qc.ca\/wp-content\/uploads\/2023\/08\/je-minscris-01-01-1.png 691w, https:\/\/bovin.qc.ca\/wp-content\/uploads\/2023\/08\/je-minscris-01-01-1-300x40.png 300w\" sizes=\"auto, (max-width: 691px) 100vw, 691px\" \/><\/a><\/p>\n<p>&nbsp;<\/p>\n<table style=\"width: 100%; border-collapse: collapse; background-color: #a52a2a;\" border=\"0\">\n<tbody>\n<tr>\n<td style=\"width: 100%;\">\n<h3 style=\"text-align: center;\"><span style=\"color: #ffffff;\"><strong>ACTUALIT\u00c9S<a id=\"A1\"><\/a><\/strong><\/span><\/h3>\n<\/td>\n<\/tr>\n<\/tbody>\n<\/table>\n<h4><strong>Franc succ\u00e8s pour le Colloque de l\u2019industrie bovine qu\u00e9b\u00e9coise 2023<\/strong><\/h4>\n<p><img loading=\"lazy\" decoding=\"async\" class=\"aligncenter wp-image-20298\" src=\"https:\/\/bovin.qc.ca\/wp-content\/uploads\/2023\/11\/CIBQ-photo_0003__O7A5152.jpg.jpg\" alt=\"\" width=\"815\" height=\"458\" srcset=\"https:\/\/bovin.qc.ca\/wp-content\/uploads\/2023\/11\/CIBQ-photo_0003__O7A5152.jpg.jpg 1920w, https:\/\/bovin.qc.ca\/wp-content\/uploads\/2023\/11\/CIBQ-photo_0003__O7A5152.jpg-300x169.jpg 300w, https:\/\/bovin.qc.ca\/wp-content\/uploads\/2023\/11\/CIBQ-photo_0003__O7A5152.jpg-228x128.jpg 228w, https:\/\/bovin.qc.ca\/wp-content\/uploads\/2023\/11\/CIBQ-photo_0003__O7A5152.jpg-1536x864.jpg 1536w\" sizes=\"auto, (max-width: 815px) 100vw, 815px\" \/><\/p>\n<p>Pr\u00e8s de 200 participants \u00e9taient pr\u00e9sents au 3<sup>e<\/sup> Colloque de l\u2019industrie bovine qu\u00e9b\u00e9coise (CIBQ) 2023. Cette deuxi\u00e8me \u00e9dition en pr\u00e9sentiel, qui a eu lieu le 16 novembre au Centrexpo Cogeco Drummondville, a attir\u00e9 de nombreux intervenants&nbsp;: repr\u00e9sentants d\u2019abattoirs, conseillers, agronomes, d\u00e9taillants, enseignants, chercheurs et, bien entendu, des producteurs de veaux et de b\u0153ufs. En observant l\u2019ambiance qui r\u00e9gnait dans le salon des exposants, il \u00e9tait \u00e9vident que tous \u00e9taient impatients de se retrouver.<\/p>\n<p><img loading=\"lazy\" decoding=\"async\" class=\"aligncenter size-full wp-image-20300\" src=\"https:\/\/bovin.qc.ca\/wp-content\/uploads\/2023\/11\/CIBQ-kiosques.jpg\" alt=\"\" width=\"815\" height=\"327\" srcset=\"https:\/\/bovin.qc.ca\/wp-content\/uploads\/2023\/11\/CIBQ-kiosques.jpg 815w, https:\/\/bovin.qc.ca\/wp-content\/uploads\/2023\/11\/CIBQ-kiosques-300x120.jpg 300w, https:\/\/bovin.qc.ca\/wp-content\/uploads\/2023\/11\/CIBQ-kiosques-319x128.jpg 319w\" sizes=\"auto, (max-width: 815px) 100vw, 815px\" \/><\/p>\n<p><img loading=\"lazy\" decoding=\"async\" class=\" wp-image-20317 alignright\" src=\"https:\/\/bovin.qc.ca\/wp-content\/uploads\/2023\/11\/JTM-faitsboeuf.jpg\" alt=\"\" width=\"314\" height=\"230\" srcset=\"https:\/\/bovin.qc.ca\/wp-content\/uploads\/2023\/11\/JTM-faitsboeuf.jpg 333w, https:\/\/bovin.qc.ca\/wp-content\/uploads\/2023\/11\/JTM-faitsboeuf-300x220.jpg 300w, https:\/\/bovin.qc.ca\/wp-content\/uploads\/2023\/11\/JTM-faitsboeuf-175x128.jpg 175w\" sizes=\"auto, (max-width: 314px) 100vw, 314px\" \/><\/p>\n<p>&nbsp;<\/p>\n<p>En qualit\u00e9 de repr\u00e9sentant du commanditaire principal de l\u2019\u00e9v\u00e9nement, le pr\u00e9sident des Producteurs de bovins du Qu\u00e9bec (PBQ), M. Jean-Thomas Maltais, a \u00e9t\u00e9 le premier invit\u00e9 \u00e0 monter sur sc\u00e8ne. Il a soulign\u00e9 l\u2019importance d\u2019un \u00e9v\u00e9nement tel que le CIBQ comme lieu d\u2019\u00e9change et de dialogue pour toute l\u2019industrie bovine. Il a par ailleurs d\u00e9voil\u00e9 en avant-premi\u00e8re deux capsules vid\u00e9o remettant les pendules \u00e0 l\u2019heure sur la production bovine au Qu\u00e9bec. Celles-ci sont disponibles sur la plateforme <a href=\"https:\/\/lesfaitsboeuf.com\/\" target=\"_blank\" rel=\"noopener\">LESFAITSBOEUF.COM | VEAUFAITS.COM<\/a>.<\/p>\n<p>&nbsp;<\/p>\n<p>La programmation de la journ\u00e9e, qui avait pour th\u00e8me Durabilit\u00e9 et innovations, \u00e9tait \u00e0 la fois riche et vari\u00e9e. Le matin, la directrice g\u00e9n\u00e9rale de Canfax, Mme Brenna Grant, a partag\u00e9 son analyse des tendances du march\u00e9 des bovins, tandis que le chercheur scientifique d\u2019Agriculture et Agroalimentaire Canada, Dr Oscar Lopez-Campos, a pr\u00e9sent\u00e9 les derniers d\u00e9veloppements en mati\u00e8re de classification de la viande.<\/p>\n<p><img loading=\"lazy\" decoding=\"async\" class=\"aligncenter size-full wp-image-20319\" src=\"https:\/\/bovin.qc.ca\/wp-content\/uploads\/2023\/11\/CIBQ-brenna-Oscar.jpg\" alt=\"\" width=\"815\" height=\"278\" srcset=\"https:\/\/bovin.qc.ca\/wp-content\/uploads\/2023\/11\/CIBQ-brenna-Oscar.jpg 815w, https:\/\/bovin.qc.ca\/wp-content\/uploads\/2023\/11\/CIBQ-brenna-Oscar-300x102.jpg 300w, https:\/\/bovin.qc.ca\/wp-content\/uploads\/2023\/11\/CIBQ-brenna-Oscar-375x128.jpg 375w\" sizes=\"auto, (max-width: 815px) 100vw, 815px\" \/><\/p>\n<p>La journ\u00e9e comptait \u00e9galement un panel r\u00e9unissant les agronomes suivants&nbsp;: M. Bernard Dor\u00e9 (Bovi-Expert), Mme Annie Dubuc (D\u00e9limax), Mme Elizabeth Lepage (Sollio Agriculture) et M. Fran\u00e7ois Massicotte (Sollio Agriculture). Ils ont livr\u00e9 quelques conseils pour des strat\u00e9gies gagnantes pour une production efficace.<\/p>\n<p>L\u2019avant-midi s\u2019est conclu sur une autre primeur : le lancement de la certification B\u0153uf du Qu\u00e9bec (voir le texte suivant). Pour l\u2019occasion, le directeur g\u00e9n\u00e9ral des PBQ, M. Andr\u00e9 Roy, a expliqu\u00e9 la d\u00e9marche derri\u00e8re ce projet rassembleur en pr\u00e9sence de plusieurs partenaires.<\/p>\n<p><img loading=\"lazy\" decoding=\"async\" class=\"aligncenter wp-image-20328 size-full\" src=\"https:\/\/bovin.qc.ca\/wp-content\/uploads\/2023\/11\/CIBQ-panel-andre-1.jpg\" alt=\"\" width=\"815\" height=\"278\" srcset=\"https:\/\/bovin.qc.ca\/wp-content\/uploads\/2023\/11\/CIBQ-panel-andre-1.jpg 815w, https:\/\/bovin.qc.ca\/wp-content\/uploads\/2023\/11\/CIBQ-panel-andre-1-300x102.jpg 300w, https:\/\/bovin.qc.ca\/wp-content\/uploads\/2023\/11\/CIBQ-panel-andre-1-375x128.jpg 375w\" sizes=\"auto, (max-width: 815px) 100vw, 815px\" \/><\/p>\n<p><strong>La durabilit\u00e9 au menu<\/strong><\/p>\n<p>Au retour de la pause du d\u00eener, les participants ont pu assister \u00e0 plusieurs conf\u00e9rences fort instructives, notamment celle sur les strat\u00e9gies \u00e9coresponsables pour l\u2019emballage de la viande, pr\u00e9sent\u00e9e par Mme Cl\u00e9o Poirier Muszynski (\u00c9co Entreprises Qu\u00e9bec) et Mme Anne Maltais, chercheuse \u00e0 l\u2019Institut de technologie des emballages et du g\u00e9nie alimentaire. Toujours sur le th\u00e8me de l\u2019environnement, les chercheurs M. Ahmed Koubaa (Universit\u00e9 du Qu\u00e9bec en Abitibi-T\u00e9miscamingue) et M. Simon Lafontaine (\u00c9cob\u0153uf), ont pr\u00e9sent\u00e9 un projet de biom\u00e9thanisation des r\u00e9sidus agricoles, bovins et forestiers, afin de r\u00e9duire les \u00e9missions de gaz \u00e0 effet de serre directement \u00e0 la ferme.<\/p>\n<p><img loading=\"lazy\" decoding=\"async\" class=\"aligncenter size-full wp-image-20323\" src=\"https:\/\/bovin.qc.ca\/wp-content\/uploads\/2023\/11\/CIBQ-Cleo-Amhed.jpg\" alt=\"\" width=\"815\" height=\"278\" srcset=\"https:\/\/bovin.qc.ca\/wp-content\/uploads\/2023\/11\/CIBQ-Cleo-Amhed.jpg 815w, https:\/\/bovin.qc.ca\/wp-content\/uploads\/2023\/11\/CIBQ-Cleo-Amhed-300x102.jpg 300w, https:\/\/bovin.qc.ca\/wp-content\/uploads\/2023\/11\/CIBQ-Cleo-Amhed-375x128.jpg 375w\" sizes=\"auto, (max-width: 815px) 100vw, 815px\" \/><\/p>\n<p>Le pr\u00e9sident sortant de B\u0153uf canadien, M. Michael Young, a d\u00e9voil\u00e9 quelques-unes des initiatives de l\u2019industrie pour commercialiser la viande de b\u0153uf dans un contexte d\u2019inflation. Il a \u00e9t\u00e9 entre autres question d\u2019un portail Web bilingue fournissant des id\u00e9es de recettes et des informations sur la production bovine, destin\u00e9 aux consommateurs. M. Young a d\u2019ailleurs profit\u00e9 de la tribune du CIBQ pour pr\u00e9senter aux diff\u00e9rents acteurs de l\u2019industrie son successeur M. Eric Bienvenue. Originaire de Saint- Val\u00e9rien-de-Milton, M. Bienvenue a partag\u00e9 sa vision du leadership et a manifest\u00e9 son intention de visiter plusieurs fermes bovines du Qu\u00e9bec dans un proche avenir.<\/p>\n<p><img loading=\"lazy\" decoding=\"async\" class=\"aligncenter size-full wp-image-20325\" src=\"https:\/\/bovin.qc.ca\/wp-content\/uploads\/2023\/11\/CIBQ-michael-Eric.jpg\" alt=\"\" width=\"815\" height=\"278\" srcset=\"https:\/\/bovin.qc.ca\/wp-content\/uploads\/2023\/11\/CIBQ-michael-Eric.jpg 815w, https:\/\/bovin.qc.ca\/wp-content\/uploads\/2023\/11\/CIBQ-michael-Eric-300x102.jpg 300w, https:\/\/bovin.qc.ca\/wp-content\/uploads\/2023\/11\/CIBQ-michael-Eric-375x128.jpg 375w\" sizes=\"auto, (max-width: 815px) 100vw, 815px\" \/><\/p>\n<p>Enfin, le CIBQ s\u2019est cl\u00f4tur\u00e9 avec le tirage de plusieurs prix de pr\u00e9sence et un cocktail, au grand plaisir de tous.<\/p>\n<p>Le comit\u00e9 organisateur tient \u00e0 remercier chaleureusement tous les partenaires et les exposants de cet \u00e9v\u00e9nement.<\/p>\n<p><em>Source : PBQ<\/em><\/p>\n<p style=\"text-align: left;\"><a href=\"#top\">Retour en haut<\/a><a id=\"A2\"><\/a><\/p>\n<hr>\n<h4><strong>Les Producteurs de bovins du Qu\u00e9bec d\u00e9voilent la nouvelle certification B\u0153uf du Qu\u00e9bec<\/strong><\/h4>\n<p>&nbsp;<\/p>\n<div id=\"attachment_20330\" style=\"width: 825px\" class=\"wp-caption aligncenter\"><img loading=\"lazy\" decoding=\"async\" aria-describedby=\"caption-attachment-20330\" class=\"wp-image-20330 size-full\" src=\"https:\/\/bovin.qc.ca\/wp-content\/uploads\/2023\/11\/CIBQ-Boeufduquebec-e1700848661432.jpg\" alt=\"\" width=\"815\" height=\"510\" srcset=\"https:\/\/bovin.qc.ca\/wp-content\/uploads\/2023\/11\/CIBQ-Boeufduquebec-e1700848661432.jpg 815w, https:\/\/bovin.qc.ca\/wp-content\/uploads\/2023\/11\/CIBQ-Boeufduquebec-e1700848661432-300x188.jpg 300w, https:\/\/bovin.qc.ca\/wp-content\/uploads\/2023\/11\/CIBQ-Boeufduquebec-e1700848661432-205x128.jpg 205w\" sizes=\"auto, (max-width: 815px) 100vw, 815px\" \/><p id=\"caption-attachment-20330\" class=\"wp-caption-text\"><span style=\"font-size: 10pt;\">De gauche \u00e0 droite : St\u00e9phane Bergeron, Directeur Qu\u00e9bec, cat\u00e9gories viande et poisson, Sobeys, Andr\u00e9 Roy, Directeur g\u00e9n\u00e9ral, Les Producteurs de bovins du Qu\u00e9bec, Manon Cambefort, Directrice g\u00e9n\u00e9rale, Groupe ADEL, Jean-Thomas Maltais, pr\u00e9sident, Les Producteurs de bovins du Qu\u00e9bec.<\/span><\/p><\/div>\n<p>&nbsp;<\/p>\n<p>Le CIBQ 2023 a \u00e9t\u00e9 l\u2019occasion de faire une grande annonce. Les PBQ et leurs partenaires ont d\u00e9voil\u00e9 la toute nouvelle certification collective B\u0153uf du Qu\u00e9bec. La certification sera visible en \u00e9picerie, notamment gr\u00e2ce \u00e0 l\u2019engagement de Sobeys \u00e0 offrir des produits certifi\u00e9s dans les semaines \u00e0 venir. Elle continuera \u00e9galement de se d\u00e9ployer sur une vaste vari\u00e9t\u00e9 de produits de b\u0153uf \u00e0 travers tout le Qu\u00e9bec, gr\u00e2ce \u00e0 l\u2019engagement du Groupe ADEL, exploitant une usine de transformation \u00e0 Sainte-Luce, dans le Bas-Saint-Laurent.<\/p>\n<p><img loading=\"lazy\" decoding=\"async\" class=\"alignright size-full wp-image-20332\" src=\"https:\/\/bovin.qc.ca\/wp-content\/uploads\/2023\/11\/CIBQ-conference.jpg\" alt=\"\" width=\"400\" height=\"267\" srcset=\"https:\/\/bovin.qc.ca\/wp-content\/uploads\/2023\/11\/CIBQ-conference.jpg 400w, https:\/\/bovin.qc.ca\/wp-content\/uploads\/2023\/11\/CIBQ-conference-300x200.jpg 300w, https:\/\/bovin.qc.ca\/wp-content\/uploads\/2023\/11\/CIBQ-conference-192x128.jpg 192w\" sizes=\"auto, (max-width: 400px) 100vw, 400px\" \/>B\u0153uf du Qu\u00e9bec est une certification collective soutenue par plus de 12 000 producteurs, garantissant une viande bovine provenant de fermes d\u2019ici. La certification g\u00e9n\u00e9rique permettra aux consommateurs de distinguer rapidement des caract\u00e9ristiques communes propres au b\u0153uf du Qu\u00e9bec, soit une viande de qualit\u00e9 r\u00e9pondant \u00e0 des normes de production \u00e9lev\u00e9es.<\/p>\n<p>\u00ab Les Qu\u00e9b\u00e9cois aiment le b\u0153uf et ils l\u2019aiment le plus local possible. Avec la certification, les producteurs souhaitent r\u00e9pondre \u00e0 cette demande, souligne M. Jean-Thomas Maltais, pr\u00e9sident des PBQ. Acheter du b\u0153uf local \u00e0 l\u2019\u00e9picerie, c\u2019est participer \u00e0 accro\u00eetre l\u2019autonomie alimentaire de la province, et contribuer \u00e0 la vitalit\u00e9 \u00e9conomique de toutes nos r\u00e9gions. \u00bb<\/p>\n<p>La certification mise sur un cahier des charges qui exige que 100 % des animaux proviennent de fermes du Qu\u00e9bec, et qu\u2019au moins 85 % d\u2019entre eux soient n\u00e9s au Qu\u00e9bec. Pour se pr\u00e9valoir de la certification, le demandeur a la responsabilit\u00e9 de fournir les preuves qui t\u00e9moignent du respect des crit\u00e8res de provenance de la viande.<\/p>\n<p><strong><img loading=\"lazy\" decoding=\"async\" class=\"alignright wp-image-20334\" src=\"https:\/\/bovin.qc.ca\/wp-content\/uploads\/2023\/11\/Logo-Boeuf-du-Quebec_Sceau-principal-format-reduit.jpg\" alt=\"\" width=\"233\" height=\"233\">Un signal fort pour les producteurs et les consommateurs<\/strong><\/p>\n<p>Gr\u00e2ce \u00e0 la nouvelle certification, issue de la planification strat\u00e9gique 2021 des PBQ, les producteurs visent \u00e0 contribuer positivement \u00e0 la stabilisation des revenus \u00e0 la ferme, notamment en garantissant une demande plus \u00e9lev\u00e9e pour la production locale. L&#8217;objectif est de continuer de produire \u00e0 long terme, et plus que jamais, de fa\u00e7on durable, de la viande d&#8217;ici.<\/p>\n<p>Les produits identifi\u00e9s avec la certification B\u0153uf du Qu\u00e9bec seront disponibles dans des grandes banni\u00e8res du Qu\u00e9bec et dans le r\u00e9seau HRI. Un logo et une signature visuelle ont \u00e9t\u00e9 d\u00e9velopp\u00e9s sp\u00e9cifiquement pour la certification, qui est facilement reconnaissable par ses couleurs, pourpre, ivoire et noire.<\/p>\n<p>\u00ab Encourager les producteurs d&#8217;ici et proposer une offre vari\u00e9e de produits qu\u00e9b\u00e9cois \u00e0 nos clients fait partie de notre ADN depuis toujours, affirme M. St\u00e9phane Bergeron, Directeur Qu\u00e9bec, cat\u00e9gories viande et poisson chez Sobeys. Aujourd&#8217;hui encore, nous choisissons de mettre en valeur le savoir-faire des Qu\u00e9b\u00e9cois en introduisant dans nos banni\u00e8res IGA, Les March\u00e9s Tradition et March\u00e9 Bonichoix, du b\u0153uf qu\u00e9b\u00e9cois de qualit\u00e9 ayant re\u00e7u la nouvelle certification B\u0153uf du Qu\u00e9bec ! \u00bb<\/p>\n<p>Les consommateurs, les producteurs, les transformateurs et les commer\u00e7ants qui d\u00e9sirent en savoir plus sur la nouvelle certification faisant la valorisation du b\u0153uf du Qu\u00e9bec peuvent consulter le <a href=\"http:\/\/www.mangezleboeufduquebec.com\" target=\"_blank\" rel=\"noopener\">www.mangezleboeufduquebec.com<\/a>.<\/p>\n<p><em>Source : PBQ<\/em><\/p>\n<p style=\"text-align: left;\"><a href=\"#top\">Retour en haut<\/a><a id=\"A3\"><\/a><\/p>\n<hr>\n<h4><strong>Deux nouvelles capsules disponibles sur lesfaitsboeuf | veaufaits.com<\/strong><\/h4>\n<p>La plateforme lesfaitsboeuf | veaufaits .com entame sa deuxi\u00e8me phase de promotion aupr\u00e8s du grand public avec deux nouvelles capsules! Vous pouvez les visionner ici!<\/p>\n<table style=\"border-collapse: collapse; width: 100%;\">\n<tbody>\n<tr>\n<td style=\"width: 50%;\"><a href=\"https:\/\/lesfaitsboeuf.com\/a-quel-point-ca-prend-de-leau-pour-produire-du-boeuf-au-quebec\/\" target=\"_blank\" rel=\"noopener\"><img loading=\"lazy\" decoding=\"async\" class=\"aligncenter wp-image-20337\" src=\"https:\/\/bovin.qc.ca\/wp-content\/uploads\/2023\/11\/capsule-1.png\" alt=\"\" width=\"400\" height=\"295\" srcset=\"https:\/\/bovin.qc.ca\/wp-content\/uploads\/2023\/11\/capsule-1.png 763w, https:\/\/bovin.qc.ca\/wp-content\/uploads\/2023\/11\/capsule-1-300x221.png 300w, https:\/\/bovin.qc.ca\/wp-content\/uploads\/2023\/11\/capsule-1-174x128.png 174w\" sizes=\"auto, (max-width: 400px) 100vw, 400px\" \/><\/a><\/td>\n<td style=\"width: 50%;\"><a href=\"https:\/\/lesfaitsboeuf.com\/reduire-le-gaspillage-alimentaire-grace-aux-bovins\/\" target=\"_blank\" rel=\"noopener\"><img loading=\"lazy\" decoding=\"async\" class=\"aligncenter wp-image-20339\" src=\"https:\/\/bovin.qc.ca\/wp-content\/uploads\/2023\/11\/capsule-2.png\" alt=\"\" width=\"400\" height=\"295\" srcset=\"https:\/\/bovin.qc.ca\/wp-content\/uploads\/2023\/11\/capsule-2.png 755w, https:\/\/bovin.qc.ca\/wp-content\/uploads\/2023\/11\/capsule-2-300x221.png 300w, https:\/\/bovin.qc.ca\/wp-content\/uploads\/2023\/11\/capsule-2-174x128.png 174w\" sizes=\"auto, (max-width: 400px) 100vw, 400px\" \/><\/a><\/td>\n<\/tr>\n<\/tbody>\n<\/table>\n<p><em>Source : PBQ<\/em><\/p>\n<p style=\"text-align: left;\"><a href=\"#top\">Retour en haut<\/a><a id=\"A4\"><\/a><\/p>\n<hr>\n<h4><strong>Un projet des Producteurs de bovins du Qu\u00e9bec s\u2019illustre au niveau canadien <\/strong><\/h4>\n<p><img loading=\"lazy\" decoding=\"async\" class=\"size-full wp-image-20343 aligncenter\" src=\"https:\/\/bovin.qc.ca\/wp-content\/uploads\/2023\/11\/best-cama.jpg\" alt=\"\" width=\"765\" height=\"318\" srcset=\"https:\/\/bovin.qc.ca\/wp-content\/uploads\/2023\/11\/best-cama.jpg 765w, https:\/\/bovin.qc.ca\/wp-content\/uploads\/2023\/11\/best-cama-300x125.jpg 300w, https:\/\/bovin.qc.ca\/wp-content\/uploads\/2023\/11\/best-cama-308x128.jpg 308w\" sizes=\"auto, (max-width: 765px) 100vw, 765px\" \/><\/p>\n<p>Les PBQ sont fiers d\u2019annoncer que la plateforme <a href=\"http:\/\/lesfaitsboeuf.com\/\"><strong>LESFAITSBOEUF.COM<\/strong><\/a> | <a href=\"http:\/\/veaufaits.com\/\"><strong>VEAUFAITS.COM<\/strong><\/a> a re\u00e7u une mention sp\u00e9ciale dans la cat\u00e9gorie Meilleur microsite lors du gala Best of CAMA tenu \u00e0 Winnipeg le 2 novembre dernier.<\/p>\n<p>Ces prix, une initiative de l\u2019Alliance canadienne d\u2019agromarketing (ACAM), ont pour objectif de souligner les meilleurs projets de marketing et de communication au sein de l\u2019industrie agroalimentaire. Le jury devait entre autres \u00e9valuer la strat\u00e9gie, les qualit\u00e9s esth\u00e9tiques et le succ\u00e8s des projets candidats.<\/p>\n<p>Lanc\u00e9e en juin par Les Producteurs de bovins du Qu\u00e9bec, cette plateforme permet aux consommateurs et aux m\u00e9dias de retrouver des informations scientifiques valid\u00e9es, nuanc\u00e9es et contextualis\u00e9es sur l\u2019impact environnemental de la production de b\u0153ufs et de veaux au Qu\u00e9bec.<\/p>\n<p>Rappelons que <a href=\"http:\/\/lesfaitsboeuf.com\/\" target=\"_blank\" rel=\"noopener\">LESFAITSBOEUF.COM<\/a> | <a href=\"http:\/\/veaufaits.com\/\" target=\"_blank\" rel=\"noopener\">VEAUFAITS.COM<\/a> a r\u00e9cemment remport\u00e9 un prix Jos\u00e9e-de-Grandmont dans la cat\u00e9gorie \u00ab Site web (petite entreprise) \u00bb.<\/p>\n<p><em>Source : PBQ<\/em><\/p>\n<p style=\"text-align: left;\"><a href=\"#top\">Retour en haut<\/a><a id=\"A5\"><\/a><\/p>\n<hr>\n<h4><strong>On parle biodiversit\u00e9 avec les jeunes!<\/strong><\/h4>\n<p><img loading=\"lazy\" decoding=\"async\" class=\"aligncenter wp-image-20345 size-full\" src=\"https:\/\/bovin.qc.ca\/wp-content\/uploads\/2023\/11\/IMG_0829-resized-e1700850375748.jpg\" alt=\"\" width=\"815\" height=\"489\" srcset=\"https:\/\/bovin.qc.ca\/wp-content\/uploads\/2023\/11\/IMG_0829-resized-e1700850375748.jpg 815w, https:\/\/bovin.qc.ca\/wp-content\/uploads\/2023\/11\/IMG_0829-resized-e1700850375748-300x180.jpg 300w, https:\/\/bovin.qc.ca\/wp-content\/uploads\/2023\/11\/IMG_0829-resized-e1700850375748-213x128.jpg 213w\" sizes=\"auto, (max-width: 815px) 100vw, 815px\" \/><\/p>\n<p>Dans le cadre du Programme biodiversit\u00e9 en production bovine, Les Producteurs de bovins du Qu\u00e9bec (PBQ) ont collabor\u00e9 avec la F\u00e9d\u00e9ration de l\u2019UPA de la Mont\u00e9r\u00e9gie pour organiser deux journ\u00e9es enrichissantes destin\u00e9es aux \u00e9tudiants de l\u2019Institut de technologie agroalimentaire du Qu\u00e9bec de Saint-Hyacinthe.<\/p>\n<p><img loading=\"lazy\" decoding=\"async\" class=\"aligncenter wp-image-20347\" src=\"https:\/\/bovin.qc.ca\/wp-content\/uploads\/2023\/11\/biodiversite.jpg\" alt=\"\" width=\"815\" height=\"339\" srcset=\"https:\/\/bovin.qc.ca\/wp-content\/uploads\/2023\/11\/biodiversite.jpg 765w, https:\/\/bovin.qc.ca\/wp-content\/uploads\/2023\/11\/biodiversite-300x125.jpg 300w, https:\/\/bovin.qc.ca\/wp-content\/uploads\/2023\/11\/biodiversite-308x128.jpg 308w\" sizes=\"auto, (max-width: 815px) 100vw, 815px\" \/><\/p>\n<p>Le 6 octobre, un groupe de 40 \u00e9tudiants a pu visiter la Ferme Brotail, propri\u00e9t\u00e9 de Mme&nbsp;Sophie Brodeur et M.&nbsp;R\u00e9mi Taillon. Ces \u00e9leveurs de veaux de grain ont pu expliquer leur \u00e9levage et la r\u00e9gie de leur culture. Une attention sp\u00e9ciale a \u00e9t\u00e9 mise sur la plantation d\u2019une haie d\u2019arbres s\u2019\u00e9tendant sur 1,5&nbsp;km, combin\u00e9e \u00e0 un \u00e9largissement de la bande riveraine. Pendant l\u2019apr\u00e8s-midi, les \u00e9tudiants ont rencontr\u00e9 M.&nbsp;J\u00e9r\u00e9mie Letellier, pr\u00e9sident de la F\u00e9d\u00e9ration de l\u2019UPA de la Mont\u00e9r\u00e9gie, qui a su capter leur int\u00e9r\u00eat en expliquant ce qu\u2019est l\u2019UPA et les raisons de son engagement en donnant plusieurs exemples concrets. Il \u00e9tait accompagn\u00e9 de Mmes&nbsp;Genevi\u00e8ve McKenzie et Fr\u00e9d\u00e9rique&nbsp;Gagn\u00e9, qui ont pr\u00e9sent\u00e9 l\u2019ensemble des actions en agroenvironnement r\u00e9alis\u00e9es par les producteurs de la Mont\u00e9r\u00e9gie ainsi que des vid\u00e9os et des exemples d\u2019am\u00e9nagements en biodiversit\u00e9. La journ\u00e9e s\u2019est termin\u00e9e avec, M.&nbsp;David Sarrazin, des \u00c9levages Grantham inc., qui est venu t\u00e9moigner de son parcours pour devenir producteur de veaux de grain. Il a pr\u00e9sent\u00e9 le programme rel\u00e8ve ainsi que l\u2019analyse de groupe.<\/p>\n<p><img loading=\"lazy\" decoding=\"async\" class=\"size-full wp-image-20349 aligncenter\" src=\"https:\/\/bovin.qc.ca\/wp-content\/uploads\/2023\/11\/photo-4-NC-resized.jpg\" alt=\"\" width=\"815\" height=\"611\" srcset=\"https:\/\/bovin.qc.ca\/wp-content\/uploads\/2023\/11\/photo-4-NC-resized.jpg 815w, https:\/\/bovin.qc.ca\/wp-content\/uploads\/2023\/11\/photo-4-NC-resized-300x225.jpg 300w, https:\/\/bovin.qc.ca\/wp-content\/uploads\/2023\/11\/photo-4-NC-resized-171x128.jpg 171w\" sizes=\"auto, (max-width: 815px) 100vw, 815px\" \/><\/p>\n<p>Le 25 octobre, ce sont 80 \u00e9tudiants qui ont assist\u00e9 \u00e0 une conf\u00e9rence tenue par M.&nbsp;Renaud P\u00e9loquin, de la Ferme St-Victoire. M.&nbsp;P\u00e9loquin, qui \u00e9l\u00e8ve \u00e9galement des veaux, se distingue par ses pratiques en faveur de la biodiversit\u00e9 en am\u00e9nageant des bandes riveraines vari\u00e9es. Il a d\u2019ailleurs particip\u00e9 \u00e0 un projet de recherche qui a permis d\u2019identifier la pr\u00e9sence de 36 esp\u00e8ces dans sa bande riveraine, dont l\u2019hirondelle bicolore, le goglu des pr\u00e9s et l\u2019hirondelle rustique. Les chercheurs ont aussi d\u00e9couvert une reine bourdon terricole, une esp\u00e8ce consid\u00e9r\u00e9e comme pr\u00e9occupante.<\/p>\n<p>De plus, les \u00e9tudiants ont pu en apprendre davantage sur le Programme biodiversit\u00e9 en production bovine en visitant le kiosque des PBQ et de la F\u00e9d\u00e9ration de l\u2019UPA de la Mont\u00e9r\u00e9gie.<\/p>\n<p><img loading=\"lazy\" decoding=\"async\" class=\"aligncenter wp-image-20351\" src=\"https:\/\/bovin.qc.ca\/wp-content\/uploads\/2023\/11\/prime-vert.png\" alt=\"\" width=\"750\" height=\"77\" srcset=\"https:\/\/bovin.qc.ca\/wp-content\/uploads\/2023\/11\/prime-vert.png 565w, https:\/\/bovin.qc.ca\/wp-content\/uploads\/2023\/11\/prime-vert-300x31.png 300w\" sizes=\"auto, (max-width: 750px) 100vw, 750px\" \/><\/p>\n<p><em>Source : PBQ<\/em><\/p>\n<p style=\"text-align: left;\"><a href=\"#top\">Retour en haut<\/a><a id=\"A6\"><\/a><\/p>\n<hr>\n<h4><strong><img loading=\"lazy\" decoding=\"async\" class=\"alignright wp-image-19684\" src=\"https:\/\/bovin.qc.ca\/wp-content\/uploads\/2023\/09\/Logo-TESA-fr-quebec.png\" alt=\"\" width=\"154\" height=\"214\" srcset=\"https:\/\/bovin.qc.ca\/wp-content\/uploads\/2023\/09\/Logo-TESA-fr-quebec.png 1791w, https:\/\/bovin.qc.ca\/wp-content\/uploads\/2023\/09\/Logo-TESA-fr-quebec-216x300.png 216w, https:\/\/bovin.qc.ca\/wp-content\/uploads\/2023\/09\/Logo-TESA-fr-quebec-92x128.png 92w, https:\/\/bovin.qc.ca\/wp-content\/uploads\/2023\/09\/Logo-TESA-fr-quebec-1105x1536.png 1105w, https:\/\/bovin.qc.ca\/wp-content\/uploads\/2023\/09\/Logo-TESA-fr-quebec-1474x2048.png 1474w\" sizes=\"auto, (max-width: 154px) 100vw, 154px\" \/>Faites vite pour vous inscrire au Prix TESA!<\/strong><\/h4>\n<p>Il est encore temps de soumettre votre candidature pour le Prix de l\u2019intendance environnementale (TESA).<\/p>\n<p>Depuis 1996, ce prix a \u00e9t\u00e9 d\u00e9cern\u00e9 chaque ann\u00e9e au niveau national pour r\u00e9compenser le leadership des producteurs de bovins en mati\u00e8re de conservation. Les candidats sont s\u00e9lectionn\u00e9s sur la base de leurs pratiques de gestion, leurs r\u00e9alisations et leurs objectifs. Chaque province s\u00e9lectionne un candidat qui devient ensuite un candidat potentiel au prix national.<\/p>\n<p>Neuf crit\u00e8res de s\u00e9lection sont analys\u00e9s et un pointage est associ\u00e9 \u00e0 chacun d\u2019eux.<\/p>\n<p><a href=\"https:\/\/bovin.qc.ca\/wp-content\/uploads\/2023\/08\/Prix-TESA-criteres-du-concours-20-juin-2023.pdf\" target=\"_blank\" rel=\"noopener\">Voir les crit\u00e8res ici<\/a>.<\/p>\n<p>Un formulaire de mise en candidature doit \u00eatre compl\u00e9t\u00e9 et transmis \u00e0 votre secr\u00e9taires r\u00e9gional du Syndicat des producteurs de bovins d\u2019ici le 1<sup>er<\/sup> janvier. <a href=\"https:\/\/bovin.qc.ca\/wp-content\/uploads\/2023\/08\/FORMULAIRE-MISE-EN-CANDIDATURE-Prix-TESA-20-juin-2023-editable.pdf\" target=\"_blank\" rel=\"noopener\">Voir le formulaire de mise en candidature ici<\/a>.<\/p>\n<p>Contactez votre secr\u00e9taire r\u00e9gional pour signifier votre int\u00e9r\u00eat et conna\u00eetre le processus r\u00e9gional. <a href=\"https:\/\/bovin.qc.ca\/nous-joindre\/\" target=\"_blank\" rel=\"noopener\">Voir la liste des secr\u00e9taires r\u00e9gionaux ici.<\/a><\/p>\n<p><em>Source : PBQ<\/em><\/p>\n<p style=\"text-align: left;\"><a href=\"#top\">Retour en haut<\/a><a id=\"A7\"><\/a><\/p>\n<hr>\n<h4><strong>Du nouveau personnel aux PBQ<\/strong><\/h4>\n<p>Depuis le 24 octobre, Mme Jo\u00eblle Forest s\u2019est jointe \u00e0 l\u2019\u00e9quipe des Producteurs de bovins du Qu\u00e9bec (PBQ). Poss\u00e9dant une belle exp\u00e9rience de travail, elle occupe le poste de technicienne administrative aux agences de vente des bouvillons, bovins de r\u00e9forme et veaux laitiers et veaux d\u2019embouche. Sa pr\u00e9d\u00e9cesseure, Mme Nancy P\u00e9arron, est d\u00e9sormais technicienne administrative \u00e0 la direction g\u00e9n\u00e9rale des PBQ. On leur souhaite du succ\u00e8s dans leurs nouvelles fonctions!<\/p>\n<p><em>Source : PBQ<\/em><\/p>\n<p><a href=\"#top\">Retour en haut<\/a><a id=\"A8\"><\/a><\/p>\n<hr>\n<h4 style=\"text-align: left;\">Nouvelle \u00e9dition du cahier <em>Bovins du Qu\u00e9bec<\/em> disponible!<\/h4>\n<p><a href=\"https:\/\/publications.laterre.ca\/reader\/37a8205a-1319-412a-999f-93ad155e10d6?origin=%2Fcahiers-speciaux%2Fcahiers-speciaux%2F2023-11-29\" target=\"_blank\" rel=\"noopener\"><img loading=\"lazy\" decoding=\"async\" class=\"aligncenter wp-image-20459\" src=\"https:\/\/bovin.qc.ca\/wp-content\/uploads\/2023\/11\/Front-Bovins-du-Quebec-1123.jpg\" alt=\"\" width=\"513\" height=\"716\" srcset=\"https:\/\/bovin.qc.ca\/wp-content\/uploads\/2023\/11\/Front-Bovins-du-Quebec-1123.jpg 1613w, https:\/\/bovin.qc.ca\/wp-content\/uploads\/2023\/11\/Front-Bovins-du-Quebec-1123-215x300.jpg 215w, https:\/\/bovin.qc.ca\/wp-content\/uploads\/2023\/11\/Front-Bovins-du-Quebec-1123-92x128.jpg 92w, https:\/\/bovin.qc.ca\/wp-content\/uploads\/2023\/11\/Front-Bovins-du-Quebec-1123-1101x1536.jpg 1101w, https:\/\/bovin.qc.ca\/wp-content\/uploads\/2023\/11\/Front-Bovins-du-Quebec-1123-1468x2048.jpg 1468w\" sizes=\"auto, (max-width: 513px) 100vw, 513px\" \/><\/a><\/p>\n<p style=\"text-align: left;\"><a href=\"#top\">Retour en haut<\/a><a id=\"br\"><\/a><\/p>\n<table style=\"width: 100%; border-collapse: collapse; background-color: #a52a2a;\" border=\"0\">\n<tbody>\n<tr>\n<td style=\"width: 100%;\">\n<h3 style=\"text-align: center;\"><span style=\"color: #ffffff;\">BOVIN DE R\u00c9FORME ET VEAU LAITIER<a id=\"BR1\"><\/a><\/span><\/h3>\n<\/td>\n<\/tr>\n<\/tbody>\n<\/table>\n<h4 style=\"text-align: left;\">Avant le d\u00e9part de la ferme<\/h4>\n<ul>\n<li><strong>Assurez-vous que vos bovins sont identifi\u00e9s!<\/strong><\/li>\n<\/ul>\n<p style=\"padding-left: 40px;\"><img loading=\"lazy\" decoding=\"async\" class=\"alignright  wp-image-20361\" src=\"https:\/\/bovin.qc.ca\/wp-content\/uploads\/2023\/11\/tags.png\" alt=\"\" width=\"178\" height=\"178\" srcset=\"https:\/\/bovin.qc.ca\/wp-content\/uploads\/2023\/11\/tags.png 300w, https:\/\/bovin.qc.ca\/wp-content\/uploads\/2023\/11\/tags-128x128.png 128w, https:\/\/bovin.qc.ca\/wp-content\/uploads\/2023\/11\/tags-150x150.png 150w, https:\/\/bovin.qc.ca\/wp-content\/uploads\/2023\/11\/tags-75x75.png 75w\" sizes=\"auto, (max-width: 178px) 100vw, 178px\" \/>Avant leur d\u00e9part de la ferme, <strong>assurez-vous que tous vos bovins sont<\/strong> <strong>d\u00fbment<\/strong> <strong>identifi\u00e9s<\/strong> au moyen d\u2019une boucle \u00e9lectronique de type RFID et d\u2019un panneau visuel. Lorsqu\u2019un animal transige dans un encan, la boucle \u00e9lectronique est lue \u00e0 de nombreuses reprises, notamment \u00e0 l\u2019entr\u00e9e et lors du passage sur la balance. Cet identifiant permet de regrouper l\u2019information sur l\u2019animal et acc\u00e9l\u00e8re le travail des employ\u00e9s de l\u2019encan. Il est primordial de s\u2019assurer que les deux types d\u2019identifiants soient pr\u00e9sents et fonctionnels lorsqu\u2019un bovin quitte la ferme.<\/p>\n<ul>\n<li><strong>Veaux laitiers crois\u00e9s boucherie&nbsp;: choisissez la bonne cat\u00e9gorie!<\/strong><\/li>\n<\/ul>\n<p style=\"padding-left: 40px;\">Les veaux laitiers doivent \u00e9galement \u00eatre enregistr\u00e9s sous la bonne cat\u00e9gorie (laiti\u00e8re ou boucherie) dans SimpliTrace (Attestra). <strong>Les veaux laitiers crois\u00e9s boucherie doivent \u00eatre identifi\u00e9s \u00ab&nbsp;boucherie&nbsp;\u00bb<\/strong> afin que les acheteurs soient \u00e9ligibles au Programme d\u2019assurance stabilisation des revenus agricoles.<\/p>\n<ul>\n<li><strong><img loading=\"lazy\" decoding=\"async\" class=\"alignright size-full wp-image-20363\" src=\"https:\/\/bovin.qc.ca\/wp-content\/uploads\/2023\/11\/cahier-br.png\" alt=\"\" width=\"300\" height=\"207\" srcset=\"https:\/\/bovin.qc.ca\/wp-content\/uploads\/2023\/11\/cahier-br.png 300w, https:\/\/bovin.qc.ca\/wp-content\/uploads\/2023\/11\/cahier-br-186x128.png 186w\" sizes=\"auto, (max-width: 300px) 100vw, 300px\" \/>Respectez les d\u00e9lais de retrait canadiens et am\u00e9ricains!<\/strong><\/li>\n<\/ul>\n<p>Un cahier de r\u00e9f\u00e9rence <a href=\"https:\/\/bovin.qc.ca\/wp-content\/uploads\/2021\/03\/D-1410-PBQ-Medicaments_1603_2021.pdf\" target=\"_blank\" rel=\"noopener\"><strong>accessible en ligne<\/strong><\/a>&nbsp; a \u00e9t\u00e9 d\u00e9velopp\u00e9 par Les Producteurs de bovins du Qu\u00e9bec et l\u2019Association des M\u00e9decins V\u00e9t\u00e9rinaires Praticiens du Qu\u00e9bec sur ce sujet.<\/p>\n<p>Pour recevoir une version imprim\u00e9e du cahier de r\u00e9f\u00e9rence, veuillez en faire la demande par courriel \u00e0&nbsp;<a href=\"mailto:agencebrvl@upa.qc.ca\" target=\"_blank\" rel=\"noopener\"><strong>agencebrvl@upa.qc.ca<\/strong><\/a>.<\/p>\n<p style=\"text-align: left;\"><em>Source : PBQ<\/em><\/p>\n<p style=\"text-align: left;\"><a href=\"#top\">Retour en haut<\/a><a id=\"br2\"><\/a><\/p>\n<hr>\n<h4 style=\"text-align: left;\">Contribution sp\u00e9ciale pour la promotion et la publicit\u00e9<\/h4>\n<p>Depuis le 1er novembre 2023, une contribution sp\u00e9ciale pour la promotion et la publicit\u00e9 de 3 $ par bovin de r\u00e9forme mis en march\u00e9 \u00e0 l\u2019acquis des producteurs de bovins de r\u00e9forme est per\u00e7ue par les encans. Ce montant permettra de r\u00e9aliser des projets visant \u00e0 faire la promotion et la publicit\u00e9 de la viande provenant de bovins de r\u00e9forme produits au Qu\u00e9bec.<\/p>\n<p><em>Source : PBQ<\/em><\/p>\n<p style=\"text-align: left;\"><a href=\"#top\">Retour en haut<\/a><a id=\"vgvl\"><\/a><\/p>\n<table style=\"width: 100%; border-collapse: collapse; background-color: #a52a2a;\" border=\"0\">\n<tbody>\n<tr>\n<td style=\"width: 100%;\">\n<h3 style=\"text-align: center;\"><span style=\"color: #ffffff;\"><strong>VEAU DE GRAIN ET VEAU DE LAIT<\/strong><a id=\"vgvl\"><\/a><\/span><\/h3>\n<\/td>\n<\/tr>\n<\/tbody>\n<\/table>\n<h4 style=\"text-align: left;\"><img loading=\"lazy\" decoding=\"async\" class=\"aligncenter wp-image-18961 size-full\" src=\"https:\/\/bovin.qc.ca\/wp-content\/uploads\/2023\/07\/WP-trucs-et-astuces.jpg\" alt=\"\" width=\"815\" height=\"256\" srcset=\"https:\/\/bovin.qc.ca\/wp-content\/uploads\/2023\/07\/WP-trucs-et-astuces.jpg 815w, https:\/\/bovin.qc.ca\/wp-content\/uploads\/2023\/07\/WP-trucs-et-astuces-300x94.jpg 300w, https:\/\/bovin.qc.ca\/wp-content\/uploads\/2023\/07\/WP-trucs-et-astuces-408x128.jpg 408w\" sizes=\"auto, (max-width: 815px) 100vw, 815px\" \/><\/h4>\n<h4 style=\"text-align: left;\">Des trucs et astuces \u00e0 toutes les semaines!<\/h4>\n<p>Saviez-vous que vous recevez des trucs et astuces sur la certification \u00e0 tous les vendredis \u00e0 l\u2019int\u00e9rieur de votre VG-VL Hebdo?<\/p>\n<p>Voici ceux de novembre au cas o\u00f9 vous les auriez manqu\u00e9s :<\/p>\n<p><img loading=\"lazy\" decoding=\"async\" class=\"aligncenter wp-image-20017 size-full\" src=\"https:\/\/bovin.qc.ca\/wp-content\/uploads\/2023\/10\/Diaporama-Trucs-et-astuces_102023.gif\" alt=\"\" width=\"815\" height=\"458\"><\/p>\n<p>Cliquez <a href=\"https:\/\/bovin.qc.ca\/wp-content\/uploads\/2023\/11\/Diaporama-Trucs-et-astuces_112023.pdf\" target=\"_blank\" rel=\"noopener\"><strong>ICI<\/strong><\/a> pour t\u00e9l\u00e9charger la version PDF.<\/p>\n<p>Source : PBQ<\/p>\n<p><a href=\"#top\">Retour en haut<\/a><\/p>\n<hr>\n<p><img loading=\"lazy\" decoding=\"async\" class=\"size-full wp-image-20478 alignnone\" src=\"https:\/\/bovin.qc.ca\/wp-content\/uploads\/2023\/12\/Image1.jpg\" alt=\"\" width=\"480\" height=\"167\" srcset=\"https:\/\/bovin.qc.ca\/wp-content\/uploads\/2023\/12\/Image1.jpg 480w, https:\/\/bovin.qc.ca\/wp-content\/uploads\/2023\/12\/Image1-300x104.jpg 300w, https:\/\/bovin.qc.ca\/wp-content\/uploads\/2023\/12\/Image1-368x128.jpg 368w\" sizes=\"auto, (max-width: 480px) 100vw, 480px\" \/><\/p>\n<h4 style=\"text-align: left;\">Les recettes du veau dans l&#8217;application&nbsp;de Glouton<\/h4>\n<p><img loading=\"lazy\" decoding=\"async\" class=\" wp-image-20480 aligncenter\" src=\"https:\/\/bovin.qc.ca\/wp-content\/uploads\/2023\/12\/Capture-Glouton.jpg\" alt=\"\" width=\"396\" height=\"528\" srcset=\"https:\/\/bovin.qc.ca\/wp-content\/uploads\/2023\/12\/Capture-Glouton.jpg 643w, https:\/\/bovin.qc.ca\/wp-content\/uploads\/2023\/12\/Capture-Glouton-225x300.jpg 225w, https:\/\/bovin.qc.ca\/wp-content\/uploads\/2023\/12\/Capture-Glouton-96x128.jpg 96w\" sizes=\"auto, (max-width: 396px) 100vw, 396px\" \/><\/p>\n<p>Depuis le 1<sup>er<\/sup> novembre, les recettes du site Web Veau du Qu\u00e9bec sont disponibles sur le r\u00e9pertoire de recettes <a href=\"https:\/\/www.glouton.app\/fr\/\">Glouton.app<\/a>. Cette application permet de r\u00e9duire la facture d\u2019\u00e9picerie en proposant les recettes les plus avantageuses selon les rabais des supermarch\u00e9s. M. Jean-Fran\u00e7ois Gagn\u00e9-B\u00e9rub\u00e9, fondateur de cette application, a d\u2019ailleurs pr\u00e9sent\u00e9 le tout \u00e0 l\u2019\u00e9mission <em>Dans l\u2019\u0153il du dragon<\/em> que vous pouvez voir <a href=\"https:\/\/ici.radio-canada.ca\/tele\/dans-l-oeil-du-dragon\/site\/segments\/chronique\/441469\/application-facture-epicerie-recettes-supermarches\">ici<\/a>.<\/p>\n<p>Chaque semaine, Glouton \u00e9value et donne un score aux rabais des circulaires pour aider \u00e0 trouver ceux qui valent vraiment la peine. Les meilleures aubaines sont pr\u00e9sent\u00e9es dans <em>Combat des circulaires<\/em> tous les mercredis soir dans l\u2019\u00e9mission <em>LCN<\/em>. Voyez-en un exemple <a href=\"https:\/\/www.facebook.com\/glouton.cuisine\/videos\/1096323008023142\">ici<\/a>.<\/p>\n<p style=\"text-align: left;\"><a href=\"#top\">Retour en haut<\/a><a id=\"ve\"><\/a><\/p>\n<table style=\"width: 100%; border-collapse: collapse; background-color: #a52a2a;\" border=\"0\">\n<tbody>\n<tr>\n<td style=\"width: 100%;\">\n<h3 style=\"text-align: center;\"><span style=\"color: #ffffff;\">VEAU D&#8217;EMBOUCHE<a id=\"ve\"><\/a><\/span><\/h3>\n<\/td>\n<\/tr>\n<\/tbody>\n<\/table>\n<h4 style=\"text-align: left;\">Vous \u00eates un \u00e9leveur dans le secteur vache-veau? Ce court article est pour vous!<\/h4>\n<h4><strong><img loading=\"lazy\" decoding=\"async\" class=\"size-full wp-image-20367 aligncenter\" src=\"https:\/\/bovin.qc.ca\/wp-content\/uploads\/2023\/11\/22N0348-resized.jpg\" alt=\"\" width=\"815\" height=\"544\" srcset=\"https:\/\/bovin.qc.ca\/wp-content\/uploads\/2023\/11\/22N0348-resized.jpg 815w, https:\/\/bovin.qc.ca\/wp-content\/uploads\/2023\/11\/22N0348-resized-300x200.jpg 300w, https:\/\/bovin.qc.ca\/wp-content\/uploads\/2023\/11\/22N0348-resized-192x128.jpg 192w\" sizes=\"auto, (max-width: 815px) 100vw, 815px\" \/><\/strong><\/h4>\n<p><em>D\u00e9couvrez comment profiter de visites v\u00e9t\u00e9rinaires gratuites pour optimiser la r\u00e9sistance immunitaire des veaux de votre \u00e9levage.<\/em><\/p>\n<p>La campagne du Programme int\u00e9gr\u00e9 de sant\u00e9 animale du Qu\u00e9bec intitul\u00e9e Optimisation de la r\u00e9sistance immunitaire dans les \u00e9levages vache-veau est en cours depuis le 28 novembre 2018.<\/p>\n<p>Pour y participer, vous devez \u00eatre propri\u00e9taire d\u2019une exploitation agricole de type vache-veau enregistr\u00e9e aupr\u00e8s du minist\u00e8re de l\u2019Agriculture, des P\u00eacheries et de l\u2019Alimentation (MAPAQ) et poss\u00e9der un minimum de 5 vaches adultes. Vous pourriez b\u00e9n\u00e9ficier d\u2019une visite v\u00e9t\u00e9rinaire gratuite d\u2019une dur\u00e9e de 1 h 30 afin d\u2019\u00e9changer avec votre m\u00e9decin v\u00e9t\u00e9rinaire sur l\u2019effet positif d\u2019une bonne immunit\u00e9 sur la sant\u00e9 et la performance des veaux. Lors d\u2019une deuxi\u00e8me visite gratuite de la m\u00eame dur\u00e9e, qui est r\u00e9p\u00e9table annuellement, vous pourriez profiter de l\u2019expertise de votre m\u00e9decin v\u00e9t\u00e9rinaire pour \u00e9laborer des proc\u00e9dures normalis\u00e9es, adapt\u00e9es \u00e0 votre \u00e9levage, en mati\u00e8re de vaccination et de gestion du colostrum.<\/p>\n<p><img loading=\"lazy\" decoding=\"async\" class=\"size-full wp-image-20369 aligncenter\" src=\"https:\/\/bovin.qc.ca\/wp-content\/uploads\/2023\/11\/VE-tableau.png\" alt=\"\" width=\"616\" height=\"162\" srcset=\"https:\/\/bovin.qc.ca\/wp-content\/uploads\/2023\/11\/VE-tableau.png 616w, https:\/\/bovin.qc.ca\/wp-content\/uploads\/2023\/11\/VE-tableau-300x79.png 300w, https:\/\/bovin.qc.ca\/wp-content\/uploads\/2023\/11\/VE-tableau-487x128.png 487w\" sizes=\"auto, (max-width: 616px) 100vw, 616px\" \/><\/p>\n<p>Si vous d\u00e9sirez profiter de ces visites v\u00e9t\u00e9rinaires gratuites dans le cadre de la campagne, communiquez avec votre m\u00e9decin v\u00e9t\u00e9rinaire. Il est \u00e9galement possible d\u2019en apprendre plus sur les modalit\u00e9s de cette campagne en consultant la page Web \u00e0 l\u2019adresse <a href=\"http:\/\/www.mapaq.gouv.qc.ca\/campagne4\" target=\"_blank\" rel=\"noopener\">www.mapaq.gouv.qc.ca\/campagne4<\/a>.<\/p>\n<p>Cette campagne est le fruit d\u2019une collaboration entre le MAPAQ, la Facult\u00e9 de m\u00e9decine v\u00e9t\u00e9rinaire de l\u2019Universit\u00e9 de Montr\u00e9al, Les Producteurs de bovins du Qu\u00e9bec et l\u2019Association des m\u00e9decins v\u00e9t\u00e9rinaires praticiens du Qu\u00e9bec.<\/p>\n<p><em>Source : MAPAQ<\/em><\/p>\n<p style=\"text-align: left;\"><a href=\"#top\">Retour en haut<\/a><a id=\"ve2\"><\/a><\/p>\n<hr>\n<h4 style=\"text-align: left;\">Journ\u00e9e sur la p\u00e9rennit\u00e9 des entreprises<\/h4>\n<p>Lors de la Journ\u00e9e sur la p\u00e9rennit\u00e9 des entreprises le 11 octobre 2023, plusieurs \u00e9l\u00e9ments ont \u00e9t\u00e9 soulev\u00e9s par les participants, certains de ces \u00e9l\u00e9ments ne faisant pas partie int\u00e9grante du mandat du comit\u00e9 de mise en march\u00e9, ils seront apport\u00e9s aux instances appropri\u00e9es.<\/p>\n<p>Plusieurs actions ont d\u00e9j\u00e0 \u00e9t\u00e9 amorc\u00e9es et les membres du comit\u00e9 de n\u00e9gociation veau d\u2019embouche souhaitent continuer d\u2019am\u00e9liorer la mise en march\u00e9 de veaux d\u2019embouche de qualit\u00e9 et en sant\u00e9. Au cours des prochains mois, les travaux de l\u2019agence de vente et les repr\u00e9sentations des \u00e9lus seront effectu\u00e9s dans le souci d\u2019assurer la p\u00e9rennit\u00e9 des entreprises.<\/p>\n<p>La diversification des modes de mise en march\u00e9 des veaux d\u2019embouche se poursuit. L\u2019objectif est de valoriser le travail des producteurs pour mettre en march\u00e9 un produit de qualit\u00e9.<\/p>\n<p><em>Source : PBQ<\/em><\/p>\n<p><a href=\"#top\">Retour en haut<\/a><a id=\"ve3\"><\/a><\/p>\n<hr>\n<h4 style=\"text-align: left;\"><strong>Retour sur l\u2019Expo B\u0153uf <\/strong><\/h4>\n<p><img loading=\"lazy\" decoding=\"async\" class=\"aligncenter wp-image-20315 size-full\" src=\"https:\/\/bovin.qc.ca\/wp-content\/uploads\/2023\/11\/Photo_expo_boeuf-resized.jpg\" alt=\"\" width=\"815\" height=\"367\" srcset=\"https:\/\/bovin.qc.ca\/wp-content\/uploads\/2023\/11\/Photo_expo_boeuf-resized.jpg 815w, https:\/\/bovin.qc.ca\/wp-content\/uploads\/2023\/11\/Photo_expo_boeuf-resized-300x135.jpg 300w, https:\/\/bovin.qc.ca\/wp-content\/uploads\/2023\/11\/Photo_expo_boeuf-resized-284x128.jpg 284w\" sizes=\"auto, (max-width: 815px) 100vw, 815px\" \/><\/p>\n<p>Du 6 au 8 octobre 2023, l&#8217;Expo B\u0153uf a r\u00e9uni de nombreux producteurs et productrices du Centre-du-Qu\u00e9bec \u00e0 Victoriaville. La premi\u00e8re journ\u00e9e a \u00e9t\u00e9 marqu\u00e9e par des conf\u00e9rences abordant l&#8217;importance des min\u00e9raux, les enjeux de la production de viande de qualit\u00e9 en Abitibi, les bonnes pratiques en mati\u00e8re de vaccination, et la manipulation des animaux en temps r\u00e9el. Ces conf\u00e9rences ont \u00e9t\u00e9 grandement appr\u00e9ci\u00e9es par les participants.<\/p>\n<p>Le samedi a \u00e9t\u00e9 d\u00e9di\u00e9 aux jugements des animaux, suivis d&#8217;un souper convivial et d&#8217;une soir\u00e9e dansante, r\u00e9unissant les exposants et une quinzaine de producteurs. Pour clore cet \u00e9v\u00e8nement en beaut\u00e9, la derni\u00e8re journ\u00e9e s\u2019est poursuivie par les jugements des animaux. Le Syndicat des producteurs de bovins du Centre-du-Qu\u00e9bec tient \u00e0 exprimer sa gratitude envers l&#8217;\u00e9quipe d&#8217;Expo B\u0153uf pour avoir valoris\u00e9 la production bovine lors de cette fin de semaine !<\/p>\n<p><em>Source&nbsp;: Syndicat des producteurs de bovins du Centre-du-Qu\u00e9bec<\/em><\/p>\n<p style=\"text-align: left;\"><a href=\"#top\">Retour en haut<\/a><a id=\"patbq\"><\/a><\/p>\n<hr>\n<h4><img loading=\"lazy\" decoding=\"async\" class=\"aligncenter size-full wp-image-12352\" src=\"https:\/\/bovin.qc.ca\/wp-content\/uploads\/2021\/05\/PATBQ.jpg\" alt=\"\" width=\"238\" height=\"156\" srcset=\"https:\/\/bovin.qc.ca\/wp-content\/uploads\/2021\/05\/PATBQ.jpg 238w, https:\/\/bovin.qc.ca\/wp-content\/uploads\/2021\/05\/PATBQ-195x128.jpg 195w\" sizes=\"auto, (max-width: 238px) 100vw, 238px\" \/><\/h4>\n<h4><strong>Des donn\u00e9es \u00e0 l\u2019apparence simple, mais qui valent de l\u2019or !<\/strong><\/h4>\n<p><img loading=\"lazy\" decoding=\"async\" class=\"alignright wp-image-20371\" src=\"https:\/\/bovin.qc.ca\/wp-content\/uploads\/2023\/11\/PATBQ.jpg\" alt=\"\" width=\"300\" height=\"225\" srcset=\"https:\/\/bovin.qc.ca\/wp-content\/uploads\/2023\/11\/PATBQ.jpg 1251w, https:\/\/bovin.qc.ca\/wp-content\/uploads\/2023\/11\/PATBQ-300x225.jpg 300w, https:\/\/bovin.qc.ca\/wp-content\/uploads\/2023\/11\/PATBQ-171x128.jpg 171w\" sizes=\"auto, (max-width: 300px) 100vw, 300px\" \/>Les donn\u00e9es r\u00e9colt\u00e9es sur un \u00e9levage peuvent \u00eatre aussi simple que la liste des animaux pr\u00e9sents sur la ferme et leur date de naissance. Juste avec cela, nous sommes en mesure de :<\/p>\n<ul>\n<li>Dresser l\u2019inventaire du troupeau;<\/li>\n<li>Monter une liste d\u2019animaux reproducteurs actifs sur l\u2019entreprise ;<\/li>\n<li>Calculer le nombre de v\u00ealages de l\u2019ann\u00e9e et l\u2019efficacit\u00e9 reproductive du troupeau;<\/li>\n<li>D\u00e9terminer l\u2019\u00e2ge du troupeau et le comparer \u00e0 la moyenne d\u2019\u00e2ge provinciale;<\/li>\n<li>Voir l\u2019\u00e9tendue des p\u00e9riodes de v\u00ealages pour mesurer les capacit\u00e9s reproductives des animaux.<\/li>\n<\/ul>\n<p>Imaginez si en plus nous ajoutons quelques donn\u00e9es suppl\u00e9mentaires comme l\u2019identification de la m\u00e8re, du p\u00e8re et le poids des veaux (naissance et sevrage). Nous pouvons alors brosser un meilleur portrait des performances de l\u2019entreprise et ainsi prendre de bonnes d\u00e9cisions d\u2019\u00e9levage pour \u00eatre en constante am\u00e9lioration.<\/p>\n<p>Dans cette optique, le PATBQ est un outil en ligne permettant de saisir les donn\u00e9es de r\u00e9gie de troupeau. Il permet ensuite de sortir automatiquement des rapports pour obtenir une vision plus compl\u00e8te des performances de la ferme et m\u00eame de la comparer avec les performances r\u00e9gionales et provinciales. Il permet aussi de faire des suivis individuels des animaux pour prendre des d\u00e9cisions pr\u00e9cises pour certains d\u2019entre eux. Le logiciel du PATBQ peut \u00eatre utilis\u00e9 de fa\u00e7on enti\u00e8rement autonome par le producteur, ou de concert avec un conseiller en production bovine. L\u2019\u00e9quipe du PATBQ offre aussi des formations pour vous aider \u00e0 naviguer dans ce logiciel et peut m\u00eame effectuer la saisie pour vous. Pour plus d\u2019informations, visitez notre <a href=\"https:\/\/www.patbq.ca\/\" target=\"_blank\" rel=\"noopener\">site web<\/a>.<\/p>\n<p><em>Source : PATBQ<\/em><\/p>\n<p style=\"text-align: left;\"><a href=\"#top\">Retour en haut<\/a><a id=\"veba\"><\/a><\/p>\n<table style=\"width: 100%; border-collapse: collapse; background-color: #a52a2a; height: 65px;\" border=\"0\">\n<tbody>\n<tr style=\"height: 65px;\">\n<td style=\"width: 100%; height: 65px;\">\n<h3 style=\"text-align: center;\"><span style=\"color: #ffffff;\">VEAU D&#8217;EMBOUCHE ET BOUVILLON D&#8217;ABATTAGE<a id=\"veba\"><\/a><\/span><\/h3>\n<\/td>\n<\/tr>\n<\/tbody>\n<\/table>\n<h3>Ne niaisez plus avec la puck, c\u2019est le temps de scorer!<\/h3>\n<p><img loading=\"lazy\" decoding=\"async\" class=\"wp-image-20374 aligncenter\" src=\"https:\/\/bovin.qc.ca\/wp-content\/uploads\/2023\/11\/Visuel-Hockey.png\" alt=\"\" width=\"815\" height=\"611\" srcset=\"https:\/\/bovin.qc.ca\/wp-content\/uploads\/2023\/11\/Visuel-Hockey.png 1024w, https:\/\/bovin.qc.ca\/wp-content\/uploads\/2023\/11\/Visuel-Hockey-300x225.png 300w, https:\/\/bovin.qc.ca\/wp-content\/uploads\/2023\/11\/Visuel-Hockey-171x128.png 171w\" sizes=\"auto, (max-width: 815px) 100vw, 815px\" \/><\/p>\n<p>Pour faire partie de l\u2019\u00e9quipe VBP+, c\u2019est simple. Il suffit de suivre la formation sur le programme, compl\u00e9ter une demande d\u2019audit, puis prendre rendez-vous pour la visite \u00e0 la ferme. Si vous avez d\u00e9j\u00e0 suivi la formation, vous \u00eates parmi nos premiers choix pour le rep\u00eachage VBP+ de la saison 2023-2024 et nous voulons vous compter parmi nos joueurs. D\u00e9couvrez nos entra\u00eeneuses dynamiques, notre groupe d\u2019arbitres d\u00e9j\u00e0 vendus, les rumeurs qui courent \u00e0 notre sujet, et bien plus.<\/p>\n<p><a href=\"https:\/\/bovin.qc.ca\/repechage-vbp-plus\/\">D\u00e9couvrez votre plan de match pour 2023-2024<\/a><\/p>\n<p><em>Source :&nbsp;<\/em><em>PBQ<\/em><\/p>\n<p style=\"text-align: left;\"><a href=\"#top\">Retour en haut<\/a><a id=\"veba2\"><\/a><\/p>\n<hr>\n<h4><img loading=\"lazy\" decoding=\"async\" class=\"aligncenter wp-image-18097\" src=\"https:\/\/bovin.qc.ca\/wp-content\/uploads\/2023\/05\/La-chronique-VBP.png\" alt=\"\" width=\"815\" height=\"272\" srcset=\"https:\/\/bovin.qc.ca\/wp-content\/uploads\/2023\/05\/La-chronique-VBP.png 1630w, https:\/\/bovin.qc.ca\/wp-content\/uploads\/2023\/05\/La-chronique-VBP-300x100.png 300w, https:\/\/bovin.qc.ca\/wp-content\/uploads\/2023\/05\/La-chronique-VBP-384x128.png 384w, https:\/\/bovin.qc.ca\/wp-content\/uploads\/2023\/05\/La-chronique-VBP-1536x513.png 1536w\" sizes=\"auto, (max-width: 815px) 100vw, 815px\" \/><\/h4>\n<h4><strong>VBP+ en un clic? C\u2019est maintenant possible!<\/strong><\/h4>\n<p>En seulement un clic, trouvez et t\u00e9l\u00e9chargez tout ce dont vous aurez besoin pour dire au revoir aux demandes d\u2019actions correctives en lien avec votre certification VBP+! Vous n\u2019\u00eates pas encore certifi\u00e9? Pas de probl\u00e8me. L\u2019information trouv\u00e9e sur cette page vous int\u00e9ressera \u00e9galement.<\/p>\n<p><a href=\"https:\/\/bovin.qc.ca\/nos-grands-dossiers\/certification\/programme-certification-vbp\/\" target=\"_blank\" rel=\"noopener\">Visiter la page Web<\/a><\/p>\n<h4 style=\"text-align: left;\"><a href=\"mailto:clariveebazinet@upa.qc.ca\"><img loading=\"lazy\" decoding=\"async\" class=\"aligncenter wp-image-17329 size-full\" src=\"https:\/\/bovin.qc.ca\/wp-content\/uploads\/2023\/06\/Certification-VBP-Catherine.png\" alt=\"\" width=\"815\" height=\"630\"><\/a><\/h4>\n<p style=\"text-align: left;\"><a href=\"#top\">Retour en haut<\/a><a id=\"veba3\"><\/a><\/p>\n<hr>\n<p><img loading=\"lazy\" decoding=\"async\" class=\"aligncenter wp-image-17365 size-full\" src=\"https:\/\/bovin.qc.ca\/wp-content\/uploads\/2023\/06\/nos-ambassadeurs2.png\" alt=\"\" width=\"815\" height=\"226\"><\/p>\n<h4><strong>Nos ambassadeurs VBP+ : Jean-Fran\u00e7ois Gaudette, Ferme Jean-Fran\u00e7ois Gaudette <\/strong><\/h4>\n<p><strong>Pourquoi se certifier VBP+ ? Pour \u00eatre ma\u00eetre de son histoire et pouvoir la raconter \u00e0 travers la certification. Ce mois-ci, voyons la petite histoire VBP+ de Jean-Fran\u00e7ois Gaudette, producteur de Farnham. <\/strong><\/p>\n<table style=\"border-collapse: collapse; width: 100%; height: 340px;\">\n<tbody>\n<tr style=\"height: 340px;\">\n<td style=\"width: 50%; vertical-align: middle; height: 340px;\"><img loading=\"lazy\" decoding=\"async\" class=\"size-full wp-image-20380 alignleft\" src=\"https:\/\/bovin.qc.ca\/wp-content\/uploads\/2023\/11\/Ferme-Jean-Francois-Gaudette-en-bref.png\" alt=\"\" width=\"431\" height=\"324\" srcset=\"https:\/\/bovin.qc.ca\/wp-content\/uploads\/2023\/11\/Ferme-Jean-Francois-Gaudette-en-bref.png 431w, https:\/\/bovin.qc.ca\/wp-content\/uploads\/2023\/11\/Ferme-Jean-Francois-Gaudette-en-bref-300x226.png 300w, https:\/\/bovin.qc.ca\/wp-content\/uploads\/2023\/11\/Ferme-Jean-Francois-Gaudette-en-bref-170x128.png 170w\" sizes=\"auto, (max-width: 431px) 100vw, 431px\" \/><\/td>\n<td style=\"width: 50%; vertical-align: middle; height: 340px;\"><strong><img loading=\"lazy\" decoding=\"async\" class=\"wp-image-20393  aligncenter\" src=\"https:\/\/bovin.qc.ca\/wp-content\/uploads\/2023\/11\/JF-Gaudette-3-resized.jpg\" alt=\"\" width=\"257\" height=\"282\" srcset=\"https:\/\/bovin.qc.ca\/wp-content\/uploads\/2023\/11\/JF-Gaudette-3-resized.jpg 400w, https:\/\/bovin.qc.ca\/wp-content\/uploads\/2023\/11\/JF-Gaudette-3-resized-273x300.jpg 273w, https:\/\/bovin.qc.ca\/wp-content\/uploads\/2023\/11\/JF-Gaudette-3-resized-117x128.jpg 117w\" sizes=\"auto, (max-width: 257px) 100vw, 257px\" \/><\/strong><\/td>\n<\/tr>\n<\/tbody>\n<\/table>\n<p><strong><img loading=\"lazy\" decoding=\"async\" class=\"alignright wp-image-20382\" src=\"https:\/\/bovin.qc.ca\/wp-content\/uploads\/2023\/11\/JF-Gaudette-2-rotated.jpg\" alt=\"\" width=\"400\" height=\"300\" srcset=\"https:\/\/bovin.qc.ca\/wp-content\/uploads\/2023\/11\/JF-Gaudette-2-rotated.jpg 2016w, https:\/\/bovin.qc.ca\/wp-content\/uploads\/2023\/11\/JF-Gaudette-2-300x225.jpg 300w, https:\/\/bovin.qc.ca\/wp-content\/uploads\/2023\/11\/JF-Gaudette-2-171x128.jpg 171w, https:\/\/bovin.qc.ca\/wp-content\/uploads\/2023\/11\/JF-Gaudette-2-1536x1152.jpg 1536w\" sizes=\"auto, (max-width: 400px) 100vw, 400px\" \/>VBP+, moins de temps que l\u2019on pense<\/strong><\/p>\n<p>Jean-Fran\u00e7ois Gaudette est devenu propri\u00e9taire de son entreprise en 2020 et \u00e9l\u00e8ve des animaux \u00e0 forfait depuis cette ann\u00e9e-l\u00e0 avec sa conjointe et ses quatre enfants. D\u00e8s le d\u00e9but, M.&nbsp;Gaudette savait qu\u2019il voulait que son entreprise poursuive la certification VBP+&nbsp;: \u00ab&nbsp;\u00c7a n\u2019a jamais \u00e9t\u00e9 une question pour nous; se certifier c\u2019\u00e9tait important.&nbsp;<\/p>\n<p>Souvent, on entend que VBP+ c\u2019est beaucoup de travail et de paperasse. Personnellement, je n\u2019ai pas vraiment v\u00e9cu \u00e7a. La seule chose qu\u2019on a d\u00fb ajouter \u00e0 nos registres, c\u2019est la m\u00e9thode d\u2019euthanasie de nos animaux. Ce n\u2019est pas beaucoup plus que ce que nous faisions d\u00e9j\u00e0. En plus, on n\u2019est pas seul l\u00e0-dedans; les PBQ nous fournissent des exemples de registres, donc on ne part jamais de rien.<\/p>\n<p><strong><img loading=\"lazy\" decoding=\"async\" class=\"alignright wp-image-20387\" src=\"https:\/\/bovin.qc.ca\/wp-content\/uploads\/2023\/11\/JF-Gaudette-1.jpg\" alt=\"\" width=\"157\" height=\"250\" srcset=\"https:\/\/bovin.qc.ca\/wp-content\/uploads\/2023\/11\/JF-Gaudette-1.jpg 804w, https:\/\/bovin.qc.ca\/wp-content\/uploads\/2023\/11\/JF-Gaudette-1-188x300.jpg 188w, https:\/\/bovin.qc.ca\/wp-content\/uploads\/2023\/11\/JF-Gaudette-1-80x128.jpg 80w\" sizes=\"auto, (max-width: 157px) 100vw, 157px\" \/>Des registres pour aider la m\u00e9moire<\/strong><\/p>\n<p>Nous avons demand\u00e9 \u00e0 M. Gaudette comment il utilisait les registres au b\u00e9n\u00e9fice de son entreprise : \u00ab Le gros de la tenue de dossiers vient de la gestion de l\u2019inventaire avec les entr\u00e9es et les exp\u00e9ditions. Mais \u00e7a, on doit d\u00e9j\u00e0 le faire pour Attestra. Sinon, le registre VBP+ que l\u2019on trouve important c\u2019est celui des traitements v\u00e9t\u00e9rinaires. Ce registre nous aide lors de l\u2019exp\u00e9dition des animaux pour s\u2019assurer que toutes nos p\u00e9riodes de retrait sont termin\u00e9es.<\/p>\n<p>Le registre de traitements aide aussi ma m\u00e9moire. Comme \u00e7a, je n\u2019oublie pas ce que j\u2019ai donn\u00e9 et \u00e7a me facilite la vie quand vient le temps de savoir o\u00f9 je suis rendu; par exemple, mes rappels de vaccination. On est donc plus efficace et on \u00e9vite de d\u00e9doubler les activit\u00e9s \u00e0 la ferme.&nbsp;\u00bb<\/p>\n<p><strong>Une certification pour les producteurs, par les producteurs<\/strong><\/p>\n<p>Nous avons aussi demand\u00e9 au producteur la raison pour laquelle il s\u2019\u00e9tait certifi\u00e9&nbsp;: \u00ab Je crois que c\u2019est beaucoup plus simple d\u2019avoir notre propre certification. VBP+ a \u00e9t\u00e9 d\u00e9velopp\u00e9 par des producteurs, donc les normes du programme refl\u00e8tent notre r\u00e9alit\u00e9 et sont atteignables.<\/p>\n<p>Si on attend trop pour se certifier, on va peut-\u00eatre se le faire imposer un jour par nos acheteurs et l\u00e0, on n\u2019aura pas de contr\u00f4le sur ce qui va \u00eatre demand\u00e9. En ce moment, c\u2019est un travail d\u2019\u00e9quipe; les PBQ et VBP+ travaillent de concert avec les producteurs parce qu\u2019ils ont notre production bovine \u00e0 c\u0153ur. Ils sont l\u00e0 pour nous aider et nous appuyer dans cette d\u00e9marche.<\/p>\n<p>De plus, VBP+ est canadien et a \u00e9t\u00e9 mont\u00e9 sur des normes reconnues par l\u2019industrie. Plus il y aura d\u2019adh\u00e9rents et plus on aura de poids avec notre certification.&nbsp;\u00bb<\/p>\n<p><strong>Remerciements<\/strong><\/p>\n<p>Nous tenons \u00e0 remercier M.&nbsp;Jean-Fran\u00e7ois Gaudette, de Ferme Jean-Fran\u00e7ois Gaudette, pour sa g\u00e9n\u00e9rosit\u00e9 et sa participation \u00e0 notre s\u00e9rie \u00ab&nbsp;Ambassadeurs VBP+&nbsp;\u00bb.<\/p>\n<p><em>Source : PBQ<\/em><\/p>\n<p style=\"text-align: left;\"><a href=\"#top\">Retour en haut<\/a><a id=\"veba4\"><\/a><\/p>\n<hr>\n<h3><strong>Des producteurs de bovins r\u00e9alisent un voyage exploratoire au Colorado<\/strong><\/h3>\n<p><img loading=\"lazy\" decoding=\"async\" class=\"aligncenter wp-image-20431\" src=\"https:\/\/bovin.qc.ca\/wp-content\/uploads\/2023\/11\/Groupe-Magnum-1.jpg\" alt=\"\" width=\"815\" height=\"611\" srcset=\"https:\/\/bovin.qc.ca\/wp-content\/uploads\/2023\/11\/Groupe-Magnum-1.jpg 2048w, https:\/\/bovin.qc.ca\/wp-content\/uploads\/2023\/11\/Groupe-Magnum-1-300x225.jpg 300w, https:\/\/bovin.qc.ca\/wp-content\/uploads\/2023\/11\/Groupe-Magnum-1-171x128.jpg 171w, https:\/\/bovin.qc.ca\/wp-content\/uploads\/2023\/11\/Groupe-Magnum-1-1536x1152.jpg 1536w\" sizes=\"auto, (max-width: 815px) 100vw, 815px\" \/><\/p>\n<p>Le 20&nbsp;octobre dernier, un groupe de 43&nbsp;producteurs, 4 intervenants et 3 v\u00e9t\u00e9rinaires, provenant des r\u00e9gions Abitibi-T\u00e9miscamingue, Outaouais-Laurentides, Lanaudi\u00e8re, Estrie, Mont\u00e9r\u00e9gie, Centre-du-Qu\u00e9bec, Chaudi\u00e8re-Appalaches Nord et Sud, ainsi que Capitale-Nationale \u2013 C\u00f4te-Nord, sont partis en voyage exploratoire au Colorado.<\/p>\n<p>Les participants ont eu la chance de visiter trois entreprises. Ils ont rencontr\u00e9 le propri\u00e9taire du Ranch Niwot, producteur vache-veau et de bouvillons, qui a d\u00e9montr\u00e9 l\u2019importance des soins donn\u00e9s aux veaux \u00e0 la naissance. Il a expliqu\u00e9 son partenariat avec une productrice vache-veau situ\u00e9e dans les montagnes qui accorde une attention particuli\u00e8re aux soins donn\u00e9s \u00e0 chaque veau; ce qui avantage clairement leur croissance.<img loading=\"lazy\" decoding=\"async\" class=\"size-full wp-image-20450 aligncenter\" src=\"https:\/\/bovin.qc.ca\/wp-content\/uploads\/2023\/11\/Colorado-2-1.jpg\" alt=\"\" width=\"815\" height=\"278\" srcset=\"https:\/\/bovin.qc.ca\/wp-content\/uploads\/2023\/11\/Colorado-2-1.jpg 815w, https:\/\/bovin.qc.ca\/wp-content\/uploads\/2023\/11\/Colorado-2-1-300x102.jpg 300w, https:\/\/bovin.qc.ca\/wp-content\/uploads\/2023\/11\/Colorado-2-1-375x128.jpg 375w\" sizes=\"auto, (max-width: 815px) 100vw, 815px\" \/><\/p>\n<p>Ils ont ensuite visit\u00e9 le parc d\u2019engraissement Magnum Farms, d\u2019une capacit\u00e9 de pr\u00e8s de 40\u2009000 t\u00eates. Lors de leur passage, il y avait 36\u2009000 bouvillons. Un bel exemple de d\u00e9mesure qui s\u2019applique difficilement \u00e0 la r\u00e9alit\u00e9 du Qu\u00e9bec, mais qui a permis de d\u00e9couvrir les possibilit\u00e9s qu\u2019offre le Colorado pour l\u2019\u00e9levage de bovins.<img loading=\"lazy\" decoding=\"async\" class=\"size-full wp-image-20452 aligncenter\" src=\"https:\/\/bovin.qc.ca\/wp-content\/uploads\/2023\/11\/Colorado-3-1.jpg\" alt=\"\" width=\"815\" height=\"278\" srcset=\"https:\/\/bovin.qc.ca\/wp-content\/uploads\/2023\/11\/Colorado-3-1.jpg 815w, https:\/\/bovin.qc.ca\/wp-content\/uploads\/2023\/11\/Colorado-3-1-300x102.jpg 300w, https:\/\/bovin.qc.ca\/wp-content\/uploads\/2023\/11\/Colorado-3-1-375x128.jpg 375w\" sizes=\"auto, (max-width: 815px) 100vw, 815px\" \/><\/p>\n<p>La derni\u00e8re entreprise \u00e9tait le Ranch Amen Angus, qui se sp\u00e9cialise principalement dans l\u2019\u00e9levage des Angus noir pur sang et des Lim-Flex; un croisement Angus-Limousin reconnu par l\u2019Association des \u00e9leveurs de Limousin des \u00c9tats-Unis. Ce producteur vend annuellement 100&nbsp;taureaux pur sang lors d\u2019une vente priv\u00e9e.<img loading=\"lazy\" decoding=\"async\" class=\"size-full wp-image-20454 aligncenter\" src=\"https:\/\/bovin.qc.ca\/wp-content\/uploads\/2023\/11\/Colorado-4-1.jpg\" alt=\"\" width=\"815\" height=\"278\" srcset=\"https:\/\/bovin.qc.ca\/wp-content\/uploads\/2023\/11\/Colorado-4-1.jpg 815w, https:\/\/bovin.qc.ca\/wp-content\/uploads\/2023\/11\/Colorado-4-1-300x102.jpg 300w, https:\/\/bovin.qc.ca\/wp-content\/uploads\/2023\/11\/Colorado-4-1-375x128.jpg 375w\" sizes=\"auto, (max-width: 815px) 100vw, 815px\" \/><\/p>\n<p>Ce qui marqu\u00e9 tous les participants, c\u2019est l\u2019importance de l\u2019eau et leur syst\u00e8me d\u2019irrigation mis en place que ce soit par pivot ou par inondation selon les comt\u00e9s. Le climat sec et l\u2019absence d\u2019insectes sur les animaux ont \u00e9galement \u00e9t\u00e9 des points marquants. Aucun abri, ombri\u00e8re, mur de protection ou haie brise-vent n\u2019est en place. Les animaux doivent survivre aux conditions m\u00e9t\u00e9orologiques. Cependant, chacun des producteurs visit\u00e9s a indiqu\u00e9 que, malgr\u00e9 les tr\u00e8s faibles pr\u00e9cipitations, le climat temp\u00e9r\u00e9 et le vent frais des montagnes qui souffle toutes les nuits, les animaux peuvent \u00eatre \u00e9lev\u00e9s dans des conditions optimales.<\/p>\n<p>Le plus grand succ\u00e8s de ce voyage fut sans aucun doute les \u00e9changes entre les participants et les nouvelles amiti\u00e9s qui se sont form\u00e9es. Un groupe de producteurs de r\u00e9gions diff\u00e9rentes avec des entreprises diff\u00e9rentes, mais une seule et m\u00eame passion&nbsp;: l\u2019\u00e9levage de bovins de boucherie.<\/p>\n<p>&nbsp;<\/p>\n<p><em>Source : Le Syndicat des producteurs de bovins de l&#8217;Outaouais-Laurentides<\/em><\/p>\n<p><a href=\"#top\">Retour en haut<\/a><a id=\"ba\"><\/a><a id=\"ba\"><\/a><\/p>\n<table style=\"width: 100%; border-collapse: collapse; background-color: #a52a2a;\" border=\"0\">\n<tbody>\n<tr>\n<td style=\"width: 100%;\">\n<h3 style=\"text-align: center;\"><span style=\"color: #ffffff;\">BOUVILLON D&#8217;ABATTAGE<a id=\"BA1\"><\/a><\/span><\/h3>\n<\/td>\n<\/tr>\n<\/tbody>\n<\/table>\n<h4><strong>L\u2019offre de bouvillons dans l\u2019Ouest canadien devrait se resserrer grandement pour le 4e trimestre de l\u2019ann\u00e9e 2023<\/strong><\/h4>\n<p><img loading=\"lazy\" decoding=\"async\" class=\"wp-image-20378 size-full aligncenter\" src=\"https:\/\/bovin.qc.ca\/wp-content\/uploads\/2023\/11\/Photo-aileurs-2-1.jpg\" alt=\"\" width=\"815\" height=\"611\" srcset=\"https:\/\/bovin.qc.ca\/wp-content\/uploads\/2023\/11\/Photo-aileurs-2-1.jpg 815w, https:\/\/bovin.qc.ca\/wp-content\/uploads\/2023\/11\/Photo-aileurs-2-1-300x225.jpg 300w, https:\/\/bovin.qc.ca\/wp-content\/uploads\/2023\/11\/Photo-aileurs-2-1-171x128.jpg 171w\" sizes=\"auto, (max-width: 815px) 100vw, 815px\" \/><\/p>\n<p>Les placements de g\u00e9nisses ont \u00e9t\u00e9 volatiles cette ann\u00e9e dans l\u2019Ouest canadien. En f\u00e9vrier et mars, les placements de g\u00e9nisses ont repr\u00e9sent\u00e9 32 % du total des placements, ce qui correspond largement \u00e0 la m\u00eame p\u00e9riode en 2022 et d\u00e9passe de 3 \u00e0 4 % la moyenne quinquennale. En juin, les placements de g\u00e9nisses repr\u00e9sentaient 54 % du total des placements, soit 9 % de plus que l&#8217;ann\u00e9e derni\u00e8re et 17 % de plus que la moyenne quinquennale. Dans l&#8217;ensemble, les placements de g\u00e9nisses repr\u00e9sentent 39 % du total des placements depuis le d\u00e9but de l&#8217;ann\u00e9e, soit 1 % de plus que l&#8217;ann\u00e9e derni\u00e8re et 4 % de plus que la moyenne quinquennale. Les placements de g\u00e9nisses relativement plus importants soutiendront donc les march\u00e9s des bovins gras dans les mois \u00e0 venir.<\/p>\n<p>La question est de savoir comment les placements en parc d&#8217;engraissement effectu\u00e9s au d\u00e9but de l&#8217;ann\u00e9e 2023 auront une incidence sur les ventes de bouvillons au quatri\u00e8me trimestre. En utilisant les poids de sortie et les jours d&#8217;engraissement du rapport sur les tendances et les donn\u00e9es sur les placements, nous pouvons avoir une id\u00e9e des disponibilit\u00e9s en bovins gras pr\u00e9vues pour le quatri\u00e8me trimestre. Les placements de veaux d\u2019embouche pour les cat\u00e9gories m\u00e2les et femelles au premier trimestre 2023 \u00e9taient inf\u00e9rieurs de 1 % \u00e0 ceux de la m\u00eame p\u00e9riode en 2022. Les placements de veaux d\u2019embouche de cat\u00e9gories m\u00e2les et femelles d\u2019un an et plus \u00e9taient nettement inf\u00e9rieurs de 43 % \u00e0 ceux de la m\u00eame p\u00e9riode en 2022.<\/p>\n<p>En supposant que la part des bovins gras export\u00e9s reste stable, l&#8217;abattage de bovins gras de l&#8217;Ouest canadien au quatri\u00e8me trimestre 2023 devrait diminuer d&#8217;environ 10 % par rapport \u00e0 l&#8217;ann\u00e9e derni\u00e8re et de 5 % par rapport \u00e0 la moyenne quinquennale. Cependant, cette analyse ne tient pas compte des d\u00e9placements possibles de l\u2019offre de bouvillons alors que la mise en march\u00e9 de ceux-ci pourrait \u00eatre devanc\u00e9e ou retard\u00e9e.<\/p>\n<p>En r\u00e9sum\u00e9 l\u2019offre de bouvillons devrait se resserrer passablement au cours du quatri\u00e8me trimestre dans l\u2019Ouest canadien.<\/p>\n<p><em><strong>Source :&nbsp;<\/strong><\/em><em>Canfax, Jamie Kerr &#8211; Weekly Market Outlook and Analysis, October 20, 2023<\/em><\/p>\n<p><a href=\"#top\">Retour en haut<\/a><a id=\"FADQ\"><\/a><\/p>\n<table style=\"width: 100%; border-collapse: collapse; background-color: #a52a2a;\" border=\"0\">\n<tbody>\n<tr>\n<td style=\"width: 100%;\">\n<h3 style=\"text-align: center;\"><span style=\"color: #ffffff;\"><strong>NOUVELLES DE LA FINANCI\u00c8RE AGRICOLE DU QU\u00c9BEC<a id=\"F1\"><\/a><\/strong><\/span><\/h3>\n<\/td>\n<\/tr>\n<\/tbody>\n<\/table>\n<p><img loading=\"lazy\" decoding=\"async\" class=\"wp-image-14202 aligncenter\" src=\"https:\/\/bovin.qc.ca\/wp-content\/uploads\/2022\/05\/financiere_agricole_logo-344x128.jpg\" alt=\"\" width=\"231\" height=\"86\" srcset=\"https:\/\/bovin.qc.ca\/wp-content\/uploads\/2022\/05\/financiere_agricole_logo-344x128.jpg 344w, https:\/\/bovin.qc.ca\/wp-content\/uploads\/2022\/05\/financiere_agricole_logo-300x112.jpg 300w, https:\/\/bovin.qc.ca\/wp-content\/uploads\/2022\/05\/financiere_agricole_logo.jpg 1240w\" sizes=\"auto, (max-width: 231px) 100vw, 231px\" \/><\/p>\n<h4 style=\"text-align: left;\"><a id=\"F1\"><\/a>R\u00e9tribution des pratiques agroenvironnementales : actions \u00e0 poser<\/h4>\n<p><img loading=\"lazy\" decoding=\"async\" class=\"wp-image-20401 aligncenter\" src=\"https:\/\/bovin.qc.ca\/wp-content\/uploads\/2023\/11\/Retribution-actions-a-poser_nov2023.jpg\" alt=\"\" width=\"815\" height=\"427\" srcset=\"https:\/\/bovin.qc.ca\/wp-content\/uploads\/2023\/11\/Retribution-actions-a-poser_nov2023.jpg 1200w, https:\/\/bovin.qc.ca\/wp-content\/uploads\/2023\/11\/Retribution-actions-a-poser_nov2023-300x157.jpg 300w, https:\/\/bovin.qc.ca\/wp-content\/uploads\/2023\/11\/Retribution-actions-a-poser_nov2023-245x128.jpg 245w\" sizes=\"auto, (max-width: 815px) 100vw, 815px\" \/><\/p>\n<p>Si vous \u00eates inscrites \u00e0 l\u2019Initiative minist\u00e9rielle de r\u00e9tribution des pratiques agroenvironnementales, vous avez des actions \u00e0 poser dans les prochaines semaines. Voici un r\u00e9sum\u00e9 de ce que vous devez faire\u2026<\/p>\n<p><a href=\"https:\/\/www.fadq.qc.ca\/salle-de-presse\/actualites\/2023\/rpa-actions-a-poser?mtm_campaign=rpa-15nov23&amp;mtm_kwd=article&amp;mtm_medium=courriel\" target=\"_blank\" rel=\"noopener\"><img loading=\"lazy\" decoding=\"async\" class=\"alignleft wp-image-18765\" src=\"https:\/\/bovin.qc.ca\/wp-content\/uploads\/2023\/07\/ACB-lire-la-suite.png\" alt=\"\" width=\"180\" height=\"49\" srcset=\"https:\/\/bovin.qc.ca\/wp-content\/uploads\/2023\/07\/ACB-lire-la-suite.png 389w, https:\/\/bovin.qc.ca\/wp-content\/uploads\/2023\/07\/ACB-lire-la-suite-300x82.png 300w\" sizes=\"auto, (max-width: 180px) 100vw, 180px\" \/><\/a><\/p>\n<p>&nbsp;<\/p>\n<p>&nbsp;<\/p>\n<p><em>Source : FADQ<\/em><\/p>\n<p style=\"text-align: left;\"><a href=\"#top\">Retour en haut<\/a><a id=\"F2\"><\/a><\/p>\n<hr>\n<h4 style=\"text-align: left;\">G\u00e9rez-vous bien vos risques? Choisissez la meilleure strat\u00e9gie pour vous<\/h4>\n<p>Apr\u00e8s une saison estivale difficile, La Financi\u00e8re agricole du Qu\u00e9bec (FADQ) rappelle qu\u2019il est essentiel de vous assurer que la strat\u00e9gie de gestion des risques de votre entreprise est optimale et de vous renseigner sur ses programmes pour vous aider \u00e0 surmonter les d\u00e9fis auxquels vous faites face.<\/p>\n<p>Que les risques soient li\u00e9s \u00e0 la production, aux march\u00e9s, aux ressources humaines ou \u00e0 la fluctuation des prix, chaque entreprise agricole peut b\u00e9n\u00e9ficier de strat\u00e9gies pour r\u00e9duire ses risques financiers. La diversification des productions, l\u2019\u00e9pargne, la gestion de l\u2019endettement et les investissements dans des techniques de pointe sont quelques-unes des strat\u00e9gies possibles.<\/p>\n<p><a href=\"https:\/\/www.fadq.qc.ca\/salle-de-presse\/actualites\/2023\/gerez-vous-bien-vos-risques-choisissez-la-meilleure-strategie-pour-vous?mtm_campaign=risques-7nov23&amp;mtm_kwd=article&amp;mtm_medium=courriel\" target=\"_blank\" rel=\"noopener\"><img loading=\"lazy\" decoding=\"async\" class=\"alignleft wp-image-18765\" src=\"https:\/\/bovin.qc.ca\/wp-content\/uploads\/2023\/07\/ACB-lire-la-suite.png\" alt=\"\" width=\"180\" height=\"49\" srcset=\"https:\/\/bovin.qc.ca\/wp-content\/uploads\/2023\/07\/ACB-lire-la-suite.png 389w, https:\/\/bovin.qc.ca\/wp-content\/uploads\/2023\/07\/ACB-lire-la-suite-300x82.png 300w\" sizes=\"auto, (max-width: 180px) 100vw, 180px\" \/><\/a><\/p>\n<p>&nbsp;<\/p>\n<p>&nbsp;<\/p>\n<p><em>Source : FADQ<\/em><\/p>\n<p><a href=\"#top\">Retour en haut<\/a><a id=\"f3\"><\/a><\/p>\n<h4 style=\"text-align: left;\">Pr\u00eat pour le fonds de roulement jusqu\u2019\u00e0 200&nbsp;000$<\/h4>\n<p>Les producteurs agricoles affect\u00e9s par la hausse des taux d\u2019int\u00e9r\u00eat et du co\u00fbt des intrants, peu importe leur production, peuvent b\u00e9n\u00e9ficier de liquidit\u00e9s suppl\u00e9mentaires. Cette mesure a \u00e9t\u00e9 prolong\u00e9e jusqu\u2019au 31 mars 2025.<\/p>\n<p><a href=\"https:\/\/www.fadq.qc.ca\/salle-de-presse\/actualites\/2023\/plus-dargent-pour-les-producteurs-agricoles?mtm_kwd=article\" target=\"_blank\" rel=\"noopener\"><img loading=\"lazy\" decoding=\"async\" class=\"alignleft wp-image-18765\" src=\"https:\/\/bovin.qc.ca\/wp-content\/uploads\/2023\/07\/ACB-lire-la-suite.png\" alt=\"\" width=\"180\" height=\"49\" srcset=\"https:\/\/bovin.qc.ca\/wp-content\/uploads\/2023\/07\/ACB-lire-la-suite.png 389w, https:\/\/bovin.qc.ca\/wp-content\/uploads\/2023\/07\/ACB-lire-la-suite-300x82.png 300w\" sizes=\"auto, (max-width: 180px) 100vw, 180px\" \/><\/a><\/p>\n<p>&nbsp;<\/p>\n<p>&nbsp;<\/p>\n<p style=\"text-align: left;\"><a href=\"#top\">Retour en haut<\/a><a id=\"CCA\"><\/a><\/p>\n<table style=\"width: 100%; border-collapse: collapse; background-color: #a52a2a;\" border=\"0\">\n<tbody>\n<tr>\n<td style=\"width: 100%;\">\n<h3 style=\"text-align: center;\"><span style=\"color: #ffffff;\"><strong>NOUVELLES DE L&#8217;ASSOCIATION CANADIENNE DES BOVINS<a id=\"CCA1\"><\/a><\/strong><\/span><\/h3>\n<\/td>\n<\/tr>\n<\/tbody>\n<\/table>\n<p><a href=\"https:\/\/www.cattle.ca\/fr\/nouvelles-et-evenements\" target=\"_blank\" rel=\"noopener\"><img loading=\"lazy\" decoding=\"async\" class=\"aligncenter wp-image-15269\" src=\"https:\/\/bovin.qc.ca\/wp-content\/uploads\/2022\/08\/acb-nouvelles.jpg\" alt=\"\" width=\"815\" height=\"225\" srcset=\"https:\/\/bovin.qc.ca\/wp-content\/uploads\/2022\/08\/acb-nouvelles.jpg 820w, https:\/\/bovin.qc.ca\/wp-content\/uploads\/2022\/08\/acb-nouvelles-300x83.jpg 300w, https:\/\/bovin.qc.ca\/wp-content\/uploads\/2022\/08\/acb-nouvelles-464x128.jpg 464w\" sizes=\"auto, (max-width: 815px) 100vw, 815px\" \/><\/a><\/p>\n<hr>\n<h4 class=\"UbhFJ7 nkqC0Q blog-post-title-font blog-post-title-color blog-text-color post-title blog-hover-container-element-color FG3qXk blog-post-page-title-font\" data-hook=\"post-title\">L\u2019ACB participe \u00e0 une mission commerciale en Asie<\/h4>\n<p style=\"text-align: right;\"><a href=\"https:\/\/cancattle.wixsite.com\/mysite\/post\/cca-joins-team-canada-trade-mission-to-japan-and-south-korea\" target=\"_blank\" rel=\"noopener\"><em>Lire l&#8217;int\u00e9gralit\u00e9 de l&#8217;article (en anglais)<\/em><\/a><\/p>\n<p><img loading=\"lazy\" decoding=\"async\" class=\"size-full wp-image-20403 aligncenter\" src=\"https:\/\/bovin.qc.ca\/wp-content\/uploads\/2023\/11\/Mission-Asie-CCA.jpg\" alt=\"\" width=\"815\" height=\"489\" srcset=\"https:\/\/bovin.qc.ca\/wp-content\/uploads\/2023\/11\/Mission-Asie-CCA.jpg 815w, https:\/\/bovin.qc.ca\/wp-content\/uploads\/2023\/11\/Mission-Asie-CCA-300x180.jpg 300w, https:\/\/bovin.qc.ca\/wp-content\/uploads\/2023\/11\/Mission-Asie-CCA-213x128.jpg 213w\" sizes=\"auto, (max-width: 815px) 100vw, 815px\" \/><\/p>\n<p>Le pr\u00e9sident de l\u2019Association canadienne des bovins (ACB), Nathan Phinney, et la directrice principale Affaires gouvernementales et publiques, Jennifer Babcock, ont particip\u00e9 \u00e0 une mission commerciale d\u2019\u00c9quipe Canada \u00e0 Osaka et \u00e0 Tokyo au Japon, en compagnie de la ministre f\u00e9d\u00e9rale de la Promotion des exportations, du Commerce International et du D\u00e9veloppement \u00e9conomique, Mary Ng.<\/p>\n<p>Le but de cette mission \u00e9tait de souligner et de renforcir les \u00e9changes commerciaux avec le Japon. En 2022, les exportations de b\u0153uf canadien avait atteint un demi-milliard de dollars canadiens avec ce pays asiatique, un nouveau record. Du 29 octobre au 1<sup>er<\/sup> novembre, l\u2019ACB a rencontr\u00e9 des importateurs ainsi que des repr\u00e9sentants de l\u2019ambassade canadienne \u00e0 Tokyo et du gouvernement japonais.<\/p>\n<p>Les repr\u00e9sentants de l\u2019ACB ont poursuivi leur mission commerciale en Cor\u00e9e du Sud.<\/p>\n<p><em>Source : ACB<\/em><\/p>\n<p style=\"text-align: left;\"><a href=\"#top\">Retour en haut<\/a><a id=\"CCA2\"><\/a><\/p>\n<hr>\n<h4 class=\"UbhFJ7 nkqC0Q blog-post-title-font blog-post-title-color blog-text-color post-title blog-hover-container-element-color FG3qXk blog-post-page-title-font\" data-hook=\"post-title\">Pr\u00e9senter le point de vue de l\u2019industrie au Forum mondial de l\u2019alimentation<\/h4>\n<p style=\"text-align: right;\"><a href=\"https:\/\/cancattle.wixsite.com\/mysite\/post\/bringing-the-canadian-cattle-perspective-to-the-world-food-forum\" target=\"_blank\" rel=\"noopener\"><em>Lire l&#8217;int\u00e9gralit\u00e9 de l&#8217;article (en anglais)<\/em><\/a><\/p>\n<p><img loading=\"lazy\" decoding=\"async\" class=\"size-full wp-image-20405 aligncenter\" src=\"https:\/\/bovin.qc.ca\/wp-content\/uploads\/2023\/11\/FAO.jpg\" alt=\"\" width=\"815\" height=\"627\" srcset=\"https:\/\/bovin.qc.ca\/wp-content\/uploads\/2023\/11\/FAO.jpg 815w, https:\/\/bovin.qc.ca\/wp-content\/uploads\/2023\/11\/FAO-300x231.jpg 300w, https:\/\/bovin.qc.ca\/wp-content\/uploads\/2023\/11\/FAO-166x128.jpg 166w\" sizes=\"auto, (max-width: 815px) 100vw, 815px\" \/><\/p>\n<p>Une petite d\u00e9l\u00e9gation de l\u2019Association canadienne des bovins (ACB) \u00e9tait pr\u00e9sente au Forum mondial de l\u2019alimentation pour mettre de l\u2019avant la durabilit\u00e9 de l\u2019industrie bovine canadienne sur la sc\u00e8ne internationale. La rencontre a eu lieu au si\u00e8ge de l\u2019Organisation des Nations unies pour l\u2019alimentation et l\u2019agriculture (FAO), \u00e0 Rome, du 16 au 20 octobre.<\/p>\n<p>Pour sa troisi\u00e8me mouture qui avait pour th\u00e8me \u00ab La transformation des syst\u00e8mes agroalimentaires acc\u00e9l\u00e8re l\u2019action climatique, le Forum mondial de l\u2019alimentation a accueilli plus de 6000 participants sur place et 20&nbsp;000 personnes en ligne. Le but de l\u2019ACB \u00e9tait de faire valoir le r\u00f4le positif de l\u2019industrie bovine canadienne dans l\u2019action climatique et sa capacit\u00e9 \u00e0 fournir un produit \u00e0 haute teneur en prot\u00e9ines face \u00e0 une population mondiale croissante.<\/p>\n<p><em>Source : ACB<\/em><\/p>\n<p style=\"text-align: left;\"><a href=\"#top\">Retour en haut<\/a><a id=\"NR1\"><\/a><\/p>\n","protected":false},"excerpt":{"rendered":"<p>&nbsp; INFOLETTRE La Minute bovine : novembre 2023 Coup d\u2019\u0153il sur les march\u00e9s du b\u0153uf et du veau L&#8217;Info-prix \u00c9v\u00e9nements \u00e0 venir Actualit\u00e9s Franc succ\u00e8s pour le Colloque de l\u2019industrie bovine qu\u00e9b\u00e9coise 2023 Les Producteurs de bovins du Qu\u00e9bec d\u00e9voilent la nouvelle certification B\u0153uf du Qu\u00e9bec Deux nouvelles capsules disponibles sur lesfaitsboeuf | veaufaits.com Un [&#8230;]<\/p>\n","protected":false},"author":6,"featured_media":0,"parent":0,"menu_order":0,"comment_status":"closed","ping_status":"closed","template":"","meta":{"ngg_post_thumbnail":0,"footnotes":""},"class_list":["post-20488","page","type-page","status-publish","hentry"],"_links":{"self":[{"href":"https:\/\/bovin.qc.ca\/en\/wp-json\/wp\/v2\/pages\/20488","targetHints":{"allow":["GET"]}}],"collection":[{"href":"https:\/\/bovin.qc.ca\/en\/wp-json\/wp\/v2\/pages"}],"about":[{"href":"https:\/\/bovin.qc.ca\/en\/wp-json\/wp\/v2\/types\/page"}],"author":[{"embeddable":true,"href":"https:\/\/bovin.qc.ca\/en\/wp-json\/wp\/v2\/users\/6"}],"replies":[{"embeddable":true,"href":"https:\/\/bovin.qc.ca\/en\/wp-json\/wp\/v2\/comments?post=20488"}],"version-history":[{"count":1,"href":"https:\/\/bovin.qc.ca\/en\/wp-json\/wp\/v2\/pages\/20488\/revisions"}],"predecessor-version":[{"id":20489,"href":"https:\/\/bovin.qc.ca\/en\/wp-json\/wp\/v2\/pages\/20488\/revisions\/20489"}],"wp:attachment":[{"href":"https:\/\/bovin.qc.ca\/en\/wp-json\/wp\/v2\/media?parent=20488"}],"curies":[{"name":"wp","href":"https:\/\/api.w.org\/{rel}","templated":true}]}}