{"id":20174,"date":"2023-10-27T07:30:31","date_gmt":"2023-10-27T11:30:31","guid":{"rendered":"https:\/\/bovin.qc.ca\/?page_id=20174"},"modified":"2023-10-27T07:30:31","modified_gmt":"2023-10-27T11:30:31","slug":"la-minute-bovine-october-2023","status":"publish","type":"page","link":"https:\/\/bovin.qc.ca\/en\/la-minute-bovine-october-2023\/","title":{"rendered":"La Minute bovine : October 2023"},"content":{"rendered":"<h3><div class=\"newsletter_subscription_box\"><a class=\"newsletter_subscription_link\" href=\"https:\/\/bovin.qc.ca\/abonnement\/\"><div class=\"left_side\"><img decoding=\"async\" src=\"https:\/\/bovin.qc.ca\/wp-content\/themes\/bovins\/images\/infolettre_icon.png\" class=\"newsletter_icon\" \/><\/div><div class=\"right_side\"><p class=\"newsletter_sub_text\">Vous n'\u00eates pas abonn\u00e9 \u00e0 notre infolettre?<br \/>Cliquez ici.<\/p><\/div><div style=\"clear:both;\"><\/div><\/a><\/div><\/h3>\n<p>&nbsp;<a id=\"top\"><\/a><\/p>\n<h1 style=\"text-align: left;\">INFOLETTRE<br \/>\nLa Minute bovine : octobre 2023<\/h1>\n<ul>\n<li>\n<h2 style=\"text-align: left;\"><a href=\"#coup\"><strong>Coup d\u2019\u0153il sur les march\u00e9s du b\u0153uf et du veau<\/strong><\/a><\/h2>\n<\/li>\n<li style=\"text-align: left;\">\n<h2 style=\"text-align: left;\"><a href=\"#prix\">L&#8217;Info-prix<\/a><\/h2>\n<\/li>\n<\/ul>\n<ul>\n<li style=\"text-align: left;\">\n<h2 style=\"text-align: left;\"><a href=\"#evenements\">\u00c9v\u00e9nements \u00e0 venir<\/a><\/h2>\n<\/li>\n<\/ul>\n<ul>\n<li style=\"text-align: left;\">\n<h2 style=\"text-align: left;\"><strong><a href=\"#actualite\">Actualit\u00e9s<\/a><\/strong><\/h2>\n<ul>\n<li><a href=\"#A1\"><strong>Colloque de l\u2019industrie bovine qu\u00e9b\u00e9coise : la vente de billets se poursuit<\/strong><\/a><\/li>\n<li><a href=\"#A2\"><strong>Un nouveau programme pour les producteurs de bovins<\/strong><\/a><\/li>\n<li><a href=\"#A3\"><strong>M. Andr\u00e9 D. Beaudoin au Temple de la renomm\u00e9e de l\u2019agriculture<\/strong><\/a><\/li>\n<li><a href=\"#A4\"><strong>Mme H\u00e9l\u00e8ne Champagne re\u00e7oit un prix hommage<\/strong><\/a><\/li>\n<li><a href=\"#A5\"><strong>LESFAITSBOEUF.COM | VEAUFAITS.COM finaliste pour un prix canadien de marketing<\/strong><\/a><\/li>\n<li><a href=\"#A6\"><strong>Deux Qu\u00e9b\u00e9cois parmi les jeunes leaders canadiens de l\u2019industrie<\/strong><\/a><\/li>\n<li><a href=\"#A7\"><strong>Votre production de veaux se d\u00e9marque? On veut le savoir!<\/strong><\/a><\/li>\n<li><a href=\"#A8\"><strong>Mieux comprendre les cons\u00e9quences des inondations et des autres catastrophes naturelles<\/strong><\/a><\/li>\n<\/ul>\n<\/li>\n<\/ul>\n<p>&nbsp;<\/p>\n<table style=\"width: 100%; border-collapse: collapse; background-color: #a52a2a;\" border=\"0\">\n<tbody>\n<tr>\n<td style=\"width: 100%;\">\n<h3 style=\"text-align: center;\"><span style=\"color: #ffffff;\"><strong>CLIQUEZ SUR VOTRE SECTEUR POUR VOS NOUVELLES<\/strong><\/span><\/h3>\n<\/td>\n<\/tr>\n<\/tbody>\n<\/table>\n<p>\n<a href=\"#br\"><img loading=\"lazy\" decoding=\"async\" class=\"alignnone wp-image-8129 size-full\" src=\"https:\/\/bovin.qc.ca\/wp-content\/uploads\/2020\/01\/br.jpg\" alt=\"\" width=\"156\" height=\"348\" srcset=\"https:\/\/bovin.qc.ca\/wp-content\/uploads\/2020\/01\/br.jpg 156w, https:\/\/bovin.qc.ca\/wp-content\/uploads\/2020\/01\/br-134x300.jpg 134w, https:\/\/bovin.qc.ca\/wp-content\/uploads\/2020\/01\/br-57x128.jpg 57w\" sizes=\"auto, (max-width: 156px) 100vw, 156px\" \/>&nbsp;<\/a>&nbsp;<a href=\"#vgvl\"><img loading=\"lazy\" decoding=\"async\" class=\"alignnone wp-image-8131\" src=\"https:\/\/bovin.qc.ca\/wp-content\/uploads\/2020\/01\/vg.jpg\" alt=\"\" width=\"156\" height=\"348\">&nbsp;<\/a>&nbsp;<a href=\"#vl\"><img loading=\"lazy\" decoding=\"async\" class=\"alignnone wp-image-8133\" src=\"https:\/\/bovin.qc.ca\/wp-content\/uploads\/2020\/01\/vl.jpg\" alt=\"\" width=\"155\" height=\"348\">&nbsp;&nbsp;<\/a><a href=\"#ve\"><img loading=\"lazy\" decoding=\"async\" class=\"alignnone wp-image-8135\" src=\"https:\/\/bovin.qc.ca\/wp-content\/uploads\/2020\/01\/ve.jpg\" alt=\"\" width=\"155\" height=\"348\" srcset=\"https:\/\/bovin.qc.ca\/wp-content\/uploads\/2020\/01\/ve.jpg 157w, https:\/\/bovin.qc.ca\/wp-content\/uploads\/2020\/01\/ve-134x300.jpg 134w, https:\/\/bovin.qc.ca\/wp-content\/uploads\/2020\/01\/ve-57x128.jpg 57w\" sizes=\"auto, (max-width: 155px) 100vw, 155px\" \/>&nbsp;<\/a><a href=\"#veba\"><img loading=\"lazy\" decoding=\"async\" class=\"alignnone wp-image-8137\" src=\"https:\/\/bovin.qc.ca\/wp-content\/uploads\/2020\/01\/ba-sec.jpg\" alt=\"\" width=\"159\" height=\"348\" srcset=\"https:\/\/bovin.qc.ca\/wp-content\/uploads\/2020\/01\/ba-sec.jpg 159w, https:\/\/bovin.qc.ca\/wp-content\/uploads\/2020\/01\/ba-sec-137x300.jpg 137w, https:\/\/bovin.qc.ca\/wp-content\/uploads\/2020\/01\/ba-sec-59x128.jpg 59w\" sizes=\"auto, (max-width: 159px) 100vw, 159px\" \/><\/a><\/p>\n<p>&nbsp;<\/p>\n<h2 style=\"text-align: left;\"><a href=\"#FADQ\">Nouvelles de La Financi\u00e8re agricole du Qu\u00e9bec<\/a><\/h2>\n<ul>\n<li style=\"list-style-type: none;\">\n<ul>\n<li><strong><a href=\"#F1\">La campagne d\u2019adh\u00e9sion automnale est lanc\u00e9e<\/a><\/strong><\/li>\n<li><strong><a href=\"#F2\">Contexte \u00e9conomique et al\u00e9as climatiques : des ajustements \u00e0 l\u2019aide d\u2019urgence<\/a><\/strong><\/li>\n<\/ul>\n<\/li>\n<\/ul>\n<h2 style=\"text-align: left;\"><a href=\"#NR1\">Nouvelles de l&#8217;Association canadienne des bovins<\/a><\/h2>\n<ul>\n<li style=\"list-style-type: none;\">\n<ul>\n<li><a href=\"#CCA1\"><strong>L\u2019ACB tient plusieurs rencontres avec des repr\u00e9sentants europ\u00e9ens<\/strong><\/a><\/li>\n<li><a href=\"#CCA2\"><strong>Concertation \u00e0 l\u2019international pour la promotion du b\u0153uf<\/strong><\/a><\/li>\n<li><a href=\"#CCA3\"><strong>Les producteurs de bovins appuient un projet de loi priv\u00e9<\/strong><\/a><\/li>\n<\/ul>\n<\/li>\n<\/ul>\n<h2 style=\"text-align: left;\"><a href=\"#NR1\">Nouvelles r\u00e9gionales<\/a><\/h2>\n<ul>\n<li style=\"list-style-type: none;\">\n<ul>\n<li><a href=\"#NR1\"><strong>Chaudi\u00e8re-Appalaches : Une Journ\u00e9e champ\u00eatre fort appr\u00e9ci\u00e9e<\/strong><\/a><\/li>\n<li><a href=\"#NR2\"><strong>Mauricie : Souper-conf\u00e9rence sur le bien-\u00eatre animal au menu<\/strong><\/a><\/li>\n<li><a href=\"#NR3\"><strong>Mont\u00e9r\u00e9gie-Ouest : La Journ\u00e9e bovine attire de nombreux participants<\/strong><\/a><\/li>\n<\/ul>\n<\/li>\n<\/ul>\n<p style=\"text-align: left;\"><a href=\"#top\">Retour en haut<\/a><a id=\"coup\"><\/a><\/p>\n<table style=\"width: 100%; border-collapse: collapse; background-color: #a52a2a;\" border=\"0\">\n<tbody>\n<tr>\n<td style=\"width: 100%;\">\n<h3 style=\"text-align: center;\"><span style=\"color: #ffffff;\"><strong>COUP D&#8217;\u0152IL SUR LES MARCH\u00c9S DU B\u0152UF ET DU VEAU<\/strong><\/span><\/h3>\n<\/td>\n<\/tr>\n<\/tbody>\n<\/table>\n<p>&nbsp;<\/p>\n<p style=\"text-align: center;\"><span style=\"text-decoration: underline;\"><a href=\"https:\/\/bovin.qc.ca\/wp-content\/uploads\/2023\/10\/2023-10-Coup-doeil-sur-les-marches-boeuf-et-veau-FRAN.pdf\" target=\"_blank\" rel=\"noopener\">Version fran\u00e7aise<\/a><br \/>\n<a href=\"https:\/\/bovin.qc.ca\/wp-content\/uploads\/2023\/10\/2023-10-Coup-doeil-sur-les-marches-boeuf-et-veau-ANG.pdf\" target=\"_blank\" rel=\"noopener\">English version<\/a><br \/>\n<\/span><\/p>\n<p style=\"text-align: center;\"><img loading=\"lazy\" decoding=\"async\" class=\"wp-image-10769 aligncenter\" src=\"https:\/\/bovin.qc.ca\/wp-content\/uploads\/2020\/08\/shutterstock_699231256-min_WEB-1.jpg\" alt=\"\" width=\"500\" height=\"317\" srcset=\"https:\/\/bovin.qc.ca\/wp-content\/uploads\/2020\/08\/shutterstock_699231256-min_WEB-1.jpg 1024w, https:\/\/bovin.qc.ca\/wp-content\/uploads\/2020\/08\/shutterstock_699231256-min_WEB-1-300x190.jpg 300w, https:\/\/bovin.qc.ca\/wp-content\/uploads\/2020\/08\/shutterstock_699231256-min_WEB-1-202x128.jpg 202w\" sizes=\"auto, (max-width: 500px) 100vw, 500px\" \/><\/p>\n<p style=\"text-align: left;\"><a href=\"#top\">Retour en haut<\/a><a id=\"prix\"><\/a><\/p>\n<hr>\n<p>&nbsp;<\/p>\n<p><img loading=\"lazy\" decoding=\"async\" class=\"aligncenter wp-image-5452\" src=\"https:\/\/bovin.qc.ca\/wp-content\/uploads\/2018\/09\/info-prix-bandeau.jpg\" alt=\"\" width=\"750\" height=\"183\" srcset=\"https:\/\/bovin.qc.ca\/wp-content\/uploads\/2018\/09\/info-prix-bandeau.jpg 650w, https:\/\/bovin.qc.ca\/wp-content\/uploads\/2018\/09\/info-prix-bandeau-300x73.jpg 300w, https:\/\/bovin.qc.ca\/wp-content\/uploads\/2018\/09\/info-prix-bandeau-523x128.jpg 523w\" sizes=\"auto, (max-width: 750px) 100vw, 750px\" \/><\/p>\n<p style=\"text-align: center;\">Cliquez sur un secteur pour les prix du march\u00e9<\/p>\n<p style=\"text-align: center;\"><u><a href=\"https:\/\/www.fpbq.upa.qc.ca\/infoprix\/BouvAbattage\/BAInfoPrixQuot.asp?Langue=F\" target=\"_blank\" rel=\"noopener\"><strong>BOUVILLON<\/strong><\/a><br \/>\n<\/u><u><a href=\"https:\/\/www.fpbq.upa.qc.ca\/infoprix\/BovinReforme\/BRInfoPrixQuot.asp?Langue=F\" target=\"_blank\" rel=\"noopener\"><strong>BOVIN DE R\u00c9FORME ET VEAU LAITIER<\/strong><\/a><br \/>\n<\/u><u><a href=\"https:\/\/www.fpbq.upa.qc.ca\/infoprix\/VeauDeGrain\/VGInfoPrixHebdo.asp?Langue=F\" target=\"_blank\" rel=\"noopener\"><strong>VEAU DE GRAIN<\/strong><\/a><br \/>\n<\/u><u><strong><a href=\"https:\/\/www.fpbq.upa.qc.ca\/infoprix\/VeauDeLait\/VLInfoPrixHebdo.asp?Langue=F\" target=\"_blank\" rel=\"noopener\">VEAU DE LAIT<\/a><br \/>\n<\/strong><\/u><u><a href=\"https:\/\/www.fpbq.upa.qc.ca\/infoprix\/VeauEmbouche\/VEInfoPrixQuot.asp?Langue=F\" target=\"_blank\" rel=\"noopener\"><strong>VEAU D\u2019EMBOUCHE<\/strong><\/a><\/u><\/p>\n<p><a href=\"#top\">Retour en haut<\/a><a id=\"evenements\"><\/a><\/p>\n<p>&nbsp;<\/p>\n<table style=\"width: 100%; border-collapse: collapse; background-color: #a52a2a;\" border=\"0\">\n<tbody>\n<tr>\n<td style=\"width: 100%;\">\n<h3 style=\"text-align: center;\"><span style=\"color: #ffffff;\"><strong>\u00c9V\u00c9NEMENTS \u00c0 VENIR<\/strong><\/span><\/h3>\n<\/td>\n<\/tr>\n<\/tbody>\n<\/table>\n<h4 style=\"text-align: left;\">Fili\u00e8re b\u0153uf et veau<a id=\"evenements\"><\/a><\/h4>\n<h4 style=\"text-align: left;\"><img loading=\"lazy\" decoding=\"async\" class=\"aligncenter wp-image-19934\" src=\"https:\/\/bovin.qc.ca\/wp-content\/uploads\/2023\/10\/LMB-bandeau-octobre-1.jpg\" alt=\"\" width=\"815\" height=\"515\" srcset=\"https:\/\/bovin.qc.ca\/wp-content\/uploads\/2023\/10\/LMB-bandeau-octobre-1.jpg 1925w, https:\/\/bovin.qc.ca\/wp-content\/uploads\/2023\/10\/LMB-bandeau-octobre-1-300x190.jpg 300w, https:\/\/bovin.qc.ca\/wp-content\/uploads\/2023\/10\/LMB-bandeau-octobre-1-202x128.jpg 202w, https:\/\/bovin.qc.ca\/wp-content\/uploads\/2023\/10\/LMB-bandeau-octobre-1-1536x971.jpg 1536w\" sizes=\"auto, (max-width: 815px) 100vw, 815px\" \/><\/h4>\n<p><a href=\"https:\/\/cutt.ly\/CIBQ-2023\" target=\"_blank\" rel=\"noopener\"><img loading=\"lazy\" decoding=\"async\" class=\"aligncenter wp-image-19539 size-full\" src=\"https:\/\/bovin.qc.ca\/wp-content\/uploads\/2023\/08\/je-minscris-01-01-1.png\" alt=\"\" width=\"691\" height=\"93\" srcset=\"https:\/\/bovin.qc.ca\/wp-content\/uploads\/2023\/08\/je-minscris-01-01-1.png 691w, https:\/\/bovin.qc.ca\/wp-content\/uploads\/2023\/08\/je-minscris-01-01-1-300x40.png 300w\" sizes=\"auto, (max-width: 691px) 100vw, 691px\" \/><\/a><\/p>\n<p>&nbsp;<\/p>\n<hr>\n<h4 style=\"text-align: left;\">G\u00c9N\u00c9RAL<a id=\"e2\"><\/a><\/h4>\n<h4 style=\"text-align: left;\"><img loading=\"lazy\" decoding=\"async\" class=\"aligncenter wp-image-19939\" src=\"https:\/\/bovin.qc.ca\/wp-content\/uploads\/2023\/10\/webinaire.jpg\" alt=\"\" width=\"815\" height=\"394\" srcset=\"https:\/\/bovin.qc.ca\/wp-content\/uploads\/2023\/10\/webinaire.jpg 1200w, https:\/\/bovin.qc.ca\/wp-content\/uploads\/2023\/10\/webinaire-300x145.jpg 300w, https:\/\/bovin.qc.ca\/wp-content\/uploads\/2023\/10\/webinaire-265x128.jpg 265w\" sizes=\"auto, (max-width: 815px) 100vw, 815px\" \/><\/h4>\n<p><a href=\"https:\/\/www.upa.qc.ca\/producteur\/formations\/detail\/la-resilience-comment-rebondir \" target=\"_blank\" rel=\"noopener\"><img loading=\"lazy\" decoding=\"async\" class=\"aligncenter wp-image-19539 size-full\" src=\"https:\/\/bovin.qc.ca\/wp-content\/uploads\/2023\/08\/je-minscris-01-01-1.png\" alt=\"\" width=\"691\" height=\"93\" srcset=\"https:\/\/bovin.qc.ca\/wp-content\/uploads\/2023\/08\/je-minscris-01-01-1.png 691w, https:\/\/bovin.qc.ca\/wp-content\/uploads\/2023\/08\/je-minscris-01-01-1-300x40.png 300w\" sizes=\"auto, (max-width: 691px) 100vw, 691px\" \/><\/a><\/p>\n<p>&nbsp;<\/p>\n<table style=\"width: 100%; border-collapse: collapse; background-color: #a52a2a;\" border=\"0\">\n<tbody>\n<tr>\n<td style=\"width: 100%;\">\n<h3 style=\"text-align: center;\"><span style=\"color: #ffffff;\"><strong>ACTUALIT\u00c9S<a id=\"A1\"><\/a><\/strong><\/span><\/h3>\n<\/td>\n<\/tr>\n<\/tbody>\n<\/table>\n<h4><strong>Colloque de l\u2019industrie bovine qu\u00e9b\u00e9coise : la vente de billets se poursuit<\/strong><\/h4>\n<table style=\"border-collapse: collapse; width: 100%;\">\n<tbody>\n<tr>\n<td style=\"width: 50%;\"><img loading=\"lazy\" decoding=\"async\" class=\"aligncenter wp-image-19941\" src=\"https:\/\/bovin.qc.ca\/wp-content\/uploads\/2023\/10\/parfaire-11.jpg\" alt=\"\" width=\"400\" height=\"225\" srcset=\"https:\/\/bovin.qc.ca\/wp-content\/uploads\/2023\/10\/parfaire-11.jpg 1920w, https:\/\/bovin.qc.ca\/wp-content\/uploads\/2023\/10\/parfaire-11-300x169.jpg 300w, https:\/\/bovin.qc.ca\/wp-content\/uploads\/2023\/10\/parfaire-11-228x128.jpg 228w, https:\/\/bovin.qc.ca\/wp-content\/uploads\/2023\/10\/parfaire-11-1536x864.jpg 1536w\" sizes=\"auto, (max-width: 400px) 100vw, 400px\" \/><\/td>\n<td style=\"width: 50%;\"><img loading=\"lazy\" decoding=\"async\" class=\"aligncenter wp-image-19943\" src=\"https:\/\/bovin.qc.ca\/wp-content\/uploads\/2023\/10\/Kiosque14.jpg\" alt=\"\" width=\"400\" height=\"225\" srcset=\"https:\/\/bovin.qc.ca\/wp-content\/uploads\/2023\/10\/Kiosque14.jpg 1920w, https:\/\/bovin.qc.ca\/wp-content\/uploads\/2023\/10\/Kiosque14-300x169.jpg 300w, https:\/\/bovin.qc.ca\/wp-content\/uploads\/2023\/10\/Kiosque14-228x128.jpg 228w, https:\/\/bovin.qc.ca\/wp-content\/uploads\/2023\/10\/Kiosque14-1536x864.jpg 1536w\" sizes=\"auto, (max-width: 400px) 100vw, 400px\" \/><\/td>\n<\/tr>\n<\/tbody>\n<\/table>\n<p>&nbsp;<\/p>\n<p>L\u2019\u00e9dition 2023 du Colloque de l\u2019industrie bovine qu\u00e9b\u00e9coise (CIBQ) arrive \u00e0 grands pas et il ne reste plus que quelques jours pour se procurer des billets.<\/p>\n<p>L\u2019\u00e9v\u00e9nement, qui aura lieu le 16&nbsp;novembre au Centrexpo Cogeco Drummondville, est l\u2019occasion id\u00e9ale pour rencontrer des acteurs-cl\u00e9s de l\u2019industrie ainsi que d\u2019autres producteurs de b\u0153ufs et de veaux.<\/p>\n<p>Plusieurs conf\u00e9rences captivantes sont au menu. Il sera notamment question des tendances du march\u00e9 des bovins, d\u2019un projet pour r\u00e9duire les gaz \u00e0 effet de serre directement \u00e0 la ferme et de strat\u00e9gies pour des fili\u00e8res plus efficaces. La journ\u00e9e se cl\u00f4turera autour d\u2019un cocktail.<\/p>\n<p><strong>Formation reconnue par l\u2019OAQ<\/strong><\/p>\n<p>Saviez-vous que le CIBQ est une activit\u00e9 admissible \u00e0 la formation continue de l\u2019Ordre des agronomes du Qu\u00e9bec? Les agronomes qui participent \u00e0 cet \u00e9v\u00e9nement pourront recevoir une attestation d\u2019un total de 4 h&nbsp;30.<\/p>\n<p><strong>Tarif pr\u00e9f\u00e9rentiel<\/strong><\/p>\n<p>Les participants du CIBQ peuvent \u00e9galement profiter d\u2019un rabais pr\u00e9f\u00e9rentiel pour une nuit\u00e9e au Grand Times H\u00f4tel Drummondville, au c\u0153ur de l\u2019action! Pour b\u00e9n\u00e9ficier du rabais, vous devez r\u00e9server votre chambre au <a href=\"tel:8194745555\" target=\"_blank\" rel=\"noopener\">819-474-5555<\/a> et mentionner le <strong>code de groupe PBQ151123<\/strong>. Le tarif pr\u00e9f\u00e9rentiel est valable pour les nuits du 15 et du 16 novembre. Faites vite, car les places sont limit\u00e9es!<\/p>\n<p>Pour s\u2019inscrire au CIBQ, consultez le <a href=\"https:\/\/cutt.ly\/CIBQ-2023\" target=\"_blank\" rel=\"noopener\">https:\/\/cutt.ly\/CIBQ-2023<\/a>.<\/p>\n<p><em>Source : PBQ<\/em><\/p>\n<p style=\"text-align: left;\"><a href=\"#top\">Retour en haut<\/a><a id=\"A2\"><\/a><\/p>\n<hr>\n<p><img loading=\"lazy\" decoding=\"async\" class=\"wp-image-20036  aligncenter\" src=\"https:\/\/bovin.qc.ca\/wp-content\/uploads\/2023\/10\/FAC.jpg\" alt=\"\" width=\"246\" height=\"131\" srcset=\"https:\/\/bovin.qc.ca\/wp-content\/uploads\/2023\/10\/FAC.jpg 468w, https:\/\/bovin.qc.ca\/wp-content\/uploads\/2023\/10\/FAC-300x160.jpg 300w, https:\/\/bovin.qc.ca\/wp-content\/uploads\/2023\/10\/FAC-240x128.jpg 240w\" sizes=\"auto, (max-width: 246px) 100vw, 246px\" \/><\/p>\n<h4><strong>Un nouveau programme pour les producteurs de bovins<\/strong><\/h4>\n<p>Financement agricole Canada (FAC) a annonc\u00e9 le 17 octobre dernier un nouveau Programme de g\u00e9nisses de remplacement pour aider les producteurs de bovins canadiens \u00e0 maintenir ou \u00e9largir leur troupeau.<\/p>\n<p>Ce programme consiste en un pr\u00eat d&#8217;une dur\u00e9e maximale de sept ans comportant une p\u00e9riode de versement d&#8217;int\u00e9r\u00eats seulement pouvant atteindre deux ans. Pour ce pr\u00eat, les taux d&#8217;int\u00e9r\u00eat variables seront plafonn\u00e9s au taux pr\u00e9f\u00e9rentiel plus 1,5&nbsp;%, et les frais de traitement seront annul\u00e9s.<\/p>\n<p>La chef de l\u2019exploitation de FAC, Mme Sophie Perrault, a expliqu\u00e9 que ce programme aidera \u00e0 r\u00e9duire les pressions sur la tr\u00e9sorerie des producteurs qui veulent maintenir ou accro\u00eetre leur troupeau, alors que plusieurs r\u00e9gions du Canada ont connu de graves conditions de s\u00e9cheresse cet \u00e9t\u00e9.<\/p>\n<p><a href=\"https:\/\/www.fcc-fac.ca\/fr\/a-propos-de-fac\/centre-des-medias\/communiques-de-presse\/2023\/soutenir-producteurs-bovins.html\" target=\"_blank\" rel=\"noopener\"><img loading=\"lazy\" decoding=\"async\" class=\"alignleft wp-image-18765\" src=\"https:\/\/bovin.qc.ca\/wp-content\/uploads\/2023\/07\/ACB-lire-la-suite.png\" alt=\"\" width=\"180\" height=\"49\" srcset=\"https:\/\/bovin.qc.ca\/wp-content\/uploads\/2023\/07\/ACB-lire-la-suite.png 389w, https:\/\/bovin.qc.ca\/wp-content\/uploads\/2023\/07\/ACB-lire-la-suite-300x82.png 300w\" sizes=\"auto, (max-width: 180px) 100vw, 180px\" \/><\/a><\/p>\n<p>&nbsp;<\/p>\n<p>&nbsp;<\/p>\n<p><em>Source : FAC<\/em><\/p>\n<p style=\"text-align: left;\"><a href=\"#top\">Retour en haut<\/a><a id=\"A3\"><\/a><\/p>\n<hr>\n<h4><strong>M. Andr\u00e9 D. Beaudoin au Temple de la renomm\u00e9e de l\u2019agriculture<\/strong><\/h4>\n<p><img loading=\"lazy\" decoding=\"async\" class=\"aligncenter wp-image-20058\" src=\"https:\/\/bovin.qc.ca\/wp-content\/uploads\/2023\/10\/A.Beaudoin_Temple-de-la-renommee_CREDIT-UPA-Developpement-international.jpg\" alt=\"\" width=\"815\" height=\"611\" srcset=\"https:\/\/bovin.qc.ca\/wp-content\/uploads\/2023\/10\/A.Beaudoin_Temple-de-la-renommee_CREDIT-UPA-Developpement-international.jpg 1024w, https:\/\/bovin.qc.ca\/wp-content\/uploads\/2023\/10\/A.Beaudoin_Temple-de-la-renommee_CREDIT-UPA-Developpement-international-300x225.jpg 300w, https:\/\/bovin.qc.ca\/wp-content\/uploads\/2023\/10\/A.Beaudoin_Temple-de-la-renommee_CREDIT-UPA-Developpement-international-171x128.jpg 171w\" sizes=\"auto, (max-width: 815px) 100vw, 815px\" \/><\/p>\n<p>M. Andr\u00e9 D. Beaudoin a \u00e9t\u00e9 intronis\u00e9 au Temple de la renomm\u00e9e de l\u2019agriculture du Qu\u00e9bec lors d\u2019un gala tenu le 21 octobre dernier. Producteur de veaux de grain et de c\u00e9r\u00e9ales de la Mauricie, M. Beaudoin a \u00e9t\u00e9 \u00e0 la t\u00eate d\u2019UPA D\u00e9veloppement international (UPA DI) de ses d\u00e9buts jusqu\u2019en 2019.<\/p>\n<p>M. Beaudoin a guid\u00e9 les actions de cet organisme qui mise sur le d\u00e9veloppement de l\u2019entrepreneuriat agricole familiale comme moteur pour assurer l\u2019autonomie alimentaire des collectivit\u00e9s. L\u2019UPA DI est pr\u00e9sente dans une quinzaine de pays d\u2019Afrique, d\u2019Asie, des Cara\u00efbes, du Moyen-Orient et d\u2019Am\u00e9rique latine.<\/p>\n<p>Toujours actif, M.&nbsp;Beaudoin poursuit son implication en qualit\u00e9 de directeur de la campagne Manger local fait grandir le monde, qui a pour but de financer des projets d\u2019\u00e9conomie circulaire en Ha\u00efti et au S\u00e9n\u00e9gal.<\/p>\n<p><em>Source : UPA DI<\/em><\/p>\n<p style=\"text-align: left;\"><a href=\"#top\">Retour en haut<\/a><a id=\"A4\"><\/a><\/p>\n<hr>\n<h4><strong>Mme H\u00e9l\u00e8ne Champagne re\u00e7oit un prix hommage<\/strong><\/h4>\n<p><img loading=\"lazy\" decoding=\"async\" class=\"wp-image-19954 alignright\" src=\"https:\/\/bovin.qc.ca\/wp-content\/uploads\/2023\/10\/Congres_FAQ_20231014_0533-scaled.jpg\" alt=\"\" width=\"250\" height=\"167\" srcset=\"https:\/\/bovin.qc.ca\/wp-content\/uploads\/2023\/10\/Congres_FAQ_20231014_0533-scaled.jpg 2560w, https:\/\/bovin.qc.ca\/wp-content\/uploads\/2023\/10\/Congres_FAQ_20231014_0533-300x200.jpg 300w, https:\/\/bovin.qc.ca\/wp-content\/uploads\/2023\/10\/Congres_FAQ_20231014_0533-192x128.jpg 192w, https:\/\/bovin.qc.ca\/wp-content\/uploads\/2023\/10\/Congres_FAQ_20231014_0533-1536x1024.jpg 1536w, https:\/\/bovin.qc.ca\/wp-content\/uploads\/2023\/10\/Congres_FAQ_20231014_0533-2048x1365.jpg 2048w\" sizes=\"auto, (max-width: 250px) 100vw, 250px\" \/>\u00c0 l\u2019occasion de son gala annuel, les Agricultrices du Qu\u00e9bec ont d\u00e9cern\u00e9 un prix hommage \u00e0 Mme H\u00e9l\u00e8ne Champagne de la ferme Guychamps et Fils inc. de la r\u00e9gion de la Mauricie. L\u2019organisation a soulign\u00e9 son engagement et sa contribution exemplaire \u00e0 l\u2019agriculture. Mme H\u00e9l\u00e8ne Champagne si\u00e8ge au comit\u00e9 de mise en march\u00e9 des bovins de r\u00e9forme et veaux laitiers des Producteurs de bovins du Qu\u00e9bec.<\/p>\n<p>Le Gala Agricultrices du Qu\u00e9bec 2023 avait lieu le samedi 14&nbsp;octobre \u00e0 Trois-Rivi\u00e8res.<\/p>\n<p><em>Source : Agricultrices du Qu\u00e9bec<\/em><\/p>\n<p style=\"text-align: left;\"><a href=\"#top\">Retour en haut<\/a><a id=\"A5\"><\/a><\/p>\n<hr>\n<h4><strong>LESFAITSBOEUF.COM | VEAUFAITS.COM finaliste \u00e0 un prix canadien de marketing agroalimentaire<\/strong><\/h4>\n<p><img loading=\"lazy\" decoding=\"async\" class=\"aligncenter wp-image-19950\" src=\"https:\/\/bovin.qc.ca\/wp-content\/uploads\/2023\/10\/CAMA.jpg\" alt=\"\" width=\"815\" height=\"342\" srcset=\"https:\/\/bovin.qc.ca\/wp-content\/uploads\/2023\/10\/CAMA.jpg 704w, https:\/\/bovin.qc.ca\/wp-content\/uploads\/2023\/10\/CAMA-300x126.jpg 300w, https:\/\/bovin.qc.ca\/wp-content\/uploads\/2023\/10\/CAMA-305x128.jpg 305w\" sizes=\"auto, (max-width: 815px) 100vw, 815px\" \/><\/p>\n<p>La plateforme <a href=\"https:\/\/lesfaitsboeuf.com\/\" target=\"_blank\" rel=\"noopener\">LESFAITSBOEUF.COM | VEAUFAITS.COM<\/a> figure parmi les finalistes pour les prix Best of CAMA dans la cat\u00e9gorie \u00ab Meilleur microsite \u00bb. Ces prix, une initiative de l\u2019Alliance canadienne d\u2019agromarketing, viennent c\u00e9l\u00e9brer les meilleurs projets de marketing et de communication au sein de l\u2019industrie agroalimentaire.<\/p>\n<p>Lanc\u00e9e en juin par Les Producteurs de bovins du Qu\u00e9bec, la plateforme <a href=\"https:\/\/lesfaitsboeuf.com\/\" target=\"_blank\" rel=\"noopener\">LESFAITSBOEUF.COM | VEAUFAITS.COM<\/a> permet aux consommateurs et aux m\u00e9dias de retrouver des informations scientifiques valid\u00e9es, nuanc\u00e9es et contextualis\u00e9es sur l\u2019impact environnemental de la production de b\u0153ufs et de veaux au Qu\u00e9bec.<\/p>\n<p><a href=\"https:\/\/lesfaitsboeuf.com\/\" target=\"_blank\" rel=\"noopener\"><img loading=\"lazy\" decoding=\"async\" class=\"alignleft wp-image-19952\" src=\"https:\/\/bovin.qc.ca\/wp-content\/uploads\/2023\/10\/Lesfaitsboeuf.com-capture.jpg\" alt=\"\" width=\"325\" height=\"182\" srcset=\"https:\/\/bovin.qc.ca\/wp-content\/uploads\/2023\/10\/Lesfaitsboeuf.com-capture.jpg 1536w, https:\/\/bovin.qc.ca\/wp-content\/uploads\/2023\/10\/Lesfaitsboeuf.com-capture-300x168.jpg 300w, https:\/\/bovin.qc.ca\/wp-content\/uploads\/2023\/10\/Lesfaitsboeuf.com-capture-229x128.jpg 229w\" sizes=\"auto, (max-width: 325px) 100vw, 325px\" \/><\/a><\/p>\n<p>&nbsp;<\/p>\n<p>&nbsp;<\/p>\n<p>&nbsp;<\/p>\n<p>&nbsp;<\/p>\n<p>&nbsp;<\/p>\n<p>&nbsp;<\/p>\n<p>Rappelons que <a href=\"https:\/\/lesfaitsboeuf.com\/\" target=\"_blank\" rel=\"noopener\">LESFAITSBOEUF.COM | VEAUFAITS.COM<\/a> ont remport\u00e9 un prix Jos\u00e9e-de-Grandmont dans la cat\u00e9gorie \u00ab Site Web (petite entreprise) \u00bb en septembre dernier.<\/p>\n<p>Les laur\u00e9ats des prix Best of CAMA seront d\u00e9voil\u00e9s le 2&nbsp;novembre \u00e0 Winnipeg.<\/p>\n<p><em>Source : PBQ<\/em><\/p>\n<p style=\"text-align: left;\"><a href=\"#top\">Retour en haut<\/a><a id=\"A6\"><\/a><\/p>\n<hr>\n<h4><strong>Deux Qu\u00e9b\u00e9cois parmi les jeunes leaders canadiens de l\u2019industrie <\/strong><\/h4>\n<p><img loading=\"lazy\" decoding=\"async\" class=\"aligncenter wp-image-19568\" src=\"https:\/\/bovin.qc.ca\/wp-content\/uploads\/2023\/08\/Laurie-et-Patrick.png\" alt=\"\" width=\"815\" height=\"408\" srcset=\"https:\/\/bovin.qc.ca\/wp-content\/uploads\/2023\/08\/Laurie-et-Patrick.png 456w, https:\/\/bovin.qc.ca\/wp-content\/uploads\/2023\/08\/Laurie-et-Patrick-300x150.png 300w, https:\/\/bovin.qc.ca\/wp-content\/uploads\/2023\/08\/Laurie-et-Patrick-256x128.png 256w\" sizes=\"auto, (max-width: 815px) 100vw, 815px\" \/><\/p>\n<p>Deux producteurs qu\u00e9b\u00e9cois, Mme Laurie C\u00f4t\u00e9-Sarrazin et M. Patrick Sullivan, font partie des 16 gagnants des Jeunes leaders de l\u2019industrie bovine canadienne. L\u2019\u00e9preuve finale de cette comp\u00e9tition annuelle, organis\u00e9e par l\u2019Association canadienne des bovins, se tenait le 15 ao\u00fbt dernier \u00e0 Calgary.<\/p>\n<p>\u00c0 l\u2019instar des autres gagnants, Mme C\u00f4t\u00e9-Sarrazin, de Clerval, en Abitibi-T\u00e9miscamingue, et M. Sullivan, de Gracefield, en Outaouais, ont m\u00e9rit\u00e9 une bourse de 2 000 $. Ils b\u00e9n\u00e9ficieront \u00e9galement d\u2019un mentorat de neuf mois avec une entreprise choisie en fonction de leurs besoins.<\/p>\n<p><em>Source : PBQ<\/em><\/p>\n<p style=\"text-align: left;\"><a href=\"#top\">Retour en haut<\/a><a id=\"A7\"><\/a><\/p>\n<hr>\n<h4><strong>Votre production de veaux se d\u00e9marque? On veut le savoir! <\/strong><\/h4>\n<p><img loading=\"lazy\" decoding=\"async\" class=\"aligncenter size-full wp-image-19963\" src=\"https:\/\/bovin.qc.ca\/wp-content\/uploads\/2023\/10\/Innoveau-image.jpg\" alt=\"\" width=\"815\" height=\"450\" srcset=\"https:\/\/bovin.qc.ca\/wp-content\/uploads\/2023\/10\/Innoveau-image.jpg 815w, https:\/\/bovin.qc.ca\/wp-content\/uploads\/2023\/10\/Innoveau-image-300x166.jpg 300w, https:\/\/bovin.qc.ca\/wp-content\/uploads\/2023\/10\/Innoveau-image-232x128.jpg 232w\" sizes=\"auto, (max-width: 815px) 100vw, 815px\" \/><\/p>\n<p>Grande nouveaut\u00e9! Les Producteurs de bovins du Qu\u00e9bec ont cr\u00e9\u00e9 le prix INNOVEAU afin de r\u00e9compenser le leadership des producteurs de veaux lourds (veaux de lait et veaux de grain) en mati\u00e8re de bien-\u00eatre animal, d\u2019innovation et de conservation de l\u2019environnement. Le gagnant sera s\u00e9lectionn\u00e9 sur la base de ses pratiques de gestion, ses r\u00e9alisations et ses objectifs.<\/p>\n<p>Si l\u2019engagement envers le bien-\u00eatre animal, l\u2019am\u00e9lioration de l\u2019efficacit\u00e9 de la production et la protection de la terre, de l\u2019eau et de la faune font partie prenante de votre philosophie d\u2019entreprise, vous \u00eates invit\u00e9s \u00e0 soumettre votre candidature <a href=\"https:\/\/bovin.qc.ca\/nous-joindre\/\" target=\"_blank\" rel=\"noopener\">au secr\u00e9taire r\u00e9gional de votre syndicat des producteurs de bovins<\/a> d\u2019ici le 1<sup>er <\/sup>d\u00e9cembre.<\/p>\n<p>Vous retrouverez les crit\u00e8res du concours <strong><span style=\"font-size: 14pt;\"><a href=\"https:\/\/bovin.qc.ca\/wp-content\/uploads\/2023\/08\/Criteres-concours-INNOVEAU-27-juin-2023.pdf\">ici<\/a> <\/span><\/strong>et le dossier de mise en candidature <span style=\"font-size: 14pt;\"><strong><a href=\"https:\/\/bovin.qc.ca\/wp-content\/uploads\/2023\/08\/FORMULAIRE-MISE-EN-CANDIDATURE-Prix-INNOVEAU-27-juin-2023-editable.pdf\">ici<\/a><\/strong><\/span>.<\/p>\n<p>Le nom du gagnant sera d\u00e9voil\u00e9 \u00e0 l\u2019occasion de l\u2019assembl\u00e9e g\u00e9n\u00e9rale annuelle des producteurs de bovins du Qu\u00e9bec en mars 2024.<\/p>\n<p><em>Source : PBQ<\/em><\/p>\n<p style=\"text-align: left;\"><a href=\"#top\">Retour en haut<\/a><a id=\"A8\"><\/a><\/p>\n<hr>\n<h4><strong>Mieux comprendre les cons\u00e9quences des inondations et des autres catastrophes naturelles<\/strong><\/h4>\n<p><img loading=\"lazy\" decoding=\"async\" class=\"aligncenter wp-image-19966\" src=\"https:\/\/bovin.qc.ca\/wp-content\/uploads\/2023\/10\/Inondations.jpg\" alt=\"\" width=\"815\" height=\"408\" srcset=\"https:\/\/bovin.qc.ca\/wp-content\/uploads\/2023\/10\/Inondations.jpg 630w, https:\/\/bovin.qc.ca\/wp-content\/uploads\/2023\/10\/Inondations-300x150.jpg 300w, https:\/\/bovin.qc.ca\/wp-content\/uploads\/2023\/10\/Inondations-256x128.jpg 256w\" sizes=\"auto, (max-width: 815px) 100vw, 815px\" \/><\/p>\n<p>L\u2019Universit\u00e9 Laval sollicite la participation des productrices et des producteurs agricoles \u00e0 un projet de recherche sur les cons\u00e9quences des inondations et des autres catastrophes naturelles sur les communaut\u00e9s rurales \u00e0 vocation agricole au Qu\u00e9bec. Le projet s\u2019int\u00e9resse aux aspects sociaux et \u00e9conomiques ainsi qu\u2019\u00e0 la sant\u00e9 et au bien-\u00eatre des individus et des communaut\u00e9s affect\u00e9es.<\/p>\n<p><a href=\"https:\/\/redcap.valeria.science\/surveys\/?s=WKRHHY4YE3LXE393\" target=\"_blank\" rel=\"noopener\">Le sondage Web, d&#8217;une dur\u00e9e d&#8217;environ 20 minutes,<\/a>&nbsp;est anonyme et aidera une \u00e9quipe de chercheurs qu\u00e9b\u00e9cois \u00e0 proposer des interventions cibl\u00e9es et des bonifications aux politiques publiques existantes.<\/p>\n<p><em>Ce projet a \u00e9t\u00e9 approuv\u00e9 par le Comit\u00e9 d\u2019\u00e9thique de la recherche de l\u2019Universit\u00e9 Laval&nbsp;: n<sup>o<\/sup> d\u2019approbation 2023-158 \/ 28-08-2023<\/em><\/p>\n<p><em>Source : UPA<\/em><\/p>\n<p style=\"text-align: left;\"><a href=\"#top\">Retour en haut<\/a><a id=\"br\"><\/a><\/p>\n<table style=\"width: 100%; border-collapse: collapse; background-color: #a52a2a;\" border=\"0\">\n<tbody>\n<tr>\n<td style=\"width: 100%;\">\n<h3 style=\"text-align: center;\"><span style=\"color: #ffffff;\">BOVIN DE R\u00c9FORME ET VEAU LAITIER<a id=\"BR1\"><\/a><\/span><\/h3>\n<\/td>\n<\/tr>\n<\/tbody>\n<\/table>\n<h4 style=\"text-align: left;\">Une pr\u00e9sentation dans la Capitale-Nationale<\/h4>\n<p><img loading=\"lazy\" decoding=\"async\" class=\"aligncenter wp-image-19970 size-full\" src=\"https:\/\/bovin.qc.ca\/wp-content\/uploads\/2023\/10\/IMG_2681-1-e1697824811957.jpg\" alt=\"\" width=\"815\" height=\"540\" srcset=\"https:\/\/bovin.qc.ca\/wp-content\/uploads\/2023\/10\/IMG_2681-1-e1697824811957.jpg 815w, https:\/\/bovin.qc.ca\/wp-content\/uploads\/2023\/10\/IMG_2681-1-e1697824811957-300x199.jpg 300w, https:\/\/bovin.qc.ca\/wp-content\/uploads\/2023\/10\/IMG_2681-1-e1697824811957-193x128.jpg 193w\" sizes=\"auto, (max-width: 815px) 100vw, 815px\" \/><\/p>\n<p>Lors de la journ\u00e9e d\u2019information sur la production laiti\u00e8re et bovine dans la r\u00e9gion de la Capitale-Nationale\u2013C\u00f4te-Nord, Mme&nbsp;Ana\u00efs&nbsp;Gingras, agente \u00e0 la mise en march\u00e9 aux Producteurs de bovins du Qu\u00e9bec, a donn\u00e9 une conf\u00e9rence intitul\u00e9e <em><strong>Au-del\u00e0 de la traite, tirer profit des bovins de r\u00e9forme et veaux laitiers<\/strong><\/em>.<\/p>\n<p>Diff\u00e9rents \u00e9l\u00e9ments d\u2019int\u00e9r\u00eat ont \u00e9t\u00e9 abord\u00e9s&nbsp;:<\/p>\n<ul>\n<li>Le moment optimal pour r\u00e9former les bovins afin de maximiser les revenus lors de leur vente;<\/li>\n<li>L\u2019\u00e9volution de la demande pour les veaux laitiers des secteurs veau de lait, veau de grain et bouvillon;<\/li>\n<li>Les crit\u00e8res de s\u00e9lection des acheteurs et le choix de taureau de boucherie permettant de r\u00e9pondre aux besoins des diff\u00e9rents march\u00e9s.<\/li>\n<\/ul>\n<p>Pour plus d\u2019information concernant cette conf\u00e9rence ou pour la recevoir dans votre r\u00e9gion, communiquez avec l\u2019agence de vente \u00e0 <a href=\"mailto:agencebrvl@upa.qc.ca\" target=\"_blank\" rel=\"noopener\">agencebrvl@upa.qc.ca<\/a> ou au 450 679-0540, poste&nbsp;8793.<\/p>\n<p style=\"text-align: left;\"><em>Source : PBQ<\/em><\/p>\n<p style=\"text-align: left;\"><a href=\"#top\">Retour en haut<\/a><a id=\"br2\"><\/a><\/p>\n<hr>\n<h4 style=\"text-align: left;\">Visites en Chaudi\u00e8re-Appalaches<\/h4>\n<p><img loading=\"lazy\" decoding=\"async\" class=\"aligncenter wp-image-19972 size-full\" src=\"https:\/\/bovin.qc.ca\/wp-content\/uploads\/2023\/10\/IMG_20230912_151915.jpg\" alt=\"\" width=\"815\" height=\"611\" srcset=\"https:\/\/bovin.qc.ca\/wp-content\/uploads\/2023\/10\/IMG_20230912_151915.jpg 815w, https:\/\/bovin.qc.ca\/wp-content\/uploads\/2023\/10\/IMG_20230912_151915-300x225.jpg 300w, https:\/\/bovin.qc.ca\/wp-content\/uploads\/2023\/10\/IMG_20230912_151915-171x128.jpg 171w\" sizes=\"auto, (max-width: 815px) 100vw, 815px\" \/><\/p>\n<p>Au cours de leur derni\u00e8re rencontre, les membres et substituts du comit\u00e9 de mise en march\u00e9 des bovins de r\u00e9forme et veaux laitiers se sont rendus en Chaudi\u00e8re-Appalaches et ont visit\u00e9 :<\/p>\n<ul>\n<li>Une entreprise de veaux de lait;<\/li>\n<li>Une entreprise de bouvillons;<\/li>\n<li>L\u2019encan de Saint-Isidore.<\/li>\n<\/ul>\n<p>L\u2019objectif de cette tourn\u00e9e \u00e9tait d\u2019en apprendre davantage sur l\u2019engraissement de veaux laitiers crois\u00e9s boucherie et de sensibiliser les producteurs \u00e0 la sant\u00e9 des veaux laitiers.<\/p>\n<p>Merci aux entreprises pour leur accueil!<\/p>\n<p><em>Source : PBQ<\/em><\/p>\n<p style=\"text-align: left;\"><a href=\"#top\">Retour en haut<\/a><a id=\"vgvl\"><\/a><\/p>\n<table style=\"width: 100%; border-collapse: collapse; background-color: #a52a2a;\" border=\"0\">\n<tbody>\n<tr>\n<td style=\"width: 100%;\">\n<h3 style=\"text-align: center;\"><span style=\"color: #ffffff;\"><strong>VEAU DE GRAIN ET VEAU DE LAIT<\/strong><a id=\"vgvl\"><\/a><\/span><\/h3>\n<\/td>\n<\/tr>\n<\/tbody>\n<\/table>\n<h4 style=\"text-align: left;\"><img loading=\"lazy\" decoding=\"async\" class=\"aligncenter wp-image-18961 size-full\" src=\"https:\/\/bovin.qc.ca\/wp-content\/uploads\/2023\/07\/WP-trucs-et-astuces.jpg\" alt=\"\" width=\"815\" height=\"256\" srcset=\"https:\/\/bovin.qc.ca\/wp-content\/uploads\/2023\/07\/WP-trucs-et-astuces.jpg 815w, https:\/\/bovin.qc.ca\/wp-content\/uploads\/2023\/07\/WP-trucs-et-astuces-300x94.jpg 300w, https:\/\/bovin.qc.ca\/wp-content\/uploads\/2023\/07\/WP-trucs-et-astuces-408x128.jpg 408w\" sizes=\"auto, (max-width: 815px) 100vw, 815px\" \/><\/h4>\n<h4 style=\"text-align: left;\">Des trucs et astuces \u00e0 toutes les semaines!<\/h4>\n<p>Saviez-vous que vous recevez des trucs et astuces sur la certification \u00e0 tous les vendredis \u00e0 l\u2019int\u00e9rieur de votre VG-VL Hebdo?<\/p>\n<p>Voici ceux d&#8217;octobre au cas o\u00f9 vous les auriez manqu\u00e9s :<\/p>\n<p><img loading=\"lazy\" decoding=\"async\" class=\"aligncenter wp-image-20017 size-full\" src=\"https:\/\/bovin.qc.ca\/wp-content\/uploads\/2023\/10\/Diaporama-Trucs-et-astuces_102023.gif\" alt=\"\" width=\"815\" height=\"458\"><\/p>\n<p>Cliquez <a href=\"https:\/\/bovin.qc.ca\/wp-content\/uploads\/2023\/10\/Diaporama-Trucs-et-astuces_102023.pdf\" target=\"_blank\" rel=\"noopener\"><strong>ICI<\/strong><\/a> pour t\u00e9l\u00e9charger la version PDF.<\/p>\n<p>Source : PBQ<\/p>\n<p style=\"text-align: left;\"><a href=\"#top\">Retour en haut<\/a><a id=\"vl\"><\/a><\/p>\n<table style=\"width: 100%; border-collapse: collapse; background-color: #a52a2a;\" border=\"0\">\n<tbody>\n<tr>\n<td style=\"width: 100%;\">\n<h3 style=\"text-align: center;\"><span style=\"color: #ffffff;\"><strong>VEAU DE LAIT<\/strong><a id=\"vl\"><\/a><\/span><\/h3>\n<\/td>\n<\/tr>\n<\/tbody>\n<\/table>\n<p>&nbsp;<\/p>\n<p><img loading=\"lazy\" decoding=\"async\" class=\"aligncenter wp-image-19957\" src=\"https:\/\/bovin.qc.ca\/wp-content\/uploads\/2023\/10\/Appel-projets-VL.png\" alt=\"\" width=\"815\" height=\"446\" srcset=\"https:\/\/bovin.qc.ca\/wp-content\/uploads\/2023\/10\/Appel-projets-VL.png 1196w, https:\/\/bovin.qc.ca\/wp-content\/uploads\/2023\/10\/Appel-projets-VL-300x164.png 300w, https:\/\/bovin.qc.ca\/wp-content\/uploads\/2023\/10\/Appel-projets-VL-234x128.png 234w\" sizes=\"auto, (max-width: 815px) 100vw, 815px\" \/><\/p>\n<p style=\"text-align: left;\"><a href=\"#top\">Retour en haut<\/a><a id=\"ve\"><\/a><\/p>\n<table style=\"width: 100%; border-collapse: collapse; background-color: #a52a2a;\" border=\"0\">\n<tbody>\n<tr>\n<td style=\"width: 100%;\">\n<h3 style=\"text-align: center;\"><span style=\"color: #ffffff;\">VEAU D&#8217;EMBOUCHE<a id=\"ve\"><\/a><\/span><\/h3>\n<\/td>\n<\/tr>\n<\/tbody>\n<\/table>\n<h4 style=\"text-align: left;\">Ench\u00e8res \u00e9lectroniques<\/h4>\n<h4><strong><img loading=\"lazy\" decoding=\"async\" class=\"aligncenter wp-image-19978 size-full\" src=\"https:\/\/bovin.qc.ca\/wp-content\/uploads\/2023\/10\/Encan-VBP-2-e1698260102991.jpg\" alt=\"\" width=\"800\" height=\"472\" srcset=\"https:\/\/bovin.qc.ca\/wp-content\/uploads\/2023\/10\/Encan-VBP-2-e1698260102991.jpg 800w, https:\/\/bovin.qc.ca\/wp-content\/uploads\/2023\/10\/Encan-VBP-2-e1698260102991-300x177.jpg 300w, https:\/\/bovin.qc.ca\/wp-content\/uploads\/2023\/10\/Encan-VBP-2-e1698260102991-217x128.jpg 217w\" sizes=\"auto, (max-width: 800px) 100vw, 800px\" \/><\/strong><\/h4>\n<p>Une vente aux ench\u00e8res \u00e9lectroniques de veaux d\u2019embouche provenant de fermes certifi\u00e9es par le programme Verified Beef Production Plus devait se d\u00e9rouler le 3&nbsp;octobre dernier. Malgr\u00e9 une forte demande des producteurs de bouvillons, celle-ci a \u00e9t\u00e9 annul\u00e9e, car le volume minimal de 200 veaux d\u2019embouche inscrits n\u2019a pas \u00e9t\u00e9 atteint.<\/p>\n<p>La prochaine ench\u00e8re \u00e9lectronique est pr\u00e9vue en janvier&nbsp;2024.<\/p>\n<p>Pour toute question concernant les ench\u00e8res \u00e9lectroniques, contactez Laurie&nbsp;Noiseux&nbsp;:<\/p>\n<ul>\n<li>T\u00e9l\u00e9phone&nbsp;: 450&nbsp;679\u20110540, poste&nbsp;8482<\/li>\n<li>Courriel&nbsp;: <a href=\"mailto:lnoiseux@upa.qc.ca\" target=\"_blank\" rel=\"noopener\">lnoiseux@upa.qc.ca<\/a>.<\/li>\n<\/ul>\n<p><em>Source : PBQ<\/em><\/p>\n<p style=\"text-align: left;\"><a href=\"#top\">Retour en haut<\/a><a id=\"ve2\"><\/a><\/p>\n<hr>\n<h4 style=\"text-align: left;\">Journ\u00e9e sur la p\u00e9rennit\u00e9 des entreprises<\/h4>\n<h4><strong><img loading=\"lazy\" decoding=\"async\" class=\"aligncenter wp-image-19980\" src=\"https:\/\/bovin.qc.ca\/wp-content\/uploads\/2023\/10\/VE-Ferme-exterieur-paysage-paturage-veau-embouche-Estrie-automne-3-scaled.jpg\" alt=\"\" width=\"815\" height=\"543\" srcset=\"https:\/\/bovin.qc.ca\/wp-content\/uploads\/2023\/10\/VE-Ferme-exterieur-paysage-paturage-veau-embouche-Estrie-automne-3-scaled.jpg 2560w, https:\/\/bovin.qc.ca\/wp-content\/uploads\/2023\/10\/VE-Ferme-exterieur-paysage-paturage-veau-embouche-Estrie-automne-3-300x200.jpg 300w, https:\/\/bovin.qc.ca\/wp-content\/uploads\/2023\/10\/VE-Ferme-exterieur-paysage-paturage-veau-embouche-Estrie-automne-3-192x128.jpg 192w, https:\/\/bovin.qc.ca\/wp-content\/uploads\/2023\/10\/VE-Ferme-exterieur-paysage-paturage-veau-embouche-Estrie-automne-3-1536x1024.jpg 1536w, https:\/\/bovin.qc.ca\/wp-content\/uploads\/2023\/10\/VE-Ferme-exterieur-paysage-paturage-veau-embouche-Estrie-automne-3-2048x1365.jpg 2048w\" sizes=\"auto, (max-width: 815px) 100vw, 815px\" \/><\/strong><\/h4>\n<p>Comme convenu lors de l\u2019atelier des producteurs de veaux d\u2019embouche, tenu dans le cadre de l\u2019assembl\u00e9e g\u00e9n\u00e9rale annuelle des producteurs de bovins du Qu\u00e9bec en mars 2023, la journ\u00e9e sur la p\u00e9rennit\u00e9 des entreprises s\u2019est tenue le 11 octobre dernier.<\/p>\n<p>Cette journ\u00e9e de r\u00e9flexion, organis\u00e9e en collaboration avec la Direction affaires publiques et syndicales de l\u2019Union des producteurs agricoles, a pris la forme d\u2019un comit\u00e9 de mise en march\u00e9 des veaux d\u2019embouche (CMMVE) \u00e9largi. En effet, tous les repr\u00e9sentants et substituts du CMMVE y ont \u00e9t\u00e9 convoqu\u00e9s.<\/p>\n<p>Les \u00e9l\u00e9ments ressortis durant cette journ\u00e9e seront trait\u00e9s par le comit\u00e9 de n\u00e9gociation veau d\u2019embouche dans les prochaines semaines.<\/p>\n<p><em>Source : PBQ<\/em><\/p>\n<p style=\"text-align: left;\"><a href=\"#top\">Retour en haut<\/a><a id=\"patbq\"><\/a><\/p>\n<hr>\n<h4><img loading=\"lazy\" decoding=\"async\" class=\"aligncenter size-full wp-image-12352\" src=\"https:\/\/bovin.qc.ca\/wp-content\/uploads\/2021\/05\/PATBQ.jpg\" alt=\"\" width=\"238\" height=\"156\" srcset=\"https:\/\/bovin.qc.ca\/wp-content\/uploads\/2021\/05\/PATBQ.jpg 238w, https:\/\/bovin.qc.ca\/wp-content\/uploads\/2021\/05\/PATBQ-195x128.jpg 195w\" sizes=\"auto, (max-width: 238px) 100vw, 238px\" \/><\/h4>\n<h4><strong>Tout savoir sur le PATBQ! Pr\u00e8s de 30 ans d&#8217;histoire<\/strong><\/h4>\n<p><img loading=\"lazy\" decoding=\"async\" class=\"aligncenter size-full wp-image-19984\" src=\"https:\/\/bovin.qc.ca\/wp-content\/uploads\/2023\/10\/Figure-Minute-Bovine_6octobre2023-1.png\" alt=\"\" width=\"815\" height=\"287\" srcset=\"https:\/\/bovin.qc.ca\/wp-content\/uploads\/2023\/10\/Figure-Minute-Bovine_6octobre2023-1.png 815w, https:\/\/bovin.qc.ca\/wp-content\/uploads\/2023\/10\/Figure-Minute-Bovine_6octobre2023-1-300x106.png 300w, https:\/\/bovin.qc.ca\/wp-content\/uploads\/2023\/10\/Figure-Minute-Bovine_6octobre2023-1-363x128.png 363w\" sizes=\"auto, (max-width: 815px) 100vw, 815px\" \/><\/p>\n<p>Il faut remonter en 1995 pour voir na\u00eetre le PATBQ. C\u2019est dans un souci d\u2019am\u00e9lioration du cheptel bovin au Qu\u00e9bec qu\u2019\u00e0 l\u2019\u00e9poque, l\u2019\u00e9quipe du MAPAQ et de ses conseillers techniques a d\u00e9velopp\u00e9 le programme d\u2019analyse des troupeaux bovins du Qu\u00e9bec. Un outil de gestion et d\u2019analyse disponible en ligne, qui permet d\u2019encadrer l\u2019am\u00e9lioration g\u00e9n\u00e9tique des troupeaux de bovins de boucherie du Qu\u00e9bec et qui est en constante \u00e9volution depuis ce temps.<\/p>\n<p>Continuons d\u2019avancer dans le temps pour arriver en 2012 o\u00f9 le MAPAQ appuie de fa\u00e7on technique et financi\u00e8re la cr\u00e9ation du groupe Bovi-Expert, une nouvelle \u00e9quipe de conseillers techniques ind\u00e9pendants en production bovine. Les nouveaux membres du groupe ont la t\u00e2che d\u2019offrir les services-conseils entre autres aux producteurs dont les troupeaux sont inscrits au PATBQ.<\/p>\n<p>Depuis le printemps 2016, le MAPAQ a confi\u00e9 au Centre de d\u00e9veloppement du porc du Qu\u00e9bec (CDPQ) le mandat administratif du logiciel ainsi que son d\u00e9veloppement en fonction des besoins de l\u2019industrie. Parall\u00e8lement \u00e0 ce mandat, depuis 2020, le MAPAQ a conclu deux ententes triennales avec le CDPQ et Les Producteurs de bovins du Qu\u00e9bec dont l\u2019objectif est d\u2019am\u00e9liorer la comp\u00e9titivit\u00e9 des entreprises bovines qu\u00e9b\u00e9coises par la recherche appliqu\u00e9e, le d\u00e9veloppement et le transfert de connaissance dans plusieurs sph\u00e8res de la production, de mani\u00e8re \u00e0 assurer la p\u00e9rennit\u00e9 de ces entreprises.<\/p>\n<p>Pour en savoir plus sur le PATBQ et ses services, n\u2019h\u00e9sitez pas \u00e0 visiter leur <a href=\"https:\/\/www.patbq.ca\/\" target=\"_blank\" rel=\"noopener\">site Web<\/a>.<\/p>\n<p><em>Source : PATBQ<\/em><\/p>\n<p style=\"text-align: left;\"><a href=\"#top\">Retour en haut<\/a><a id=\"veba\"><\/a><\/p>\n<table style=\"width: 100%; border-collapse: collapse; background-color: #a52a2a; height: 65px;\" border=\"0\">\n<tbody>\n<tr style=\"height: 65px;\">\n<td style=\"width: 100%; height: 65px;\">\n<h3 style=\"text-align: center;\"><span style=\"color: #ffffff;\">VEAU D&#8217;EMBOUCHE ET BOUVILLON D&#8217;ABATTAGE<a id=\"veba\"><\/a><\/span><\/h3>\n<\/td>\n<\/tr>\n<\/tbody>\n<\/table>\n<div style=\"width: 1200px;\" class=\"wp-video\"><video class=\"wp-video-shortcode\" id=\"video-20174-1\" width=\"1200\" height=\"680\" loop autoplay preload=\"auto\" controls=\"controls\"><source type=\"video\/mp4\" src=\"https:\/\/bovin.qc.ca\/wp-content\/uploads\/2023\/10\/FB-animation-gif-feu-circulation.mp4?_=1\" \/><a href=\"https:\/\/bovin.qc.ca\/wp-content\/uploads\/2023\/10\/FB-animation-gif-feu-circulation.mp4\">https:\/\/bovin.qc.ca\/wp-content\/uploads\/2023\/10\/FB-animation-gif-feu-circulation.mp4<\/a><\/video><\/div>\n<p>Pour plus de d\u00e9tails ou pour obtenir des r\u00e9ponses \u00e0 vos questions, \u00e9crivez-nous au <a href=\"mailto:pbqcertification@upa.qc.ca\" target=\"_blank\" rel=\"noopener\">pbqcertification@upa.qc.ca<\/a>.<\/p>\n<p><em>Source : PBQ<\/em><\/p>\n<p style=\"text-align: left;\"><a href=\"#top\">Retour en haut<\/a><a id=\"veba2\"><\/a><\/p>\n<hr>\n<h4><strong>Novembre 2023, le mois parfait pour suivre une formation gratuite VBP+!<\/strong><\/h4>\n<p><img loading=\"lazy\" decoding=\"async\" class=\"aligncenter size-full wp-image-19727\" src=\"https:\/\/bovin.qc.ca\/wp-content\/uploads\/2023\/09\/Webinaire-Certification-VPB.jpg\" alt=\"\" width=\"815\" height=\"454\" srcset=\"https:\/\/bovin.qc.ca\/wp-content\/uploads\/2023\/09\/Webinaire-Certification-VPB.jpg 815w, https:\/\/bovin.qc.ca\/wp-content\/uploads\/2023\/09\/Webinaire-Certification-VPB-300x167.jpg 300w, https:\/\/bovin.qc.ca\/wp-content\/uploads\/2023\/09\/Webinaire-Certification-VPB-230x128.jpg 230w\" sizes=\"auto, (max-width: 815px) 100vw, 815px\" \/><\/p>\n<p>Joignez-vous \u00e0 Nathalie et Catherine le 8 ou 14 novembre prochains pour une formation en ligne de deux heures sur le programme VBP+. Vous faites d\u00e9j\u00e0 du bon travail. Montrez-le avec VBP+!<\/p>\n<p>Les sujets de la formation&nbsp;:<\/p>\n<ul>\n<li>Conna\u00eetre les exigences du programme VBP+;<\/li>\n<li>Savoir quels registres doivent \u00eatre remplis;<\/li>\n<li>Apprendre comment se d\u00e9roule un audit;<\/li>\n<li>Se pr\u00e9parer pour son premier audit.<\/li>\n<\/ul>\n<p><a href=\"https:\/\/us02web.zoom.us\/webinar\/register\/WN_hBi-iTVWSj-_DD0u4Bn2AQ\" target=\"_blank\" rel=\"noopener\">Cliquez ici pour vous inscrire<\/a><\/p>\n<p><em>Source : PBQ<\/em><\/p>\n<p style=\"text-align: left;\"><a href=\"#top\">Retour en haut<\/a><a id=\"veba3\"><\/a><\/p>\n<hr>\n<h3><img loading=\"lazy\" decoding=\"async\" class=\"aligncenter  wp-image-20164\" src=\"https:\/\/bovin.qc.ca\/wp-content\/uploads\/2023\/10\/craaq.png\" alt=\"\" width=\"124\" height=\"102\" srcset=\"https:\/\/bovin.qc.ca\/wp-content\/uploads\/2023\/10\/craaq.png 248w, https:\/\/bovin.qc.ca\/wp-content\/uploads\/2023\/10\/craaq-156x128.png 156w\" sizes=\"auto, (max-width: 124px) 100vw, 124px\" \/><\/h3>\n<h3>Congr\u00e8s B\u0153uf : le CRAAQ veut conna\u00eetre votre avis<\/h3>\n<p>Le Centre de r\u00e9f\u00e9rence en agriculture et agroalimentaire du Qu\u00e9bec (CRAAQ) m\u00e8ne pr\u00e9sentement un sondage sur le Congr\u00e8s B\u0153uf et les habitudes des participants. Les producteurs et les intervenants en production bovine sont invit\u00e9s \u00e0 r\u00e9pondre en grand nombre.<\/p>\n<p>Cliquez <a href=\"https:\/\/fr.surveymonkey.com\/r\/PF6CWD3\" target=\"_blank\" rel=\"noopener\"><strong><span style=\"font-size: 14pt;\">ici<\/span> <\/strong><\/a>pour r\u00e9pondre au sondage.<\/p>\n<p><em>Source : PBQ<\/em><\/p>\n<p style=\"text-align: left;\"><a href=\"#top\">Retour en haut<\/a><a id=\"ba\"><\/a><\/p>\n<p style=\"text-align: left;\">&nbsp;<\/p>\n<table style=\"width: 100%; border-collapse: collapse; background-color: #a52a2a;\" border=\"0\">\n<tbody>\n<tr>\n<td style=\"width: 100%;\">\n<h3 style=\"text-align: center;\"><span style=\"color: #ffffff;\">BOUVILLON D&#8217;ABATTAGE<a id=\"BA1\"><\/a><\/span><\/h3>\n<\/td>\n<\/tr>\n<\/tbody>\n<\/table>\n<h4><strong>Budget de l\u2019agence de vente des bouvillons<\/strong><\/h4>\n<p><img loading=\"lazy\" decoding=\"async\" class=\"aligncenter wp-image-19986\" src=\"https:\/\/bovin.qc.ca\/wp-content\/uploads\/2023\/10\/BA-Ferme-batiment-parc-engraissement-bouvillon-scaled.jpg\" alt=\"\" width=\"815\" height=\"543\" srcset=\"https:\/\/bovin.qc.ca\/wp-content\/uploads\/2023\/10\/BA-Ferme-batiment-parc-engraissement-bouvillon-scaled.jpg 2560w, https:\/\/bovin.qc.ca\/wp-content\/uploads\/2023\/10\/BA-Ferme-batiment-parc-engraissement-bouvillon-300x200.jpg 300w, https:\/\/bovin.qc.ca\/wp-content\/uploads\/2023\/10\/BA-Ferme-batiment-parc-engraissement-bouvillon-192x128.jpg 192w, https:\/\/bovin.qc.ca\/wp-content\/uploads\/2023\/10\/BA-Ferme-batiment-parc-engraissement-bouvillon-1536x1024.jpg 1536w, https:\/\/bovin.qc.ca\/wp-content\/uploads\/2023\/10\/BA-Ferme-batiment-parc-engraissement-bouvillon-2048x1365.jpg 2048w\" sizes=\"auto, (max-width: 815px) 100vw, 815px\" \/><\/p>\n<p>Le comit\u00e9 de mise en march\u00e9 des bouvillons d\u2019abattage (CMMBA) a examin\u00e9 diff\u00e9rents sc\u00e9narios de financement pour son agence de vente et souhaite consulter les producteurs sur une hausse de la contribution sp\u00e9ciale pour la production et la mise en march\u00e9 lors des assembl\u00e9es g\u00e9n\u00e9rales annuelles des syndicats r\u00e9gionaux.<\/p>\n<p><strong>R\u00e8glement sur la production et la mise en march\u00e9 des bouvillons du Qu\u00e9bec<\/strong><\/p>\n<p>Le CMMBA a approuv\u00e9 la version r\u00e9vis\u00e9e du projet de r\u00e8glement sur la production et la mise en march\u00e9 des bouvillons du Qu\u00e9bec.<\/p>\n<p>Le projet de r\u00e8glement r\u00e9vis\u00e9 sera soumis pour approbation aux producteurs de bouvillons lors de la prochaine assembl\u00e9e g\u00e9n\u00e9rale sp\u00e9ciale.<\/p>\n<p><strong>Contributions sp\u00e9ciales pour la promotion et la publicit\u00e9 et pour la recherche et d\u00e9veloppement<\/strong><\/p>\n<p>Le CMMBA a adopt\u00e9 la suspension des contributions sp\u00e9ciales pour la promotion et la publicit\u00e9 ainsi que pour la recherche et d\u00e9veloppement \u00e0 compter du 1<sup>er&nbsp;<\/sup>novembre&nbsp;2023.<\/p>\n<p><strong>Frais de classification<\/strong><\/p>\n<p>Le CMMBA a approuv\u00e9 une indexation des frais de classification \u00e0 compter du 1<sup>er<\/sup>&nbsp;novembre&nbsp;2023.<\/p>\n<p><em><strong>Source : <\/strong>PBQ<\/em><\/p>\n<p><a href=\"#top\">Retour en haut<\/a><a id=\"FADQ\"><\/a><\/p>\n<table style=\"width: 100%; border-collapse: collapse; background-color: #a52a2a;\" border=\"0\">\n<tbody>\n<tr>\n<td style=\"width: 100%;\">\n<h3 style=\"text-align: center;\"><span style=\"color: #ffffff;\"><strong>NOUVELLES DE LA FINANCI\u00c8RE AGRICOLE DU QU\u00c9BEC<a id=\"F1\"><\/a><\/strong><\/span><\/h3>\n<\/td>\n<\/tr>\n<\/tbody>\n<\/table>\n<p><img loading=\"lazy\" decoding=\"async\" class=\"wp-image-14202 aligncenter\" src=\"https:\/\/bovin.qc.ca\/wp-content\/uploads\/2022\/05\/financiere_agricole_logo-344x128.jpg\" alt=\"\" width=\"231\" height=\"86\" srcset=\"https:\/\/bovin.qc.ca\/wp-content\/uploads\/2022\/05\/financiere_agricole_logo-344x128.jpg 344w, https:\/\/bovin.qc.ca\/wp-content\/uploads\/2022\/05\/financiere_agricole_logo-300x112.jpg 300w, https:\/\/bovin.qc.ca\/wp-content\/uploads\/2022\/05\/financiere_agricole_logo.jpg 1240w\" sizes=\"auto, (max-width: 231px) 100vw, 231px\" \/><\/p>\n<h4 style=\"text-align: left;\"><a id=\"F1\"><\/a>La campagne d\u2019adh\u00e9sion automnale est lanc\u00e9e pour l\u2019ASREC<\/h4>\n<p>La campagne d\u2019adh\u00e9sion 2024 pour les protections automnales \u00e0 l\u2019assurance r\u00e9colte (ASREC) est en cours. La Financi\u00e8re agricole du Qu\u00e9bec annonce des particularit\u00e9s pour 2024, notamment en ce qui concerne les c\u00e9r\u00e9ales d\u2019automne. La date limite d\u2019adh\u00e9sion est d\u00e9sormais le 1<sup>er&nbsp;<\/sup>novembre 2023.<\/p>\n<p>Mentionnons aussi que les producteurs de c\u00e9r\u00e9ales biologiques utilisant l\u2019autosemence peuvent \u00e9galement s\u2019assurer \u00e0 l\u2019assurance r\u00e9colte dans le cadre d\u2019un projet pilote.<\/p>\n<p><a href=\"https:\/\/www.fadq.qc.ca\/salle-de-presse\/actualites\/2023\/asrec-la-campagne-adhesion-automnale-est-lancee?mtm_campaign=asrec-29sep23&amp;mtm_kwd=article&amp;mtm_medium=courriel\" target=\"_blank\" rel=\"noopener\"><img loading=\"lazy\" decoding=\"async\" class=\"alignleft wp-image-18765\" src=\"https:\/\/bovin.qc.ca\/wp-content\/uploads\/2023\/07\/ACB-lire-la-suite.png\" alt=\"\" width=\"180\" height=\"49\" srcset=\"https:\/\/bovin.qc.ca\/wp-content\/uploads\/2023\/07\/ACB-lire-la-suite.png 389w, https:\/\/bovin.qc.ca\/wp-content\/uploads\/2023\/07\/ACB-lire-la-suite-300x82.png 300w\" sizes=\"auto, (max-width: 180px) 100vw, 180px\" \/><\/a><\/p>\n<p>&nbsp;<\/p>\n<p>&nbsp;<\/p>\n<p><em>Source : FADQ<\/em><\/p>\n<p style=\"text-align: left;\"><a href=\"#top\">Retour en haut<\/a><a id=\"F2\"><\/a><\/p>\n<h4 style=\"text-align: left;\">Contexte \u00e9conomique et al\u00e9as climatiques : des ajustements \u00e0 l\u2019aide d\u2019urgence<\/h4>\n<p>La Financi\u00e8re agricole du Qu\u00e9bec (FADQ) a apport\u00e9 des modifications \u00e0 la mesure d&#8217;aide d\u2019urgence pour soutenir les entreprises agricoles affect\u00e9es par le contexte inflationniste et les al\u00e9as climatiques. Les ajustements sont les suivants :<\/p>\n<ul>\n<li>Retrait du crit\u00e8re d\u2019admissibilit\u00e9 relatif au chiffre d\u2019affaires de 1,5 million de dollars ou moins dans le but d\u2019aider les entreprises agricoles de toutes tailles.<\/li>\n<li>Possibilit\u00e9 de demander une garantie de pr\u00eat allant jusqu&#8217;\u00e0 50 000 $ pour avoir acc\u00e8s \u00e0 des liquidit\u00e9s lorsqu\u2019une marge n\u00e9gative pour la saison 2023 est anticip\u00e9e.<\/li>\n<li>L&#8217;admissibilit\u00e9 de chaque entreprise \u00e0 l\u2019aide financi\u00e8re dans le cadre du Programme Investissement Croissance Durable sera valid\u00e9e \u00e0 post\u00e9riori, lors de la r\u00e9ception des donn\u00e9es financi\u00e8res.<\/li>\n<\/ul>\n<p><a href=\"https:\/\/www.fadq.qc.ca\/salle-de-presse\/actualites\/2023\/contexte-economique-et-aleas-climatiques-des-actions-en-reponse-a-vos-besoins?mtm_campaign=mesure-aide-urgence-24oct23&amp;mtm_kwd=article&amp;mtm_medium=courriel\" target=\"_blank\" rel=\"noopener\"><img loading=\"lazy\" decoding=\"async\" class=\"alignleft wp-image-18765\" src=\"https:\/\/bovin.qc.ca\/wp-content\/uploads\/2023\/07\/ACB-lire-la-suite.png\" alt=\"\" width=\"180\" height=\"49\" srcset=\"https:\/\/bovin.qc.ca\/wp-content\/uploads\/2023\/07\/ACB-lire-la-suite.png 389w, https:\/\/bovin.qc.ca\/wp-content\/uploads\/2023\/07\/ACB-lire-la-suite-300x82.png 300w\" sizes=\"auto, (max-width: 180px) 100vw, 180px\" \/><\/a><\/p>\n<p>&nbsp;<\/p>\n<p>&nbsp;<\/p>\n<p><em>Source : FADQ<\/em><\/p>\n<p style=\"text-align: left;\"><a href=\"#top\">Retour en haut<\/a><a id=\"CCA1\"><\/a><\/p>\n<table style=\"width: 100%; border-collapse: collapse; background-color: #a52a2a;\" border=\"0\">\n<tbody>\n<tr>\n<td style=\"width: 100%;\">\n<h3 style=\"text-align: center;\"><span style=\"color: #ffffff;\"><strong>NOUVELLES DE L&#8217;ASSOCIATION CANADIENNE DES BOVINS<a id=\"CCA1\"><\/a><\/strong><\/span><\/h3>\n<\/td>\n<\/tr>\n<\/tbody>\n<\/table>\n<p><a href=\"https:\/\/www.cattle.ca\/fr\/nouvelles-et-evenements\" target=\"_blank\" rel=\"noopener\"><img loading=\"lazy\" decoding=\"async\" class=\"aligncenter wp-image-15269\" src=\"https:\/\/bovin.qc.ca\/wp-content\/uploads\/2022\/08\/acb-nouvelles.jpg\" alt=\"\" width=\"815\" height=\"225\" srcset=\"https:\/\/bovin.qc.ca\/wp-content\/uploads\/2022\/08\/acb-nouvelles.jpg 820w, https:\/\/bovin.qc.ca\/wp-content\/uploads\/2022\/08\/acb-nouvelles-300x83.jpg 300w, https:\/\/bovin.qc.ca\/wp-content\/uploads\/2022\/08\/acb-nouvelles-464x128.jpg 464w\" sizes=\"auto, (max-width: 815px) 100vw, 815px\" \/><\/a><\/p>\n<hr>\n<h4 class=\"UbhFJ7 nkqC0Q blog-post-title-font blog-post-title-color blog-text-color post-title blog-hover-container-element-color FG3qXk blog-post-page-title-font\" data-hook=\"post-title\"><span class=\"post-title__text blog-post-title-font blog-post-title-color\"><span class=\"blog-post-title-font blog-post-title-color\"> <img loading=\"lazy\" decoding=\"async\" class=\"aligncenter size-full wp-image-19989\" src=\"https:\/\/bovin.qc.ca\/wp-content\/uploads\/2023\/10\/CCA.jpg\" alt=\"\" width=\"815\" height=\"300\" srcset=\"https:\/\/bovin.qc.ca\/wp-content\/uploads\/2023\/10\/CCA.jpg 815w, https:\/\/bovin.qc.ca\/wp-content\/uploads\/2023\/10\/CCA-300x110.jpg 300w, https:\/\/bovin.qc.ca\/wp-content\/uploads\/2023\/10\/CCA-348x128.jpg 348w\" sizes=\"auto, (max-width: 815px) 100vw, 815px\" \/><\/span><\/span><\/h4>\n<h4 class=\"UbhFJ7 nkqC0Q blog-post-title-font blog-post-title-color blog-text-color post-title blog-hover-container-element-color FG3qXk blog-post-page-title-font\" data-hook=\"post-title\"><span class=\"post-title__text blog-post-title-font blog-post-title-color\"><span class=\"blog-post-title-font blog-post-title-color\">L\u2019ACB tient plusieurs rencontres avec des repr\u00e9sentants europ\u00e9ens<\/span><\/span><\/h4>\n<p style=\"text-align: right;\"><a href=\"https:\/\/cancattle.wixsite.com\/mysite\/post\/canadian-cattle-association-discusses-trade-and-other-key-issues-with-european-union-representatives\" target=\"_blank\" rel=\"noopener\"><em>Lire l&#8217;int\u00e9gralit\u00e9 de l&#8217;article (en anglais)<\/em><\/a><\/p>\n<p>Le commerce, la durabilit\u00e9, la s\u00e9curit\u00e9 alimentaire et d\u2019autres enjeux d\u2019actualit\u00e9 ont \u00e9t\u00e9 au c\u0153ur des \u00e9changes d\u2019une grande rencontre \u00e0 laquelle participaient des repr\u00e9sentants de l\u2019Association canadienne des bovins (ACB) et leurs homologues europ\u00e9ens et nord-am\u00e9ricains, \u00e0 la mi-septembre, \u00e0 l\u2019\u00cele-du-Prince-\u00c9douard.<\/p>\n<p>Le NA\/EU Farm Leaders Conference est un \u00e9v\u00e9nement biennal qui r\u00e9unit des leaders agricoles de l\u2019Union europ\u00e9enne et d\u2019Am\u00e9rique du Nord pour discuter d\u2019enjeux pressants qui touchent l\u2019agriculture et collaborer \u00e0 la recherche de solutions.<\/p>\n<p>L\u2019\u00e9v\u00e9nement a accueilli environ 250 repr\u00e9sentants de pays membres de l\u2019Union europ\u00e9enne, mais aussi du Canada, des \u00c9tats-Unis et du Mexique. L\u2019ACB \u00e9tait fi\u00e8re de participer \u00e0 la conf\u00e9rence et de commanditer le b\u0153uf servi au gala, en partenariat avec Atlantic Beef Products. Tout au long de l\u2019\u00e9v\u00e9nement, le pr\u00e9sident de l\u2019ACB, M. Nathan Phinney, a soulign\u00e9 la durabilit\u00e9 du secteur du b\u0153uf canadien et a plaid\u00e9 en faveur d\u2019\u00e9changes commerciaux bas\u00e9s sur la science et la r\u00e8gle de droit entre l\u2019Am\u00e9rique du Nord, l\u2019Union europ\u00e9enne et le Royaume-Uni.<\/p>\n<p><em>Source : ACB<\/em><\/p>\n<p style=\"text-align: left;\"><a href=\"#top\">Retour en haut<\/a><a id=\"CCA2\"><\/a><\/p>\n<hr>\n<h4 class=\"UbhFJ7 nkqC0Q blog-post-title-font blog-post-title-color blog-text-color post-title blog-hover-container-element-color FG3qXk blog-post-page-title-font\" data-hook=\"post-title\">Concertation \u00e0 l\u2019international pour la promotion du b\u0153uf<\/h4>\n<p style=\"text-align: right;\"><a href=\"https:\/\/cancattle.wixsite.com\/mysite\/post\/international-beef-industry-advocacy\" target=\"_blank\" rel=\"noopener\"><em>Lire l&#8217;int\u00e9gralit\u00e9 de l&#8217;article (en anglais)<\/em><\/a><\/p>\n<p>En octobre, des repr\u00e9sentants de l\u2019Association canadienne des bovins (ACB), de B\u0153uf canadien et des acteurs de l\u2019industrie ont particip\u00e9 \u00e0 plusieurs rendez-vous internationaux organis\u00e9s en partenariat avec l\u2019Office international de la viande (OIV). L\u2019OIV est un organisme \u00e0 but non lucratif qui rassemble des associations r\u00e9gionales et nationales de producteurs, des regroupements d\u2019exportateurs et de transformateurs, ainsi que des partenaires publics et priv\u00e9s de partout dans le monde, repr\u00e9sentant plus de 75&nbsp;% de la production mondiale de viande de b\u0153uf, de porc et de mouton.<\/p>\n<p><em>Source : ACB<\/em><\/p>\n<p style=\"text-align: left;\"><a href=\"#top\">Retour en haut<\/a><a id=\"CCA3\"><\/a><\/p>\n<hr>\n<h4 class=\"UbhFJ7 nkqC0Q blog-post-title-font blog-post-title-color blog-text-color post-title blog-hover-container-element-color FG3qXk blog-post-page-title-font\" data-hook=\"post-title\">Les producteurs de bovins appuient un projet de loi priv\u00e9<\/h4>\n<p style=\"text-align: right;\"><a href=\"https:\/\/www.cattle.ca\/cattle-producers-support-mp-kody-blois-private-members-bill-that-aims-to-improve-regulatory-competitiveness-for-canadian-agriculture\" target=\"_blank\" rel=\"noopener\"><em>Lire l&#8217;int\u00e9gralit\u00e9 de l&#8217;article (en anglais)<\/em><\/a><\/p>\n<p>L\u2019Association canadienne des bovins (ACB) et l\u2019Association nationale des engraisseurs de bovins soutiennent le principe du projet de loi priv\u00e9 C-359, <em>Loi modifiant la Loi relative aux aliments du b\u00e9tail, la Loi sur les semences et la Loi sur les produits antiparasitaires (enregistrement, homologation et approbation provisoires).<\/em><\/p>\n<p>C-359, qui est parrain\u00e9 par le d\u00e9put\u00e9 Kody Blois de la Nouvelle-\u00c9cosse, vise \u00e0 aplanir certains obstacles r\u00e9glementaires qui limite la croissance du secteur bovin et sa capacit\u00e9 \u00e0 produire des aliments de fa\u00e7on durable.&nbsp;&nbsp;&nbsp;<\/p>\n<p><em>Source : ACB<\/em><\/p>\n<p style=\"text-align: left;\"><a href=\"#top\">Retour en haut<\/a><a id=\"NR\"><\/a><\/p>\n<table style=\"width: 100%; border-collapse: collapse; background-color: #a52a2a;\" border=\"0\">\n<tbody>\n<tr>\n<td style=\"width: 100%;\">\n<h3 style=\"text-align: center;\"><span style=\"color: #ffffff;\"><strong>NOUVELLES R\u00c9GIONALES<a id=\"NR1\"><\/a><\/strong><\/span><\/h3>\n<\/td>\n<\/tr>\n<\/tbody>\n<\/table>\n<h4 style=\"text-align: left;\">CHAUDI\u00c8RES-APPALACHES<br \/>\n<strong>Une journ\u00e9e champ\u00eatre fort appr\u00e9ci\u00e9e!<\/strong><\/h4>\n<p><img loading=\"lazy\" decoding=\"async\" class=\"aligncenter wp-image-19993\" src=\"https:\/\/bovin.qc.ca\/wp-content\/uploads\/2023\/10\/20230916_155015-scaled.jpg\" alt=\"\" width=\"815\" height=\"611\"><\/p>\n<p>Organis\u00e9e conjointement par les deux syndicats de producteurs bovins de la r\u00e9gion, la Journ\u00e9e champ\u00eatre bovine s\u2019est tenue \u00e0 la Ferme Michel Alexandre de Saint-Roch-des-Aulnaies, le 16&nbsp;septembre dernier.<\/p>\n<p>L\u2019activit\u00e9 a permis \u00e0 des dizaines de producteurs de tout le territoire de conna\u00eetre les techniques de production de l\u2019entreprise, mais aussi de fraterniser, notamment lors d\u2019un banquet sous un chapiteau en soir\u00e9e.<\/p>\n<p><img loading=\"lazy\" decoding=\"async\" class=\"aligncenter size-full wp-image-19991\" src=\"https:\/\/bovin.qc.ca\/wp-content\/uploads\/2023\/10\/CHAUDIERE-APPALACHES.jpg\" alt=\"\" width=\"815\" height=\"300\" srcset=\"https:\/\/bovin.qc.ca\/wp-content\/uploads\/2023\/10\/CHAUDIERE-APPALACHES.jpg 815w, https:\/\/bovin.qc.ca\/wp-content\/uploads\/2023\/10\/CHAUDIERE-APPALACHES-300x110.jpg 300w, https:\/\/bovin.qc.ca\/wp-content\/uploads\/2023\/10\/CHAUDIERE-APPALACHES-348x128.jpg 348w\" sizes=\"auto, (max-width: 815px) 100vw, 815px\" \/><\/p>\n<p>Ce fut \u00e9galement l\u2019occasion de remercier M. Fran\u00e7ois Gamache, secr\u00e9taire des deux syndicats de producteurs de bovins, pour ses loyaux services durant 10 ans, ce dernier ayant chang\u00e9 d\u2019emploi r\u00e9cemment. Notons que son successeur est M. Fr\u00e9d\u00e9ric Poulin, joignable \u00e0 <a href=\"mailto:fpoulin@upa.qc.ca\" target=\"_blank\" rel=\"noopener\">fpoulin@upa.qc.ca<\/a> et au 418-228-5588, poste&nbsp;1264.<\/p>\n<p><em>Source&nbsp;: Les Syndicats des producteurs de bovins de Chaudi\u00e8re-Appalaches Nord et Chaudi\u00e8re-Appalaches-Sud<\/em><\/p>\n<p style=\"text-align: left;\"><a href=\"#top\">Retour en haut<\/a><a id=\"NR2\"><\/a><\/p>\n<hr>\n<h4 style=\"text-align: left;\">MAURICIE<br \/>\n<strong>Souper-conf\u00e9rence sur le bien-\u00eatre animal au menu<\/strong><\/h4>\n<p><img loading=\"lazy\" decoding=\"async\" class=\"aligncenter wp-image-19995\" src=\"https:\/\/bovin.qc.ca\/wp-content\/uploads\/2023\/10\/PXL_20231005_231406992-scaled.jpg\" alt=\"\" width=\"815\" height=\"458\" srcset=\"https:\/\/bovin.qc.ca\/wp-content\/uploads\/2023\/10\/PXL_20231005_231406992-scaled.jpg 2560w, https:\/\/bovin.qc.ca\/wp-content\/uploads\/2023\/10\/PXL_20231005_231406992-300x169.jpg 300w, https:\/\/bovin.qc.ca\/wp-content\/uploads\/2023\/10\/PXL_20231005_231406992-228x128.jpg 228w, https:\/\/bovin.qc.ca\/wp-content\/uploads\/2023\/10\/PXL_20231005_231406992-1536x864.jpg 1536w, https:\/\/bovin.qc.ca\/wp-content\/uploads\/2023\/10\/PXL_20231005_231406992-2048x1152.jpg 2048w\" sizes=\"auto, (max-width: 815px) 100vw, 815px\" \/><\/p>\n<div class=\"xdj266r x11i5rnm xat24cr x1mh8g0r x1vvkbs\">\n<p>Les Producteurs de bovins de la Mauricie ont organis\u00e9 un souper-conf\u00e9rence sur le th\u00e8me de l\u2019euthanasie \u00e0 la ferme au Domaine de Joriane de Saint-Narcisse, le 5&nbsp;octobre dernier. \u00c0 cette occasion, Mme Marjolaine Rousseau, m\u00e9decin v\u00e9t\u00e9rinaire et professeure agr\u00e9\u00e9e \u00e0 la Facult\u00e9 de m\u00e9decine v\u00e9t\u00e9rinaire de l\u2019Universit\u00e9 de Montr\u00e9al, \u00e9tait pr\u00e9sente pour informer les participants sur les obligations, indications et bonnes pratiques en mati\u00e8re de d\u00e9cision et d\u2019euthanasie \u00e0 la ferme.<\/p>\n<p>La soir\u00e9e s\u2019est termin\u00e9e avec une pr\u00e9sentation des principaux dossiers des comit\u00e9s de mise en march\u00e9 des secteurs bovin de r\u00e9forme et veau d\u2019embouche en compagnie de Mme H\u00e9l\u00e8ne Champagne et de M. Steve Beaudry. Ce fut donc une belle occasion pour les participants de s\u2019informer tout en profitant d\u2019un excellent souper!<\/p>\n<p><em>Source : Syndicat des producteurs de bovins de la Mauricie<\/em><\/p>\n<\/div>\n<p style=\"text-align: left;\"><a href=\"#top\">Retour en haut<\/a><a id=\"NR3\"><\/a><\/p>\n<hr>\n<h4 style=\"text-align: left;\">MONT\u00c9R\u00c9GIE-OUEST<br \/>\n<strong>La Journ\u00e9e bovine attire de nombreux participants<\/strong><\/h4>\n<p><img loading=\"lazy\" decoding=\"async\" class=\"aligncenter wp-image-19997\" src=\"https:\/\/bovin.qc.ca\/wp-content\/uploads\/2023\/10\/IMG_5048-scaled-e1697829439761.jpg\" alt=\"\" width=\"815\" height=\"489\" srcset=\"https:\/\/bovin.qc.ca\/wp-content\/uploads\/2023\/10\/IMG_5048-scaled-e1697829439761.jpg 2560w, https:\/\/bovin.qc.ca\/wp-content\/uploads\/2023\/10\/IMG_5048-scaled-e1697829439761-300x180.jpg 300w, https:\/\/bovin.qc.ca\/wp-content\/uploads\/2023\/10\/IMG_5048-scaled-e1697829439761-213x128.jpg 213w, https:\/\/bovin.qc.ca\/wp-content\/uploads\/2023\/10\/IMG_5048-scaled-e1697829439761-1536x922.jpg 1536w, https:\/\/bovin.qc.ca\/wp-content\/uploads\/2023\/10\/IMG_5048-scaled-e1697829439761-2048x1229.jpg 2048w\" sizes=\"auto, (max-width: 815px) 100vw, 815px\" \/><\/p>\n<div>\n<p>Plus de 120 personnes ont pris part \u00e0 la Journ\u00e9e bovine, organis\u00e9e par le Syndicat des producteurs de bovins de la Mont\u00e9r\u00e9gie Ouest en collaboration avec le MAPAQ Mont\u00e9r\u00e9gie, qui s&#8217;est tenue au Ranch Covey Hill inc., le 14&nbsp;octobre.<\/p>\n<p><img loading=\"lazy\" decoding=\"async\" class=\"aligncenter size-full wp-image-19999\" src=\"https:\/\/bovin.qc.ca\/wp-content\/uploads\/2023\/10\/Monteregie-Ouest-1.jpg\" alt=\"\" width=\"815\" height=\"300\" srcset=\"https:\/\/bovin.qc.ca\/wp-content\/uploads\/2023\/10\/Monteregie-Ouest-1.jpg 815w, https:\/\/bovin.qc.ca\/wp-content\/uploads\/2023\/10\/Monteregie-Ouest-1-300x110.jpg 300w, https:\/\/bovin.qc.ca\/wp-content\/uploads\/2023\/10\/Monteregie-Ouest-1-348x128.jpg 348w\" sizes=\"auto, (max-width: 815px) 100vw, 815px\" \/><\/p>\n<p>Les activit\u00e9s ont d\u00e9but\u00e9 par une visite de la ferme divis\u00e9e en quatre stations : les g\u00e9nisses, les taureaux, l&#8217;\u00e9table de v\u00ealage et l&#8217;\u00e9rabli\u00e8re. Ensuite, les participants ont eu la chance d&#8217;assister \u00e0 un panel ainsi qu&#8217;\u00e0 des \u00e9changes tr\u00e8s instructifs portant sur la situation du march\u00e9, la g\u00e9n\u00e9tique et la commercialisation des bovins au Qu\u00e9bec.<\/p>\n<p>La journ\u00e9e s&#8217;est termin\u00e9e par un d\u00e9licieux souper avec du b\u0153uf qu\u00e9b\u00e9cois \u00e0 l\u2019honneur et une prestation musicale de rock assur\u00e9e par le groupe Power Play.<\/p>\n<\/div>\n<p><img loading=\"lazy\" decoding=\"async\" class=\"aligncenter size-full wp-image-20001\" src=\"https:\/\/bovin.qc.ca\/wp-content\/uploads\/2023\/10\/Monteregie-Ouest-2.jpg\" alt=\"\" width=\"815\" height=\"300\" srcset=\"https:\/\/bovin.qc.ca\/wp-content\/uploads\/2023\/10\/Monteregie-Ouest-2.jpg 815w, https:\/\/bovin.qc.ca\/wp-content\/uploads\/2023\/10\/Monteregie-Ouest-2-300x110.jpg 300w, https:\/\/bovin.qc.ca\/wp-content\/uploads\/2023\/10\/Monteregie-Ouest-2-348x128.jpg 348w\" sizes=\"auto, (max-width: 815px) 100vw, 815px\" \/><\/p>\n<p><em>Source : Syndicat des producteurs de bovins de la Mont\u00e9r\u00e9gie-Ouest<\/em><\/p>\n<p style=\"text-align: left;\"><a href=\"#top\">Retour en haut<\/a><\/p>\n<p style=\"text-align: left;\">&nbsp;<\/p>\n","protected":false},"excerpt":{"rendered":"<p>&nbsp; INFOLETTRE La Minute bovine : octobre 2023 Coup d\u2019\u0153il sur les march\u00e9s du b\u0153uf et du veau L&#8217;Info-prix \u00c9v\u00e9nements \u00e0 venir Actualit\u00e9s Colloque de l\u2019industrie bovine qu\u00e9b\u00e9coise : la vente de billets se poursuit Un nouveau programme pour les producteurs de bovins M. Andr\u00e9 D. Beaudoin au Temple de la renomm\u00e9e de l\u2019agriculture Mme [&#8230;]<\/p>\n","protected":false},"author":6,"featured_media":0,"parent":0,"menu_order":0,"comment_status":"closed","ping_status":"closed","template":"","meta":{"ngg_post_thumbnail":0,"footnotes":""},"class_list":["post-20174","page","type-page","status-publish","hentry"],"_links":{"self":[{"href":"https:\/\/bovin.qc.ca\/en\/wp-json\/wp\/v2\/pages\/20174","targetHints":{"allow":["GET"]}}],"collection":[{"href":"https:\/\/bovin.qc.ca\/en\/wp-json\/wp\/v2\/pages"}],"about":[{"href":"https:\/\/bovin.qc.ca\/en\/wp-json\/wp\/v2\/types\/page"}],"author":[{"embeddable":true,"href":"https:\/\/bovin.qc.ca\/en\/wp-json\/wp\/v2\/users\/6"}],"replies":[{"embeddable":true,"href":"https:\/\/bovin.qc.ca\/en\/wp-json\/wp\/v2\/comments?post=20174"}],"version-history":[{"count":1,"href":"https:\/\/bovin.qc.ca\/en\/wp-json\/wp\/v2\/pages\/20174\/revisions"}],"predecessor-version":[{"id":20175,"href":"https:\/\/bovin.qc.ca\/en\/wp-json\/wp\/v2\/pages\/20174\/revisions\/20175"}],"wp:attachment":[{"href":"https:\/\/bovin.qc.ca\/en\/wp-json\/wp\/v2\/media?parent=20174"}],"curies":[{"name":"wp","href":"https:\/\/api.w.org\/{rel}","templated":true}]}}