{"id":19889,"date":"2023-09-29T14:37:45","date_gmt":"2023-09-29T18:37:45","guid":{"rendered":"https:\/\/bovin.qc.ca\/?page_id=19889"},"modified":"2023-09-29T14:37:45","modified_gmt":"2023-09-29T18:37:45","slug":"la-minute-bovine-september-2023","status":"publish","type":"page","link":"https:\/\/bovin.qc.ca\/en\/la-minute-bovine-september-2023\/","title":{"rendered":"La Minute bovine : September 2023"},"content":{"rendered":"<h3><div class=\"newsletter_subscription_box\"><a class=\"newsletter_subscription_link\" href=\"https:\/\/bovin.qc.ca\/abonnement\/\"><div class=\"left_side\"><img decoding=\"async\" src=\"https:\/\/bovin.qc.ca\/wp-content\/themes\/bovins\/images\/infolettre_icon.png\" class=\"newsletter_icon\" \/><\/div><div class=\"right_side\"><p class=\"newsletter_sub_text\">Vous n'\u00eates pas abonn\u00e9 \u00e0 notre infolettre?<br \/>Cliquez ici.<\/p><\/div><div style=\"clear:both;\"><\/div><\/a><\/div><\/h3>\n<p>&nbsp;<a id=\"top\"><\/a><\/p>\n<h1 style=\"text-align: left;\">INFOLETTRE<br \/>\nLa Minute bovine : septembre 2023<\/h1>\n<ul>\n<li>\n<h2 style=\"text-align: left;\"><a href=\"#coup\"><strong>Coup d\u2019\u0153il sur les march\u00e9s du b\u0153uf et du veau<\/strong><\/a><\/h2>\n<\/li>\n<li style=\"text-align: left;\">\n<h2 style=\"text-align: left;\"><a href=\"#prix\">L&#8217;Info-prix<\/a><\/h2>\n<\/li>\n<\/ul>\n<ul>\n<li style=\"text-align: left;\">\n<h2 style=\"text-align: left;\"><a href=\"#evenements\">\u00c9v\u00e9nements \u00e0 venir<\/a><\/h2>\n<\/li>\n<\/ul>\n<ul>\n<li style=\"text-align: left;\">\n<h2 style=\"text-align: left;\"><strong><a href=\"#actualite\">Actualit\u00e9s<\/a><\/strong><\/h2>\n<ul>\n<li style=\"list-style-type: none;\">\n<ul>\n<li><a href=\"#A1\"><strong>LESFAITSBOEUF.COM | VEAUFAITS.COM se distingue!<\/strong><\/a><\/li>\n<li><a href=\"#A2\"><strong>Un Qu\u00e9b\u00e9cois \u00e0 la t\u00eate de B\u0153uf Canada<\/strong><\/a><\/li>\n<li><a href=\"#A3\"><strong>Compte d\u2019urgence : Ottawa accorde un r\u00e9pit aux entreprises canadiennes<\/strong><\/a><\/li>\n<li><a href=\"#A4\"><strong>Des producteurs de veaux de grain remportent un prestigieux concours<\/strong><\/a><\/li>\n<li><a href=\"#A5\"><strong>Retour du Prix TESA<\/strong><\/a><\/li>\n<li><a href=\"#A6\"><strong>Les plastiques agricoles d\u00e9sormais assujettis aux \u00e9cofrais<\/strong><\/a><\/li>\n<li><a href=\"#A7\"><strong>Enqu\u00eate sur l&#8217;optimisation de la fertilisation agricole : votre voix pour des solutions durables<\/strong><\/a><\/li>\n<\/ul>\n<\/li>\n<\/ul>\n<\/li>\n<\/ul>\n<p>&nbsp;<\/p>\n<table style=\"width: 100%; border-collapse: collapse; background-color: #a52a2a;\" border=\"0\">\n<tbody>\n<tr>\n<td style=\"width: 100%;\">\n<h3 style=\"text-align: center;\"><span style=\"color: #ffffff;\"><strong>CLIQUEZ SUR VOTRE SECTEUR POUR VOS NOUVELLES<\/strong><\/span><\/h3>\n<\/td>\n<\/tr>\n<\/tbody>\n<\/table>\n<p>\n<a href=\"#br\"><img loading=\"lazy\" decoding=\"async\" class=\"alignnone wp-image-8129 size-full\" src=\"https:\/\/bovin.qc.ca\/wp-content\/uploads\/2020\/01\/br.jpg\" alt=\"\" width=\"156\" height=\"348\" srcset=\"https:\/\/bovin.qc.ca\/wp-content\/uploads\/2020\/01\/br.jpg 156w, https:\/\/bovin.qc.ca\/wp-content\/uploads\/2020\/01\/br-134x300.jpg 134w, https:\/\/bovin.qc.ca\/wp-content\/uploads\/2020\/01\/br-57x128.jpg 57w\" sizes=\"auto, (max-width: 156px) 100vw, 156px\" \/>&nbsp;<\/a>&nbsp;<a href=\"#vg\"><img loading=\"lazy\" decoding=\"async\" class=\"alignnone wp-image-8131\" src=\"https:\/\/bovin.qc.ca\/wp-content\/uploads\/2020\/01\/vg.jpg\" alt=\"\" width=\"156\" height=\"348\">&nbsp;<\/a>&nbsp;<a href=\"#vl\"><img loading=\"lazy\" decoding=\"async\" class=\"alignnone wp-image-8133\" src=\"https:\/\/bovin.qc.ca\/wp-content\/uploads\/2020\/01\/vl.jpg\" alt=\"\" width=\"155\" height=\"348\">&nbsp;&nbsp;<\/a><a href=\"#ve\"><img loading=\"lazy\" decoding=\"async\" class=\"alignnone wp-image-8135\" src=\"https:\/\/bovin.qc.ca\/wp-content\/uploads\/2020\/01\/ve.jpg\" alt=\"\" width=\"155\" height=\"348\" srcset=\"https:\/\/bovin.qc.ca\/wp-content\/uploads\/2020\/01\/ve.jpg 157w, https:\/\/bovin.qc.ca\/wp-content\/uploads\/2020\/01\/ve-134x300.jpg 134w, https:\/\/bovin.qc.ca\/wp-content\/uploads\/2020\/01\/ve-57x128.jpg 57w\" sizes=\"auto, (max-width: 155px) 100vw, 155px\" \/>&nbsp;<\/a><a href=\"#veba\"><img loading=\"lazy\" decoding=\"async\" class=\"alignnone wp-image-8137\" src=\"https:\/\/bovin.qc.ca\/wp-content\/uploads\/2020\/01\/ba-sec.jpg\" alt=\"\" width=\"159\" height=\"348\" srcset=\"https:\/\/bovin.qc.ca\/wp-content\/uploads\/2020\/01\/ba-sec.jpg 159w, https:\/\/bovin.qc.ca\/wp-content\/uploads\/2020\/01\/ba-sec-137x300.jpg 137w, https:\/\/bovin.qc.ca\/wp-content\/uploads\/2020\/01\/ba-sec-59x128.jpg 59w\" sizes=\"auto, (max-width: 159px) 100vw, 159px\" \/><\/a><\/p>\n<p>&nbsp;<\/p>\n<table style=\"width: 100%; border-collapse: collapse; background-color: #a52a2a;\" border=\"0\">\n<tbody>\n<tr>\n<td style=\"width: 100%;\">\n<h3 style=\"text-align: center;\"><span style=\"font-size: 18pt; color: #ffffff;\">APPEL DE PROJETS<\/span><\/h3>\n<h3 style=\"text-align: center;\"><span style=\"font-size: 18pt; color: #ffffff;\">&nbsp;PRODUCTION DE VEAUX DE LAIT<\/span><\/h3>\n<\/td>\n<\/tr>\n<\/tbody>\n<\/table>\n<p><img loading=\"lazy\" decoding=\"async\" class=\"wp-image-19821 alignright\" src=\"https:\/\/bovin.qc.ca\/wp-content\/uploads\/2023\/09\/Image-Veau-lait.jpg\" alt=\"\" width=\"292\" height=\"327\" srcset=\"https:\/\/bovin.qc.ca\/wp-content\/uploads\/2023\/09\/Image-Veau-lait.jpg 202w, https:\/\/bovin.qc.ca\/wp-content\/uploads\/2023\/09\/Image-Veau-lait-114x128.jpg 114w\" sizes=\"auto, (max-width: 292px) 100vw, 292px\" \/><\/p>\n<p><span style=\"font-size: 14pt;\">En conformit\u00e9 avec les dispositions du R\u00e8glement sur la production et la mise en march\u00e9 des veaux de lait, Les Producteurs de bovins du Qu\u00e9bec proc\u00e8dent \u00e0 un appel de projets aupr\u00e8s de toute personne int\u00e9ress\u00e9e pour une attribution de r\u00e9f\u00e9rences de production de veaux de lait.<\/span><\/p>\n<p>\n<span style=\"font-size: 14pt;\">Pour conna\u00eetre les modalit\u00e9s d&#8217;inscription, communiquer&nbsp;avec Denis Pelletier au <a href=\"tel:4506790540\" target=\"_blank\" rel=\"noopener\">450 679-0540<\/a>, poste 8263 ou \u00e0 <a href=\"mailto:dpelletier@upa.qc.ca\" target=\"_blank\" rel=\"noopener\">dpelletier@upa.qc.ca<\/a>. <\/span><\/p>\n<p><a href=\"mailto:stephaniedemers@upa.qc.ca\"><img loading=\"lazy\" decoding=\"async\" class=\"wp-image-19823 size-full alignleft\" src=\"https:\/\/bovin.qc.ca\/wp-content\/uploads\/2023\/09\/VL-PBQ.jpg\" alt=\"\" width=\"400\" height=\"93\" srcset=\"https:\/\/bovin.qc.ca\/wp-content\/uploads\/2023\/09\/VL-PBQ.jpg 400w, https:\/\/bovin.qc.ca\/wp-content\/uploads\/2023\/09\/VL-PBQ-300x70.jpg 300w\" sizes=\"auto, (max-width: 400px) 100vw, 400px\" \/><\/a><\/p>\n<table style=\"width: 100%; border-collapse: collapse; background-color: #a52a2a;\" border=\"0\">\n<tbody>\n<tr>\n<td style=\"width: 100%;\">\n<h3 style=\"text-align: center;\"><span style=\"color: #ffffff;\"><span style=\"font-size: 24px;\">Soumettre les projets avant le 1<sup>er<\/sup> d\u00e9cembre 2023<\/span><\/span><\/h3>\n<\/td>\n<\/tr>\n<\/tbody>\n<\/table>\n<hr>\n<h2 style=\"text-align: left;\"><a href=\"#FADQ\">Nouvelles de La Financi\u00e8re agricole du Qu\u00e9bec<\/a><\/h2>\n<ul>\n<li style=\"list-style-type: none;\">\n<ul>\n<li><strong><a href=\"#F1\">Dommages li\u00e9s au climat : comprendre le calcul d\u2019une indemnisation<\/a><\/strong><\/li>\n<li><strong><a href=\"#F2\">Protection Foin et p\u00e2turages : un premier versement de 9,2 M$<\/a><\/strong><\/li>\n<\/ul>\n<\/li>\n<\/ul>\n<h2 style=\"text-align: left;\"><a href=\"#NR1\">Nouvelles de l&#8217;Association canadienne des bovins<\/a><\/h2>\n<ul>\n<li style=\"list-style-type: none;\">\n<ul>\n<li><a href=\"#CCA1\"><strong>Une nouvelle campagne exhorte le gouvernement f\u00e9d\u00e9ral \u00e0 d\u00e9fendre les normes canadiennes<\/strong><\/a><\/li>\n<li><a href=\"#CCA2\"><strong>Une ferme albertaine remporte le Prix TESA<\/strong><\/a><\/li>\n<li><a href=\"#CCA3\"><strong>L\u2019ACB est l\u2019h\u00f4te de rencontres avec ses homologues am\u00e9ricains et mexicains<\/strong><\/a><\/li>\n<li><a href=\"#CCA4\"><strong>Le Conseil jeunesse en bref<\/strong><\/a><\/li>\n<\/ul>\n<\/li>\n<\/ul>\n<h2 style=\"text-align: left;\"><a href=\"#NR1\">Nouvelles r\u00e9gionales<\/a><\/h2>\n<ul>\n<li style=\"list-style-type: none;\">\n<ul>\n<li><a href=\"#NR1\"><strong>Abitibi-T\u00e9miscamingue : Une tourn\u00e9e du C.A provinciale riche en souvenirs<\/strong><\/a><\/li>\n<li><a href=\"#NR2\"><strong>Chaudi\u00e8re-Appalaches : Le stress thermique\u2026 on l\u2019a v\u00e9cu!<\/strong><\/a><\/li>\n<li><a href=\"#NR3\"><strong>Centre-du-Qu\u00e9bec : Pluie et soleil pour la Journ\u00e9e champ\u00eatre<\/strong><\/a><\/li>\n<li><a href=\"#NR4\"><strong>Mont\u00e9r\u00e9gie : Les activit\u00e9s en biodiversit\u00e9 continuent!<\/strong><\/a><\/li>\n<li><a href=\"#NR5\"><strong>Estrie : \u00c0 la d\u00e9couverte d\u2019une ferme regorgeant de biodiversit\u00e9<\/strong><\/a><\/li>\n<\/ul>\n<\/li>\n<\/ul>\n<p style=\"text-align: left;\"><a href=\"#top\">Retour en haut<\/a><a id=\"coup\"><\/a><\/p>\n<table style=\"width: 100%; border-collapse: collapse; background-color: #a52a2a;\" border=\"0\">\n<tbody>\n<tr>\n<td style=\"width: 100%;\">\n<h3 style=\"text-align: center;\"><span style=\"color: #ffffff;\"><strong>COUP D&#8217;\u0152IL SUR LES MARCH\u00c9S DU B\u0152UF ET DU VEAU<\/strong><\/span><\/h3>\n<\/td>\n<\/tr>\n<\/tbody>\n<\/table>\n<p>&nbsp;<\/p>\n<p style=\"text-align: center;\"><span style=\"text-decoration: underline;\"><a href=\"https:\/\/bovin.qc.ca\/wp-content\/uploads\/2023\/09\/2023-09-Coup-doeil-sur-les-marches-boeuf-et-veau-FRAN.pdf\" target=\"_blank\" rel=\"noopener\">Version fran\u00e7aise<\/a><br \/>\n<a href=\"https:\/\/bovin.qc.ca\/wp-content\/uploads\/2023\/09\/2023-09-Coup-doeil-sur-les-marches-boeuf-et-veau-ANG.pdf\" target=\"_blank\" rel=\"noopener\">English version<\/a><br \/>\n<\/span><\/p>\n<p style=\"text-align: center;\"><img loading=\"lazy\" decoding=\"async\" class=\"wp-image-10769 aligncenter\" src=\"https:\/\/bovin.qc.ca\/wp-content\/uploads\/2020\/08\/shutterstock_699231256-min_WEB-1.jpg\" alt=\"\" width=\"500\" height=\"317\" srcset=\"https:\/\/bovin.qc.ca\/wp-content\/uploads\/2020\/08\/shutterstock_699231256-min_WEB-1.jpg 1024w, https:\/\/bovin.qc.ca\/wp-content\/uploads\/2020\/08\/shutterstock_699231256-min_WEB-1-300x190.jpg 300w, https:\/\/bovin.qc.ca\/wp-content\/uploads\/2020\/08\/shutterstock_699231256-min_WEB-1-202x128.jpg 202w\" sizes=\"auto, (max-width: 500px) 100vw, 500px\" \/><\/p>\n<p style=\"text-align: left;\"><a href=\"#top\">Retour en haut<\/a><a id=\"prix\"><\/a><\/p>\n<hr>\n<p>&nbsp;<\/p>\n<p><img loading=\"lazy\" decoding=\"async\" class=\"aligncenter wp-image-5452\" src=\"https:\/\/bovin.qc.ca\/wp-content\/uploads\/2018\/09\/info-prix-bandeau.jpg\" alt=\"\" width=\"750\" height=\"183\" srcset=\"https:\/\/bovin.qc.ca\/wp-content\/uploads\/2018\/09\/info-prix-bandeau.jpg 650w, https:\/\/bovin.qc.ca\/wp-content\/uploads\/2018\/09\/info-prix-bandeau-300x73.jpg 300w, https:\/\/bovin.qc.ca\/wp-content\/uploads\/2018\/09\/info-prix-bandeau-523x128.jpg 523w\" sizes=\"auto, (max-width: 750px) 100vw, 750px\" \/><\/p>\n<p style=\"text-align: center;\">Cliquez sur un secteur pour les prix du march\u00e9<\/p>\n<p style=\"text-align: center;\"><u><a href=\"https:\/\/www.fpbq.upa.qc.ca\/infoprix\/BouvAbattage\/BAInfoPrixQuot.asp?Langue=F\" target=\"_blank\" rel=\"noopener\"><strong>BOUVILLON<\/strong><\/a><br \/>\n<\/u><u><a href=\"https:\/\/www.fpbq.upa.qc.ca\/infoprix\/BovinReforme\/BRInfoPrixQuot.asp?Langue=F\" target=\"_blank\" rel=\"noopener\"><strong>BOVIN DE R\u00c9FORME ET VEAU LAITIER<\/strong><\/a><br \/>\n<\/u><u><a href=\"https:\/\/www.fpbq.upa.qc.ca\/infoprix\/VeauDeGrain\/VGInfoPrixHebdo.asp?Langue=F\" target=\"_blank\" rel=\"noopener\"><strong>VEAU DE GRAIN<\/strong><\/a><br \/>\n<\/u><u><strong><a href=\"https:\/\/www.fpbq.upa.qc.ca\/infoprix\/VeauDeLait\/VLInfoPrixHebdo.asp?Langue=F\" target=\"_blank\" rel=\"noopener\">VEAU DE LAIT<\/a><br \/>\n<\/strong><\/u><u><a href=\"https:\/\/www.fpbq.upa.qc.ca\/infoprix\/VeauEmbouche\/VEInfoPrixQuot.asp?Langue=F\" target=\"_blank\" rel=\"noopener\"><strong>VEAU D\u2019EMBOUCHE<\/strong><\/a><\/u><\/p>\n<p><a href=\"#top\">Retour en haut<\/a><a id=\"evenements\"><\/a><\/p>\n<p>&nbsp;<\/p>\n<table style=\"width: 100%; border-collapse: collapse; background-color: #a52a2a;\" border=\"0\">\n<tbody>\n<tr>\n<td style=\"width: 100%;\">\n<h3 style=\"text-align: center;\"><span style=\"color: #ffffff;\"><strong>\u00c9V\u00c9NEMENTS \u00c0 VENIR<\/strong><\/span><\/h3>\n<\/td>\n<\/tr>\n<\/tbody>\n<\/table>\n<h4 style=\"text-align: left;\">Fili\u00e8re b\u0153uf et veau<a id=\"evenements\"><\/a><\/h4>\n<p>&nbsp;<\/p>\n<h4 style=\"text-align: left;\"><img loading=\"lazy\" decoding=\"async\" class=\"aligncenter wp-image-19677\" src=\"https:\/\/bovin.qc.ca\/wp-content\/uploads\/2023\/09\/billets-en-prevente-traduction.jpg\" alt=\"\" width=\"815\" height=\"427\" srcset=\"https:\/\/bovin.qc.ca\/wp-content\/uploads\/2023\/09\/billets-en-prevente-traduction.jpg 1920w, https:\/\/bovin.qc.ca\/wp-content\/uploads\/2023\/09\/billets-en-prevente-traduction-300x157.jpg 300w, https:\/\/bovin.qc.ca\/wp-content\/uploads\/2023\/09\/billets-en-prevente-traduction-245x128.jpg 245w, https:\/\/bovin.qc.ca\/wp-content\/uploads\/2023\/09\/billets-en-prevente-traduction-1536x804.jpg 1536w\" sizes=\"auto, (max-width: 815px) 100vw, 815px\" \/><\/h4>\n<p><a href=\"https:\/\/cutt.ly\/CIBQ-2023\" target=\"_blank\" rel=\"noopener\"><img loading=\"lazy\" decoding=\"async\" class=\"aligncenter wp-image-19539 size-full\" src=\"https:\/\/bovin.qc.ca\/wp-content\/uploads\/2023\/08\/je-minscris-01-01-1.png\" alt=\"\" width=\"691\" height=\"93\" srcset=\"https:\/\/bovin.qc.ca\/wp-content\/uploads\/2023\/08\/je-minscris-01-01-1.png 691w, https:\/\/bovin.qc.ca\/wp-content\/uploads\/2023\/08\/je-minscris-01-01-1-300x40.png 300w\" sizes=\"auto, (max-width: 691px) 100vw, 691px\" \/><\/a><\/p>\n<p style=\"text-align: center;\"><strong>Cliquez <a href=\"https:\/\/cutt.ly\/CIBQ-2023\" target=\"_blank\" rel=\"noopener\">ICI<\/a> pour consulter l\u2019horaire provisoire<\/strong><\/p>\n<p style=\"text-align: center;\">&#8212;&#8211;<\/p>\n<p><a href=\"https:\/\/bovin.qc.ca\/wp-content\/uploads\/2023\/09\/Proposition-de-commandite-CIBQ-2023-0792023-1.pdf\" target=\"_blank\" rel=\"noopener\"><img loading=\"lazy\" decoding=\"async\" class=\"aligncenter wp-image-19535 size-full\" src=\"https:\/\/bovin.qc.ca\/wp-content\/uploads\/2023\/08\/plan-commandite-01-01-01.png\" alt=\"\" width=\"691\" height=\"159\" srcset=\"https:\/\/bovin.qc.ca\/wp-content\/uploads\/2023\/08\/plan-commandite-01-01-01.png 691w, https:\/\/bovin.qc.ca\/wp-content\/uploads\/2023\/08\/plan-commandite-01-01-01-300x69.png 300w, https:\/\/bovin.qc.ca\/wp-content\/uploads\/2023\/08\/plan-commandite-01-01-01-556x128.png 556w\" sizes=\"auto, (max-width: 691px) 100vw, 691px\" \/><\/a><\/p>\n<table style=\"width: 100%; border-collapse: collapse; background-color: #a52a2a;\" border=\"0\">\n<tbody>\n<tr>\n<td style=\"width: 100%;\">\n<h3 style=\"text-align: center;\"><span style=\"color: #ffffff;\"><strong>ACTUALIT\u00c9S<a id=\"A1\"><\/a><\/strong><\/span><\/h3>\n<\/td>\n<\/tr>\n<\/tbody>\n<\/table>\n<h4><strong>LESFAITSBOEUF.COM | VEAUFAITS.COM se distingue!<\/strong><\/h4>\n<p><img loading=\"lazy\" decoding=\"async\" class=\"aligncenter wp-image-19839\" src=\"https:\/\/bovin.qc.ca\/wp-content\/uploads\/2023\/09\/Prix-Josee-de-Grandmont.jpg\" alt=\"\" width=\"815\" height=\"540\" srcset=\"https:\/\/bovin.qc.ca\/wp-content\/uploads\/2023\/09\/Prix-Josee-de-Grandmont.jpg 1024w, https:\/\/bovin.qc.ca\/wp-content\/uploads\/2023\/09\/Prix-Josee-de-Grandmont-300x199.jpg 300w, https:\/\/bovin.qc.ca\/wp-content\/uploads\/2023\/09\/Prix-Josee-de-Grandmont-193x128.jpg 193w\" sizes=\"auto, (max-width: 815px) 100vw, 815px\" \/><\/p>\n<p>Les PBQ sont fiers d\u2019annoncer que le site Web <a href=\"https:\/\/lesfaitsboeuf.com\/\" target=\"_blank\" rel=\"noopener\">LESFAITSBOEUF.COM | VEAUFAITS.COM<\/a>, un projet des Producteurs de bovins du Qu\u00e9bec, a remport\u00e9 un prix Jos\u00e9e-de-Grandmont dans la cat\u00e9gorie \u00abSite web (petite entreprise)\u00bb. Pr\u00e9sent\u00e9s par l\u2019Association des communicateurs et r\u00e9dacteurs de l&#8217;agroalimentaire (ACRA) et l\u2019Association canadienne d\u2019agrimarketing section Qu\u00e9bec, les Prix Jos\u00e9e-de-Grandmont r\u00e9compensent le dynamisme de projets de communication\/marketing dans le domaine de l\u2019agroalimentaire.&nbsp; L\u2019originalit\u00e9, la cr\u00e9ativit\u00e9, l\u2019esth\u00e9tisme et l\u2019efficacit\u00e9 du projet comptaient parmi les crit\u00e8res d\u2019\u00e9valuation du jury.<\/p>\n<p>Lanc\u00e9e en juin, la plateforme <a href=\"https:\/\/lesfaitsboeuf.com\/\" target=\"_blank\" rel=\"noopener\">LESFAITSBOEUF.COM | VEAUFAITS.COM<\/a> r\u00e9pond \u00e0 un objectif d\u2019information et de valorisation aupr\u00e8s des consommateurs et des m\u00e9dias. Ce projet r\u00e9unit \u00e0 une m\u00eame adresse des informations scientifiques valid\u00e9es, nuanc\u00e9es et contextualis\u00e9es sur l\u2019impact environnemental du secteur bovin au Qu\u00e9bec.<\/p>\n<p>Il s\u2019agit d\u2019un pas en avant pour d\u00e9m\u00ealer le vrai du faux et permettre aux consommateurs et aux m\u00e9dias d\u2019avoir une opinion plus \u00e9clair\u00e9e qui se base sur des faits.<\/p>\n<p>Pour r\u00e9aliser ce projet, Les Producteurs de bovins du Qu\u00e9bec ont pu compter sur la pr\u00e9cieuse collaboration des organisations suivantes : Les Invisibles, Massy Forget Langlois Relations publiques, SMP M\u00e9dia et My Little Big Web.<\/p>\n<p>Le Gala des prix Jos\u00e9e-de-Grandmont, dont il s\u2019agissait de la premi\u00e8re \u00e9dition, s\u2019est d\u00e9roul\u00e9 le 20 septembre au Vignoble Vineterra, \u00e0 Mont-Saint-Hilaire.<\/p>\n<p>Sur la photo, on peut reconnaitre dans l\u2019ordre habituel Mme M\u00e9lanie Lagac\u00e9, pr\u00e9sidente de l\u2019Association des communicateurs et des r\u00e9dacteurs de l\u2019agroalimentaire, (M. \u00c9tienne Dupuis, pr\u00e9sident de l\u2019Association canadienne d\u2019agromarketing (ACAM-Qu\u00e9bec), M. Julien Levac Joubert, conseillers aux communications aux Producteurs de bovins du Qu\u00e9bec et M. Jean-Thomas Maltais, pr\u00e9sident des Producteurs de bovins du Qu\u00e9bec.<\/p>\n<p><em>Source : PBQ<\/em><\/p>\n<p style=\"text-align: left;\"><a href=\"#top\">Retour en haut<\/a><a id=\"A2\"><\/a><\/p>\n<hr>\n<h4><strong>Un Qu\u00e9b\u00e9cois \u00e0 la t\u00eate de B\u0153uf Canada<\/strong><\/h4>\n<p><img loading=\"lazy\" decoding=\"async\" class=\" wp-image-19817 alignright\" src=\"https:\/\/bovin.qc.ca\/wp-content\/uploads\/2023\/09\/Eric-Bienvenue.jpg\" alt=\"\" width=\"243\" height=\"263\" srcset=\"https:\/\/bovin.qc.ca\/wp-content\/uploads\/2023\/09\/Eric-Bienvenue.jpg 815w, https:\/\/bovin.qc.ca\/wp-content\/uploads\/2023\/09\/Eric-Bienvenue-278x300.jpg 278w, https:\/\/bovin.qc.ca\/wp-content\/uploads\/2023\/09\/Eric-Bienvenue-118x128.jpg 118w\" sizes=\"auto, (max-width: 243px) 100vw, 243px\" \/>B\u0153uf Canada et l&#8217;Agence canadienne de pr\u00e9l\u00e8vement du b\u0153uf sont heureux d&#8217;annoncer que M. \u00c9ric Bienvenue se joindra \u00e0 l&#8217;\u00e9quipe en tant que prochain pr\u00e9sident \u00e0 compter du mardi 3 octobre 2023. Leader strat\u00e9gique avec pr\u00e8s de 30 ans d&#8217;exp\u00e9rience dans des r\u00f4les de haute direction dans les industries canadiennes du porc et de la volaille, M. Bienvenue apporte une richesse de connaissances et d&#8217;expertise \u00e0 B\u0153uf Canada.<\/p>\n<p>Le pr\u00e9sident de B\u0153uf Canada, M. Michael Young, a d\u00e9clar\u00e9 que la vaste exp\u00e9rience de M. Bienvenue dans le secteur des prot\u00e9ines animales lui sera utile dans son nouveau r\u00f4le. \u00ab Il poss\u00e8de un solide sens des affaires, des comp\u00e9tences en leadership ax\u00e9 sur la collaboration et le dynamisme n\u00e9cessaire pour soutenir le succ\u00e8s et la prosp\u00e9rit\u00e9 continus du secteur canadien des bovins et du b\u0153uf \u00bb, a-t-il d\u00e9clar\u00e9.<\/p>\n<p>M. Bienvenue sera bas\u00e9 \u00e0 Calgary, en Alberta et terminera une p\u00e9riode de transition de six mois et de mentorat sous M. Young jusqu\u2019\u00e0 sa retraite en mars 2024, apr\u00e8s un mandat de cinq ans en tant que pr\u00e9sident. M. Bienvenue assumera le r\u00f4le et le titre de pr\u00e9sident de B\u0153uf Canada \u00e0 la retraite de Young.<\/p>\n<p><a href=\"https:\/\/canadabeef.ca\/wp-content\/uploads\/2023\/09\/Canada-Beef-News-Release-Canada-Beef-announces-Incoming-President-09.19.2023.pdf\" target=\"_blank\" rel=\"noopener\"><img loading=\"lazy\" decoding=\"async\" class=\"alignleft wp-image-18765\" src=\"https:\/\/bovin.qc.ca\/wp-content\/uploads\/2023\/07\/ACB-lire-la-suite.png\" alt=\"\" width=\"180\" height=\"49\" srcset=\"https:\/\/bovin.qc.ca\/wp-content\/uploads\/2023\/07\/ACB-lire-la-suite.png 389w, https:\/\/bovin.qc.ca\/wp-content\/uploads\/2023\/07\/ACB-lire-la-suite-300x82.png 300w\" sizes=\"auto, (max-width: 180px) 100vw, 180px\" \/><\/a><\/p>\n<p>&nbsp;<\/p>\n<p>&nbsp;<\/p>\n<p><em>Source : Boeuf Canada<\/em><\/p>\n<p style=\"text-align: left;\"><a href=\"#top\">Retour en haut<\/a><a id=\"A3\"><\/a><\/p>\n<hr>\n<h4><strong>Compte d\u2019urgence : Ottawa accorde un r\u00e9pit aux entreprises canadiennes<\/strong><\/h4>\n<p>Une demande r\u00e9p\u00e9t\u00e9e des producteurs de bovins dans la derni\u00e8re ann\u00e9e a \u00e9t\u00e9 entendue par le gouvernement f\u00e9d\u00e9ral. Le premier ministre a annonc\u00e9 le 14&nbsp;septembre dernier que la date limite de remboursement des pr\u00eats du Compte d\u2019urgence pour les entreprises canadiennes (CUEC) a \u00e9t\u00e9 report\u00e9e d\u2019une ann\u00e9e suppl\u00e9mentaire pour le remboursement d\u2019un pr\u00eat \u00e0 terme.<\/p>\n<p>Par ailleurs, les personnes d\u00e9tenant des pr\u00eats et qui souhaitent profiter d\u2019une radiation pouvant atteindre 33 % peuvent b\u00e9n\u00e9ficier d\u2019une plus grande souplesse, la date limite pour cette mesure ayant \u00e9t\u00e9 report\u00e9e du 31 d\u00e9cembre 2023 au 18 janvier&nbsp;2024.<\/p>\n<p>\u00ab Les d\u00e9tenteurs de pr\u00eats du CUEC qui pr\u00e9senteront d\u2019ici le 18 janvier 2024 une demande de refinancement aupr\u00e8s de l\u2019institution financi\u00e8re qui leur a accord\u00e9 le pr\u00eat du CUEC profiteront d\u00e9sormais d\u2019une prolongation pour le refinancement jusqu\u2019au 28 mars&nbsp;2024 pour rembourser leur pr\u00eat menant \u00e0 une radiation partielle \u00bb, explique le minist\u00e8re canadien des Finances dans un document.<\/p>\n<p>\u00c0 compter du 19 janvier 2024, les pr\u00eats non rembours\u00e9s, incluant ceux vis\u00e9s par la p\u00e9riode de prolongation pour le refinancement, seront convertis en pr\u00eats de trois ans \u00e0 un taux d\u2019int\u00e9r\u00eat annuel de 5&nbsp;%. La date du remboursement du pr\u00eat \u00e0 terme sera prolong\u00e9e du 31&nbsp;d\u00e9cembre 2025 au 31 d\u00e9cembre&nbsp;2026.<\/p>\n<p>Le minist\u00e8re canadien des Finances pr\u00e9cise que les institutions financi\u00e8res entreront en communication avec les d\u00e9tenteurs de pr\u00eats du CUEC.<\/p>\n<p><em>Source : Minist\u00e8re canadien des Finances<\/em><\/p>\n<p style=\"text-align: left;\"><a href=\"#top\">Retour en haut<\/a><a id=\"A4\"><\/a><\/p>\n<hr>\n<h4><img loading=\"lazy\" decoding=\"async\" class=\"aligncenter size-full wp-image-19682\" src=\"https:\/\/bovin.qc.ca\/wp-content\/uploads\/2023\/09\/A2.jpg\" alt=\"\" width=\"815\" height=\"621\" srcset=\"https:\/\/bovin.qc.ca\/wp-content\/uploads\/2023\/09\/A2.jpg 815w, https:\/\/bovin.qc.ca\/wp-content\/uploads\/2023\/09\/A2-300x229.jpg 300w, https:\/\/bovin.qc.ca\/wp-content\/uploads\/2023\/09\/A2-168x128.jpg 168w\" sizes=\"auto, (max-width: 815px) 100vw, 815px\" \/><\/h4>\n<h4><strong>Des producteurs de veaux de grain remportent un prestigieux concours<\/strong><\/h4>\n<p>M. R\u00e9mi Taillon et Mme Sophie Brodeur, de Saint-Dominique, en Mont\u00e9r\u00e9gie, sont les laur\u00e9ats du concours Jeunes agriculteurs d\u2019\u00e9lite du Canada, section Qu\u00e9bec. Parents de quatre enfants, les propri\u00e9taires de la Ferme R\u00e9so, sp\u00e9cialis\u00e9e dans la production de veaux de grain et de grandes cultures se sont illustr\u00e9s par leurs aptitudes entrepreneuriales, par leur gestion efficace et leur sens de la famille.<\/p>\n<p>\u00ab Le fruit de leurs efforts les a men\u00e9s \u00e0 cette reconnaissance, attestant de leur d\u00e9vouement remarquable \u00bb, ont soulign\u00e9 les organisateurs du concours.<\/p>\n<p><em>Source : PBQ<\/em><\/p>\n<p style=\"text-align: left;\"><a href=\"#top\">Retour en haut<\/a><a id=\"A5\"><\/a><\/p>\n<hr>\n<h4><strong><img loading=\"lazy\" decoding=\"async\" class=\"wp-image-19684 alignright\" src=\"https:\/\/bovin.qc.ca\/wp-content\/uploads\/2023\/09\/Logo-TESA-fr-quebec.png\" alt=\"\" width=\"206\" height=\"286\" srcset=\"https:\/\/bovin.qc.ca\/wp-content\/uploads\/2023\/09\/Logo-TESA-fr-quebec.png 1791w, https:\/\/bovin.qc.ca\/wp-content\/uploads\/2023\/09\/Logo-TESA-fr-quebec-216x300.png 216w, https:\/\/bovin.qc.ca\/wp-content\/uploads\/2023\/09\/Logo-TESA-fr-quebec-92x128.png 92w, https:\/\/bovin.qc.ca\/wp-content\/uploads\/2023\/09\/Logo-TESA-fr-quebec-1105x1536.png 1105w, https:\/\/bovin.qc.ca\/wp-content\/uploads\/2023\/09\/Logo-TESA-fr-quebec-1474x2048.png 1474w\" sizes=\"auto, (max-width: 206px) 100vw, 206px\" \/>Retour du Prix TESA<\/strong><\/h4>\n<p>\u00ab L\u2019engagement envers la terre, l\u2019eau et la faune est une condition pr\u00e9alable \u00e0 l\u2019\u00e9levage du b\u00e9tail en bonne sant\u00e9. La durabilit\u00e9 n\u2019est pas un mot \u00e0 la mode\u2026 c\u2019est un mode de vie.&nbsp;\u00bb<\/p>\n<p>Depuis 1996, le Prix de l\u2019intendance environnementale (TESA) a \u00e9t\u00e9 d\u00e9cern\u00e9 chaque ann\u00e9e au niveau national pour r\u00e9compenser le leadership des producteurs de bovins en mati\u00e8re de conservation. Les candidats sont s\u00e9lectionn\u00e9s sur la base de leurs pratiques de gestion, leurs r\u00e9alisations et leurs objectifs. Chaque province s\u00e9lectionne un candidat qui devient ensuite un candidat potentiel au prix national.<\/p>\n<p>&nbsp;<\/p>\n<p>Neuf crit\u00e8res de s\u00e9lection sont analys\u00e9s et un pointage est associ\u00e9 \u00e0 chacun d\u2019eux. <a href=\"https:\/\/bovin.qc.ca\/wp-content\/uploads\/2023\/08\/Prix-TESA-criteres-du-concours-20-juin-2023.pdf\" target=\"_blank\" rel=\"noopener\">Voir les crit\u00e8res ici.<\/a><\/p>\n<p>Un formulaire de mise en candidature doit \u00eatre compl\u00e9t\u00e9 et transmis \u00e0 votre secr\u00e9taire r\u00e9gional du Syndicat des producteurs de bovins. <a href=\"https:\/\/bovin.qc.ca\/wp-content\/uploads\/2023\/08\/FORMULAIRE-MISE-EN-CANDIDATURE-Prix-TESA-20-juin-2023-editable.pdf\" target=\"_blank\" rel=\"noopener\">Voir le formulaire de mise en candidature ici.<\/a><\/p>\n<p>Les mises en candidatures sont ouvertes et le dossier doit \u00eatre remis \u00e0 votre syndicat \u00e0 l\u2019automne afin que la candidature soit transmise au comit\u00e9 de s\u00e9lection pour le 1<sup>er<\/sup> janvier 2024<\/p>\n<p>Contactez votre secr\u00e9taire r\u00e9gional pour signifier votre int\u00e9r\u00eat et conna\u00eetre le processus r\u00e9gional. <a href=\"https:\/\/bovin.qc.ca\/nous-joindre\/\" target=\"_blank\" rel=\"noopener\">Voir la liste des secr\u00e9taires r\u00e9gionaux ici.<\/a><\/p>\n<p><em>Source : PBQ<\/em><\/p>\n<p style=\"text-align: left;\"><a href=\"#top\">Retour en haut<\/a><a id=\"A6\"><\/a><\/p>\n<hr>\n<h4 class=\"UbhFJ7 nkqC0Q blog-post-title-font blog-post-title-color blog-text-color post-title blog-hover-container-element-color FG3qXk blog-post-page-title-font\" data-hook=\"post-title\"><span class=\"post-title__text blog-post-title-font blog-post-title-color\"><span class=\"blog-post-title-font blog-post-title-color\"><img loading=\"lazy\" decoding=\"async\" class=\"wp-image-19686  aligncenter\" src=\"https:\/\/bovin.qc.ca\/wp-content\/uploads\/2023\/09\/A4-Agrirecup-logo.png\" alt=\"\" width=\"191\" height=\"88\" srcset=\"https:\/\/bovin.qc.ca\/wp-content\/uploads\/2023\/09\/A4-Agrirecup-logo.png 300w, https:\/\/bovin.qc.ca\/wp-content\/uploads\/2023\/09\/A4-Agrirecup-logo-278x128.png 278w\" sizes=\"auto, (max-width: 191px) 100vw, 191px\" \/><\/span><\/span><\/h4>\n<h4 class=\"UbhFJ7 nkqC0Q blog-post-title-font blog-post-title-color blog-text-color post-title blog-hover-container-element-color FG3qXk blog-post-page-title-font\" data-hook=\"post-title\"><span class=\"post-title__text blog-post-title-font blog-post-title-color\"><span class=\"blog-post-title-font blog-post-title-color\">Les plastiques agricoles d\u00e9sormais assujettis aux \u00e9cofrais<\/span><\/span><\/h4>\n<p>\u00c0 compter du 1<sup>er<\/sup> octobre 2023, des \u00e9cofrais seront graduellement appliqu\u00e9s \u00e0 l\u2019achat de produits utilisant des plastiques agricoles. Parmi les diff\u00e9rentes cat\u00e9gories de plastique assujetties \u00e0 cette mesure, mentionnons les plastiques utilis\u00e9s pour l\u2019ensilage et le foin, les sacs de semences et de fertilisants, les bidons et les barils.<\/p>\n<p><img loading=\"lazy\" decoding=\"async\" class=\"aligncenter size-full wp-image-19688\" src=\"https:\/\/bovin.qc.ca\/wp-content\/uploads\/2023\/09\/ecofrais.jpg\" alt=\"\" width=\"815\" height=\"240\" srcset=\"https:\/\/bovin.qc.ca\/wp-content\/uploads\/2023\/09\/ecofrais.jpg 815w, https:\/\/bovin.qc.ca\/wp-content\/uploads\/2023\/09\/ecofrais-300x88.jpg 300w, https:\/\/bovin.qc.ca\/wp-content\/uploads\/2023\/09\/ecofrais-435x128.jpg 435w\" sizes=\"auto, (max-width: 815px) 100vw, 815px\" \/><\/p>\n<p>AgriR\u00c9CUP, qui est l\u2019organisme de gestion reconnu, pr\u00e9cise que les \u00e9cofrais vont financer le d\u00e9veloppement et la mise en \u0153uvre de programmes de collecte, de recyclage et de r\u00e9cup\u00e9ration pour g\u00e9rer les plastiques agricoles d\u2019une mani\u00e8re respectueuse de l\u2019environnement.<\/p>\n<p>L\u2019application des <a href=\"https:\/\/agrirecup.ca\/wp-content\/uploads\/2023\/09\/Plastiques-agricoles-assujettis-aux-ecofrais.pdf\" target=\"_blank\" rel=\"noopener\">\u00e9cofrais<\/a> s\u2019inscrit dans la mise en place de nouveaux programmes de gestion des plastiques agricoles, conform\u00e9ment \u00e0 un r\u00e8glement adopt\u00e9 par le gouvernement du Qu\u00e9bec en 2022.<\/p>\n<p>Pour conna\u00eetre les nouveaux r\u00e8glements, consultez le site d\u2019<a href=\"https:\/\/agrirecup.ca\/de-nouveaux-programmes-de-collecte-et-de-recyclage-des-plastiques-agricoles\/\" target=\"_blank\" rel=\"noopener\">AgriR\u00c9CUP<\/a>.<\/p>\n<p><em>Source : PBQ<\/em><\/p>\n<p style=\"text-align: left;\"><a href=\"#top\">Retour en haut<\/a><a id=\"A7\"><\/a><\/p>\n<hr>\n<h4 class=\"UbhFJ7 nkqC0Q blog-post-title-font blog-post-title-color blog-text-color post-title blog-hover-container-element-color FG3qXk blog-post-page-title-font\" data-hook=\"post-title\"><span class=\"post-title__text blog-post-title-font blog-post-title-color\"><span class=\"blog-post-title-font blog-post-title-color\"><img loading=\"lazy\" decoding=\"async\" class=\"aligncenter wp-image-19861\" src=\"https:\/\/bovin.qc.ca\/wp-content\/uploads\/2023\/09\/sondage-fertilisation-durable-scaled.jpg\" alt=\"\" width=\"815\" height=\"397\" srcset=\"https:\/\/bovin.qc.ca\/wp-content\/uploads\/2023\/09\/sondage-fertilisation-durable-scaled.jpg 2560w, https:\/\/bovin.qc.ca\/wp-content\/uploads\/2023\/09\/sondage-fertilisation-durable-300x146.jpg 300w, https:\/\/bovin.qc.ca\/wp-content\/uploads\/2023\/09\/sondage-fertilisation-durable-263x128.jpg 263w, https:\/\/bovin.qc.ca\/wp-content\/uploads\/2023\/09\/sondage-fertilisation-durable-1536x748.jpg 1536w, https:\/\/bovin.qc.ca\/wp-content\/uploads\/2023\/09\/sondage-fertilisation-durable-2048x998.jpg 2048w\" sizes=\"auto, (max-width: 815px) 100vw, 815px\" \/><\/span><\/span><\/h4>\n<h4 class=\"UbhFJ7 nkqC0Q blog-post-title-font blog-post-title-color blog-text-color post-title blog-hover-container-element-color FG3qXk blog-post-page-title-font\" data-hook=\"post-title\"><span class=\"post-title__text blog-post-title-font blog-post-title-color\"><span class=\"blog-post-title-font blog-post-title-color\">Enqu\u00eate sur l&#8217;optimisation de la fertilisation agricole : votre voix pour des solutions durables<\/span><\/span><\/h4>\n<p class=\"xxmsonormal\"><span style=\"font-size: 12.0pt; color: #050505; background: white;\">La sant\u00e9 de nos sols et de notre environnement est une priorit\u00e9 partag\u00e9e par les intervenants et producteurs agricoles . Nous savons que vous avez \u00e0 c\u0153ur le respect des normes environnementales, l\u2019optimisation de la productivit\u00e9 de des cultures et l\u2019am\u00e9lioration des profits. Dans le cadre du projet : Optimiser la gestion des mati\u00e8res fertilisantes en production bovine par la caract\u00e9risation des effluents d\u2019\u00e9levage. Les Producteurs de bovins du Qu\u00e9bec souhaitent faciliter l\u2019utilisation des r\u00e9sultats de caract\u00e9risation des effluents d\u2019\u00e9levage afin d\u2019optimiser la gestion des mati\u00e8res fertilisantes et r\u00e9duire l\u2019importation de mati\u00e8res fertilisantes azot\u00e9e. C\u2019est pourquoi il nous fait plaisir de s\u2019associer avec Mon Syst\u00e8me Fourrager pour la r\u00e9alisation de consultations sur l\u2019optimisation de la fertilisation au Qu\u00e9bec<\/span><\/p>\n<p class=\"xxmsonormal\"><span style=\"font-size: 12.0pt;\">Veuillez prendre quelques minutes pour compl\u00e9ter le sondage.<\/span><\/p>\n<p><a href=\"https:\/\/fr.surveymonkey.com\/r\/QB6ZJH2\" target=\"_blank\" rel=\"noopener\"><img loading=\"lazy\" decoding=\"async\" class=\"alignleft wp-image-19863\" src=\"https:\/\/bovin.qc.ca\/wp-content\/uploads\/2023\/09\/sondage-inflation-cta-button.png\" alt=\"\" width=\"227\" height=\"50\" srcset=\"https:\/\/bovin.qc.ca\/wp-content\/uploads\/2023\/09\/sondage-inflation-cta-button.png 814w, https:\/\/bovin.qc.ca\/wp-content\/uploads\/2023\/09\/sondage-inflation-cta-button-300x66.png 300w, https:\/\/bovin.qc.ca\/wp-content\/uploads\/2023\/09\/sondage-inflation-cta-button-579x128.png 579w\" sizes=\"auto, (max-width: 227px) 100vw, 227px\" \/><\/a><\/p>\n<p>&nbsp;<\/p>\n<p class=\"xxmsonormal\">&nbsp;<\/p>\n<p><em>Source : PBQ<\/em><\/p>\n<p style=\"text-align: left;\"><a href=\"#top\">Retour en haut<\/a><a id=\"br\"><\/a><\/p>\n<table style=\"width: 100%; border-collapse: collapse; background-color: #a52a2a;\" border=\"0\">\n<tbody>\n<tr>\n<td style=\"width: 100%;\">\n<h3 style=\"text-align: center;\"><span style=\"color: #ffffff;\">BOVIN DE R\u00c9FORME ET VEAU LAITIER<a id=\"BR1\"><\/a><\/span><\/h3>\n<\/td>\n<\/tr>\n<\/tbody>\n<\/table>\n<h4 style=\"text-align: left;\"><img loading=\"lazy\" decoding=\"async\" class=\"wp-image-19719 size-full alignright\" src=\"https:\/\/bovin.qc.ca\/wp-content\/uploads\/2023\/09\/encan-thanksgiving-1.jpg\" alt=\"\" width=\"230\" height=\"147\" srcset=\"https:\/\/bovin.qc.ca\/wp-content\/uploads\/2023\/09\/encan-thanksgiving-1.jpg 230w, https:\/\/bovin.qc.ca\/wp-content\/uploads\/2023\/09\/encan-thanksgiving-1-200x128.jpg 200w\" sizes=\"auto, (max-width: 230px) 100vw, 230px\" \/>Encans : Action de gr\u00e2ce<\/h4>\n<p>Tous les encans seront ouverts le jour de l\u2019Action de gr\u00e2ce, soit le 9 octobre 2023.<\/p>\n<p style=\"text-align: left;\"><em>Source : PBQ<\/em><\/p>\n<p style=\"text-align: left;\"><a href=\"#top\">Retour en haut<\/a><a id=\"br2\"><\/a><\/p>\n<table style=\"width: 100%; border-collapse: collapse; background-color: #a52a2a;\" border=\"0\">\n<tbody>\n<tr>\n<td style=\"width: 100%;\">\n<h3 style=\"text-align: center;\"><span style=\"color: #ffffff;\"><strong>VEAU DE GRAIN <\/strong><a id=\"vg\"><\/a><\/span><\/h3>\n<\/td>\n<\/tr>\n<\/tbody>\n<\/table>\n<h4 style=\"text-align: left;\"><img loading=\"lazy\" decoding=\"async\" class=\"aligncenter wp-image-18961 size-full\" src=\"https:\/\/bovin.qc.ca\/wp-content\/uploads\/2023\/07\/WP-trucs-et-astuces.jpg\" alt=\"\" width=\"815\" height=\"256\" srcset=\"https:\/\/bovin.qc.ca\/wp-content\/uploads\/2023\/07\/WP-trucs-et-astuces.jpg 815w, https:\/\/bovin.qc.ca\/wp-content\/uploads\/2023\/07\/WP-trucs-et-astuces-300x94.jpg 300w, https:\/\/bovin.qc.ca\/wp-content\/uploads\/2023\/07\/WP-trucs-et-astuces-408x128.jpg 408w\" sizes=\"auto, (max-width: 815px) 100vw, 815px\" \/><\/h4>\n<h4 style=\"text-align: left;\">Des trucs et astuces \u00e0 toutes les semaines!<\/h4>\n<p>Saviez-vous que vous recevez des trucs et astuces sur la certification \u00e0 tous les vendredis \u00e0 l\u2019int\u00e9rieur de votre VG-VL Hebdo?<\/p>\n<p>Voici ceux de septembre au cas o\u00f9 vous les auriez manqu\u00e9s :<\/p>\n<p><img loading=\"lazy\" decoding=\"async\" class=\"aligncenter wp-image-19698 size-full\" src=\"https:\/\/bovin.qc.ca\/wp-content\/uploads\/2023\/09\/Trucs-et-astuces-septembre.gif\" alt=\"\" width=\"815\" height=\"458\"><\/p>\n<p>&nbsp;<\/p>\n<p>Cliquez <a href=\"https:\/\/bovin.qc.ca\/wp-content\/uploads\/2023\/09\/Diaporama-Trucs-et-astuces_082023.pdf\" target=\"_blank\" rel=\"noopener\"><strong>ICI<\/strong><\/a> pour t\u00e9l\u00e9charger la version PDF.<\/p>\n<p style=\"text-align: left;\"><em>Source : PBQ<\/em><\/p>\n<p style=\"text-align: left;\"><a href=\"#top\">Retour en haut<\/a><a id=\"vgvl\"><\/a><\/p>\n<table style=\"width: 100%; border-collapse: collapse; background-color: #a52a2a;\" border=\"0\">\n<tbody>\n<tr>\n<td style=\"width: 100%;\">\n<h3 style=\"text-align: center;\"><span style=\"color: #ffffff;\"><strong>VEAU DE GRAIN ET VEAU DE LAIT<\/strong><a id=\"vl\"><\/a><\/span><\/h3>\n<\/td>\n<\/tr>\n<\/tbody>\n<\/table>\n<h4 style=\"text-align: left;\"><img loading=\"lazy\" decoding=\"async\" class=\"alignright wp-image-19693\" src=\"https:\/\/bovin.qc.ca\/wp-content\/uploads\/2023\/09\/Site-web.jpg\" alt=\"\" width=\"267\" height=\"201\" srcset=\"https:\/\/bovin.qc.ca\/wp-content\/uploads\/2023\/09\/Site-web.jpg 1021w, https:\/\/bovin.qc.ca\/wp-content\/uploads\/2023\/09\/Site-web-300x226.jpg 300w, https:\/\/bovin.qc.ca\/wp-content\/uploads\/2023\/09\/Site-web-170x128.jpg 170w\" sizes=\"auto, (max-width: 267px) 100vw, 267px\" \/>\u00c0 tous les producteurs de veaux : une nouvelle page Web cr\u00e9\u00e9e pour vous!<\/h4>\n<p>En un clic, trouvez et t\u00e9l\u00e9chargez tout ce dont vous aurez besoin pour dire au revoir aux demandes d\u2019actions correctives (DAC) en lien avec votre certification Veau v\u00e9rifi\u00e9 ou Veau de grain du Qu\u00e9bec certifi\u00e9!<\/p>\n<table style=\"border-collapse: collapse; width: 61.8031%; height: 64px;\">\n<tbody>\n<tr>\n<td style=\"width: 100%;\"><em><a href=\"https:\/\/bovin.qc.ca\/nos-grands-dossiers\/certification\/veau-verifie-et-vgqc\/ \" target=\"_blank\" rel=\"noopener\"><img loading=\"lazy\" decoding=\"async\" class=\"aligncenter wp-image-19695\" src=\"https:\/\/bovin.qc.ca\/wp-content\/uploads\/2023\/09\/CTA-button.png\" alt=\"\" width=\"242\" height=\"58\" srcset=\"https:\/\/bovin.qc.ca\/wp-content\/uploads\/2023\/09\/CTA-button.png 1004w, https:\/\/bovin.qc.ca\/wp-content\/uploads\/2023\/09\/CTA-button-300x72.png 300w, https:\/\/bovin.qc.ca\/wp-content\/uploads\/2023\/09\/CTA-button-531x128.png 531w\" sizes=\"auto, (max-width: 242px) 100vw, 242px\" \/><\/a><\/em><\/td>\n<\/tr>\n<\/tbody>\n<\/table>\n<p style=\"text-align: left;\">&nbsp;<\/p>\n<p>Source : PBQ<\/p>\n<p style=\"text-align: left;\"><a href=\"#top\">Retour en haut<\/a><a id=\"vgvl2\"><\/a><\/p>\n<hr>\n<h4 style=\"text-align: left;\"><img loading=\"lazy\" decoding=\"async\" class=\"aligncenter wp-image-17152 size-full\" src=\"https:\/\/bovin.qc.ca\/wp-content\/uploads\/2023\/02\/Veau-promotion.png\" alt=\"\" width=\"815\" height=\"215\" srcset=\"https:\/\/bovin.qc.ca\/wp-content\/uploads\/2023\/02\/Veau-promotion.png 815w, https:\/\/bovin.qc.ca\/wp-content\/uploads\/2023\/02\/Veau-promotion-300x79.png 300w, https:\/\/bovin.qc.ca\/wp-content\/uploads\/2023\/02\/Veau-promotion-485x128.png 485w\" sizes=\"auto, (max-width: 815px) 100vw, 815px\" \/><\/h4>\n<h4 style=\"text-align: left;\">Le Ma\u00eetre Fumeur cuisine les c\u00f4telettes de longe de veau de grain sur le BBQ<\/h4>\n<p><img loading=\"lazy\" decoding=\"async\" class=\"wp-image-19807 size-full alignleft\" src=\"https:\/\/bovin.qc.ca\/wp-content\/uploads\/2023\/09\/veauduqc2023-b-mf-001-640x390-1.jpg\" alt=\"\" width=\"640\" height=\"390\" srcset=\"https:\/\/bovin.qc.ca\/wp-content\/uploads\/2023\/09\/veauduqc2023-b-mf-001-640x390-1.jpg 640w, https:\/\/bovin.qc.ca\/wp-content\/uploads\/2023\/09\/veauduqc2023-b-mf-001-640x390-1-300x183.jpg 300w, https:\/\/bovin.qc.ca\/wp-content\/uploads\/2023\/09\/veauduqc2023-b-mf-001-640x390-1-210x128.jpg 210w\" sizes=\"auto, (max-width: 640px) 100vw, 640px\" \/><\/p>\n<p>&nbsp;<\/p>\n<p>&nbsp;<\/p>\n<p>&nbsp;<\/p>\n<p>&nbsp;<\/p>\n<p>&nbsp;<\/p>\n<p>&nbsp;<\/p>\n<p>&nbsp;<\/p>\n<p>&nbsp;<\/p>\n<p>&nbsp;<\/p>\n<p>&nbsp;<\/p>\n<p>&nbsp;<\/p>\n<p>&nbsp;<\/p>\n<p>Pour sa deuxi\u00e8me recette, Micael B\u00e9liveau, alias le <a href=\"https:\/\/maitrefumeur.com\/\" target=\"_blank\" rel=\"noopener\">Ma\u00eetre Fumeur<\/a>, a offert une savoureuse recette de <a href=\"https:\/\/www.veauduquebec.com\/recettes\/cotelette-de-longe-de-veau-puree-de-panais-et-choux-de-bruxelles_235\/\" target=\"_blank\" rel=\"noopener\">c\u00f4telettes de longe de veau de grain accompagn\u00e9e d\u2019une pur\u00e9e de panais et des choux de Bruxelles<\/a>. Micael nous fait d\u00e9couvrir que ce morceau de viande est facile et rapide \u00e0 cuisiner et se marie parfaitement avec tout type d\u2019accompagnement. La recette a \u00e9t\u00e9 diffus\u00e9e sous forme de capsule vid\u00e9o sur les r\u00e9seaux sociaux et l\u2019infolettre personnalis\u00e9e du Ma\u00eetre Fumeur, ainsi que sur le site <a href=\"https:\/\/boucane.tv\/film\/cotelette-de-longe-de-veau-de-grain-du-quebec-puree-de-panais-et-choux-de-bruxelles\/\" target=\"_blank\" rel=\"noopener\">Boucane.tv<\/a>.<\/p>\n<p>Source : PBQ<\/p>\n<p style=\"text-align: left;\"><a href=\"#top\">Retour en haut<\/a><a id=\"ve\"><\/a><\/p>\n<table style=\"width: 100%; border-collapse: collapse; background-color: #a52a2a;\" border=\"0\">\n<tbody>\n<tr>\n<td style=\"width: 100%;\">\n<h3 style=\"text-align: center;\"><span style=\"color: #ffffff;\">VEAU D&#8217;EMBOUCHE<a id=\"ve\"><\/a><\/span><\/h3>\n<\/td>\n<\/tr>\n<\/tbody>\n<\/table>\n<h4 style=\"text-align: left;\">Circuit des encans sp\u00e9cialis\u00e9s de veaux d\u2019embouche du Qu\u00e9bec<\/h4>\n<h4><strong><img loading=\"lazy\" decoding=\"async\" class=\"alignright wp-image-19709\" src=\"https:\/\/bovin.qc.ca\/wp-content\/uploads\/2023\/09\/VE-1.jpg\" alt=\"\" width=\"250\" height=\"167\" srcset=\"https:\/\/bovin.qc.ca\/wp-content\/uploads\/2023\/09\/VE-1.jpg 1416w, https:\/\/bovin.qc.ca\/wp-content\/uploads\/2023\/09\/VE-1-300x200.jpg 300w, https:\/\/bovin.qc.ca\/wp-content\/uploads\/2023\/09\/VE-1-192x128.jpg 192w\" sizes=\"auto, (max-width: 250px) 100vw, 250px\" \/><\/strong><\/h4>\n<p>Depuis le 1<sup>er<\/sup>&nbsp;ao\u00fbt&nbsp;2023, tous les veaux d\u2019embouche commercialis\u00e9s dans le Circuit doivent \u00eatre n\u00e9s d\u2019un troupeau reproducteur vaccin\u00e9 pour la protection f\u0153tale. \u00c9tant donn\u00e9 l\u2019ampleur de cette initiative, l\u2019ann\u00e9e \u00e0 venir sera consacr\u00e9e \u00e0 l\u2019introduction et \u00e0 l\u2019accompagnement des producteurs qui ne se seraient pas conform\u00e9s dans les temps.<\/p>\n<p>Pour faciliter la mise en \u0153uvre et l\u2019accompagnement, voici quelques \u00e9l\u00e9ments importants&nbsp;:<\/p>\n<ul>\n<li>Utilisez la version&nbsp;2023-2024 de la <em>D\u00e9claration de vaccination<\/em>, car une section sur la vaccination du troupeau reproducteur a \u00e9t\u00e9 ajout\u00e9e;<\/li>\n<\/ul>\n<p><img loading=\"lazy\" decoding=\"async\" class=\"aligncenter wp-image-19711\" src=\"https:\/\/bovin.qc.ca\/wp-content\/uploads\/2023\/09\/vaccination.png\" alt=\"\" width=\"815\" height=\"214\" srcset=\"https:\/\/bovin.qc.ca\/wp-content\/uploads\/2023\/09\/vaccination.png 1278w, https:\/\/bovin.qc.ca\/wp-content\/uploads\/2023\/09\/vaccination-300x79.png 300w, https:\/\/bovin.qc.ca\/wp-content\/uploads\/2023\/09\/vaccination-487x128.png 487w\" sizes=\"auto, (max-width: 815px) 100vw, 815px\" \/><\/p>\n<ul>\n<li>Remplissez la section Vaccination du troupeau reproducteur \u00e0 chaque livraison de veaux \u00e0 l\u2019encan sp\u00e9cialis\u00e9;<\/li>\n<li>Inscrivez \u00ab\u2009EN PROCESSUS\u2009\u00bb dans la section Vaccination du troupeau reproducteur si l\u2019introduction de la vaccination pour la protection f\u0153tale n\u2019est pas compl\u00e9t\u00e9e;<\/li>\n<li>Inscrivez \u00ab\u2009Plusieurs groupes de v\u00ealages\u2009\u00bb ou \u00ab\u2009V\u00ealages \u00e0 l\u2019ann\u00e9e\u2009\u00bb lorsqu\u2019il y a plusieurs dates de vaccination.<\/li>\n<li>Fournissez une copie de la facture d\u2019achat des vaccins pour les veaux d\u2019embouche <strong>et <\/strong>pour le troupeau reproducteur.\n<ul>\n<li><strong>Plusieurs groupes de v\u00ealages ou V\u00ealages \u00e0 l\u2019ann\u00e9e<\/strong><br \/>\nPour chaque veau vendu, il doit y avoir deux doses de vaccin sur la ou les factures d&#8217;achat&nbsp;: une pour le veau et une pour sa m\u00e8re.<\/li>\n<\/ul>\n<\/li>\n<\/ul>\n<p>Les producteurs dont la d\u00e9claration de vaccination pr\u00e9sente des informations manquantes ou erron\u00e9es seront contact\u00e9s par l\u2019agence de vente des veaux d\u2019embouche afin de v\u00e9rifier l\u2019\u00e9tat de la vaccination et de veiller \u00e0 ce que les documents soient remplis correctement lors des prochaines ventes.<\/p>\n<h4><em>Source : PBQ<\/em><\/h4>\n<p style=\"text-align: left;\"><a href=\"#top\">Retour en haut<\/a><a id=\"patbq\"><\/a><\/p>\n<hr>\n<h4><img loading=\"lazy\" decoding=\"async\" class=\"aligncenter size-full wp-image-12352\" src=\"https:\/\/bovin.qc.ca\/wp-content\/uploads\/2021\/05\/PATBQ.jpg\" alt=\"\" width=\"238\" height=\"156\" srcset=\"https:\/\/bovin.qc.ca\/wp-content\/uploads\/2021\/05\/PATBQ.jpg 238w, https:\/\/bovin.qc.ca\/wp-content\/uploads\/2021\/05\/PATBQ-195x128.jpg 195w\" sizes=\"auto, (max-width: 238px) 100vw, 238px\" \/><\/h4>\n<h4><strong>Tout savoir sur le PATBQ! Qui? Quoi? O\u00f9? Comment? Des nouveaut\u00e9s avec \u00e7a? <\/strong><\/h4>\n<p><img loading=\"lazy\" decoding=\"async\" class=\"alignright wp-image-19722\" src=\"https:\/\/bovin.qc.ca\/wp-content\/uploads\/2023\/09\/Services-revus-V2.png\" alt=\"\" width=\"380\" height=\"318\" srcset=\"https:\/\/bovin.qc.ca\/wp-content\/uploads\/2023\/09\/Services-revus-V2.png 940w, https:\/\/bovin.qc.ca\/wp-content\/uploads\/2023\/09\/Services-revus-V2-300x251.png 300w, https:\/\/bovin.qc.ca\/wp-content\/uploads\/2023\/09\/Services-revus-V2-153x128.png 153w\" sizes=\"auto, (max-width: 380px) 100vw, 380px\" \/><\/p>\n<p><strong>Qui?<\/strong><\/p>\n<p>Le Programme d\u2019analyse des troupeaux de boucherie du Qu\u00e9bec (PATBQ) a \u00e9t\u00e9 cr\u00e9\u00e9 au Qu\u00e9bec, pour le b\u0153uf ! Il s\u2019adresse donc aux producteurs de bovins de boucherie du Qu\u00e9bec et est accessible autant pour les producteurs en races pures, que pour les producteurs en races crois\u00e9es.<\/p>\n<p><strong>Quoi?<\/strong><\/p>\n<p>Le PATBQ c\u2019est \u2026<\/p>\n<ul>\n<li>un logiciel de r\u00e9gie de troupeau;<\/li>\n<li>une \u00e9valuation g\u00e9n\u00e9tique des animaux;<\/li>\n<li>un suivi Attestra;<\/li>\n<li>une entit\u00e9 reconnue par la Financi\u00e8re Agricole du Qu\u00e9bec.<\/li>\n<\/ul>\n<p><strong>O\u00f9?<\/strong><\/p>\n<p>Dans le confort de votre foyer. Le PATBQ est enti\u00e8rement informatis\u00e9 et soutenu par une <a href=\"https:\/\/www.patbq.ca\/le-patbq\/#ws-block-team-member-with-media-oE3rKiLv\" target=\"_blank\" rel=\"noopener\">\u00e9quipe de techniciens et d\u2019agronomes<\/a>!<\/p>\n<p><strong>Comment?<\/strong><\/p>\n<p>Il suffit de <a href=\"https:\/\/www.patbq.ca\/nous-joindre\/\" target=\"_blank\" rel=\"noopener\">communiquer avec l\u2019\u00e9quipe du PATBQ<\/a> par courriel (<a href=\"mailto:patbqservice@cdpq.ca\" target=\"_blank\" rel=\"noopener\">patbqservice@cdpq.ca<\/a>) ou par t\u00e9l\u00e9phone (418-650-2440 poste 4400)!<\/p>\n<p><strong>Nouveaut\u00e9s!<\/strong><\/p>\n<p>Les diff\u00e9rents services offerts par l\u2019\u00e9quipe du PATBQ ont r\u00e9cemment \u00e9t\u00e9 revus pour r\u00e9pondre \u00e0 vos besoins&nbsp;:<\/p>\n<ul>\n<li>Service d\u2019aide \u00e0 la saisie de donn\u00e9es dans le logiciel PATBQ, ou sur le site Web <a href=\"https:\/\/montaureau.com\/\" target=\"_blank\" rel=\"noopener\">MONTAUREAU.COM<\/a>;<\/li>\n<li>Service de pes\u00e9es accompagn\u00e9es de vos animaux (veaux, bouvillons, femelles, taureaux);<\/li>\n<li>Service de mesures aux ultrasons avec analyse d\u2019images accr\u00e9dit\u00e9e UGC;<\/li>\n<li>Forfait pour les stations d\u2019\u00e9levage multisources et uni-source.<\/li>\n<\/ul>\n<p>Pour plus d\u2019informations sur le PATBQ venez visiter notre <a href=\"https:\/\/www.patbq.ca\/\" target=\"_blank\" rel=\"noopener\">site web&nbsp;<\/a>!<\/p>\n<p><em>Source : PATBQ<\/em><\/p>\n<p style=\"text-align: left;\"><a href=\"#top\">Retour en haut<\/a><a id=\"veba\"><\/a><\/p>\n<table style=\"width: 100%; border-collapse: collapse; background-color: #a52a2a; height: 65px;\" border=\"0\">\n<tbody>\n<tr style=\"height: 65px;\">\n<td style=\"width: 100%; height: 65px;\">\n<h3 style=\"text-align: center;\"><span style=\"color: #ffffff;\">VEAU D&#8217;EMBOUCHE ET BOUVILLON D&#8217;ABATTAGE<a id=\"veba\"><\/a><\/span><\/h3>\n<\/td>\n<\/tr>\n<\/tbody>\n<\/table>\n<h4><img loading=\"lazy\" decoding=\"async\" class=\"aligncenter wp-image-18097\" src=\"https:\/\/bovin.qc.ca\/wp-content\/uploads\/2023\/05\/La-chronique-VBP.png\" alt=\"\" width=\"815\" height=\"272\" srcset=\"https:\/\/bovin.qc.ca\/wp-content\/uploads\/2023\/05\/La-chronique-VBP.png 1630w, https:\/\/bovin.qc.ca\/wp-content\/uploads\/2023\/05\/La-chronique-VBP-300x100.png 300w, https:\/\/bovin.qc.ca\/wp-content\/uploads\/2023\/05\/La-chronique-VBP-384x128.png 384w, https:\/\/bovin.qc.ca\/wp-content\/uploads\/2023\/05\/La-chronique-VBP-1536x513.png 1536w\" sizes=\"auto, (max-width: 815px) 100vw, 815px\" \/><\/h4>\n<p>&nbsp;<\/p>\n<h4><strong>Le d\u00e9compte est commenc\u00e9 avant la premi\u00e8re ench\u00e8re \u00e9lectronique de veaux d\u2019embouche!<\/strong><\/h4>\n<p>Les producteurs peuvent annoncer leurs animaux pour l\u2019ench\u00e8re \u00e9lectronique du 3 octobre prochain. L\u2019une des conditions est d\u2019\u00eatre certifi\u00e9 VBP+! Vendre vos animaux \u00e0 des producteurs de bouvillons certifi\u00e9s VBP+ permet d\u2019augmenter vos chances d\u2019entrer dans la cha\u00eene de valeur b\u0153uf durable!<\/p>\n<p>La premi\u00e8re \u00e9tape pour devenir VBP+ est de s\u2019inscrire \u00e0 une formation sur le programme. Pour se former d\u00e8s que possible, inscrivez-vous au cours VBP+ 2.0 Formation en ligne sur le site Cattle Learning Center en cliquant <a href=\"https:\/\/www.canadiancattlelearningcenter.com\/#\/public-dashboard\" target=\"_blank\" rel=\"noopener\"><strong>ICI<\/strong><\/a>.<\/p>\n<p>Pour plus de d\u00e9tails ou pour obtenir des r\u00e9ponses \u00e0 vos questions, \u00e9crivez-nous au <a href=\"mailto:pbqcertification@upa.qc.ca\">pbqcertification@upa.qc.ca<\/a>.<\/p>\n<h4 style=\"text-align: left;\"><a href=\"mailto:clariveebazinet@upa.qc.ca\"><img loading=\"lazy\" decoding=\"async\" class=\"aligncenter wp-image-17329 size-full\" src=\"https:\/\/bovin.qc.ca\/wp-content\/uploads\/2023\/06\/Certification-VBP-Catherine.png\" alt=\"\" width=\"815\" height=\"630\"><\/a><\/h4>\n<p><em>Source : PBQ<\/em><\/p>\n<p style=\"text-align: left;\"><a href=\"#top\">Retour en haut<\/a><a id=\"veba2\"><\/a><\/p>\n<hr>\n<p><img loading=\"lazy\" decoding=\"async\" class=\"aligncenter wp-image-17365 size-full\" src=\"https:\/\/bovin.qc.ca\/wp-content\/uploads\/2023\/06\/nos-ambassadeurs2.png\" alt=\"\" width=\"815\" height=\"226\"><\/p>\n<p><strong>M. Mathieu Claessens, Ferme Claessens et fils<\/strong><\/p>\n<p><strong>Pourquoi se certifier VBP+? Pour \u00eatre ma\u00eetre de son histoire et pouvoir la raconter \u00e0 travers la certification. Ce mois-ci, voyons la petite histoire VBP+ de M. Mathieu Claessens, producteur de Saint-Liboire. <\/strong><\/p>\n<p><img loading=\"lazy\" decoding=\"async\" class=\"aligncenter wp-image-19725 size-full\" src=\"https:\/\/bovin.qc.ca\/wp-content\/uploads\/2023\/09\/Ferme-Claessens-en-bref.png\" alt=\"\" width=\"297\" height=\"202\" srcset=\"https:\/\/bovin.qc.ca\/wp-content\/uploads\/2023\/09\/Ferme-Claessens-en-bref.png 297w, https:\/\/bovin.qc.ca\/wp-content\/uploads\/2023\/09\/Ferme-Claessens-en-bref-188x128.png 188w\" sizes=\"auto, (max-width: 297px) 100vw, 297px\" \/><\/p>\n<p><strong>\u00catre certifi\u00e9 au-del\u00e0 de la prime<\/strong><\/p>\n<p>M. Mathieu Claessens est propri\u00e9taire de l\u2019entreprise familiale depuis 2010. En 2017, il a d\u00e9cid\u00e9 de certifier son site d\u2019\u00e9levage. Nous lui avons demand\u00e9 quels \u00e9taient les avantages d\u2019\u00eatre certifi\u00e9 VBP+ : \u00ab&nbsp;Le premier avantage que je vois c\u2019est l\u2019opportunit\u00e9 que les registres nous donnent de faire de la collecte de donn\u00e9es de production. Avec ces informations-l\u00e0, on est capable de prendre de meilleures d\u00e9cisions pour notre entreprise.<\/p>\n<p>Ensuite, la certification nous aide \u00e0 mettre en place des crit\u00e8res de s\u00e9curit\u00e9 bioalimentaires auxquels on ne penserait pas toujours autrement. C\u2019est surtout le cas pour la gestion des m\u00e9dicaments et de l\u2019alimentation. \u00c7a nous aide \u00e0 g\u00e9rer le risque de contamination et \u00e7a minimise notre marge d\u2019erreur.<\/p>\n<p>Avec des employ\u00e9s, c\u2019est tr\u00e8s important pour que tout le monde sache o\u00f9 on s\u2019en va et que tout le monde travaille de la m\u00eame fa\u00e7on. Je pense que c\u2019est tout aussi important pour un producteur qui n\u2019a pas d\u2019employ\u00e9s; la certification est l\u00e0 pour nous donner des pistes de solutions, employ\u00e9s ou pas.&nbsp;\u00bb<\/p>\n<p><strong>Des registres qui en disent long<\/strong><\/p>\n<p>Nous avons \u00e9galement demand\u00e9 au producteur s\u2019il avait d\u00e9j\u00e0 v\u00e9cu une situation o\u00f9 la certification ou la tenue de dossiers lui avait \u00e9t\u00e9 utile : \u00ab Oui, le registre de traitements de groupe m\u2019a \u00e9t\u00e9 tr\u00e8s utile. Il y a quelque temps, en regardant la date d\u2019un traitement et en ayant not\u00e9 le nom du produit, on a r\u00e9alis\u00e9 que ce dernier n\u2019avait pas \u00e9t\u00e9 efficace. Nous avons donc d\u00fb traiter de nouveau pour \u00e9viter des probl\u00e8mes de sant\u00e9 dans le troupeau. Nous avons sauv\u00e9 temps et argent. Comme je disais tant\u00f4t, les registres sont tr\u00e8s utiles quand vient le temps de prendre des d\u00e9cisions \u00e9clair\u00e9es.&nbsp;\u00bb<\/p>\n<p><strong>Remerciements<\/strong><\/p>\n<p>Nous tenons \u00e0 remercier M. Mathieu Claessens de Ferme Claessens et fils pour sa g\u00e9n\u00e9rosit\u00e9 et sa participation \u00e0 notre s\u00e9rie \u00ab&nbsp;Ambassadeurs VBP+&nbsp;\u00bb.<\/p>\n<p><em>Source : PBQ<\/em><\/p>\n<p style=\"text-align: left;\"><a href=\"#top\">Retour en haut<\/a><a id=\"veba3\"><\/a><\/p>\n<hr>\n<h3><img loading=\"lazy\" decoding=\"async\" class=\"aligncenter size-full wp-image-19727\" src=\"https:\/\/bovin.qc.ca\/wp-content\/uploads\/2023\/09\/Webinaire-Certification-VPB.jpg\" alt=\"\" width=\"815\" height=\"454\" srcset=\"https:\/\/bovin.qc.ca\/wp-content\/uploads\/2023\/09\/Webinaire-Certification-VPB.jpg 815w, https:\/\/bovin.qc.ca\/wp-content\/uploads\/2023\/09\/Webinaire-Certification-VPB-300x167.jpg 300w, https:\/\/bovin.qc.ca\/wp-content\/uploads\/2023\/09\/Webinaire-Certification-VPB-230x128.jpg 230w\" sizes=\"auto, (max-width: 815px) 100vw, 815px\" \/><\/h3>\n<h3>Novembre 2023, le mois parfait pour suivre une formation gratuite VBP+!<\/h3>\n<p>Joignez-vous en ligne \u00e0 Nathalie et Catherine le 8 ou 14 novembre prochains pour une formation de deux heures sur le programme VBP+. Vous faites d\u00e9j\u00e0 du bon travail. Montrez-le avec VBP+!<\/p>\n<p>Les sujets de la formation :<\/p>\n<ul>\n<li>Conna\u00eetre les exigences du programme VBP+;<\/li>\n<li>Savoir quels registres doivent \u00eatre compl\u00e9t\u00e9s;<\/li>\n<li>Apprendre comment se d\u00e9roule un audit;<\/li>\n<li>Se pr\u00e9parer pour son premier audit.<\/li>\n<\/ul>\n<p><a href=\"https:\/\/us02web.zoom.us\/webinar\/register\/WN_hBi-iTVWSj-_DD0u4Bn2AQ\" target=\"_blank\" rel=\"noopener\"><strong>Cliquez ICI pour vous inscrire<\/strong><\/a><\/p>\n<p style=\"text-align: left;\"><a href=\"#top\">Retour en haut<\/a><a id=\"ba\"><\/a><\/p>\n<table style=\"width: 100%; border-collapse: collapse; background-color: #a52a2a;\" border=\"0\">\n<tbody>\n<tr>\n<td style=\"width: 100%;\">\n<h3 style=\"text-align: center;\"><span style=\"color: #ffffff;\">BOUVILLON D&#8217;ABATTAGE<a id=\"BA1\"><\/a><\/span><\/h3>\n<\/td>\n<\/tr>\n<\/tbody>\n<\/table>\n<h4><strong>La s\u00e9cheresse au Canada pourrait encore contraindre certains producteurs de bovins \u00e0 vendre une partie importante de leur troupeau<\/strong><\/h4>\n<p><img loading=\"lazy\" decoding=\"async\" class=\"aligncenter wp-image-19730\" src=\"https:\/\/bovin.qc.ca\/wp-content\/uploads\/2023\/09\/canadian-Drought-Monitor.png\" alt=\"\" width=\"815\" height=\"631\" srcset=\"https:\/\/bovin.qc.ca\/wp-content\/uploads\/2023\/09\/canadian-Drought-Monitor.png 1090w, https:\/\/bovin.qc.ca\/wp-content\/uploads\/2023\/09\/canadian-Drought-Monitor-300x232.png 300w, https:\/\/bovin.qc.ca\/wp-content\/uploads\/2023\/09\/canadian-Drought-Monitor-165x128.png 165w\" sizes=\"auto, (max-width: 815px) 100vw, 815px\" \/><\/p>\n<p>Encore une fois cette ann\u00e9e, les producteurs de bovins de certaines r\u00e9gions de l\u2019Ouest canadien sont confront\u00e9s \u00e0 des conditions de s\u00e9cheresse qui pourraient les ramener des ann\u00e9es en arri\u00e8re, pr\u00e9vient l\u2019Association canadienne des bovins (ACB).<\/p>\n<p>En juin, Agriculture Canada a indiqu\u00e9 que 83&nbsp;% du territoire agricole des quatre provinces les plus \u00e0 l\u2019ouest du Canada, \u00e0 savoir le Manitoba, la Saskatchewan, l\u2019Alberta et la Colombie-Britannique, \u00e9taient consid\u00e9r\u00e9s en situation de temps anormalement sec ou de s\u00e9cheresse mod\u00e9r\u00e9e \u00e0 s\u00e9v\u00e8re.<\/p>\n<p>M. Tyler Fulton, vice-pr\u00e9sident de l\u2019ACB, a soulign\u00e9 qu\u2019il \u00e9tait difficile pour les producteurs de maintenir la taille de leurs troupeaux et de poursuivre leurs activit\u00e9s commerciales dans ces conditions.<\/p>\n<p>Comme de nombreuses r\u00e9gions de l\u2019ouest du Canada continuent de subir les effets de la s\u00e9cheresse, certains producteurs devront vendre leurs veaux ou leurs vaches afin de r\u00e9duire la pression financi\u00e8re.<\/p>\n<p>Certains de ces animaux seront dirig\u00e9s vers le march\u00e9 ou l\u2019abattoir, ce qui pourrait avoir un impact durable sur la viabilit\u00e9 \u00e9conomique des fermes bovines pendant plusieurs ann\u00e9es.<\/p>\n<p>La s\u00e9cheresse qui s\u00e9vit depuis quelques ann\u00e9es a grandement affect\u00e9 la sant\u00e9 des p\u00e2turages, entra\u00eenant ainsi une forte baisse des rendements agricoles. Dans certaines fermes, la production d\u2019aliments pour animaux est presque inexistante en raison du manque d\u2019humidit\u00e9 n\u00e9cessaire \u00e0 la croissance de ces cultures. Par cons\u00e9quent, certains doivent envisager l\u2019achat de nourriture pour leurs b\u00eates ainsi que la vente d\u2019une partie de leur troupeau pour survivre.<\/p>\n<p><em><strong>Source : <\/strong>BNN Bloomberg, Commodit\u00e9s, 25 juillet 2023<\/em><\/p>\n<p><a href=\"#top\">Retour en haut<\/a><a id=\"FADQ\"><\/a><\/p>\n<table style=\"width: 100%; border-collapse: collapse; background-color: #a52a2a;\" border=\"0\">\n<tbody>\n<tr>\n<td style=\"width: 100%;\">\n<h3 style=\"text-align: center;\"><span style=\"color: #ffffff;\"><strong>NOUVELLES DE LA FINANCI\u00c8RE AGRICOLE DU QU\u00c9BEC<a id=\"F1\"><\/a><\/strong><\/span><\/h3>\n<\/td>\n<\/tr>\n<\/tbody>\n<\/table>\n<p><img loading=\"lazy\" decoding=\"async\" class=\"wp-image-14202 aligncenter\" src=\"https:\/\/bovin.qc.ca\/wp-content\/uploads\/2022\/05\/financiere_agricole_logo-344x128.jpg\" alt=\"\" width=\"231\" height=\"86\" srcset=\"https:\/\/bovin.qc.ca\/wp-content\/uploads\/2022\/05\/financiere_agricole_logo-344x128.jpg 344w, https:\/\/bovin.qc.ca\/wp-content\/uploads\/2022\/05\/financiere_agricole_logo-300x112.jpg 300w, https:\/\/bovin.qc.ca\/wp-content\/uploads\/2022\/05\/financiere_agricole_logo.jpg 1240w\" sizes=\"auto, (max-width: 231px) 100vw, 231px\" \/><\/p>\n<h4 style=\"text-align: left;\">Dommages li\u00e9s au climat : comprendre le calcul d\u2019une indemnisation<\/h4>\n<p>Les producteurs agricoles assur\u00e9s \u00e0 la protection Foin et p\u00e2turages peuvent recevoir une indemnit\u00e9 lors de dommages li\u00e9s au climat. La Financi\u00e8re agricole du Qu\u00e9bec (FADQ) offre le choix entre une protection contre la perte de rendement (quantit\u00e9) ou une protection quantit\u00e9 et qualit\u00e9.<\/p>\n<p><a href=\"https:\/\/www.fadq.qc.ca\/salle-de-presse\/actualites\/2023\/asrec-protection-foin-et-paturages?mtm_campaign=asrec-18aout23&amp;mtm_kwd=article&amp;mtm_medium=courriel\" target=\"_blank\" rel=\"noopener\"><img loading=\"lazy\" decoding=\"async\" class=\"alignleft wp-image-18765\" src=\"https:\/\/bovin.qc.ca\/wp-content\/uploads\/2023\/07\/ACB-lire-la-suite.png\" alt=\"\" width=\"180\" height=\"49\" srcset=\"https:\/\/bovin.qc.ca\/wp-content\/uploads\/2023\/07\/ACB-lire-la-suite.png 389w, https:\/\/bovin.qc.ca\/wp-content\/uploads\/2023\/07\/ACB-lire-la-suite-300x82.png 300w\" sizes=\"auto, (max-width: 180px) 100vw, 180px\" \/><\/a><\/p>\n<p>&nbsp;<\/p>\n<p>&nbsp;<\/p>\n<p><em>Source : FADQ<\/em><\/p>\n<p style=\"text-align: left;\"><a href=\"#top\">Retour en haut<\/a><a id=\"F2\"><\/a><\/p>\n<h4 style=\"text-align: left;\">Protection Foin et p\u00e2turages : un premier versement de 9,2 M$<\/h4>\n<p>La FADQ a annonc\u00e9 le 16 ao\u00fbt dernier le versement d\u2019un premier paiement de pr\u00e8s de 9,2 millions de dollars \u00e0 1&nbsp;676 producteurs de foin et de p\u00e2turages dans le cadre du Programme d\u2019assurance r\u00e9colte. Ce paiement a \u00e9t\u00e9 devanc\u00e9 afin de rendre disponible rapidement des liquidit\u00e9s aux entreprises affect\u00e9es par les al\u00e9as climatiques.<\/p>\n<p><a href=\"https:\/\/www.fadq.qc.ca\/salle-de-presse\/communiques\/details\/programme-dassurance-recolte-en-raison-des-aleas-climatiques-plus-de-9-m-seront-verses-aux-producteurs-de-foin-et-paturages\" target=\"_blank\" rel=\"noopener\"><img loading=\"lazy\" decoding=\"async\" class=\"alignleft wp-image-18765\" src=\"https:\/\/bovin.qc.ca\/wp-content\/uploads\/2023\/07\/ACB-lire-la-suite.png\" alt=\"\" width=\"180\" height=\"49\" srcset=\"https:\/\/bovin.qc.ca\/wp-content\/uploads\/2023\/07\/ACB-lire-la-suite.png 389w, https:\/\/bovin.qc.ca\/wp-content\/uploads\/2023\/07\/ACB-lire-la-suite-300x82.png 300w\" sizes=\"auto, (max-width: 180px) 100vw, 180px\" \/><\/a><\/p>\n<p>&nbsp;<\/p>\n<p>&nbsp;<\/p>\n<p><em>Source : FADQ<\/em><\/p>\n<p style=\"text-align: left;\"><a href=\"#top\">Retour en haut<\/a><a id=\"CCA1\"><\/a><\/p>\n<table style=\"width: 100%; border-collapse: collapse; background-color: #a52a2a;\" border=\"0\">\n<tbody>\n<tr>\n<td style=\"width: 100%;\">\n<h3 style=\"text-align: center;\"><span style=\"color: #ffffff;\"><strong>NOUVELLES DE L&#8217;ASSOCIATION CANADIENNE DES BOVINS<a id=\"CCA1\"><\/a><\/strong><\/span><\/h3>\n<\/td>\n<\/tr>\n<\/tbody>\n<\/table>\n<p><a href=\"https:\/\/www.cattle.ca\/fr\/nouvelles-et-evenements\" target=\"_blank\" rel=\"noopener\"><img loading=\"lazy\" decoding=\"async\" class=\"aligncenter wp-image-15269\" src=\"https:\/\/bovin.qc.ca\/wp-content\/uploads\/2022\/08\/acb-nouvelles.jpg\" alt=\"\" width=\"815\" height=\"225\" srcset=\"https:\/\/bovin.qc.ca\/wp-content\/uploads\/2022\/08\/acb-nouvelles.jpg 820w, https:\/\/bovin.qc.ca\/wp-content\/uploads\/2022\/08\/acb-nouvelles-300x83.jpg 300w, https:\/\/bovin.qc.ca\/wp-content\/uploads\/2022\/08\/acb-nouvelles-464x128.jpg 464w\" sizes=\"auto, (max-width: 815px) 100vw, 815px\" \/><\/a><\/p>\n<hr>\n<h4 class=\"UbhFJ7 nkqC0Q blog-post-title-font blog-post-title-color blog-text-color post-title blog-hover-container-element-color FG3qXk blog-post-page-title-font\" data-hook=\"post-title\"><span class=\"post-title__text blog-post-title-font blog-post-title-color\"><span class=\"blog-post-title-font blog-post-title-color\"><img loading=\"lazy\" decoding=\"async\" class=\"aligncenter wp-image-19732\" src=\"https:\/\/bovin.qc.ca\/wp-content\/uploads\/2023\/09\/377769470_615105364040072_3560654491726092989_n.jpg\" alt=\"\" width=\"815\" height=\"683\" srcset=\"https:\/\/bovin.qc.ca\/wp-content\/uploads\/2023\/09\/377769470_615105364040072_3560654491726092989_n.jpg 940w, https:\/\/bovin.qc.ca\/wp-content\/uploads\/2023\/09\/377769470_615105364040072_3560654491726092989_n-300x251.jpg 300w, https:\/\/bovin.qc.ca\/wp-content\/uploads\/2023\/09\/377769470_615105364040072_3560654491726092989_n-153x128.jpg 153w\" sizes=\"auto, (max-width: 815px) 100vw, 815px\" \/><\/span><\/span><\/h4>\n<h4 class=\"UbhFJ7 nkqC0Q blog-post-title-font blog-post-title-color blog-text-color post-title blog-hover-container-element-color FG3qXk blog-post-page-title-font\" data-hook=\"post-title\"><span class=\"post-title__text blog-post-title-font blog-post-title-color\"><span class=\"blog-post-title-font blog-post-title-color\">Une nouvelle campagne exhorte le gouvernement f\u00e9d\u00e9ral \u00e0 d\u00e9fendre les normes canadiennes<\/span><\/span><\/h4>\n<p style=\"text-align: right;\"><a href=\"https:\/\/www.cattle.ca\/fr\/une-nouvelle-campagne-exhorte-le-gouvernement-federal-a-defendre-les-normes-canadiennes-basees-sur-la-science-dans-lindustrie-internationale-de-la-viande?fbclid=IwAR1JuP3onS7ZvI5RYJ8tNutiSqlvFWuNYieXeya86l2OrKOu9mpj9-7w3os\" target=\"_blank\" rel=\"noopener\"><em>Lire l&#8217;int\u00e9gralit\u00e9 de l&#8217;article<\/em><\/a><\/p>\n<p>L\u2019Association canadienne des bovins, le Conseil des viandes du Canada et l\u2019Association nationale des engraisseurs de bovins ont lanc\u00e9 publiquement le 12&nbsp;septembre leur campagne \u00ab Dites non \u00e0 un mauvais accord \u00bb pour d\u00e9fendre des normes commerciales fond\u00e9es sur des donn\u00e9es scientifiques.<\/p>\n<p>En juillet, le gouvernement du Canada a annonc\u00e9 l\u2019adh\u00e9sion du Royaume-Uni (RU) \u00e0 l\u2019Accord de partenariat transpacifique global et progressiste (PTPGP). La campagne vise \u00e0 implorer le gouvernement f\u00e9d\u00e9ral de retarder l\u2019approbation de l\u2019adh\u00e9sion du Royaume-Uni au PTPGP jusqu\u2019\u00e0 ce qu\u2019un accord \u00e9quitable soit n\u00e9goci\u00e9 entre le Canada et le Royaume-Uni.<\/p>\n<p>La viande canadienne est actuellement gravement d\u00e9savantag\u00e9e dans l\u2019accord int\u00e9rimaire avec le Royaume-Uni, car des barri\u00e8res commerciales techniques et non tarifaires ont emp\u00each\u00e9 le Canada d\u2019acc\u00e9der au march\u00e9 britannique, alors que le Royaume-Uni jouit d\u2019un acc\u00e8s illimit\u00e9 au march\u00e9 canadien. L\u2019accord propos\u00e9 permettra au Royaume-Uni d\u2019exporter plus de 50 millions de dollars de ses producteurs de viande sur le march\u00e9 canadien, tandis que le Canada ne pourra exporter aucun produit \u00e0 base de viande sur son march\u00e9.<\/p>\n<p><em>Source : ACB<\/em><\/p>\n<p style=\"text-align: left;\"><a href=\"#top\">Retour en haut<\/a><a id=\"CCA2\"><\/a><\/p>\n<hr>\n<h4><strong><img loading=\"lazy\" decoding=\"async\" class=\"aligncenter wp-image-19734\" src=\"https:\/\/bovin.qc.ca\/wp-content\/uploads\/2023\/09\/CCA-TESA.jpg\" alt=\"\" width=\"815\" height=\"453\" srcset=\"https:\/\/bovin.qc.ca\/wp-content\/uploads\/2023\/09\/CCA-TESA.jpg 1347w, https:\/\/bovin.qc.ca\/wp-content\/uploads\/2023\/09\/CCA-TESA-300x167.jpg 300w, https:\/\/bovin.qc.ca\/wp-content\/uploads\/2023\/09\/CCA-TESA-231x128.jpg 231w\" sizes=\"auto, (max-width: 815px) 100vw, 815px\" \/><\/strong><\/h4>\n<h4><strong>Une ferme albertaine remporte le Prix TESA<\/strong><\/h4>\n<p>L\u2019Association canadienne des bovins (ACB) est heureuse d\u2019annoncer que Wray Ranch, situ\u00e9 pr\u00e8s d\u2019Irricana, en Alberta, est le laur\u00e9at du Prix de l\u2019intendance environnementale (TESA) pour 2023.<\/p>\n<p>Doug et Linda Wray, qui poss\u00e8dent et exploitent le Wray Ranch en partenariat avec leur neveu, M. Tim Wray et sa femme Joanne, sont reconnus pour leur accent sur les pratiques durables visant \u00e0 am\u00e9liorer la sant\u00e9 des sols et \u00e0 r\u00e9duire l\u2019\u00e9rosion.<\/p>\n<p><em>Source : ACB<\/em><\/p>\n<p style=\"text-align: left;\"><a href=\"#top\">Retour en haut<\/a><a id=\"CCA3\"><\/a><\/p>\n<hr>\n<h4><strong><img loading=\"lazy\" decoding=\"async\" class=\"aligncenter wp-image-19736\" src=\"https:\/\/bovin.qc.ca\/wp-content\/uploads\/2023\/09\/Rencontre-trilaterale-Calgary.jpeg\" alt=\"\" width=\"815\" height=\"611\"><\/strong><\/h4>\n<h4><strong>L\u2019ACB est l\u2019h\u00f4te de rencontres avec ses homologues am\u00e9ricains et mexicains<\/strong><\/h4>\n<p>L\u2019Association canadienne des bovins (ACB) remercie les dirigeants de la National Cattlemen\u2019s Beef Association et de la Confederacion Nacional De Organizaciones Ganaderas qui ont particip\u00e9 \u00e0 la Canadian Beef Industry Conference \u00e0 Calgary.<\/p>\n<p>L\u2019ACB s\u2019est f\u00e9licit\u00e9e d\u2019\u00eatre l\u2019h\u00f4te de cet \u00e9v\u00e9nement au cours duquel plusieurs enjeux communs ont \u00e9t\u00e9 abord\u00e9s, dont la pr\u00e9vention d\u2019\u00e9ventuelles \u00e9pid\u00e9mies chez le b\u00e9tail et l\u2019importance de la durabilit\u00e9 du secteur.<\/p>\n<p>L\u2019un des faits saillants de cet \u00e9v\u00e9nement a \u00e9t\u00e9 le panel r\u00e9unissant les pr\u00e9sidents des associations nationales du Canada (M. Nathan Phinney), des \u00c9tats-Unis (M. Todd Wilkinson) et du Mexique (M. Homero Garcia).<\/p>\n<p>La discussion a port\u00e9 sur les divers d\u00e9fis et opportunit\u00e9s pour ces trois industries, mais aussi des chantiers de coop\u00e9ration pr\u00e9sents et \u00e0 venir. L\u2019ACB se consid\u00e8re choy\u00e9e d\u2019\u2019avoir pu accueillir une telle rencontre, puisque ce panel r\u00e9unissait pour la premi\u00e8re fois les pr\u00e9sidents des trois associations nationales. D\u2019autres sujets comme la sant\u00e9 et le bien-\u00eatre animal, les lois sur le commerce, la p\u00e9rennit\u00e9 de l\u2019industrie, la perception du public sur la production de b\u0153uf et les \u00e9v\u00e9nements climatiques extr\u00eames ont \u00e9t\u00e9 au c\u0153ur des \u00e9changes.<\/p>\n<p><em>Source : ACB<\/em><\/p>\n<p style=\"text-align: left;\"><a href=\"#top\">Retour en haut<\/a><a id=\"CCA4\"><\/a><\/p>\n<hr>\n<div id=\"attachment_19738\" style=\"width: 825px\" class=\"wp-caption aligncenter\"><img loading=\"lazy\" decoding=\"async\" aria-describedby=\"caption-attachment-19738\" class=\"wp-image-19738\" src=\"https:\/\/bovin.qc.ca\/wp-content\/uploads\/2023\/09\/Charlene-Yungblut.jpg\" alt=\"\" width=\"815\" height=\"543\" srcset=\"https:\/\/bovin.qc.ca\/wp-content\/uploads\/2023\/09\/Charlene-Yungblut.jpg 2048w, https:\/\/bovin.qc.ca\/wp-content\/uploads\/2023\/09\/Charlene-Yungblut-300x200.jpg 300w, https:\/\/bovin.qc.ca\/wp-content\/uploads\/2023\/09\/Charlene-Yungblut-192x128.jpg 192w, https:\/\/bovin.qc.ca\/wp-content\/uploads\/2023\/09\/Charlene-Yungblut-1536x1024.jpg 1536w\" sizes=\"auto, (max-width: 815px) 100vw, 815px\" \/><p id=\"caption-attachment-19738\" class=\"wp-caption-text\"><span style=\"font-size: 8pt;\">L\u2019ex-pr\u00e9sidente du Conseil jeunesse de l\u2019ACB, Mme Charlene Yungblut, en compagnie de l\u2019ancienne ministre canadienne de l\u2019Agriculture, Mme Marie-Claude Bibeau. Cr\u00e9dit : Myra Altwasser<\/span><\/p><\/div>\n<h4><strong>Le Conseil jeunesse en bref<\/strong><\/h4>\n<p style=\"text-align: right;\"><a href=\"https:\/\/cancattle.wixsite.com\/mysite\/post\/a-year-in-review-with-the-canadian-cattle-youth-council-president\" target=\"_blank\" rel=\"noopener\"><em>Lire l\u2019article original (version anglaise)<\/em><\/a><\/p>\n<p>En ao\u00fbt dernier, le Conseil jeunesse de l\u2019Association canadienne des bovins a choisi les membres de son nouvel ex\u00e9cutif pour l\u2019ann\u00e9e 2023-2024 \u00e0 l\u2019occasion de son assembl\u00e9e g\u00e9n\u00e9rale annuelle \u00e0 Calgary. Le d\u00e9l\u00e9gu\u00e9 de la Saskatchewan, M. Scott Gerbrandt a \u00e9t\u00e9 \u00e9lu pr\u00e9sident tandis que Mme Kimberly Lansdall assure la vice-pr\u00e9sidence. Le Conseil jeunesse a aussi accueilli parmi ses membres M. Sym\u00e9on Couture, d\u00e9l\u00e9gu\u00e9 du Qu\u00e9bec, Mme Emily Bromley, d\u00e9l\u00e9gu\u00e9e de l\u2019Ontario, M. Rylonn Elliott, d\u00e9l\u00e9gu\u00e9 de Colombie-Britannique, ainsi que Mme Danika Mayer.<\/p>\n<p>Dans une r\u00e9cente publication, l\u2019ancienne pr\u00e9sidente, Mme Charlene Yungblut a dress\u00e9 un bilan positif de l\u2019ann\u00e9e 2022-2023 alors qu\u2019elle \u00e9tait \u00e0 la barre du Conseil jeunesse. Au courant de la derni\u00e8re ann\u00e9e, cette jeune productrice de l\u2019Ontario affirme avoir eu l\u2019occasion de d\u00e9fendre les int\u00e9r\u00eats de la rel\u00e8ve \u00e0 de multiples occasions.<\/p>\n<p>\u00ab En mars 2023, nous avons particip\u00e9 \u00e0 l\u2019assembl\u00e9e g\u00e9n\u00e9rale annuelle de l\u2019ACB \u00e0 Ottawa. En marge de cet \u00e9v\u00e9nement, nous avons men\u00e9 13 rencontres avec plusieurs d\u00e9put\u00e9s, s\u00e9nateurs et repr\u00e9sentants gouvernementaux. En tant que membres du Conseil jeunesse, nous nous sommes fait les porte-voix des priorit\u00e9s de l\u2019ACB, comme de l\u2019importance de programmes de gestion du risque efficaces et la n\u00e9cessit\u00e9 d\u2019avoir acc\u00e8s \u00e0 des march\u00e9s libres et ouverts en mettant de l\u2019avant les exportations record et les retomb\u00e9es \u00e9conomiques qui en d\u00e9coulent pour le Canada \u00bb, a \u00e9crit Charlene Yunblut. \u00ab Nous avons \u00e9galement soulign\u00e9 le r\u00f4le important que jouent les producteurs de bovins canadiens en tant que gardiens de la terre. Pour que nos jeunes producteurs continuent d\u2019\u00eatre des leaders mondiaux en mati\u00e8re de durabilit\u00e9, nos entreprises agricoles doivent \u00eatre aussi \u00e9conomiquement viables.&nbsp;\u00bb<\/p>\n<p><em>Source : ACB<\/em><\/p>\n<p style=\"text-align: left;\"><a href=\"#top\">Retour en haut<\/a><a id=\"NR\"><\/a><\/p>\n<table style=\"width: 100%; border-collapse: collapse; background-color: #a52a2a;\" border=\"0\">\n<tbody>\n<tr>\n<td style=\"width: 100%;\">\n<h3 style=\"text-align: center;\"><span style=\"color: #ffffff;\"><strong>NOUVELLES R\u00c9GIONALES<a id=\"NR1\"><\/a><\/strong><\/span><\/h3>\n<\/td>\n<\/tr>\n<\/tbody>\n<\/table>\n<h4 style=\"text-align: left;\">ABITIBI-T\u00c9MISCAMINGUE<\/h4>\n<p><strong>Une tourn\u00e9e du CA provinciale riche en souvenirs<\/strong><\/p>\n<p><img loading=\"lazy\" decoding=\"async\" class=\"aligncenter size-full wp-image-19740\" src=\"https:\/\/bovin.qc.ca\/wp-content\/uploads\/2023\/09\/CA-provincial-Abitibi-5-scaled.jpg\" alt=\"\" width=\"2560\" height=\"1920\" srcset=\"https:\/\/bovin.qc.ca\/wp-content\/uploads\/2023\/09\/CA-provincial-Abitibi-5-scaled.jpg 2560w, https:\/\/bovin.qc.ca\/wp-content\/uploads\/2023\/09\/CA-provincial-Abitibi-5-300x225.jpg 300w, https:\/\/bovin.qc.ca\/wp-content\/uploads\/2023\/09\/CA-provincial-Abitibi-5-171x128.jpg 171w, https:\/\/bovin.qc.ca\/wp-content\/uploads\/2023\/09\/CA-provincial-Abitibi-5-1536x1152.jpg 1536w, https:\/\/bovin.qc.ca\/wp-content\/uploads\/2023\/09\/CA-provincial-Abitibi-5-2048x1536.jpg 2048w\" sizes=\"auto, (max-width: 2560px) 100vw, 2560px\" \/><\/p>\n<p>Les 27 et 28 juillet derniers, l\u2019Abitibi-T\u00e9miscamingue accueillait le conseil d\u2019administration des Producteurs de bovins du Qu\u00e9bec.<\/p>\n<p>Chaque matin, pendant que les membres du conseil d\u2019administration tenaient leur rencontre, leurs conjoints et conjointes, ainsi que leurs enfants, visitaient la ville de Rouyn-Noranda. Ils ont visit\u00e9 le Magasin g\u00e9n\u00e9ral Dumulon, l\u2019\u00e9glise orthodoxe russe Saint-Georges, le parc botanique \u00c0 fleur d\u2019eau, le quartier historique du Vieux-Noranda et la presqu\u2019\u00eele du lac Osisko.<\/p>\n<table style=\"border-collapse: collapse; width: 100%;\">\n<tbody>\n<tr>\n<td style=\"width: 50%;\"><img loading=\"lazy\" decoding=\"async\" class=\"aligncenter wp-image-19866 size-full\" src=\"https:\/\/bovin.qc.ca\/wp-content\/uploads\/2023\/09\/CA2.jpg\" alt=\"\" width=\"458\" height=\"305\" srcset=\"https:\/\/bovin.qc.ca\/wp-content\/uploads\/2023\/09\/CA2.jpg 458w, https:\/\/bovin.qc.ca\/wp-content\/uploads\/2023\/09\/CA2-300x200.jpg 300w, https:\/\/bovin.qc.ca\/wp-content\/uploads\/2023\/09\/CA2-192x128.jpg 192w\" sizes=\"auto, (max-width: 458px) 100vw, 458px\" \/><\/td>\n<td style=\"width: 50%;\"><img loading=\"lazy\" decoding=\"async\" class=\"aligncenter wp-image-19844 size-full\" src=\"https:\/\/bovin.qc.ca\/wp-content\/uploads\/2023\/09\/CA-provincial-Abitibi-2-1.jpg\" alt=\"\" width=\"458\" height=\"305\" srcset=\"https:\/\/bovin.qc.ca\/wp-content\/uploads\/2023\/09\/CA-provincial-Abitibi-2-1.jpg 458w, https:\/\/bovin.qc.ca\/wp-content\/uploads\/2023\/09\/CA-provincial-Abitibi-2-1-300x200.jpg 300w, https:\/\/bovin.qc.ca\/wp-content\/uploads\/2023\/09\/CA-provincial-Abitibi-2-1-192x128.jpg 192w\" sizes=\"auto, (max-width: 458px) 100vw, 458px\" \/><\/td>\n<\/tr>\n<\/tbody>\n<\/table>\n<p>&nbsp;<\/p>\n<p>En apr\u00e8s-midi, l\u2019ensemble des participants \u00e9taient convi\u00e9s \u00e0 des visites de ferme. Le 27 juillet, ils \u00e9taient attendus au T\u00e9miscamingue. Tout au long du trajet, Mme H\u00e9l\u00e8ne Lessard a relat\u00e9 l\u2019histoire des villages. Le premier arr\u00eat s\u2019est effectu\u00e9 \u00e0 l\u2019entreprise laiti\u00e8re Ferme Mondou et Robert avant de se rendre \u00e0 la ferme de M. Ronald Cormier. Ensuite, des plateaux de fromages en guise de collation attendaient les gens \u00e0 la fromagerie Le Fromage au Village. Les participants ont termin\u00e9 leur p\u00e9riple au Centre Richelieu de Lorrainville o\u00f9 le souper \u00e9tait servi.<\/p>\n<table style=\"border-collapse: collapse; width: 100%;\">\n<tbody>\n<tr>\n<td style=\"width: 50%;\"><img loading=\"lazy\" decoding=\"async\" class=\"aligncenter wp-image-19772\" src=\"https:\/\/bovin.qc.ca\/wp-content\/uploads\/2023\/09\/CA-provincial-Abitibi.jpg\" alt=\"\" width=\"407\" height=\"305\" srcset=\"https:\/\/bovin.qc.ca\/wp-content\/uploads\/2023\/09\/CA-provincial-Abitibi.jpg 815w, https:\/\/bovin.qc.ca\/wp-content\/uploads\/2023\/09\/CA-provincial-Abitibi-300x225.jpg 300w, https:\/\/bovin.qc.ca\/wp-content\/uploads\/2023\/09\/CA-provincial-Abitibi-171x128.jpg 171w\" sizes=\"auto, (max-width: 407px) 100vw, 407px\" \/><\/td>\n<td style=\"width: 50%;\"><img loading=\"lazy\" decoding=\"async\" class=\"aligncenter wp-image-19766\" src=\"https:\/\/bovin.qc.ca\/wp-content\/uploads\/2023\/09\/CA-provincial-Abitibi-4.jpg\" alt=\"\" width=\"407\" height=\"306\" srcset=\"https:\/\/bovin.qc.ca\/wp-content\/uploads\/2023\/09\/CA-provincial-Abitibi-4.jpg 814w, https:\/\/bovin.qc.ca\/wp-content\/uploads\/2023\/09\/CA-provincial-Abitibi-4-300x225.jpg 300w, https:\/\/bovin.qc.ca\/wp-content\/uploads\/2023\/09\/CA-provincial-Abitibi-4-171x128.jpg 171w\" sizes=\"auto, (max-width: 407px) 100vw, 407px\" \/><\/td>\n<\/tr>\n<\/tbody>\n<\/table>\n<p>&nbsp;<\/p>\n<p>Le lendemain matin, les administrateurs r\u00e9gionaux ont participer \u00e0 la rencontre du conseil d\u2019administration. Apr\u00e8s quoi, les visiteurs ont \u00e9t\u00e9 accueillis dans les locaux de la MRC d\u2019Abitibi. M. Gabriel Rancourt a assur\u00e9 l\u2019animation durant le trajet en autocar. Les participants ont visit\u00e9 la ferme du pr\u00e9sident du Syndicat des producteurs de bovins d\u2019Abitibi T\u00e9miscamingue, M. Vincent Boisvert. Pendant le d\u00e9placement vers Bor\u00e9alait, Mme M\u00e9lanie Rivard, gagnante du projet rel\u00e8ve, a expliqu\u00e9 comment cette initiative avait pu la soutenir dans le d\u00e9veloppement de sa ferme. Une cr\u00e8me glac\u00e9e attendait les participants pour la collation de l\u2019apr\u00e8s-midi. Par la suite, les convives ont visit\u00e9 la Miellerie de la Grande Ourse dans le cadre d\u2019un safari apicole. La journ\u00e9e s\u2019est conclue par un souper \u00e0 La Buvette, le restaurant attenant \u00e0 la Miellerie.<\/p>\n<p><em>Source : Syndicat des producteurs de bovins d\u2019Abitibi-T\u00e9miscamingue <\/em><\/p>\n<p style=\"text-align: left;\"><a href=\"#top\">Retour en haut<\/a><a id=\"NR2\"><\/a><\/p>\n<hr>\n<h4 style=\"text-align: left;\">CHAUDI\u00c8RE-APPALACHES<br \/>\n<strong>Le stress thermique\u2026 on l\u2019a v\u00e9cu!<\/strong><\/h4>\n<p><img loading=\"lazy\" decoding=\"async\" class=\"aligncenter wp-image-19780 size-full\" src=\"https:\/\/bovin.qc.ca\/wp-content\/uploads\/2023\/09\/DSC_0665.jpg\" alt=\"\" width=\"815\" height=\"543\" srcset=\"https:\/\/bovin.qc.ca\/wp-content\/uploads\/2023\/09\/DSC_0665.jpg 815w, https:\/\/bovin.qc.ca\/wp-content\/uploads\/2023\/09\/DSC_0665-300x200.jpg 300w, https:\/\/bovin.qc.ca\/wp-content\/uploads\/2023\/09\/DSC_0665-192x128.jpg 192w\" sizes=\"auto, (max-width: 815px) 100vw, 815px\" \/><\/p>\n<div class=\"xdj266r x11i5rnm xat24cr x1mh8g0r x1vvkbs\">\n<p><em>Devinez quelle \u00e9tait la temp\u00e9rature dans la portion avec couvert v\u00e9g\u00e9tal dense. Voyez la r\u00e9ponse \u00e0 la fin du texte!<\/em><\/p>\n<\/div>\n<p>Sous un beau soleil, une trentaine de participants se sont retrouv\u00e9s \u00e0 la Ferme \u00c9coloveau de Saint-Victor pour la journ\u00e9e p\u00e2turage le mardi 22&nbsp;ao\u00fbt. Observation d\u2019oiseaux, visite du projet p\u00e2turage et conf\u00e9rence sur l\u2019abreuvement, l\u2019ombre et le stress thermique \u00e9taient \u00e0 l\u2019horaire.&nbsp; Les l\u00e8ve-t\u00f4t ont pu observer le Grand H\u00e9ron qui habite pr\u00e8s du ruisseau chez M. Jimmy&nbsp;Pr\u00e9vost.<\/p>\n<table style=\"border-collapse: collapse; width: 100%;\">\n<tbody>\n<tr>\n<td style=\"width: 50%;\"><img loading=\"lazy\" decoding=\"async\" class=\"aligncenter wp-image-19776\" src=\"https:\/\/bovin.qc.ca\/wp-content\/uploads\/2023\/09\/DSC_0641.jpg\" alt=\"\" width=\"407\" height=\"271\" srcset=\"https:\/\/bovin.qc.ca\/wp-content\/uploads\/2023\/09\/DSC_0641.jpg 815w, https:\/\/bovin.qc.ca\/wp-content\/uploads\/2023\/09\/DSC_0641-300x200.jpg 300w, https:\/\/bovin.qc.ca\/wp-content\/uploads\/2023\/09\/DSC_0641-192x128.jpg 192w\" sizes=\"auto, (max-width: 407px) 100vw, 407px\" \/><\/td>\n<td style=\"width: 50%;\"><img loading=\"lazy\" decoding=\"async\" class=\"aligncenter wp-image-19778\" src=\"https:\/\/bovin.qc.ca\/wp-content\/uploads\/2023\/09\/DSC_0663.jpg\" alt=\"\" width=\"407\" height=\"271\" srcset=\"https:\/\/bovin.qc.ca\/wp-content\/uploads\/2023\/09\/DSC_0663.jpg 815w, https:\/\/bovin.qc.ca\/wp-content\/uploads\/2023\/09\/DSC_0663-300x200.jpg 300w, https:\/\/bovin.qc.ca\/wp-content\/uploads\/2023\/09\/DSC_0663-192x128.jpg 192w\" sizes=\"auto, (max-width: 407px) 100vw, 407px\" \/><\/td>\n<\/tr>\n<\/tbody>\n<\/table>\n<p>&nbsp;<\/p>\n<p>Le groupe a aussi pu exp\u00e9rimenter ce que c\u2019est le stress thermique par une d\u00e9monstration en plein champ de l&#8217;\u00e9cart de temp\u00e9rature entre une portion \u00e0 l\u2019ombre, une portion o\u00f9 le couvert v\u00e9g\u00e9tal \u00e9tait abondant et une portion avec un couvert v\u00e9g\u00e9tal clairsem\u00e9. Un gros 10 degr\u00e9s de diff\u00e9rence qui ont fait migrer les participants vers la portion ombrag\u00e9e!<\/p>\n<p>Le groupe a pu en apprendre plus sur la physiologie des vaches et leur tol\u00e9rance au chaud ou au froid et aussi b\u00e9n\u00e9ficier de l\u2019exp\u00e9rience de Mme Dominique Dumas de la ferme \u00c0 l\u2019Herbe avec ses ombri\u00e8res. Apr\u00e8s une visite des installations de la ferme, comprenant un corral et une cage de contention mobile, et de l\u2019enclos d\u2019hiver, tous ont pu b\u00e9n\u00e9ficier d\u2019une pause repas et de la visite du kiosque du Programme biodiversit\u00e9 en production bovine.<\/p>\n<p><img loading=\"lazy\" decoding=\"async\" class=\"aligncenter wp-image-19786 size-full\" src=\"https:\/\/bovin.qc.ca\/wp-content\/uploads\/2023\/09\/photo-kiosque-1-e1695067511142.jpg\" alt=\"\" width=\"815\" height=\"535\" srcset=\"https:\/\/bovin.qc.ca\/wp-content\/uploads\/2023\/09\/photo-kiosque-1-e1695067511142.jpg 815w, https:\/\/bovin.qc.ca\/wp-content\/uploads\/2023\/09\/photo-kiosque-1-e1695067511142-300x197.jpg 300w, https:\/\/bovin.qc.ca\/wp-content\/uploads\/2023\/09\/photo-kiosque-1-e1695067511142-195x128.jpg 195w\" sizes=\"auto, (max-width: 815px) 100vw, 815px\" \/><\/p>\n<p>Cette journ\u00e9e a \u00e9t\u00e9 rendue possible gr\u00e2ce \u00e0 la participation financi\u00e8re de nombreux partenaires.<\/p>\n<p><img loading=\"lazy\" decoding=\"async\" class=\"aligncenter wp-image-19813 size-full\" src=\"https:\/\/bovin.qc.ca\/wp-content\/uploads\/2023\/09\/partenaires-financiers.png\" alt=\"\" width=\"576\" height=\"168\" srcset=\"https:\/\/bovin.qc.ca\/wp-content\/uploads\/2023\/09\/partenaires-financiers.png 576w, https:\/\/bovin.qc.ca\/wp-content\/uploads\/2023\/09\/partenaires-financiers-300x88.png 300w, https:\/\/bovin.qc.ca\/wp-content\/uploads\/2023\/09\/partenaires-financiers-439x128.png 439w\" sizes=\"auto, (max-width: 576px) 100vw, 576px\" \/><\/p>\n<p>R\u00e9ponse : 21 degr\u00e9s Celsius. Dans la portion couvert v\u00e9g\u00e9tal clairsem\u00e9, la temp\u00e9rature montait \u00e0 26 degr\u00e9s alors qu\u2019\u00e0 l\u2019ombre le thermom\u00e8tre indiquait 16 degr\u00e9s.<\/p>\n<p><em>Source : PBQ<\/em><\/p>\n<p style=\"text-align: left;\"><a href=\"#top\">Retour en haut<\/a><a id=\"NR3\"><\/a><\/p>\n<hr>\n<h4 style=\"text-align: left;\">CENTRE-DU-QU\u00c9BEC<br \/>\n<strong>Pluie et soleil pour la Journ\u00e9e champ\u00eatre<\/strong><\/h4>\n<p><img loading=\"lazy\" decoding=\"async\" class=\"aligncenter wp-image-19796 size-full\" src=\"https:\/\/bovin.qc.ca\/wp-content\/uploads\/2023\/09\/photo-3.jpg\" alt=\"\" width=\"815\" height=\"611\" srcset=\"https:\/\/bovin.qc.ca\/wp-content\/uploads\/2023\/09\/photo-3.jpg 815w, https:\/\/bovin.qc.ca\/wp-content\/uploads\/2023\/09\/photo-3-300x225.jpg 300w, https:\/\/bovin.qc.ca\/wp-content\/uploads\/2023\/09\/photo-3-171x128.jpg 171w\" sizes=\"auto, (max-width: 815px) 100vw, 815px\" \/><\/p>\n<div>\n<p>Vous vouliez en savoir plus sur la fa\u00e7on de r\u00e9ussir l\u2019implantation et la gestion des fourrages, l\u2019importance de l\u2019eau au p\u00e2turage ou bien les 5&nbsp;\u00ab B&nbsp;\u00bb des principes de l\u2019herbe? Alors il fallait \u00eatre \u00e0 Saint-F\u00e9lix-de-Kingsey le 26 ao\u00fbt dernier.&nbsp;<\/p>\n<p>Le Paysan Gourmand recevait un groupe d\u2019une soixantaine de personnes pour un avant-midi de conf\u00e9rences suivi d\u2019une visite des parcelles, d\u2019une d\u00e9monstration d\u2019un transfert d\u2019animaux et finalement d\u2019une visite du nouvel abreuvoir Stockboss et du tout nouvel enclos d\u2019hivernage.<\/p>\n<p>Beau temps, mauvais temps, cela n\u2019a pas emp\u00each\u00e9 le groupe de participer \u00e0 toutes les activit\u00e9s pr\u00e9vues \u00e0 l\u2019horaire.<\/p>\n<table style=\"border-collapse: collapse; width: 100%;\">\n<tbody>\n<tr>\n<td style=\"width: 50%;\"><img loading=\"lazy\" decoding=\"async\" class=\"aligncenter wp-image-19798\" src=\"https:\/\/bovin.qc.ca\/wp-content\/uploads\/2023\/09\/photo-4.jpg\" alt=\"\" width=\"407\" height=\"305\" srcset=\"https:\/\/bovin.qc.ca\/wp-content\/uploads\/2023\/09\/photo-4.jpg 815w, https:\/\/bovin.qc.ca\/wp-content\/uploads\/2023\/09\/photo-4-300x225.jpg 300w, https:\/\/bovin.qc.ca\/wp-content\/uploads\/2023\/09\/photo-4-171x128.jpg 171w\" sizes=\"auto, (max-width: 407px) 100vw, 407px\" \/><\/td>\n<td style=\"width: 50%;\"><img loading=\"lazy\" decoding=\"async\" class=\"aligncenter wp-image-19792\" src=\"https:\/\/bovin.qc.ca\/wp-content\/uploads\/2023\/09\/photo-1.jpg\" alt=\"\" width=\"407\" height=\"305\" srcset=\"https:\/\/bovin.qc.ca\/wp-content\/uploads\/2023\/09\/photo-1.jpg 815w, https:\/\/bovin.qc.ca\/wp-content\/uploads\/2023\/09\/photo-1-300x225.jpg 300w, https:\/\/bovin.qc.ca\/wp-content\/uploads\/2023\/09\/photo-1-171x128.jpg 171w\" sizes=\"auto, (max-width: 407px) 100vw, 407px\" \/><\/td>\n<\/tr>\n<\/tbody>\n<\/table>\n<\/div>\n<p>&nbsp;<\/p>\n<p>Cet \u00e9v\u00e9nement a \u00e9t\u00e9 rendu possible gr\u00e2ce aux partenaires suivants : CFGA, CPFQ, MAPAQ, B\u0153uf Qu\u00e9bec, Stockboss, Vivaco, DLF Canada, Gallagher Canada, l\u2019Association Angus Qu\u00e9bec, Le Paysan Gourmand, Target Angus et Premier Choix Agricole.<\/p>\n<p><em>Source : PBQ<\/em><\/p>\n<p style=\"text-align: left;\"><a href=\"#top\">Retour en haut<\/a><a id=\"NR4\"><\/a><\/p>\n<hr>\n<h4 style=\"text-align: left;\">MONT\u00c9R\u00c9GIE-EST<br \/>\n<strong>Les activit\u00e9s en biodiversit\u00e9 continuent!<\/strong><\/h4>\n<p><img loading=\"lazy\" decoding=\"async\" class=\"aligncenter wp-image-19758 size-full\" src=\"https:\/\/bovin.qc.ca\/wp-content\/uploads\/2023\/09\/biodiversite-IMG-3655.jpg\" alt=\"\" width=\"815\" height=\"611\" srcset=\"https:\/\/bovin.qc.ca\/wp-content\/uploads\/2023\/09\/biodiversite-IMG-3655.jpg 815w, https:\/\/bovin.qc.ca\/wp-content\/uploads\/2023\/09\/biodiversite-IMG-3655-300x225.jpg 300w, https:\/\/bovin.qc.ca\/wp-content\/uploads\/2023\/09\/biodiversite-IMG-3655-171x128.jpg 171w\" sizes=\"auto, (max-width: 815px) 100vw, 815px\" \/><\/p>\n<div>\n<div class=\"xdj266r x11i5rnm xat24cr x1mh8g0r x1vvkbs\">\n<p>C\u2019est \u00e0 la Ferme Guentert, situ\u00e9e \u00e0 Saint-Simon, qu\u2019une quinzaine de personnes ont particip\u00e9 \u00e0 l\u2019atelier d\u2019ornithologie de <a href=\"https:\/\/www.quebecoiseaux.org\/fr\/\" target=\"_blank\" rel=\"noopener\">Qu\u00e9becOiseaux<\/a>, dans le cadre de l\u2019activit\u00e9 du Programme biodiversit\u00e9 en production bovine, le 7&nbsp;septembre dernier.<\/p>\n<p>Durant l\u2019activit\u00e9 d\u2019ornithologie, M. Guentert a expliqu\u00e9 les pratiques mises en place par l&#8217;entreprise au courant des derni\u00e8res ann\u00e9es pour favoriser la biodiversit\u00e9 sur la ferme (ex. : bandes riveraines \u00e9largies, nichoirs \u00e0 hirondelles, fauche retard\u00e9e des prairies, etc.).<\/p>\n<table style=\"border-collapse: collapse; width: 100%;\">\n<tbody>\n<tr>\n<td style=\"width: 33.3333%;\"><img loading=\"lazy\" decoding=\"async\" class=\"aligncenter wp-image-19752\" src=\"https:\/\/bovin.qc.ca\/wp-content\/uploads\/2023\/09\/biodiversite-IMG-3662.jpg\" alt=\"\" width=\"268\" height=\"357\" srcset=\"https:\/\/bovin.qc.ca\/wp-content\/uploads\/2023\/09\/biodiversite-IMG-3662.jpg 815w, https:\/\/bovin.qc.ca\/wp-content\/uploads\/2023\/09\/biodiversite-IMG-3662-225x300.jpg 225w, https:\/\/bovin.qc.ca\/wp-content\/uploads\/2023\/09\/biodiversite-IMG-3662-96x128.jpg 96w\" sizes=\"auto, (max-width: 268px) 100vw, 268px\" \/><\/td>\n<td style=\"width: 33.3333%;\"><img loading=\"lazy\" decoding=\"async\" class=\"aligncenter wp-image-19754\" src=\"https:\/\/bovin.qc.ca\/wp-content\/uploads\/2023\/09\/biodiversite-IMG-3664.jpg\" alt=\"\" width=\"268\" height=\"357\" srcset=\"https:\/\/bovin.qc.ca\/wp-content\/uploads\/2023\/09\/biodiversite-IMG-3664.jpg 815w, https:\/\/bovin.qc.ca\/wp-content\/uploads\/2023\/09\/biodiversite-IMG-3664-225x300.jpg 225w, https:\/\/bovin.qc.ca\/wp-content\/uploads\/2023\/09\/biodiversite-IMG-3664-96x128.jpg 96w\" sizes=\"auto, (max-width: 268px) 100vw, 268px\" \/><\/td>\n<td style=\"width: 33.3333%;\"><img loading=\"lazy\" decoding=\"async\" class=\"aligncenter wp-image-19756\" src=\"https:\/\/bovin.qc.ca\/wp-content\/uploads\/2023\/09\/biodiversite-IMG-3668.jpg\" alt=\"\" width=\"268\" height=\"357\" srcset=\"https:\/\/bovin.qc.ca\/wp-content\/uploads\/2023\/09\/biodiversite-IMG-3668.jpg 815w, https:\/\/bovin.qc.ca\/wp-content\/uploads\/2023\/09\/biodiversite-IMG-3668-225x300.jpg 225w, https:\/\/bovin.qc.ca\/wp-content\/uploads\/2023\/09\/biodiversite-IMG-3668-96x128.jpg 96w\" sizes=\"auto, (max-width: 268px) 100vw, 268px\" \/><\/td>\n<\/tr>\n<\/tbody>\n<\/table>\n<\/div>\n<div class=\"xdj266r x11i5rnm xat24cr x1mh8g0r x1vvkbs\"><i>&nbsp;<\/i><\/div>\n<div><\/p>\n<p>Par la suite, quelques intervenants et producteurs se sont joints au groupe afin de visiter les diff\u00e9rents kiosques sur place :<\/p>\n<ul>\n<li>Pollinisateurs indig\u00e8nes avec Abeilles citoyennes;<\/li>\n<li>Amphibiens, reptiles et micromammif\u00e8res avec ELiSO;<\/li>\n<li>Plantes sauvages avec Gestrie-Sol;<\/li>\n<li>ALUS Mont\u00e9r\u00e9gie : programme de r\u00e9tribution ALUS Mont\u00e9r\u00e9gie et projets sur les esp\u00e8ces en p\u00e9ril de la F\u00e9d\u00e9ration de l\u2019UPA de la Mont\u00e9r\u00e9gie;<\/li>\n<li>MRC des Maskoutains : bassins versants et r\u00e8glementation pour les am\u00e9nagements en bandes riveraines;<\/li>\n<li>Agri Conseils Maska : atelier sur les pratiques favorables \u00e0 la biodiversit\u00e9 en entreprise;<\/li>\n<li>Atelier de drone.<\/li>\n<\/ul>\n<p>Chaleur et beau temps \u00e9taient au rendez-vous, au grand plaisir des participants et exposants.<\/p>\n<p>Cette activit\u00e9, organis\u00e9e par ALUS Mont\u00e9r\u00e9gie, la F\u00e9d\u00e9ration de l&#8217;UPA de la Mont\u00e9r\u00e9gie et Les Producteurs de bovins du Qu\u00e9bec, a \u00e9t\u00e9 financ\u00e9e par le minist\u00e8re de l\u2019Agriculture, des P\u00eacheries et de l\u2019Alimentation du Qu\u00e9bec, dans le cadre du programme Prime-Vert.<\/p>\n<\/div>\n<\/div>\n<p><em>Source : PBQ<\/em><\/p>\n<p style=\"text-align: left;\"><a href=\"#top\">Retour en haut<\/a><a id=\"NR5\"><\/a><\/p>\n<hr>\n<h4 style=\"text-align: left;\">ESTRIE<br \/>\n<strong>\u00c0 la d\u00e9couverte d\u2019une ferme regorgeant de biodiversit\u00e9<\/strong><\/h4>\n<p><img loading=\"lazy\" decoding=\"async\" class=\"aligncenter wp-image-19760 size-full\" src=\"https:\/\/bovin.qc.ca\/wp-content\/uploads\/2023\/09\/Biodiversite-oiseaux-agroblitz.jpg\" alt=\"\" width=\"815\" height=\"611\" srcset=\"https:\/\/bovin.qc.ca\/wp-content\/uploads\/2023\/09\/Biodiversite-oiseaux-agroblitz.jpg 815w, https:\/\/bovin.qc.ca\/wp-content\/uploads\/2023\/09\/Biodiversite-oiseaux-agroblitz-300x225.jpg 300w, https:\/\/bovin.qc.ca\/wp-content\/uploads\/2023\/09\/Biodiversite-oiseaux-agroblitz-171x128.jpg 171w\" sizes=\"auto, (max-width: 815px) 100vw, 815px\" \/><\/p>\n<div>&nbsp;<\/div>\n<div class=\"xdj266r x11i5rnm xat24cr x1mh8g0r x1vvkbs\">\n<p>Malgr\u00e9 un temps gris\u00e2tre et frisquet, la nature a \u00e9t\u00e9 g\u00e9n\u00e9reuse avec les participants de l\u2019activit\u00e9 Agro-Blitz, tenue le 16 septembre \u00e0 la Ferme WB \u00e0 Bolton-Ouest. Dans leur superbe propri\u00e9t\u00e9 surplombant le lac Brome, M. Syed Mohamed et Mme Nancy Lanteigne ont accueilli une trentaine de producteurs, intervenants et simples citoyens curieux d\u2019en apprendre davantage sur la biodiversit\u00e9 en milieu agricole.&nbsp;<\/p>\n<p>Accompagn\u00e9e de deux biologistes de l\u2019organisme Qu\u00e9bec Oiseaux, les l\u00e8ve-t\u00f4t ont pu parcourir une partie de la ferme parsem\u00e9e de p\u00e2turages, de for\u00eats et de haies fleuries. Ils ont eu le bonheur d\u2019observer pendant une dizaine de minutes une famille de Cr\u00e9cerelles d\u2019Am\u00e9rique, un petit rapace qu\u2019on retrouve dans les milieux champ\u00eatres, perch\u00e9e sur la cime d\u2019un grand chicot. Tournoyant autour d\u2019elles, plusieurs Geais bleus manifestaient bruyamment leur pr\u00e9sence. Impossible de les manquer!<\/p>\n<table style=\"border-collapse: collapse; width: 100%;\">\n<tbody>\n<tr>\n<td style=\"width: 50%;\"><img loading=\"lazy\" decoding=\"async\" class=\"aligncenter wp-image-19790\" src=\"https:\/\/bovin.qc.ca\/wp-content\/uploads\/2023\/09\/Grand-heron-biodiversite-oiseau.jpg\" alt=\"\" width=\"407\" height=\"271\" srcset=\"https:\/\/bovin.qc.ca\/wp-content\/uploads\/2023\/09\/Grand-heron-biodiversite-oiseau.jpg 2256w, https:\/\/bovin.qc.ca\/wp-content\/uploads\/2023\/09\/Grand-heron-biodiversite-oiseau-300x200.jpg 300w, https:\/\/bovin.qc.ca\/wp-content\/uploads\/2023\/09\/Grand-heron-biodiversite-oiseau-192x128.jpg 192w, https:\/\/bovin.qc.ca\/wp-content\/uploads\/2023\/09\/Grand-heron-biodiversite-oiseau-1536x1024.jpg 1536w, https:\/\/bovin.qc.ca\/wp-content\/uploads\/2023\/09\/Grand-heron-biodiversite-oiseau-2048x1365.jpg 2048w\" sizes=\"auto, (max-width: 407px) 100vw, 407px\" \/><\/td>\n<td style=\"width: 50%;\"><img loading=\"lazy\" decoding=\"async\" class=\"aligncenter wp-image-19788\" src=\"https:\/\/bovin.qc.ca\/wp-content\/uploads\/2023\/09\/Fleurs-biodiversite-bande-fleurie-scaled.jpg\" alt=\"\" width=\"407\" height=\"271\" srcset=\"https:\/\/bovin.qc.ca\/wp-content\/uploads\/2023\/09\/Fleurs-biodiversite-bande-fleurie-scaled.jpg 2560w, https:\/\/bovin.qc.ca\/wp-content\/uploads\/2023\/09\/Fleurs-biodiversite-bande-fleurie-300x200.jpg 300w, https:\/\/bovin.qc.ca\/wp-content\/uploads\/2023\/09\/Fleurs-biodiversite-bande-fleurie-192x128.jpg 192w, https:\/\/bovin.qc.ca\/wp-content\/uploads\/2023\/09\/Fleurs-biodiversite-bande-fleurie-1536x1024.jpg 1536w, https:\/\/bovin.qc.ca\/wp-content\/uploads\/2023\/09\/Fleurs-biodiversite-bande-fleurie-2048x1365.jpg 2048w\" sizes=\"auto, (max-width: 407px) 100vw, 407px\" \/><\/td>\n<\/tr>\n<\/tbody>\n<\/table>\n<\/div>\n<div class=\"xdj266r x11i5rnm xat24cr x1mh8g0r x1vvkbs\"><i>&nbsp;<\/i><\/div>\n<div><\/p>\n<p>Les visiteurs sont ensuite descendus jusqu\u2019\u00e0 un petit marais o\u00f9 ils ont surpris le vol gracieux d\u2019un Grand h\u00e9ron. D\u2019autres esp\u00e8ces comme le Moucherolle ph\u00e9bi, la M\u00e9sange \u00e0 t\u00eate noire et la Sitelle \u00e0 poitrine blanche \u00e9taient pr\u00e9sentes durant la petite exp\u00e9dition, de quoi donner une bonne id\u00e9e de la richesse naturelle des lieux.<\/p>\n<p>Ravi de ce spectacle, le petit groupe a regagn\u00e9 la cour de la ferme o\u00f9 les attendaient plusieurs ateliers des plus instructifs. Tandis que les conseill\u00e8res de Gestrie-Sol expliquaient le r\u00f4le des plantes sauvages, les repr\u00e9sentants de Folles Bestioles ont montr\u00e9 aux participants quelques-uns des reptiles et des amphibiens qui habitent la r\u00e9gion, sp\u00e9cimens \u00e0 l\u2019appui. Enfin, les biologistes d\u2019Abeilles citoyennes ont permis aux visiteurs de voir au microscope quelques sp\u00e9cimens d\u2019insectes pollinisateurs, pr\u00e9cieux petits alli\u00e9s de l\u2019agriculture.<\/p>\n<table style=\"border-collapse: collapse; width: 100%;\">\n<tbody>\n<tr>\n<td style=\"width: 33.3333%; vertical-align: top;\"><img loading=\"lazy\" decoding=\"async\" class=\"aligncenter wp-image-19804\" src=\"https:\/\/bovin.qc.ca\/wp-content\/uploads\/2023\/09\/Atelier-agroblitz-gestrie-sol-1.jpg\" alt=\"\" width=\"268\" height=\"179\" srcset=\"https:\/\/bovin.qc.ca\/wp-content\/uploads\/2023\/09\/Atelier-agroblitz-gestrie-sol-1.jpg 815w, https:\/\/bovin.qc.ca\/wp-content\/uploads\/2023\/09\/Atelier-agroblitz-gestrie-sol-1-300x200.jpg 300w, https:\/\/bovin.qc.ca\/wp-content\/uploads\/2023\/09\/Atelier-agroblitz-gestrie-sol-1-192x128.jpg 192w\" sizes=\"auto, (max-width: 268px) 100vw, 268px\" \/><\/td>\n<td style=\"width: 33.3333%; vertical-align: top;\"><img loading=\"lazy\" decoding=\"async\" class=\"aligncenter wp-image-19744\" src=\"https:\/\/bovin.qc.ca\/wp-content\/uploads\/2023\/09\/Atelier-biodiversite-agroblitz.jpg\" alt=\"\" width=\"268\" height=\"201\" srcset=\"https:\/\/bovin.qc.ca\/wp-content\/uploads\/2023\/09\/Atelier-biodiversite-agroblitz.jpg 815w, https:\/\/bovin.qc.ca\/wp-content\/uploads\/2023\/09\/Atelier-biodiversite-agroblitz-300x225.jpg 300w, https:\/\/bovin.qc.ca\/wp-content\/uploads\/2023\/09\/Atelier-biodiversite-agroblitz-171x128.jpg 171w\" sizes=\"auto, (max-width: 268px) 100vw, 268px\" \/><\/td>\n<td style=\"width: 33.3333%; vertical-align: top;\"><img loading=\"lazy\" decoding=\"async\" class=\"aligncenter wp-image-19746\" src=\"https:\/\/bovin.qc.ca\/wp-content\/uploads\/2023\/09\/Atelier-pollinisateur-biodiversite-agroblitz.jpg\" alt=\"\" width=\"268\" height=\"179\" srcset=\"https:\/\/bovin.qc.ca\/wp-content\/uploads\/2023\/09\/Atelier-pollinisateur-biodiversite-agroblitz.jpg 815w, https:\/\/bovin.qc.ca\/wp-content\/uploads\/2023\/09\/Atelier-pollinisateur-biodiversite-agroblitz-300x200.jpg 300w, https:\/\/bovin.qc.ca\/wp-content\/uploads\/2023\/09\/Atelier-pollinisateur-biodiversite-agroblitz-192x128.jpg 192w\" sizes=\"auto, (max-width: 268px) 100vw, 268px\" \/><\/td>\n<\/tr>\n<\/tbody>\n<\/table>\n<p>Du contenu agronomique \u00e9tait aussi au programme. M. Maxime Leduc (Ph. D. et agronome) a pr\u00e9sent\u00e9 une conf\u00e9rence sur les p\u00e2turages intensifs en rotation et Mme Marie-\u00c8ve Dubuc, agronome et conseill\u00e8re en productions animales au MAPAQ) a anim\u00e9 un atelier sur l\u2019identification des plantes fourrag\u00e8res.<\/p>\n<p>Cette activit\u00e9 Agro-Blitz est le fruit d\u2019une collaboration entre les Producteurs de bovins du Qu\u00e9bec, Gestrie-Sol agroenvironnement et la Ferme WB. Le projet a \u00e9t\u00e9 financ\u00e9 par le minist\u00e8re de l&#8217;Agriculture, des P\u00eacheries et de l&#8217;Alimentation du Qu\u00e9bec dans le cadre du programme Prime-Vert.<\/p>\n<p><img loading=\"lazy\" decoding=\"async\" class=\"aligncenter wp-image-19784 size-full\" src=\"https:\/\/bovin.qc.ca\/wp-content\/uploads\/2023\/09\/DSC_0832.jpg\" alt=\"\" width=\"815\" height=\"543\" srcset=\"https:\/\/bovin.qc.ca\/wp-content\/uploads\/2023\/09\/DSC_0832.jpg 815w, https:\/\/bovin.qc.ca\/wp-content\/uploads\/2023\/09\/DSC_0832-300x200.jpg 300w, https:\/\/bovin.qc.ca\/wp-content\/uploads\/2023\/09\/DSC_0832-192x128.jpg 192w\" sizes=\"auto, (max-width: 815px) 100vw, 815px\" \/><\/p>\n<p><em>Source : PBQ<\/em><\/p>\n<p><a href=\"#top\">Retour en haut<\/a><\/div>\n<p style=\"text-align: left;\">&nbsp;<\/p>\n","protected":false},"excerpt":{"rendered":"<p>&nbsp; INFOLETTRE La Minute bovine : septembre 2023 Coup d\u2019\u0153il sur les march\u00e9s du b\u0153uf et du veau L&#8217;Info-prix \u00c9v\u00e9nements \u00e0 venir Actualit\u00e9s LESFAITSBOEUF.COM | VEAUFAITS.COM se distingue! Un Qu\u00e9b\u00e9cois \u00e0 la t\u00eate de B\u0153uf Canada Compte d\u2019urgence : Ottawa accorde un r\u00e9pit aux entreprises canadiennes Des producteurs de veaux de grain remportent un prestigieux [&#8230;]<\/p>\n","protected":false},"author":6,"featured_media":0,"parent":0,"menu_order":0,"comment_status":"closed","ping_status":"closed","template":"","meta":{"ngg_post_thumbnail":0,"footnotes":""},"class_list":["post-19889","page","type-page","status-publish","hentry"],"_links":{"self":[{"href":"https:\/\/bovin.qc.ca\/en\/wp-json\/wp\/v2\/pages\/19889","targetHints":{"allow":["GET"]}}],"collection":[{"href":"https:\/\/bovin.qc.ca\/en\/wp-json\/wp\/v2\/pages"}],"about":[{"href":"https:\/\/bovin.qc.ca\/en\/wp-json\/wp\/v2\/types\/page"}],"author":[{"embeddable":true,"href":"https:\/\/bovin.qc.ca\/en\/wp-json\/wp\/v2\/users\/6"}],"replies":[{"embeddable":true,"href":"https:\/\/bovin.qc.ca\/en\/wp-json\/wp\/v2\/comments?post=19889"}],"version-history":[{"count":1,"href":"https:\/\/bovin.qc.ca\/en\/wp-json\/wp\/v2\/pages\/19889\/revisions"}],"predecessor-version":[{"id":19890,"href":"https:\/\/bovin.qc.ca\/en\/wp-json\/wp\/v2\/pages\/19889\/revisions\/19890"}],"wp:attachment":[{"href":"https:\/\/bovin.qc.ca\/en\/wp-json\/wp\/v2\/media?parent=19889"}],"curies":[{"name":"wp","href":"https:\/\/api.w.org\/{rel}","templated":true}]}}