{"id":18003,"date":"2023-05-01T07:13:30","date_gmt":"2023-05-01T11:13:30","guid":{"rendered":"https:\/\/bovin.qc.ca\/?page_id=18003"},"modified":"2023-05-01T07:13:30","modified_gmt":"2023-05-01T11:13:30","slug":"la-minute-bovine-avril-2023","status":"publish","type":"page","link":"https:\/\/bovin.qc.ca\/en\/la-minute-bovine-avril-2023\/","title":{"rendered":"La Minute bovine : avril 2023"},"content":{"rendered":"<h3><div class=\"newsletter_subscription_box\"><a class=\"newsletter_subscription_link\" href=\"https:\/\/bovin.qc.ca\/abonnement\/\"><div class=\"left_side\"><img decoding=\"async\" src=\"https:\/\/bovin.qc.ca\/wp-content\/themes\/bovins\/images\/infolettre_icon.png\" class=\"newsletter_icon\" \/><\/div><div class=\"right_side\"><p class=\"newsletter_sub_text\">Vous n'\u00eates pas abonn\u00e9 \u00e0 notre infolettre?<br \/>Cliquez ici.<\/p><\/div><div style=\"clear:both;\"><\/div><\/a><\/div><\/h3>\n<p>&nbsp;<a id=\"top\"><\/a><\/p>\n<h1 style=\"text-align: left;\">INFOLETTRE<br \/>\nLa Minute bovine : avril 2023<\/h1>\n<ul>\n<li>\n<h2 style=\"text-align: left;\"><a href=\"#coup\"><strong>Coup d\u2019\u0153il sur les march\u00e9s du b\u0153uf et du veau<\/strong><\/a><\/h2>\n<\/li>\n<li style=\"text-align: left;\">\n<h2 style=\"text-align: left;\"><a href=\"#prix\">L&#8217;Info-prix<\/a><\/h2>\n<\/li>\n<\/ul>\n<ul>\n<li style=\"text-align: left;\">\n<h2 style=\"text-align: left;\"><a href=\"#evenements\">\u00c9v\u00e9nements \u00e0 venir<\/a><\/h2>\n<\/li>\n<\/ul>\n<ul>\n<li style=\"text-align: left;\">\n<h2 style=\"text-align: left;\"><strong><a href=\"#actualite\">Actualit\u00e9s<\/a><\/strong><\/h2>\n<ul>\n<li><a href=\"#A1\"><strong>Retour sur l\u2019AGA 2023<\/strong><\/a><\/li>\n<li><a href=\"#A2\"><strong>Ferme Sage enr. remporte le Prix de l&#8217;intendance environnementale \u2013 Qu\u00e9bec<\/strong><\/a><\/li>\n<li><a href=\"#A3\"><strong>Agriculture sous pression : Des demandes formul\u00e9es au gouvernement<\/strong><\/a><\/li>\n<li><a href=\"#A4\"><strong>Le ministre Lamontagne en visite dans une ferme de bouvillons<\/strong><\/a><\/li>\n<li><a href=\"#A5\"><strong>Le programme B\u0153uf durable, oui \u00e7a rapporte!<\/strong><\/a><\/li>\n<li><a href=\"#A6\"><strong>Les PBQ contribuent au Gala M\u00e9ritas de l\u2019ITAQ<\/strong><\/a><\/li>\n<li><a href=\"#A7\"><strong>Sign\u00e9 Gourmand pr\u00e9sente &#8211; Nathalie C\u00f4t\u00e9, agr.<\/strong><\/a><\/li>\n<li><a href=\"#A8\"><strong>Comment savoir si mon animal peut \u00eatre transport\u00e9?<\/strong><\/a><\/li>\n<\/ul>\n<\/li>\n<\/ul>\n<p>&nbsp;<\/p>\n<table style=\"width: 100%; border-collapse: collapse; background-color: #a52a2a;\" border=\"0\">\n<tbody>\n<tr>\n<td style=\"width: 100%;\">\n<h3 style=\"text-align: center;\"><span style=\"color: #ffffff;\"><strong>CLIQUEZ SUR VOTRE SECTEUR POUR VOS NOUVELLES<\/strong><\/span><\/h3>\n<\/td>\n<\/tr>\n<\/tbody>\n<\/table>\n<p>\n<a href=\"#br\"><img loading=\"lazy\" decoding=\"async\" class=\"alignnone wp-image-8129 size-full\" src=\"https:\/\/bovin.qc.ca\/wp-content\/uploads\/2020\/01\/br.jpg\" alt=\"\" width=\"156\" height=\"348\" srcset=\"https:\/\/bovin.qc.ca\/wp-content\/uploads\/2020\/01\/br.jpg 156w, https:\/\/bovin.qc.ca\/wp-content\/uploads\/2020\/01\/br-134x300.jpg 134w, https:\/\/bovin.qc.ca\/wp-content\/uploads\/2020\/01\/br-57x128.jpg 57w\" sizes=\"auto, (max-width: 156px) 100vw, 156px\" \/>&nbsp;<\/a>&nbsp;<a href=\"#vg\"><img loading=\"lazy\" decoding=\"async\" class=\"alignnone wp-image-8131\" src=\"https:\/\/bovin.qc.ca\/wp-content\/uploads\/2020\/01\/vg.jpg\" alt=\"\" width=\"156\" height=\"348\">&nbsp;<\/a>&nbsp;<a href=\"#vl\"><img loading=\"lazy\" decoding=\"async\" class=\"alignnone wp-image-8133\" src=\"https:\/\/bovin.qc.ca\/wp-content\/uploads\/2020\/01\/vl.jpg\" alt=\"\" width=\"155\" height=\"348\">&nbsp;&nbsp;<\/a><a href=\"#ve\"><img loading=\"lazy\" decoding=\"async\" class=\"alignnone wp-image-8135\" src=\"https:\/\/bovin.qc.ca\/wp-content\/uploads\/2020\/01\/ve.jpg\" alt=\"\" width=\"155\" height=\"348\" srcset=\"https:\/\/bovin.qc.ca\/wp-content\/uploads\/2020\/01\/ve.jpg 157w, https:\/\/bovin.qc.ca\/wp-content\/uploads\/2020\/01\/ve-134x300.jpg 134w, https:\/\/bovin.qc.ca\/wp-content\/uploads\/2020\/01\/ve-57x128.jpg 57w\" sizes=\"auto, (max-width: 155px) 100vw, 155px\" \/>&nbsp;<\/a><a href=\"#ba\"><img loading=\"lazy\" decoding=\"async\" class=\"alignnone wp-image-8137\" src=\"https:\/\/bovin.qc.ca\/wp-content\/uploads\/2020\/01\/ba-sec.jpg\" alt=\"\" width=\"159\" height=\"348\" srcset=\"https:\/\/bovin.qc.ca\/wp-content\/uploads\/2020\/01\/ba-sec.jpg 159w, https:\/\/bovin.qc.ca\/wp-content\/uploads\/2020\/01\/ba-sec-137x300.jpg 137w, https:\/\/bovin.qc.ca\/wp-content\/uploads\/2020\/01\/ba-sec-59x128.jpg 59w\" sizes=\"auto, (max-width: 159px) 100vw, 159px\" \/><\/a><\/p>\n<p>&nbsp;<\/p>\n<hr>\n<h2 style=\"text-align: left;\"><a href=\"#FADQ\">Nouvelles de La Financi\u00e8re agricole du Qu\u00e9bec<\/a><\/h2>\n<ul>\n<li style=\"list-style-type: none;\">\n<ul>\n<li><strong><a href=\"#F1\">Un appui renouvel\u00e9 aux entreprises agricoles avec le Partenariat canadien pour une agriculture durable (PCAD) 2023-2028<\/a><\/strong><\/li>\n<li><strong><a href=\"#F2\">R\u00e9tribution des pratiques agroenvironnementales : plus de 6 M$ vers\u00e9s aux entreprises agricoles de la deuxi\u00e8me cohorte<\/a><\/strong><\/li>\n<\/ul>\n<\/li>\n<\/ul>\n<h2 style=\"text-align: left;\"><a href=\"#CCA\">Nouvelles de l&#8217;Association canadienne des bovins<\/a><\/h2>\n<ul>\n<li style=\"list-style-type: none;\">\n<ul>\n<li><a href=\"#CCA1\"><strong>L\u2019ACB \u00e9lit une nouvelle \u00e9quipe de direction et trace la voie pour l\u2019ann\u00e9e \u00e0 venir<\/strong><\/a><\/li>\n<li><a href=\"#CCA2\"><strong>Les \u00e9leveurs de bovins canadiens accueillent favorablement l&#8217;acc\u00e8s accru au b\u0153uf au Japon<\/strong><\/a><\/li>\n<li><a href=\"#CCA3\"><strong>L&#8217;ACIA ouvre une p\u00e9riode de consultation sur les modifications propos\u00e9es au r\u00e8glement sur la tra\u00e7abilit\u00e9<\/strong><\/a><\/li>\n<li><a href=\"#CCA4\"><strong>Les jeunes producteurs de b\u0153uf repr\u00e9sentent la prochaine g\u00e9n\u00e9ration lors du rassemblement annuel des jeunes<\/strong><\/a><\/li>\n<\/ul>\n<\/li>\n<\/ul>\n<h2 style=\"text-align: left;\"><a href=\"#NR1\">Nouvelles r\u00e9gionales<\/a><\/h2>\n<ul>\n<li style=\"list-style-type: none;\">\n<ul>\n<li><a href=\"#NR1\"><strong>Saguenay-Lac-Saint-Jean &#8211; Journ\u00e9e d\u2019information en production bovine<\/strong><\/a><\/li>\n<li><a href=\"#NR2\"><strong>Mauricie &#8211; Les producteurs de veaux d\u2019embouche se r\u00e9unissent<\/strong><\/a><\/li>\n<li><a href=\"#NR3\"><strong>Chaudi\u00e8re-Appalaches-Nord &#8211; Don de viande de b\u0153uf aux organismes de bienfaisance de la r\u00e9gion<\/strong><\/a><\/li>\n<\/ul>\n<\/li>\n<\/ul>\n<p>&nbsp;<\/p>\n<table style=\"width: 100%; border-collapse: collapse; background-color: #a52a2a;\" border=\"0\">\n<tbody>\n<tr>\n<td style=\"width: 100%;\">\n<h3 style=\"text-align: center;\"><span style=\"color: #ffffff;\"><strong>COUP D&#8217;\u0152IL SUR LES MARCH\u00c9S DU B\u0152UF ET DU VEAU<\/strong><\/span><\/h3>\n<\/td>\n<\/tr>\n<\/tbody>\n<\/table>\n<p>&nbsp;<\/p>\n<p style=\"text-align: center;\"><span style=\"text-decoration: underline;\"><a href=\"https:\/\/bovin.qc.ca\/wp-content\/uploads\/2023\/04\/2023-04-Coup-doeil-sur-les-marches-boeuf-et-veau-FRAN.pdf\" target=\"_blank\" rel=\"noopener\">Version fran\u00e7aise<\/a><br \/>\n<a href=\"https:\/\/bovin.qc.ca\/wp-content\/uploads\/2023\/04\/2023-04-Coup-doeil-sur-les-marches-boeuf-et-veau-ANG.pdf\" target=\"_blank\" rel=\"noopener\">English version<\/a><br \/>\n<\/span><\/p>\n<p style=\"text-align: center;\"><img loading=\"lazy\" decoding=\"async\" class=\"wp-image-10769 aligncenter\" src=\"https:\/\/bovin.qc.ca\/wp-content\/uploads\/2020\/08\/shutterstock_699231256-min_WEB-1.jpg\" alt=\"\" width=\"500\" height=\"317\" srcset=\"https:\/\/bovin.qc.ca\/wp-content\/uploads\/2020\/08\/shutterstock_699231256-min_WEB-1.jpg 1024w, https:\/\/bovin.qc.ca\/wp-content\/uploads\/2020\/08\/shutterstock_699231256-min_WEB-1-300x190.jpg 300w, https:\/\/bovin.qc.ca\/wp-content\/uploads\/2020\/08\/shutterstock_699231256-min_WEB-1-202x128.jpg 202w\" sizes=\"auto, (max-width: 500px) 100vw, 500px\" \/><\/p>\n<p style=\"text-align: left;\"><a href=\"#top\">Retour en haut<\/a><a id=\"prix\"><\/a><\/p>\n<hr>\n<p>&nbsp;<\/p>\n<p><img loading=\"lazy\" decoding=\"async\" class=\"aligncenter wp-image-5452\" src=\"https:\/\/bovin.qc.ca\/wp-content\/uploads\/2018\/09\/info-prix-bandeau.jpg\" alt=\"\" width=\"750\" height=\"183\" srcset=\"https:\/\/bovin.qc.ca\/wp-content\/uploads\/2018\/09\/info-prix-bandeau.jpg 650w, https:\/\/bovin.qc.ca\/wp-content\/uploads\/2018\/09\/info-prix-bandeau-300x73.jpg 300w, https:\/\/bovin.qc.ca\/wp-content\/uploads\/2018\/09\/info-prix-bandeau-523x128.jpg 523w\" sizes=\"auto, (max-width: 750px) 100vw, 750px\" \/><\/p>\n<p style=\"text-align: center;\">Cliquez sur un secteur pour les prix du march\u00e9<\/p>\n<p style=\"text-align: center;\"><u><a href=\"https:\/\/www.fpbq.upa.qc.ca\/infoprix\/BouvAbattage\/BAInfoPrixQuot.asp?Langue=F\" target=\"_blank\" rel=\"noopener\"><strong>BOUVILLON<\/strong><\/a><br \/>\n<\/u><u><a href=\"https:\/\/www.fpbq.upa.qc.ca\/infoprix\/BovinReforme\/BRInfoPrixQuot.asp?Langue=F\" target=\"_blank\" rel=\"noopener\"><strong>BOVIN DE R\u00c9FORME ET VEAU LAITIER<\/strong><\/a><br \/>\n<\/u><u><a href=\"https:\/\/www.fpbq.upa.qc.ca\/infoprix\/VeauDeGrain\/VGInfoPrixHebdo.asp?Langue=F\" target=\"_blank\" rel=\"noopener\"><strong>VEAU DE GRAIN<\/strong><\/a><br \/>\n<\/u><u><strong><a href=\"https:\/\/www.fpbq.upa.qc.ca\/infoprix\/VeauDeLait\/VLInfoPrixHebdo.asp?Langue=F\" target=\"_blank\" rel=\"noopener\">VEAU DE LAIT<\/a><br \/>\n<\/strong><\/u><u><a href=\"https:\/\/www.fpbq.upa.qc.ca\/infoprix\/VeauEmbouche\/VEInfoPrixQuot.asp?Langue=F\" target=\"_blank\" rel=\"noopener\"><strong>VEAU D\u2019EMBOUCHE<\/strong><\/a><\/u><\/p>\n<p><a href=\"#top\">Retour en haut<\/a><a id=\"evenements\"><\/a><\/p>\n<p>&nbsp;<\/p>\n<table style=\"width: 100%; border-collapse: collapse; background-color: #a52a2a;\" border=\"0\">\n<tbody>\n<tr>\n<td style=\"width: 100%;\">\n<h3 style=\"text-align: center;\"><span style=\"color: #ffffff;\"><strong>\u00c9V\u00c9NEMENTS \u00c0 VENIR<\/strong><\/span><\/h3>\n<\/td>\n<\/tr>\n<\/tbody>\n<\/table>\n<h4 style=\"text-align: left;\">Fili\u00e8re b\u0153uf et veau<a id=\"evenements\"><\/a><\/h4>\n<h4 style=\"text-align: left;\"><a href=\"https:\/\/www.facebook.com\/events\/1365947410914350 \"><img loading=\"lazy\" decoding=\"async\" class=\"aligncenter wp-image-17308\" src=\"https:\/\/bovin.qc.ca\/wp-content\/uploads\/2023\/02\/cibq-2023-reservez-date-v1_Plan-de-travail-1.png\" alt=\"\" width=\"815\" height=\"386\" srcset=\"https:\/\/bovin.qc.ca\/wp-content\/uploads\/2023\/02\/cibq-2023-reservez-date-v1_Plan-de-travail-1.png 3396w, https:\/\/bovin.qc.ca\/wp-content\/uploads\/2023\/02\/cibq-2023-reservez-date-v1_Plan-de-travail-1-300x142.png 300w, https:\/\/bovin.qc.ca\/wp-content\/uploads\/2023\/02\/cibq-2023-reservez-date-v1_Plan-de-travail-1-270x128.png 270w, https:\/\/bovin.qc.ca\/wp-content\/uploads\/2023\/02\/cibq-2023-reservez-date-v1_Plan-de-travail-1-1536x727.png 1536w, https:\/\/bovin.qc.ca\/wp-content\/uploads\/2023\/02\/cibq-2023-reservez-date-v1_Plan-de-travail-1-2048x970.png 2048w\" sizes=\"auto, (max-width: 815px) 100vw, 815px\" \/><\/a><\/h4>\n<hr>\n<h4 style=\"text-align: left;\">Fili\u00e8re b\u0153uf <a id=\"E2\"><\/a><\/h4>\n<h4 style=\"text-align: left;\"><img loading=\"lazy\" decoding=\"async\" class=\"aligncenter wp-image-17302\" src=\"https:\/\/bovin.qc.ca\/wp-content\/uploads\/2023\/02\/Formation-image-sans-bouton.jpg\" alt=\"\" width=\"815\" height=\"613\" srcset=\"https:\/\/bovin.qc.ca\/wp-content\/uploads\/2023\/02\/Formation-image-sans-bouton.jpg 1200w, https:\/\/bovin.qc.ca\/wp-content\/uploads\/2023\/02\/Formation-image-sans-bouton-300x226.jpg 300w, https:\/\/bovin.qc.ca\/wp-content\/uploads\/2023\/02\/Formation-image-sans-bouton-170x128.jpg 170w\" sizes=\"auto, (max-width: 815px) 100vw, 815px\" \/><\/h4>\n<p>D\u00e9velopp\u00e9e en collaboration avec plus de 40 sp\u00e9cialistes, cette formation en ligne autonome est gratuite et accr\u00e9dit\u00e9e par l&#8217;OAQ.<\/p>\n<p>Elle vise \u00e0 vous informer et mieux vous pr\u00e9parer aux changements climatiques ainsi qu\u2019\u00e0 vous faire conna\u00eetre les meilleures pratiques pour r\u00e9duire les \u00e9missions de gaz \u00e0 effet de serre en production bovine.<\/p>\n<p>Cette formation, ouverte \u00e0 tous, est sp\u00e9cialement con\u00e7ue pour les agronomes. Inscrivez-vous en tout temps sur la plateforme Asio!<\/p>\n<p>La formation est gratuite, elle peut \u00eatre effectu\u00e9e au moment qui vous convient et accr\u00e9dit\u00e9e par l\u2019Ordre des agronomes du Qu\u00e9bec.&nbsp;<\/p>\n<p><strong>Cliquez sur un des liens ci-dessous pour vous inscrire :<\/strong><\/p>\n<ul>\n<li><a href=\"https:\/\/asio.oaq.qc.ca\/Web\/MyCatalog\/ViewP?pid=Hz%2bL4eQ7kA0l7a2znDtCow%3d%3d&amp;id=iNwsmzZZywg018%2bsc5hBjw%3d%3d&amp;cvState=cvSrch=bovins\" target=\"_blank\" rel=\"noopener\"><strong>Pour les agronomes et candidats \u00e0 la profession<\/strong><\/a><\/li>\n<li><a href=\"https:\/\/asio.oaq.qc.ca\/Web\/MyCatalog\/ViewP?pid=FPhsaH9G00ZUvooPK%2fxkqQ%3d%3d&amp;id=iNwsmzZZywg018%2bsc5hBjw%3d%3d&amp;cvState=cvSrch=bovins\" target=\"_blank\" rel=\"noopener\"><strong>Pour les non-agronomes<\/strong><\/a><\/li>\n<\/ul>\n<hr>\n<h4 style=\"text-align: left;\">&nbsp;<a id=\"E3\"><\/a><\/h4>\n<p><img loading=\"lazy\" decoding=\"async\" class=\"aligncenter wp-image-17402 size-full\" src=\"https:\/\/bovin.qc.ca\/wp-content\/uploads\/2023\/03\/Webinaire-genetique-reduction-GES.jpg\" alt=\"\" width=\"815\" height=\"403\" srcset=\"https:\/\/bovin.qc.ca\/wp-content\/uploads\/2023\/03\/Webinaire-genetique-reduction-GES.jpg 815w, https:\/\/bovin.qc.ca\/wp-content\/uploads\/2023\/03\/Webinaire-genetique-reduction-GES-300x148.jpg 300w, https:\/\/bovin.qc.ca\/wp-content\/uploads\/2023\/03\/Webinaire-genetique-reduction-GES-259x128.jpg 259w\" sizes=\"auto, (max-width: 815px) 100vw, 815px\" \/><\/p>\n<p>Comment peut-on r\u00e9duire l\u2019impact de la production de bovins de boucherie sur les changements climatiques et favoriser la r\u00e9duction des gaz \u00e0 effet de serre?<\/p>\n<p>M. \u00c9ric Lepage, agronome au MAPAQ, nous parlera de plusieurs caract\u00e9ristiques g\u00e9n\u00e9tiques favorables \u00e0 l\u2019efficacit\u00e9 et donc \u00e0 la r\u00e9duction des GES.<\/p>\n<p>Il discutera de fertilit\u00e9, de vigueur et sant\u00e9 des veaux, de dur\u00e9e de vie productive, de croissance, d\u2019efficacit\u00e9 alimentaire, de rendement en viande et de potentiel d\u2019am\u00e9lioration et progr\u00e8s g\u00e9n\u00e9tique.<\/p>\n<p><strong>Le webinaire aura lieu le 2 mai 2023 d\u00e8s 19 h<\/strong><\/p>\n<p><strong>ACTIVIT\u00c9 GRATUITE&nbsp;<\/strong><\/p>\n<p><strong>Cliquez <\/strong><a href=\"https:\/\/us02web.zoom.us\/webinar\/register\/WN_Aapzeu9ER_26RkwuAqgp1A#\/registration\" target=\"_blank\" rel=\"noopener\"><strong>ICI<\/strong><\/a><strong> pour vous inscrire. <\/strong><\/p>\n<p>&nbsp;<\/p>\n<table style=\"width: 100%; border-collapse: collapse; background-color: #a52a2a;\" border=\"0\">\n<tbody>\n<tr>\n<td style=\"width: 100%;\">\n<h3 style=\"text-align: center;\"><span style=\"color: #ffffff;\"><strong>ACTUALIT\u00c9S<a id=\"A1\"><\/a><\/strong><\/span><\/h3>\n<\/td>\n<\/tr>\n<\/tbody>\n<\/table>\n<h4><img loading=\"lazy\" decoding=\"async\" class=\"aligncenter wp-image-17693\" src=\"https:\/\/bovin.qc.ca\/wp-content\/uploads\/2023\/04\/AGA-2023-entete-1.png\" alt=\"\" width=\"500\" height=\"110\" srcset=\"https:\/\/bovin.qc.ca\/wp-content\/uploads\/2023\/04\/AGA-2023-entete-1.png 815w, https:\/\/bovin.qc.ca\/wp-content\/uploads\/2023\/04\/AGA-2023-entete-1-300x66.png 300w, https:\/\/bovin.qc.ca\/wp-content\/uploads\/2023\/04\/AGA-2023-entete-1-583x128.png 583w\" sizes=\"auto, (max-width: 500px) 100vw, 500px\" \/><\/h4>\n<h4 style=\"text-align: left;\">Retour sur l\u2019AGA 2023<\/h4>\n<p>Les 28 et 29 mars dernier s\u2019est tenu la 41e assembl\u00e9e g\u00e9n\u00e9rale annuelle (AGA) des producteurs de bovins du Qu\u00e9bec \u00e0 l\u2019H\u00f4tel Le Concorde Qu\u00e9bec. Pr\u00e8s de 200 d\u00e9l\u00e9gu\u00e9s et partenaires de l\u2019industrie y ont particip\u00e9.<\/p>\n<p>Plusieurs r\u00e9solutions ont \u00e9t\u00e9 adopt\u00e9es par l\u2019AGA sur plusieurs sujets dont :<\/p>\n<ul>\n<li>Report du remboursement du compte d\u2019urgence pour les entreprises canadiennes;<\/li>\n<li>\u00c9tiquetage des prot\u00e9ines animales de laboratoire;<\/li>\n<li>R\u00e8glement sur les heures de service des conducteurs de v\u00e9hicule utilitaire (dispositif de consignation \u00e9lectronique);<\/li>\n<li>Transition \u00e9nerg\u00e9tique \u2013 \u00e9nergie renouvelable;<\/li>\n<li>Lourdeur administrative des programmes administr\u00e9s par la FADQ;<\/li>\n<li>Refonte du r\u00e8glement sur la production et la mise en march\u00e9 des veaux de grain;<\/li>\n<li>Admissibilit\u00e9 de l\u2019achat de veaux au Programme Investissement Croissance Durable.<\/li>\n<\/ul>\n<p>Vous retrouverez&nbsp;<a href=\"https:\/\/bovin.qc.ca\/publications\/archives\/2023-2\/\" target=\"_blank\" rel=\"noopener\"><strong>l\u2019ensemble des r\u00e9solutions ici<\/strong><\/a>.<\/p>\n<p>Une nouveaut\u00e9 cette ann\u00e9e! L\u2019enti\u00e8ret\u00e9 de la pl\u00e9ni\u00e8re a \u00e9t\u00e9 diffus\u00e9e sur les plateformes <a href=\"https:\/\/www.facebook.com\/groups\/bovinsqc\/\" target=\"_blank\" rel=\"noopener\">Facebook<\/a> et <a href=\"https:\/\/www.youtube.com\/channel\/UCoYkvuorDPiyJvak5o9xrgg\" target=\"_blank\" rel=\"noopener\">YouTube<\/a> des PBQ. Visionnez-en les meilleurs moments en cliquant sur les liens ci-dessous&nbsp;:<\/p>\n<h4 style=\"text-align: left;\"><span style=\"color: #993300; font-size: 14pt;\">28 mars 2023<\/span><\/h4>\n<table style=\"border-collapse: collapse; width: 100%; height: 726px;\">\n<tbody>\n<tr style=\"height: 224px;\">\n<td style=\"width: 50%; height: 224px; text-align: center;\"><a href=\"https:\/\/www.youtube.com\/live\/vgRIa1S4l30?feature=share&amp;t=2203\" target=\"_blank\" rel=\"noopener\"><img loading=\"lazy\" decoding=\"async\" class=\"aligncenter wp-image-17698\" src=\"https:\/\/bovin.qc.ca\/wp-content\/uploads\/2023\/04\/Conference-ACC-2.png\" alt=\"\" width=\"400\" height=\"224\" srcset=\"https:\/\/bovin.qc.ca\/wp-content\/uploads\/2023\/04\/Conference-ACC-2.png 815w, https:\/\/bovin.qc.ca\/wp-content\/uploads\/2023\/04\/Conference-ACC-2-300x168.png 300w, https:\/\/bovin.qc.ca\/wp-content\/uploads\/2023\/04\/Conference-ACC-2-228x128.png 228w\" sizes=\"auto, (max-width: 400px) 100vw, 400px\" \/><\/a><\/td>\n<td style=\"width: 50%; height: 224px; text-align: center;\"><a href=\"https:\/\/www.youtube.com\/live\/vgRIa1S4l30?feature=share&amp;t=3989\" target=\"_blank\" rel=\"noopener\"><img loading=\"lazy\" decoding=\"async\" class=\"aligncenter wp-image-17700\" src=\"https:\/\/bovin.qc.ca\/wp-content\/uploads\/2023\/04\/Conference-ACB.png\" alt=\"\" width=\"400\" height=\"224\" srcset=\"https:\/\/bovin.qc.ca\/wp-content\/uploads\/2023\/04\/Conference-ACB.png 815w, https:\/\/bovin.qc.ca\/wp-content\/uploads\/2023\/04\/Conference-ACB-300x168.png 300w, https:\/\/bovin.qc.ca\/wp-content\/uploads\/2023\/04\/Conference-ACB-228x128.png 228w\" sizes=\"auto, (max-width: 400px) 100vw, 400px\" \/><\/a><\/td>\n<\/tr>\n<tr style=\"height: 95px;\">\n<td style=\"width: 50%; height: 95px; text-align: center; vertical-align: middle;\"><span style=\"font-size: 10pt; color: #993300;\"><strong>Pr\u00e9sentation d&#8217;Agricultural Credit Corporation<\/strong><\/span><br \/>\n<span style=\"font-size: 10pt;\">Jaye J. Atkins, pr\u00e9sident-directeur g\u00e9n\u00e9ral<\/span><\/td>\n<td style=\"width: 50%; height: 95px; text-align: center; vertical-align: middle;\"><span style=\"font-size: 10pt; color: #993300;\"><strong>Pr\u00e9sentation de l&#8217;Association canadienne des bovins<\/strong><\/span><br \/>\n<span style=\"font-size: 10pt;\">Nathan Phinney, pr\u00e9sident et Jennifer Babcock, directrice s\u00e9nior, gouvernement et affaires publiques&nbsp;<\/span><\/td>\n<\/tr>\n<tr style=\"height: 224px;\">\n<td style=\"width: 50%; height: 224px; text-align: center;\"><a href=\"https:\/\/www.youtube.com\/live\/vgRIa1S4l30?feature=share&amp;t=6148\" target=\"_blank\" rel=\"noopener\"><img loading=\"lazy\" decoding=\"async\" class=\"aligncenter wp-image-17708\" src=\"https:\/\/bovin.qc.ca\/wp-content\/uploads\/2023\/04\/Allocution-ministre.png\" alt=\"\" width=\"400\" height=\"224\" srcset=\"https:\/\/bovin.qc.ca\/wp-content\/uploads\/2023\/04\/Allocution-ministre.png 815w, https:\/\/bovin.qc.ca\/wp-content\/uploads\/2023\/04\/Allocution-ministre-300x168.png 300w, https:\/\/bovin.qc.ca\/wp-content\/uploads\/2023\/04\/Allocution-ministre-228x128.png 228w\" sizes=\"auto, (max-width: 400px) 100vw, 400px\" \/><\/a><\/td>\n<td style=\"width: 50%; height: 224px; text-align: center;\"><strong><a href=\"https:\/\/www.youtube.com\/live\/cBduMdGaHnY?feature=share&amp;t=761\" target=\"_blank\" rel=\"noopener\"><img loading=\"lazy\" decoding=\"async\" class=\"wp-image-17714 aligncenter\" src=\"https:\/\/bovin.qc.ca\/wp-content\/uploads\/2023\/04\/Julien-plan-durabilite-1.png\" alt=\"\" width=\"400\" height=\"224\" srcset=\"https:\/\/bovin.qc.ca\/wp-content\/uploads\/2023\/04\/Julien-plan-durabilite-1.png 815w, https:\/\/bovin.qc.ca\/wp-content\/uploads\/2023\/04\/Julien-plan-durabilite-1-300x168.png 300w, https:\/\/bovin.qc.ca\/wp-content\/uploads\/2023\/04\/Julien-plan-durabilite-1-228x128.png 228w\" sizes=\"auto, (max-width: 400px) 100vw, 400px\" \/><\/a><\/strong><\/td>\n<\/tr>\n<tr style=\"height: 105px;\">\n<td style=\"width: 50%; height: 105px; text-align: center; vertical-align: middle;\"><span style=\"font-size: 10pt; color: #993300;\"><strong>Allocution du ministre de l&#8217;Agriculture, des P\u00eacheries et de l&#8217;Alimentation du Qu\u00e9bec<\/strong><\/span><br \/>\n<span style=\"font-size: 10pt;\">L&#8217;honorable Andr\u00e9 Lamontagne<\/span><\/td>\n<td style=\"width: 50%; height: 105px; text-align: center; vertical-align: middle;\"><span style=\"font-size: 10pt; color: #993300;\"><strong>Suivi du plan de communication en durabilit\u00e9 des PBQ<\/strong><\/span><br \/>\n<span style=\"font-size: 10pt;\">Julien Levac Joubert, conseiller aux communications<\/span><br \/>\n<span style=\"font-size: 10pt;\">Nathalie C\u00f4t\u00e9, directrice des affaires agronomiques<\/span><\/td>\n<\/tr>\n<tr style=\"height: 224px;\">\n<td style=\"width: 100%; height: 224px; text-align: center;\" colspan=\"2\"><span style=\"font-size: 10pt; color: #993300;\"><strong><a href=\"https:\/\/www.youtube.com\/live\/cBduMdGaHnY?feature=share&amp;t=1131\" target=\"_blank\" rel=\"noopener\"><img loading=\"lazy\" decoding=\"async\" class=\"aligncenter wp-image-17712\" src=\"https:\/\/bovin.qc.ca\/wp-content\/uploads\/2023\/04\/Prix-de-lintendance-environnementale.png\" alt=\"\" width=\"400\" height=\"224\" srcset=\"https:\/\/bovin.qc.ca\/wp-content\/uploads\/2023\/04\/Prix-de-lintendance-environnementale.png 815w, https:\/\/bovin.qc.ca\/wp-content\/uploads\/2023\/04\/Prix-de-lintendance-environnementale-300x168.png 300w, https:\/\/bovin.qc.ca\/wp-content\/uploads\/2023\/04\/Prix-de-lintendance-environnementale-228x128.png 228w\" sizes=\"auto, (max-width: 400px) 100vw, 400px\" \/><\/a><\/strong><\/span><\/td>\n<\/tr>\n<tr style=\"height: 105px;\">\n<td style=\"width: 100%; height: 105px; text-align: center; vertical-align: middle;\" colspan=\"2\"><span style=\"font-size: 10pt; color: #993300;\"><strong>Remise du Prix de l&#8217;intendance environnementale &#8211; Qu\u00e9bec 2023<br \/>\n<\/strong><span style=\"font-size: 10pt; color: #000000;\">Nathalie C\u00f4t\u00e9, directrice des affaires agronomiques<\/span><br \/>\n<span style=\"font-size: 10pt; color: #000000;\">Francine Tr\u00e9panier, membre du comit\u00e9 ex\u00e9cutif et responsable du dossier environnement<\/span><\/span><\/td>\n<\/tr>\n<\/tbody>\n<\/table>\n<h4 style=\"text-align: left;\"><span style=\"color: #993300; font-size: 14pt;\">29 mars 2023<\/span><\/h4>\n<table style=\"border-collapse: collapse; width: 100%; height: 296px;\">\n<tbody>\n<tr style=\"height: 224px;\">\n<td style=\"width: 50%; height: 224px; text-align: center;\"><a href=\"https:\/\/www.youtube.com\/live\/Eku_a_5qwPI?feature=share&amp;t=3817\" target=\"_blank\" rel=\"noopener\"><img loading=\"lazy\" decoding=\"async\" class=\"aligncenter wp-image-17721\" src=\"https:\/\/bovin.qc.ca\/wp-content\/uploads\/2023\/04\/Mot-du-president.png\" alt=\"\" width=\"400\" height=\"224\" srcset=\"https:\/\/bovin.qc.ca\/wp-content\/uploads\/2023\/04\/Mot-du-president.png 815w, https:\/\/bovin.qc.ca\/wp-content\/uploads\/2023\/04\/Mot-du-president-300x168.png 300w, https:\/\/bovin.qc.ca\/wp-content\/uploads\/2023\/04\/Mot-du-president-228x128.png 228w\" sizes=\"auto, (max-width: 400px) 100vw, 400px\" \/><\/a><\/td>\n<td style=\"width: 50%; height: 224px; text-align: center;\"><a href=\"https:\/\/www.youtube.com\/live\/Eku_a_5qwPI?feature=share&amp;t=4735\" target=\"_blank\" rel=\"noopener\"><img loading=\"lazy\" decoding=\"async\" class=\"wp-image-17723 aligncenter\" src=\"https:\/\/bovin.qc.ca\/wp-content\/uploads\/2023\/04\/Allocution-president-UPA.png\" alt=\"\" width=\"400\" height=\"224\" srcset=\"https:\/\/bovin.qc.ca\/wp-content\/uploads\/2023\/04\/Allocution-president-UPA.png 815w, https:\/\/bovin.qc.ca\/wp-content\/uploads\/2023\/04\/Allocution-president-UPA-300x168.png 300w, https:\/\/bovin.qc.ca\/wp-content\/uploads\/2023\/04\/Allocution-president-UPA-228x128.png 228w\" sizes=\"auto, (max-width: 400px) 100vw, 400px\" \/><\/a><\/td>\n<\/tr>\n<tr style=\"height: 95px;\">\n<td style=\"width: 50%; height: 95px; text-align: center; vertical-align: middle;\"><span style=\"font-size: 10pt; color: #993300;\"><strong>Mot du pr\u00e9sident<\/strong><\/span><br \/>\n<span style=\"font-size: 10pt;\">Jean-Thomas Maltais, pr\u00e9sident des PBQ<\/span><\/td>\n<td style=\"width: 50%; height: 95px; text-align: center; vertical-align: middle;\"><span style=\"font-size: 10pt; color: #993300;\"><strong>Allocution du pr\u00e9sident de l&#8217;UPA<\/strong><\/span><br \/>\n<span style=\"font-size: 10pt;\">Martin Caron&nbsp;<\/span><\/td>\n<\/tr>\n<\/tbody>\n<\/table>\n<p><em>Source : PBQ<\/em><\/p>\n<p style=\"text-align: left;\"><a href=\"#top\">Retour en haut<\/a><a id=\"A2\"><\/a><\/p>\n<hr>\n<h4 style=\"text-align: left;\">Ferme Sage Enr. remporte le Prix de l&#8217;intendance environnementale \u2013 Qu\u00e9bec<\/h4>\n<p><img loading=\"lazy\" decoding=\"async\" class=\"aligncenter wp-image-17729\" src=\"https:\/\/bovin.qc.ca\/wp-content\/uploads\/2023\/04\/Gagnant-Prix-intendance-environnementale-2023-Ferme-Sage-1-scaled.jpg\" alt=\"\" width=\"815\" height=\"539\" srcset=\"https:\/\/bovin.qc.ca\/wp-content\/uploads\/2023\/04\/Gagnant-Prix-intendance-environnementale-2023-Ferme-Sage-1-scaled.jpg 2560w, https:\/\/bovin.qc.ca\/wp-content\/uploads\/2023\/04\/Gagnant-Prix-intendance-environnementale-2023-Ferme-Sage-1-300x198.jpg 300w, https:\/\/bovin.qc.ca\/wp-content\/uploads\/2023\/04\/Gagnant-Prix-intendance-environnementale-2023-Ferme-Sage-1-194x128.jpg 194w, https:\/\/bovin.qc.ca\/wp-content\/uploads\/2023\/04\/Gagnant-Prix-intendance-environnementale-2023-Ferme-Sage-1-1536x1015.jpg 1536w, https:\/\/bovin.qc.ca\/wp-content\/uploads\/2023\/04\/Gagnant-Prix-intendance-environnementale-2023-Ferme-Sage-1-2048x1353.jpg 2048w\" sizes=\"auto, (max-width: 815px) 100vw, 815px\" \/><\/p>\n<p>La Ferme Sage enr. de Lac-Sainte-Marie, en Outaouais, est l\u2019entreprise laur\u00e9ate du Prix de l\u2019intendance environnementale pour le Qu\u00e9bec en 2023. Les producteurs Stanley, Cheryl, Ian et Eric Christensen auront le privil\u00e8ge de faire valoir les bonnes pratiques environnementales appliqu\u00e9es sur leur ferme au niveau national et courront la chance de remporter le Prix de l\u2019intendance environnementale au Canada. Cliquez <a href=\"https:\/\/www.youtube.com\/live\/cBduMdGaHnY?feature=share&amp;t=1896\" target=\"_blank\" rel=\"noopener\"><strong>ICI<\/strong><\/a> pour voir un extrait.<\/p>\n<h4 style=\"text-align: left;\">Une mention sp\u00e9ciale \u00e0 la Ferme Ricard et Associ\u00e9s<\/h4>\n<p>Exceptionnellement, cette ann\u00e9e, une mention sp\u00e9ciale a \u00e9galement \u00e9t\u00e9 d\u00e9cern\u00e9e \u00e0 la Ferme Ricard et Associ\u00e9s de Saint-Alexis, dans Lanaudi\u00e8re.<\/p>\n<p><img loading=\"lazy\" decoding=\"async\" class=\"aligncenter wp-image-17773 size-full\" src=\"https:\/\/bovin.qc.ca\/wp-content\/uploads\/2023\/04\/Andre-Ricard-2.png\" alt=\"\" width=\"815\" height=\"291\" srcset=\"https:\/\/bovin.qc.ca\/wp-content\/uploads\/2023\/04\/Andre-Ricard-2.png 815w, https:\/\/bovin.qc.ca\/wp-content\/uploads\/2023\/04\/Andre-Ricard-2-300x107.png 300w, https:\/\/bovin.qc.ca\/wp-content\/uploads\/2023\/04\/Andre-Ricard-2-358x128.png 358w\" sizes=\"auto, (max-width: 815px) 100vw, 815px\" \/><\/p>\n<p>La candidature de cette ferme de quatri\u00e8me g\u00e9n\u00e9ration en production de bouvillons, exploit\u00e9e par Andr\u00e9 Ricard, sa conjointe Odette Aumont et leur fils Vincent, a su impressionner grandement le comit\u00e9 de s\u00e9lection. L\u2019entreprise est \u00e9galement certifi\u00e9e VBP+. Cliquez <a href=\"https:\/\/www.youtube.com\/live\/cBduMdGaHnY?feature=share&amp;t=1358\" target=\"_blank\" rel=\"noopener\"><strong>ICI<\/strong><\/a> pour voir un extrait.<\/p>\n<p>Cliquez <a href=\"https:\/\/www.newswire.ca\/fr\/news-releases\/ferme-sage-enr-remporte-le-prix-de-l-intendance-environnementale-quebec-804132312.html\"><strong>ICI<\/strong><\/a> pour lire le communiqu\u00e9.<\/p>\n<p><em>Source : PBQ<\/em><\/p>\n<p style=\"text-align: left;\"><a href=\"#top\">Retour en haut<\/a><a id=\"A3\"><\/a><\/p>\n<hr>\n<h4 style=\"text-align: left;\">Agriculture sous pression : Des demandes formul\u00e9es au gouvernement<\/h4>\n<p>Le pr\u00e9sident des PBQ, M. Jean-Thomas Maltais, est intervenu dans le cadre d\u2019une conf\u00e9rence de presse organis\u00e9e par l\u2019UPA le 12 avril dernier. Lors de cet \u00e9v\u00e9nement, des demandes ont \u00e9t\u00e9 formul\u00e9es par l\u2019Union suite \u00e0 un sondage rempli par des milliers de producteurs agricoles de partout dans la province. Les constats et solutions privil\u00e9gi\u00e9es sont disponibles \u00e0 l\u2019adresse <a href=\"http:\/\/www.upa.qc.ca\/agriculture-sous-pression\" target=\"_blank\" rel=\"noopener\">www.upa.qc.ca\/agriculture-sous-pression<\/a>. Le message est clair&nbsp;: le contexte exceptionnel n\u00e9cessite des mesures exceptionnelles&nbsp;!<\/p>\n<p><img loading=\"lazy\" decoding=\"async\" class=\"aligncenter wp-image-17736\" src=\"https:\/\/bovin.qc.ca\/wp-content\/uploads\/2023\/04\/Agriculture-sous-pression-JTM.jpg\" alt=\"\" width=\"815\" height=\"542\" srcset=\"https:\/\/bovin.qc.ca\/wp-content\/uploads\/2023\/04\/Agriculture-sous-pression-JTM.jpg 1348w, https:\/\/bovin.qc.ca\/wp-content\/uploads\/2023\/04\/Agriculture-sous-pression-JTM-300x200.jpg 300w, https:\/\/bovin.qc.ca\/wp-content\/uploads\/2023\/04\/Agriculture-sous-pression-JTM-192x128.jpg 192w\" sizes=\"auto, (max-width: 815px) 100vw, 815px\" \/><\/p>\n<p>Visionner la conf\u00e9rence de presse dans son enti\u00e8ret\u00e9 au lien suivant <a href=\"https:\/\/www.facebook.com\/pageUPA\/videos\/273996948303310\" target=\"_blank\" rel=\"noopener\">https:\/\/www.facebook.com\/pageUPA\/videos\/273996948303310<\/a><\/p>\n<p><em>Source : PBQ<\/em><\/p>\n<p style=\"text-align: left;\"><a href=\"#top\">Retour en haut<\/a><a id=\"A4\"><\/a><\/p>\n<hr>\n<h4 style=\"text-align: left;\">Le ministre Lamontagne en visite dans une ferme de bouvillons<\/h4>\n<p>Le ministre de l\u2019Agriculture, des P\u00eacheries et de l\u2019Alimentation du Qu\u00e9bec, M. Andr\u00e9 Lamontagne, \u00e9tait de passage \u00e0 la Ferme Ricard &amp; Ass. (SENC) le 7 avril dernier pour une visite. M. Lamontagne a pu discuter avec M. Andr\u00e9 Ricard, pr\u00e9sident du comit\u00e9 de mise en march\u00e9 des bouvillons d\u2019abattage et son fils, M. Vincent Ricard, des enjeux et difficult\u00e9s qui pr\u00e9occupent les producteurs de bouvillons du Qu\u00e9bec ces derniers mois.<\/p>\n<p><img loading=\"lazy\" decoding=\"async\" class=\"aligncenter wp-image-17743 size-full\" src=\"https:\/\/bovin.qc.ca\/wp-content\/uploads\/2023\/04\/Lamontagne-visite.png\" alt=\"\" width=\"815\" height=\"457\" srcset=\"https:\/\/bovin.qc.ca\/wp-content\/uploads\/2023\/04\/Lamontagne-visite.png 815w, https:\/\/bovin.qc.ca\/wp-content\/uploads\/2023\/04\/Lamontagne-visite-300x168.png 300w, https:\/\/bovin.qc.ca\/wp-content\/uploads\/2023\/04\/Lamontagne-visite-228x128.png 228w\" sizes=\"auto, (max-width: 815px) 100vw, 815px\" \/><\/p>\n<p><em>Source : PBQ<\/em><\/p>\n<p style=\"text-align: left;\"><a href=\"#top\">Retour en haut<\/a><a id=\"A5\"><\/a><\/p>\n<hr>\n<h4 style=\"text-align: left;\">Le programme B\u0153uf durable, oui \u00e7a rapporte!<\/h4>\n<p><img loading=\"lazy\" decoding=\"async\" class=\"wp-image-17745  alignleft\" src=\"https:\/\/bovin.qc.ca\/wp-content\/uploads\/2023\/04\/crsb.png\" alt=\"\" width=\"235\" height=\"221\" srcset=\"https:\/\/bovin.qc.ca\/wp-content\/uploads\/2023\/04\/crsb.png 336w, https:\/\/bovin.qc.ca\/wp-content\/uploads\/2023\/04\/crsb-300x282.png 300w, https:\/\/bovin.qc.ca\/wp-content\/uploads\/2023\/04\/crsb-136x128.png 136w\" sizes=\"auto, (max-width: 235px) 100vw, 235px\" \/><\/p>\n<p>&nbsp;<\/p>\n<p>La certification durable signifie que la production bovine est respectueuse de l\u2019environnement et des animaux, soucieuse des gens et de la communaut\u00e9 et est \u00e9conomiquement viable.<\/p>\n<p>Les Producteurs de bovins du Qu\u00e9bec sont heureux d\u2019informer qu\u2019apr\u00e8s deux ans d\u2019activit\u00e9, plus de 1&nbsp;800 bovins durables ont \u00e9t\u00e9 mis en march\u00e9 par le biais du programme B\u0153uf durable des PBQ conform\u00e9ment aux crit\u00e8res de la Table ronde canadienne sur le b\u0153uf durable (TRCBD).<\/p>\n<p><img loading=\"lazy\" decoding=\"async\" class=\" wp-image-7288 alignright\" src=\"https:\/\/bovin.qc.ca\/wp-content\/uploads\/2019\/08\/Logo-vbp-fonc\u00e9.png\" alt=\"\" width=\"144\" height=\"127\" srcset=\"https:\/\/bovin.qc.ca\/wp-content\/uploads\/2019\/08\/Logo-vbp-fonc\u00e9.png 153w, https:\/\/bovin.qc.ca\/wp-content\/uploads\/2019\/08\/Logo-vbp-fonc\u00e9-145x128.png 145w\" sizes=\"auto, (max-width: 144px) 100vw, 144px\" \/><\/p>\n<p>&nbsp;<\/p>\n<p>Il faut rappeler que les bovins durables sont d\u00e9termin\u00e9s \u00e0 partir d\u2019une cha\u00eene de valeur, \u00e9tablie par le biais d\u2019une entente avec Cargill et Attestra, qui trace le mouvement des bovins \u00e9lev\u00e9s sur des fermes certifi\u00e9es VBP+ du Qu\u00e9bec.<\/p>\n<p>&nbsp;<\/p>\n<p>Ainsi, pr\u00e8s de 70 000 $ ont \u00e9t\u00e9 vers\u00e9s aux producteurs de veaux d\u2019embouche et bouvillons d\u2019abattage admissibles, sous forme de reconnaissance financi\u00e8re par bovin durable. \u00c0 cela s\u2019ajoute une nouvelle reconnaissance totalisant environ 47 000 $, vers\u00e9e en mars dernier, afin de souligner le travail des producteurs qui ont maintenu un statut actif en lien avec la certification TRCBD en 2022 et jusqu\u2019en 2023. Cela repr\u00e9sente pr\u00e8s de 115&nbsp;000&nbsp;$ pour la fili\u00e8re durable du Qu\u00e9bec depuis deux ans. Les PBQ remercient Cargill et ses clients pour le support financier vers\u00e9 aux producteurs.<\/p>\n<p>Et le travail se poursuit! Au cours des prochains mois, les reconnaissances par t\u00eate seront maintenant vers\u00e9es mensuellement. Les PBQ poursuivent \u00e9galement les discussions avec Cargill et les partenaires de la TRCBD afin d\u2019augmenter le nombre de bovins durables.<\/p>\n<p>F\u00e9licitations aux producteurs certifi\u00e9s VBP+ pour leur travail consciencieux, car ils contribuent \u00e0 la reconnaissance du programme et de la production bovine qu\u00e9b\u00e9coise. Nous encourageons les producteurs, qui le d\u00e9sirent, \u00e0 obtenir leur certification VBP+. Les PBQ offrent de l\u2019accompagnement et des outils d\u2019aide \u00e0 la certification pour votre entreprise. Pour plus de d\u00e9tails, communiquez avec Mmes&nbsp;Nathalie&nbsp;C\u00f4t\u00e9 (<a href=\"mailto:ncote@upa.qc.ca\" target=\"_blank\" rel=\"noopener\">ncote@upa.qc.ca<\/a>) et Catherine Lariv\u00e9e-Bazinet (<a href=\"mailto:clariveebazinet@upa.qc.ca\" target=\"_blank\" rel=\"noopener\">clariveebazinet@upa.qc.ca<\/a>).<\/p>\n<p><em>Source : PBQ<\/em><\/p>\n<p style=\"text-align: left;\"><a href=\"#top\">Retour en haut<\/a><a id=\"A6\"><\/a><\/p>\n<hr>\n<h4 style=\"text-align: left;\">Les PBQ contribuent au Gala M\u00e9ritas de l\u2019ITAQ<\/h4>\n<p><img loading=\"lazy\" decoding=\"async\" class=\"aligncenter wp-image-17755\" src=\"https:\/\/bovin.qc.ca\/wp-content\/uploads\/2023\/04\/gala-Meritas-ITAQ.jpg\" alt=\"\" width=\"815\" height=\"544\" srcset=\"https:\/\/bovin.qc.ca\/wp-content\/uploads\/2023\/04\/gala-Meritas-ITAQ.jpg 1349w, https:\/\/bovin.qc.ca\/wp-content\/uploads\/2023\/04\/gala-Meritas-ITAQ-300x200.jpg 300w, https:\/\/bovin.qc.ca\/wp-content\/uploads\/2023\/04\/gala-Meritas-ITAQ-192x128.jpg 192w\" sizes=\"auto, (max-width: 815px) 100vw, 815px\" \/><\/p>\n<p>Les Producteurs de bovins du Qu\u00e9bec ont contribu\u00e9 au Gala M\u00e9ritas 2023 de l\u2019Institut de technologie agroalimentaire du Qu\u00e9bec. On remarque ici le pr\u00e9sident des PBQ, M. Jean-Thomas Maltais, qui remet une bourse \u00e0 l\u2019\u00e9tudiante Mme Marie-Pier No\u00ebl accompagn\u00e9 de M. Dany Gagnon, directeur principal du secteur productions v\u00e9g\u00e9tales chez Sollio &amp; Agriska Agriculture au gala du campus de Saint- Hyacinthe. F\u00e9licitations \u00e0 tous les laur\u00e9ats!<\/p>\n<p><em>Source : PBQ<\/em><\/p>\n<p style=\"text-align: left;\"><a href=\"#top\">Retour en haut<\/a><a id=\"A7\"><\/a><\/p>\n<hr>\n<h4 style=\"text-align: left;\">Sign\u00e9 Gourmand pr\u00e9sente \u2013 Nathalie C\u00f4t\u00e9, agr.<\/h4>\n<p>L\u2019Ordre des agronomes du Qu\u00e9bec pr\u00e9sente le m\u00e9tier d\u2019agronome \u00e0 travers d\u2019un reportage o\u00f9 Mme H\u00e9l\u00e8ne Laurendeau, nutritionniste, discute de biodiversit\u00e9 et de bovins avec Mme Nathalie C\u00f4t\u00e9, directrice aux affaires agronomiques des PBQ bien ancr\u00e9e dans la fili\u00e8re bovine du Qu\u00e9bec depuis plus de 30 ans.<\/p>\n<p><iframe loading=\"lazy\" src=\"\/\/www.youtube.com\/embed\/vrMhYgzRaOs\" width=\"560\" height=\"314\" allowfullscreen=\"allowfullscreen\" data-mce-fragment=\"1\"><\/iframe><\/p>\n<p><em>Source : Ordre des agronomes du Qu\u00e9bec<\/em><\/p>\n<p style=\"text-align: left;\"><a href=\"#top\">Retour en haut<\/a><a id=\"A8\"><\/a><\/p>\n<hr>\n<h4 style=\"text-align: left;\"><a href=\"https:\/\/publications.gc.ca\/collections\/collection_2023\/acia-cfia\/A104-283-2023-fra.pdf\" target=\"_blank\" rel=\"noopener\"><img loading=\"lazy\" decoding=\"async\" class=\"alignright wp-image-17757\" src=\"https:\/\/bovin.qc.ca\/wp-content\/uploads\/2023\/04\/Evaluation-des-boiteries-pour-le-transport.jpg\" alt=\"\" width=\"150\" height=\"257\" srcset=\"https:\/\/bovin.qc.ca\/wp-content\/uploads\/2023\/04\/Evaluation-des-boiteries-pour-le-transport.jpg 409w, https:\/\/bovin.qc.ca\/wp-content\/uploads\/2023\/04\/Evaluation-des-boiteries-pour-le-transport-175x300.jpg 175w, https:\/\/bovin.qc.ca\/wp-content\/uploads\/2023\/04\/Evaluation-des-boiteries-pour-le-transport-75x128.jpg 75w\" sizes=\"auto, (max-width: 150px) 100vw, 150px\" \/><\/a>Comment savoir si votre animal peut \u00eatre transport\u00e9?<\/h4>\n<p>Trouvez-vous qu\u2019il est compliqu\u00e9 d\u2019\u00e9valuer une boiterie de votre animal?<\/p>\n<p>L\u2019ACIA a r\u00e9cemment publi\u00e9 une infographie qui vous permet de prendre la bonne d\u00e9cision.<\/p>\n<p>Un doute? Regardez l\u2019arbre de d\u00e9cision en cliquant sur l\u2019image!<\/p>\n<p>&nbsp;<\/p>\n<p>&nbsp;<\/p>\n<p><em>Source : PBQ<\/em><\/p>\n<p style=\"text-align: left;\"><a href=\"#top\">Retour en haut<\/a><a id=\"br\"><\/a><\/p>\n<table style=\"width: 100%; border-collapse: collapse; background-color: #a52a2a;\" border=\"0\">\n<tbody>\n<tr>\n<td style=\"width: 100%;\">\n<h3 style=\"text-align: center;\"><span style=\"color: #ffffff;\">BOVIN DE R\u00c9FORME ET VEAU LAITIER<a id=\"BR1\"><\/a><\/span><\/h3>\n<\/td>\n<\/tr>\n<\/tbody>\n<\/table>\n<h4 style=\"text-align: left;\">R\u00e8glement sur les contributions des producteurs de bovins du Qu\u00e9bec<\/h4>\n<h4 style=\"text-align: left;\"><img loading=\"lazy\" decoding=\"async\" class=\"wp-image-17900 alignright\" src=\"https:\/\/bovin.qc.ca\/wp-content\/uploads\/2023\/04\/Reglement-contribution-BR-vote-jaune-2.jpg\" alt=\"\" width=\"210\" height=\"209\" srcset=\"https:\/\/bovin.qc.ca\/wp-content\/uploads\/2023\/04\/Reglement-contribution-BR-vote-jaune-2.jpg 742w, https:\/\/bovin.qc.ca\/wp-content\/uploads\/2023\/04\/Reglement-contribution-BR-vote-jaune-2-300x300.jpg 300w, https:\/\/bovin.qc.ca\/wp-content\/uploads\/2023\/04\/Reglement-contribution-BR-vote-jaune-2-128x128.jpg 128w, https:\/\/bovin.qc.ca\/wp-content\/uploads\/2023\/04\/Reglement-contribution-BR-vote-jaune-2-150x150.jpg 150w\" sizes=\"auto, (max-width: 210px) 100vw, 210px\" \/><\/h4>\n<p>Lors des assembl\u00e9es g\u00e9n\u00e9rales annuelles r\u00e9gionales (AGR), une consultation s\u2019est tenue sur la mise en place d\u2019une contribution sp\u00e9ciale pour la promotion et la publicit\u00e9 \u00e0 l\u2019acquis des producteurs de bovins de r\u00e9forme de 3&nbsp;$ par bovin de r\u00e9forme mis en march\u00e9. L\u2019argent recueilli permettra de r\u00e9aliser des projets visant \u00e0 faire la promotion et la publicit\u00e9 de la viande provenant de bovins de r\u00e9forme produits au Qu\u00e9bec.<\/p>\n<p>La proposition de cette modification r\u00e8glementaire a \u00e9t\u00e9 adopt\u00e9e \u00e0 la majorit\u00e9 par les producteurs pr\u00e9sents en AGR (85,5&nbsp;% des votes en faveur). Comme la proposition a \u00e9galement \u00e9t\u00e9 adopt\u00e9e \u00e0 la majorit\u00e9 lors de l\u2019assembl\u00e9e g\u00e9n\u00e9rale annuelle des producteurs de bovins du Qu\u00e9bec, une demande de modification au <em>R\u00e8glement sur les contributions des producteurs de bovins<\/em> sera transmise \u00e0 la R\u00e9gie des march\u00e9s agricoles et alimentaires du Qu\u00e9bec.<\/p>\n<p style=\"text-align: left;\"><em>Source : PBQ<\/em><\/p>\n<p style=\"text-align: left;\"><a href=\"#top\">Retour en haut<\/a><a id=\"vg\"><\/a><a id=\"vgvl\"><\/a><\/p>\n<table style=\"width: 100%; border-collapse: collapse; background-color: #a52a2a;\" border=\"0\">\n<tbody>\n<tr>\n<td style=\"width: 100%;\">\n<h3 style=\"text-align: center;\"><span style=\"color: #ffffff;\"><strong>VEAU DE GRAIN ET VEAU DE LAIT<\/strong><a id=\"VL1\"><\/a><\/span><\/h3>\n<\/td>\n<\/tr>\n<\/tbody>\n<\/table>\n<h4 style=\"text-align: left;\"><img loading=\"lazy\" decoding=\"async\" class=\"aligncenter wp-image-17152 size-full\" src=\"https:\/\/bovin.qc.ca\/wp-content\/uploads\/2023\/02\/Veau-promotion.png\" alt=\"\" width=\"815\" height=\"215\" srcset=\"https:\/\/bovin.qc.ca\/wp-content\/uploads\/2023\/02\/Veau-promotion.png 815w, https:\/\/bovin.qc.ca\/wp-content\/uploads\/2023\/02\/Veau-promotion-300x79.png 300w, https:\/\/bovin.qc.ca\/wp-content\/uploads\/2023\/02\/Veau-promotion-485x128.png 485w\" sizes=\"auto, (max-width: 815px) 100vw, 815px\" \/><strong><a href=\"https:\/\/www.facebook.com\/plante.jeanfrancois\/\" target=\"_blank\" rel=\"noopener\"><img loading=\"lazy\" decoding=\"async\" class=\"wp-image-17780 alignright\" src=\"https:\/\/bovin.qc.ca\/wp-content\/uploads\/2023\/04\/5-chefs-dans-la-cuisine-Pascale-Vari.jpg\" alt=\"\" width=\"250\" height=\"257\" srcset=\"https:\/\/bovin.qc.ca\/wp-content\/uploads\/2023\/04\/5-chefs-dans-la-cuisine-Pascale-Vari.jpg 1211w, https:\/\/bovin.qc.ca\/wp-content\/uploads\/2023\/04\/5-chefs-dans-la-cuisine-Pascale-Vari-292x300.jpg 292w, https:\/\/bovin.qc.ca\/wp-content\/uploads\/2023\/04\/5-chefs-dans-la-cuisine-Pascale-Vari-125x128.jpg 125w\" sizes=\"auto, (max-width: 250px) 100vw, 250px\" \/><\/a><\/strong><\/h4>\n<h4 style=\"text-align: left;\">Campagne de promotion printemps 2023<\/h4>\n<p>Une campagne printemps a \u00e9t\u00e9 lanc\u00e9e au d\u00e9but avril afin que le Veau du Qu\u00e9bec devienne un incontournable de la f\u00eate de P\u00e2ques. Une int\u00e9gration t\u00e9l\u00e9 a eu lieu \u00e0 l\u2019\u00e9mission <em>5 chefs dans ma cuisine <\/em>du vendredi 7 avril dans laquelle le chef <a href=\"https:\/\/chefpasquale.com\/\" target=\"_blank\" rel=\"noopener\">Pasquale Vari<\/a> \u00e9tait invit\u00e9 \u00e0 cuisiner une recette d\u2019osso buco de veau de grain sous la th\u00e9matique <em>Pour recevoir<\/em>.<\/p>\n<p><img loading=\"lazy\" decoding=\"async\" class=\"alignleft wp-image-17782 \" src=\"https:\/\/bovin.qc.ca\/wp-content\/uploads\/2023\/04\/Mordu.png\" alt=\"\" width=\"321\" height=\"113\" srcset=\"https:\/\/bovin.qc.ca\/wp-content\/uploads\/2023\/04\/Mordu.png 378w, https:\/\/bovin.qc.ca\/wp-content\/uploads\/2023\/04\/Mordu-300x106.png 300w, https:\/\/bovin.qc.ca\/wp-content\/uploads\/2023\/04\/Mordu-364x128.png 364w\" sizes=\"auto, (max-width: 321px) 100vw, 321px\" \/><\/p>\n<p>&nbsp;<\/p>\n<p>&nbsp;<\/p>\n<p>&nbsp;<\/p>\n<p>&nbsp;<\/p>\n<p><img loading=\"lazy\" decoding=\"async\" class=\"alignright wp-image-17881\" src=\"https:\/\/bovin.qc.ca\/wp-content\/uploads\/2023\/04\/decoupes-osso-buco-5-chefs.jpg\" alt=\"\" width=\"180\" height=\"180\" srcset=\"https:\/\/bovin.qc.ca\/wp-content\/uploads\/2023\/04\/decoupes-osso-buco-5-chefs.jpg 1365w, https:\/\/bovin.qc.ca\/wp-content\/uploads\/2023\/04\/decoupes-osso-buco-5-chefs-300x300.jpg 300w, https:\/\/bovin.qc.ca\/wp-content\/uploads\/2023\/04\/decoupes-osso-buco-5-chefs-128x128.jpg 128w, https:\/\/bovin.qc.ca\/wp-content\/uploads\/2023\/04\/decoupes-osso-buco-5-chefs-150x150.jpg 150w\" sizes=\"auto, (max-width: 180px) 100vw, 180px\" \/>La recette a \u00e9t\u00e9 capt\u00e9e en format mains-bol et est partag\u00e9e sur le <a href=\"https:\/\/ici.radio-canada.ca\/mordu\/recettes\/7729\/osso-buco-milanaise\" target=\"_blank\" rel=\"noopener\">site Web de <em>Mordu<\/em><\/a> avec la vid\u00e9o capt\u00e9e de la chronique. Elle est \u00e9galement publi\u00e9e sur la page <a href=\"https:\/\/www.facebook.com\/5chefsdansmacuisine\/videos\/899781091264853\" target=\"_blank\" rel=\"noopener\">Facebook<\/a> de l\u2019\u00e9mission et celle de <a href=\"https:\/\/www.facebook.com\/mordu.ca\/videos\/962852014734025\" target=\"_blank\" rel=\"noopener\">Mordu<\/a>.<\/p>\n<p>Pour appuyer cette campagne, des publicit\u00e9s num\u00e9riques telles que des banni\u00e8res Web et des publicit\u00e9s sur le r\u00e9seau de Yahoo! ainsi que sur les pages Facebook, Instagram et Pinterest du Veau du Qu\u00e9bec sont aussi r\u00e9alis\u00e9es du d\u00e9but avril \u00e0 la mi-mai pour promouvoir la recette <a href=\"https:\/\/www.veauduquebec.com\/recettes\/osso-buco-de-veau-aux-legumes-printaniers-et-a-la-sauge_223\/\" target=\"_blank\" rel=\"noopener\">d\u2019osso buco aux l\u00e9gumes printaniers et \u00e0 la sauge<\/a> sur le site Web du Veau du Qu\u00e9bec.<\/p>\n<p>&nbsp;<\/p>\n<p>Pour souligner la saison du BBQ, du 20 avril au 31 mai, en collaboration avec Famille Fontaine, une carte-contenu est plac\u00e9e devant la section du veau dans l\u2019ensemble des \u00e9piceries de la banni\u00e8re Metro pour promouvoir une recette de c\u00f4telette de longe de veau vieillie exclusive \u00e0 Metro. La recette \u00e9tait pr\u00e9sente dans la circulaire du 20 avril et y sera de nouveau dans celle du 18 mai.<\/p>\n<p><img loading=\"lazy\" decoding=\"async\" class=\"aligncenter wp-image-17784\" src=\"https:\/\/bovin.qc.ca\/wp-content\/uploads\/2023\/04\/C19521-VDQ-Carte_contenu_Metro_2023_VERSION-FINALE-BILINGUE.jpg\" alt=\"\" width=\"600\" height=\"236\" srcset=\"https:\/\/bovin.qc.ca\/wp-content\/uploads\/2023\/04\/C19521-VDQ-Carte_contenu_Metro_2023_VERSION-FINALE-BILINGUE.jpg 1635w, https:\/\/bovin.qc.ca\/wp-content\/uploads\/2023\/04\/C19521-VDQ-Carte_contenu_Metro_2023_VERSION-FINALE-BILINGUE-300x118.jpg 300w, https:\/\/bovin.qc.ca\/wp-content\/uploads\/2023\/04\/C19521-VDQ-Carte_contenu_Metro_2023_VERSION-FINALE-BILINGUE-326x128.jpg 326w, https:\/\/bovin.qc.ca\/wp-content\/uploads\/2023\/04\/C19521-VDQ-Carte_contenu_Metro_2023_VERSION-FINALE-BILINGUE-1536x603.jpg 1536w\" sizes=\"auto, (max-width: 600px) 100vw, 600px\" \/><\/p>\n<hr>\n<h4 style=\"text-align: left;\">Campagne 2 de 3 avec l&#8217;influenceuse Folks &amp; Forks<\/h4>\n<p><img loading=\"lazy\" decoding=\"async\" class=\"wp-image-17786 alignleft\" src=\"https:\/\/bovin.qc.ca\/wp-content\/uploads\/2023\/04\/folkforks-e1682102592186.png\" alt=\"\" width=\"297\" height=\"150\" srcset=\"https:\/\/bovin.qc.ca\/wp-content\/uploads\/2023\/04\/folkforks-e1682102592186.png 487w, https:\/\/bovin.qc.ca\/wp-content\/uploads\/2023\/04\/folkforks-e1682102592186-300x152.png 300w, https:\/\/bovin.qc.ca\/wp-content\/uploads\/2023\/04\/folkforks-e1682102592186-253x128.png 253w\" sizes=\"auto, (max-width: 297px) 100vw, 297px\" \/><\/p>\n<h4 style=\"text-align: left;\"><strong><a href=\"https:\/\/www.veauduquebec.com\/recettes\/riz-frit-avec-effiloche-de-veau-au-cari_224\/\"><img loading=\"lazy\" decoding=\"async\" class=\"wp-image-17788 alignright\" src=\"https:\/\/bovin.qc.ca\/wp-content\/uploads\/2023\/04\/Photo-horizontale-scaled.jpeg\" alt=\"\" width=\"400\" height=\"300\" srcset=\"https:\/\/bovin.qc.ca\/wp-content\/uploads\/2023\/04\/Photo-horizontale-scaled.jpeg 2560w, https:\/\/bovin.qc.ca\/wp-content\/uploads\/2023\/04\/Photo-horizontale-300x225.jpeg 300w, https:\/\/bovin.qc.ca\/wp-content\/uploads\/2023\/04\/Photo-horizontale-171x128.jpeg 171w, https:\/\/bovin.qc.ca\/wp-content\/uploads\/2023\/04\/Photo-horizontale-1536x1152.jpeg 1536w, https:\/\/bovin.qc.ca\/wp-content\/uploads\/2023\/04\/Photo-horizontale-2048x1536.jpeg 2048w\" sizes=\"auto, (max-width: 400px) 100vw, 400px\" \/><\/a><\/strong><\/h4>\n<h4>&nbsp;<\/h4>\n<h4>&nbsp;<\/h4>\n<h4>&nbsp;<\/h4>\n<p>&nbsp;<\/p>\n<p>Pour sa recette de P\u00e2ques (printemps), Folks &amp; Forks a propos\u00e9 un involtini de veau (paupiette) \u00e0 la tapenade d\u2019olives, oka et jambon serrano. La recette a \u00e9t\u00e9 publi\u00e9e sous forme de REEL, de vid\u00e9o TikTok et stories Instagram.<\/p>\n<p>Cliquez <a href=\"https:\/\/folksandforks.ca\/boeuf-%26-veau\/f\/involtini-de-veau-olives-oka-et-jambon-serrano\" target=\"_blank\" rel=\"noopener\"><strong>ICI<\/strong><\/a> pour voir la recette ou regardez la vid\u00e9o sur <a href=\"https:\/\/www.instagram.com\/p\/CqqtxWSA7Q0\/?hl=fr\" target=\"_blank\" rel=\"noopener\"><strong>Instagram<\/strong><\/a>.<\/p>\n<p style=\"text-align: left;\"><em>Source : PBQ<\/em><\/p>\n<p style=\"text-align: left;\"><a href=\"#top\">Retour en haut<\/a><a id=\"vgvl2\"><\/a><\/p>\n<hr>\n<h4 style=\"text-align: left;\">Conf\u00e9rence : \u00c9tat et grands enjeux de l\u2019industrie du veau en France<\/h4>\n<p><iframe loading=\"lazy\" title=\"YouTube video player\" src=\"\/\/www.youtube.com\/embed\/6XGfnG25yXE\" width=\"560\" height=\"315\" frameborder=\"0\" allowfullscreen=\"allowfullscreen\" data-mce-fragment=\"1\"><\/iframe><\/p>\n<p>Cette conf\u00e9rence a \u00e9t\u00e9 offerte dans le cadre de l\u2019atelier commun du veau de grain et veau de lait lors de l\u2019assembl\u00e9e g\u00e9n\u00e9rale annuelle des producteurs de bovins du Qu\u00e9bec 2023. Elle portait sur les aspects fondamentaux de la production de viande de veau en France et aux Pays-Bas ainsi que les grands enjeux \u00e9conomiques de la fili\u00e8re fran\u00e7aise.<\/p>\n<p>Institut de l&#8217;\u00e9levage Id\u00e8le en collaboration avec Les Producteurs de bovins du Qu\u00e9bec<\/p>\n<p>Conf\u00e9renciers :<\/p>\n<p>Ilona Blanquet, ing\u00e9nieure agronome sp\u00e9cialis\u00e9e en \u00e9conomie agricole<br \/>\nMaxime Bonnet, agro-\u00e9conomiste secteur bovin viande<\/p>\n<p style=\"text-align: left;\"><em>Source : PBQ<\/em><\/p>\n<p style=\"text-align: left;\"><a href=\"#top\">Retour en haut<\/a><a id=\"ve\"><\/a><\/p>\n<table style=\"width: 100%; border-collapse: collapse; background-color: #a52a2a;\" border=\"0\">\n<tbody>\n<tr>\n<td style=\"width: 100%;\">\n<h3 style=\"text-align: center;\"><span style=\"color: #ffffff;\">VEAU D&#8217;EMBOUCHE<a id=\"ve\"><\/a><\/span><\/h3>\n<\/td>\n<\/tr>\n<\/tbody>\n<\/table>\n<h4 style=\"text-align: left;\">Soir\u00e9e d\u2019information sur la mise en march\u00e9 des bouvillons finis<\/h4>\n<p><img loading=\"lazy\" decoding=\"async\" class=\"aligncenter size-full wp-image-17800\" src=\"https:\/\/bovin.qc.ca\/wp-content\/uploads\/2023\/04\/Image-Soiree-information-mise-en-marche-bouvillon.jpg\" alt=\"\" width=\"815\" height=\"403\" srcset=\"https:\/\/bovin.qc.ca\/wp-content\/uploads\/2023\/04\/Image-Soiree-information-mise-en-marche-bouvillon.jpg 815w, https:\/\/bovin.qc.ca\/wp-content\/uploads\/2023\/04\/Image-Soiree-information-mise-en-marche-bouvillon-300x148.jpg 300w, https:\/\/bovin.qc.ca\/wp-content\/uploads\/2023\/04\/Image-Soiree-information-mise-en-marche-bouvillon-259x128.jpg 259w\" sizes=\"auto, (max-width: 815px) 100vw, 815px\" \/><\/p>\n<p>Au total, 35&nbsp;producteurs de veaux d\u2019embouche souhaitant commercialiser des bouvillons finis ont assist\u00e9 \u00e0 une soir\u00e9e d\u2019information sur&nbsp;:<\/p>\n<ul>\n<li>Les services offerts aux producteurs par l\u2019agence de vente des bouvillons, par M.&nbsp;Yannick&nbsp;Sauv\u00e9, directeur des op\u00e9rations aux PBQ;<\/li>\n<li>Les besoins et les conditions d\u2019achat, par M.&nbsp;St\u00e9phane&nbsp;Bernier, directeur de production chez Viande Richelieu.<\/li>\n<\/ul>\n<p>Vous n\u2019avez pas pu participer \u00e0 cette soir\u00e9e de r\u00e9seautage? La pr\u00e9sentation des services offerts aux producteurs de bouvillons est disponible sur le <a href=\"https:\/\/www.fpbq.upa.qc.ca\/extranets\/menuextranets.asp\" target=\"_blank\" rel=\"noopener\">site extranet des producteurs de veaux d\u2019embouche<\/a>.<\/p>\n<p><em>Source : PBQ<\/em><\/p>\n<p style=\"text-align: left;\"><a href=\"#top\">Retour en haut<\/a><a id=\"VE2\"><\/a><\/p>\n<hr>\n<h4 style=\"text-align: left;\">Atelier des producteurs de veaux d\u2019embouche<\/h4>\n<p>L\u2019atelier des producteurs de veaux d\u2019embouche s\u2019est tenu le 28&nbsp;mars dernier lors de l\u2019assembl\u00e9e g\u00e9n\u00e9rale annuelle des producteurs de bovins du Qu\u00e9bec. Plus de 50&nbsp;producteurs de veaux d\u2019embouche \u00e9taient sur place \u00e0 l\u2019H\u00f4tel Le Concorde Qu\u00e9bec et 7 y ont particip\u00e9 en ligne.<\/p>\n<p>Les sujets \u00e0 l\u2019ordre du jour \u00e9taient les suivants&nbsp;:<\/p>\n<ul>\n<li>Pr\u00e9sentation des membres du comit\u00e9 de mise en march\u00e9 des veaux d\u2019embouche;<\/li>\n<li>Pr\u00e9sentation sur l\u2019indexation&nbsp;2022 du produit Veaux d\u2019embouche de l\u2019ASRA (disponible sur le <a href=\"https:\/\/www.fpbq.upa.qc.ca\/extranets\/menuextranets.asp\" target=\"_blank\" rel=\"noopener\">site extranet des producteurs de veaux d\u2019embouche<\/a>);<\/li>\n<li>Suivi et traitement des r\u00e9solutions;<\/li>\n<li>Mise en march\u00e9 des veaux d\u2019embouche.<\/li>\n<\/ul>\n<p>Une r\u00e9solution a \u00e9t\u00e9 adopt\u00e9e afin de planifier une journ\u00e9e de r\u00e9flexion sur l\u2019avenir et la p\u00e9rennit\u00e9 des entreprises de veaux d\u2019embouche, en collaboration avec la direction affaires publiques et syndicales de l\u2019Union des producteurs agricoles.<\/p>\n<p><em>Source : PBQ<\/em><\/p>\n<p style=\"text-align: left;\"><a href=\"#top\">Retour en haut<\/a><a id=\"VE3\"><\/a><\/p>\n<hr>\n<h4><img loading=\"lazy\" decoding=\"async\" class=\"aligncenter wp-image-17807\" src=\"https:\/\/bovin.qc.ca\/wp-content\/uploads\/2023\/04\/arrive-en-campagne-2dfb442c-1.png\" alt=\"\" width=\"400\" height=\"123\" srcset=\"https:\/\/bovin.qc.ca\/wp-content\/uploads\/2023\/04\/arrive-en-campagne-2dfb442c-1.png 1199w, https:\/\/bovin.qc.ca\/wp-content\/uploads\/2023\/04\/arrive-en-campagne-2dfb442c-1-300x93.png 300w, https:\/\/bovin.qc.ca\/wp-content\/uploads\/2023\/04\/arrive-en-campagne-2dfb442c-1-415x128.png 415w\" sizes=\"auto, (max-width: 400px) 100vw, 400px\" \/><\/h4>\n<p>En 2022, le secteur veau d\u2019embouche a conclu un partenariat pour la r\u00e9alisation d\u2019un \u00e9pisode d\u2019<em>Arrive en campagne<\/em>.<\/p>\n<p>Le partenariat comprend les \u00e9l\u00e9ments suivants&nbsp;:<\/p>\n<ul>\n<li>Un \u00e9pisode consacr\u00e9 \u00e0 une entreprise de veaux d\u2019embouche;<\/li>\n<li>Deux \u00e9pisodes suppl\u00e9mentaires pr\u00e9sentant&nbsp;:\n<ul>\n<li>Une recette mettant en vedette le b\u0153uf n\u00e9 et \u00e9lev\u00e9 au Qu\u00e9bec;<\/li>\n<li>Le r\u00e9pertoire <a href=\"https:\/\/boeufdici.com\/\" target=\"_blank\" rel=\"noopener\">Boeufdici.com<\/a>;<\/li>\n<\/ul>\n<\/li>\n<li>Une visibilit\u00e9 du logo B\u0153ufdici.com.<\/li>\n<\/ul>\n<p>L\u2019inscription au r\u00e9pertoire <a href=\"https:\/\/boeufdici.com\/\" target=\"_blank\" rel=\"noopener\">Boeufdici.com<\/a> est gratuite! Les producteurs de veaux d\u2019embouche qui souhaitent s\u2019inscrire au r\u00e9pertoire doivent remplir le&nbsp;<a href=\"https:\/\/bovin.qc.ca\/wp-content\/uploads\/2022\/09\/Formulaire-Boeufdici.com_.pdf\" target=\"_blank\" rel=\"noopener\"><strong>formulaire suivant<\/strong><\/a>&nbsp;et le transmettre par courriel \u00e0&nbsp;<a href=\"mailto:veaudembouche@upa.qc.ca\"><strong>veaudembouche@upa.qc.ca<\/strong><\/a>.<\/p>\n<p>En attendant la diffusion de l\u2019\u00e9pisode consacr\u00e9 \u00e0 la production de veaux d\u2019embouche pr\u00e9vue le 17 mai 2023, cliquez sur l\u2019image ci-dessous pour voir la bande-annonce de la 8<sup>e<\/sup>&nbsp;saison d\u2019<em>Arrive en campagne<\/em>.<\/p>\n<p>&nbsp;<\/p>\n<p><a href=\"https:\/\/www.facebook.com\/watch\/?v=1578227376030391&amp;ref=sharinghttps:\/\/www.facebook.com\/watch\/?v=1578227376030391&amp;ref=sharing\"><img loading=\"lazy\" decoding=\"async\" class=\"aligncenter wp-image-17810\" src=\"https:\/\/bovin.qc.ca\/wp-content\/uploads\/2023\/04\/arrive-en-campagne-camion.png\" alt=\"\" width=\"815\" height=\"460\" srcset=\"https:\/\/bovin.qc.ca\/wp-content\/uploads\/2023\/04\/arrive-en-campagne-camion.png 1252w, https:\/\/bovin.qc.ca\/wp-content\/uploads\/2023\/04\/arrive-en-campagne-camion-300x169.png 300w, https:\/\/bovin.qc.ca\/wp-content\/uploads\/2023\/04\/arrive-en-campagne-camion-227x128.png 227w\" sizes=\"auto, (max-width: 815px) 100vw, 815px\" \/><\/a><\/p>\n<p><em>Source : PBQ<\/em><\/p>\n<p style=\"text-align: left;\"><a href=\"#top\">Retour en haut<\/a><a id=\"PATBQ\"><\/a><\/p>\n<hr>\n<p><img loading=\"lazy\" decoding=\"async\" class=\"aligncenter size-full wp-image-12351\" src=\"https:\/\/bovin.qc.ca\/wp-content\/uploads\/2021\/05\/PATBQ.jpg\" alt=\"\" width=\"238\" height=\"156\" srcset=\"https:\/\/bovin.qc.ca\/wp-content\/uploads\/2021\/05\/PATBQ.jpg 238w, https:\/\/bovin.qc.ca\/wp-content\/uploads\/2021\/05\/PATBQ-195x128.jpg 195w\" sizes=\"auto, (max-width: 238px) 100vw, 238px\" \/><\/p>\n<h4><img loading=\"lazy\" decoding=\"async\" class=\"aligncenter wp-image-17812\" src=\"https:\/\/bovin.qc.ca\/wp-content\/uploads\/2023\/04\/PATBQ-1.png\" alt=\"\" width=\"815\" height=\"458\" srcset=\"https:\/\/bovin.qc.ca\/wp-content\/uploads\/2023\/04\/PATBQ-1.png 1159w, https:\/\/bovin.qc.ca\/wp-content\/uploads\/2023\/04\/PATBQ-1-300x169.png 300w, https:\/\/bovin.qc.ca\/wp-content\/uploads\/2023\/04\/PATBQ-1-228x128.png 228w\" sizes=\"auto, (max-width: 815px) 100vw, 815px\" \/><\/h4>\n<h4>L\u2019achat d\u2019un taureau am\u00e9liorateur &#8211; un investissement payant qui m\u00e9rite r\u00e9flexion<\/h4>\n<p>Le printemps est synonyme de renouveau et, pour plusieurs \u00e9leveurs, c\u2019est aussi la p\u00e9riode de pr\u00e9dilection pour se procurer un nouveau taureau. Un choix qui ne va pas sans questionnements et pouvant s\u2019av\u00e9rer stressant&nbsp;: \u00ab&nbsp;Lequel choisir parmi ceux qui m\u2019int\u00e9ressent? Quel est le bon choix pour mon troupeau?&nbsp;\u00bb<\/p>\n<p>L\u2019\u00e9quipe bovine du Programme d\u2019analyse des troupeaux de boucherie du Qu\u00e9bec (PATBQ) a pens\u00e9 \u00e0 vous et propose un \u00e9ventail de documents d\u2019information et outils pour vous accompagner dans cette d\u00e9marche&nbsp;:<\/p>\n<ol>\n<li>Mise \u00e0 jour r\u00e9cente des informations de la fiche <em>Les taureaux am\u00e9liorateurs &#8211; \u00c7a rapporte!<\/em>\n<ul>\n<li>Cette fiche est publi\u00e9e sur le site <a href=\"https:\/\/www.agrireseau.net\/bovinsboucherie\/documents\/101911\/les-taureaux-ameliorateurs-%E2%80%93-%C3%A7a-rapporte?a=1\" target=\"_blank\" rel=\"noopener\">Agri-r\u00e9seau<\/a>, ainsi que dans nos sections \u00ab&nbsp;<a href=\"https:\/\/www.patbq.ca\/\" target=\"_blank\" rel=\"noopener\">Documents utiles<\/a>&nbsp;\u00bb ou \u00ab&nbsp;<a href=\"https:\/\/www.patbq.ca\/%C3%A9valuation-g%C3%A9n%C3%A9tique-des-taureaux-en-station-et-%C3%A0-la-ferme-2\/\" target=\"_blank\" rel=\"noopener\">\u00c9valuation g\u00e9n\u00e9tique des taureaux&nbsp;<\/a>\u00bb sur notre site Web <a href=\"https:\/\/www.patbq.ca\/\" target=\"_blank\" rel=\"noopener\">patbq.ca<\/a>.<\/li>\n<\/ul>\n<\/li>\n<li>\u00c0 l\u2019issue d\u2019un projet r\u00e9alis\u00e9 en partenariat avec les Producteurs de bovins du Qu\u00e9bec et les consultants membres du groupe Bovi-Expert, trois fiches technico-\u00e9conomiques sur les retomb\u00e9es \u00e9conomiques d\u2019un taureau am\u00e9liorateur ont \u00e9t\u00e9 produites, expliqu\u00e9es et pr\u00e9sent\u00e9es \u00e0 travers deux m\u00e9diums :\n<ul>\n<li>Texte de vulgarisation \u00e0 venir dans le cahier <strong><em>Bovins du Qu\u00e9bec<\/em><\/strong> (\u00e9dition du 1<sup>er <\/sup>mai 2023)<\/li>\n<li>Capsule vid\u00e9o disponible dans la section \u00ab Zone conseils \u00bb du site <a href=\"https:\/\/www.montaureau.com\/ZoneConseils\" target=\"_blank\" rel=\"noopener\">montaureau.com<\/a>.<\/li>\n<\/ul>\n<\/li>\n<li>Afin de compl\u00e9ter votre bo\u00eete \u00e0 outils, plusieurs autres capsules d\u2019informations sont \u00e0 votre disposition dans la \u00ab Zone conseils \u00bb du site <a href=\"https:\/\/www.montaureau.com\/ZoneConseils\" target=\"_blank\" rel=\"noopener\">montaureau.com<\/a> d\u00e9di\u00e9 \u00e0 la promotion des taureaux am\u00e9liorateurs.<\/li>\n<\/ol>\n<p>Nous esp\u00e9rons que cette nouvelle bo\u00eete \u00e0 outils vous permettra de trouver et choisir le taureau parfait pour votre troupeau parmi toutes les offres sur le march\u00e9. Bonne r\u00e9flexion et bon printemps!<\/p>\n<p><em>Source : PATBQ<\/em><\/p>\n<p style=\"text-align: left;\"><a href=\"#top\">Retour en haut<\/a><a id=\"veba\"><\/a><\/p>\n<table style=\"width: 100%; border-collapse: collapse; background-color: #a52a2a; height: 65px;\" border=\"0\">\n<tbody>\n<tr style=\"height: 65px;\">\n<td style=\"width: 100%; height: 65px;\">\n<h3 style=\"text-align: center;\"><span style=\"color: #ffffff;\">VEAU D&#8217;EMBOUCHE ET BOUVILLON D&#8217;ABATTAGE<a id=\"veba\"><\/a><\/span><\/h3>\n<\/td>\n<\/tr>\n<\/tbody>\n<\/table>\n<h4><img loading=\"lazy\" decoding=\"async\" class=\"aligncenter wp-image-17448\" src=\"https:\/\/bovin.qc.ca\/wp-content\/uploads\/2023\/03\/BA-Nouvelles-VBP.png\" alt=\"\" width=\"815\" height=\"232\" srcset=\"https:\/\/bovin.qc.ca\/wp-content\/uploads\/2023\/03\/BA-Nouvelles-VBP.png 1352w, https:\/\/bovin.qc.ca\/wp-content\/uploads\/2023\/03\/BA-Nouvelles-VBP-300x85.png 300w, https:\/\/bovin.qc.ca\/wp-content\/uploads\/2023\/03\/BA-Nouvelles-VBP-449x128.png 449w\" sizes=\"auto, (max-width: 815px) 100vw, 815px\" \/><\/h4>\n<h4>Et le gagnant de l\u2019audit VBP+ gratuit est&#8230;<\/h4>\n<p>Vous avez \u00e9t\u00e9 nombreux \u00e0 venir jaser VBP+ et b\u0153uf durable avec Nathalie et Catherine lors de l\u2019assembl\u00e9e annuelle g\u00e9n\u00e9rale des producteurs de bovins du Qu\u00e9bec les 28 et 29 mars derniers \u00e0 Qu\u00e9bec.<\/p>\n<p>Plusieurs d\u2019entre vous ont particip\u00e9 \u00e0 notre concours \u00ab&nbsp;Gagnez votre premier audit VBP+&nbsp;\u00bb.<\/p>\n<p>Nous avons le plaisir de vous annoncer que M. Fr\u00e9d\u00e9ric Ouellet, producteur de veaux d\u2019embouche et de bouvillons, a remport\u00e9 le grand prix. F\u00e9licitations au Ranch Ouellet inc.!<\/p>\n<table style=\"border-collapse: collapse; width: 100%;\">\n<tbody>\n<tr>\n<td style=\"width: 50%;\"><img loading=\"lazy\" decoding=\"async\" class=\"wp-image-17814 aligncenter\" src=\"https:\/\/bovin.qc.ca\/wp-content\/uploads\/2023\/04\/Kiosque-CLB-NC-VBP_AGA-2023.jpg\" alt=\"\" width=\"400\" height=\"300\" srcset=\"https:\/\/bovin.qc.ca\/wp-content\/uploads\/2023\/04\/Kiosque-CLB-NC-VBP_AGA-2023.jpg 828w, https:\/\/bovin.qc.ca\/wp-content\/uploads\/2023\/04\/Kiosque-CLB-NC-VBP_AGA-2023-300x225.jpg 300w, https:\/\/bovin.qc.ca\/wp-content\/uploads\/2023\/04\/Kiosque-CLB-NC-VBP_AGA-2023-171x128.jpg 171w\" sizes=\"auto, (max-width: 400px) 100vw, 400px\" \/><\/td>\n<td style=\"width: 50%;\"><img loading=\"lazy\" decoding=\"async\" class=\"wp-image-17816 aligncenter\" src=\"https:\/\/bovin.qc.ca\/wp-content\/uploads\/2023\/04\/Kiosque-VBP-vide_AGA-2023.jpg\" alt=\"\" width=\"400\" height=\"300\" srcset=\"https:\/\/bovin.qc.ca\/wp-content\/uploads\/2023\/04\/Kiosque-VBP-vide_AGA-2023.jpg 828w, https:\/\/bovin.qc.ca\/wp-content\/uploads\/2023\/04\/Kiosque-VBP-vide_AGA-2023-300x225.jpg 300w, https:\/\/bovin.qc.ca\/wp-content\/uploads\/2023\/04\/Kiosque-VBP-vide_AGA-2023-171x128.jpg 171w\" sizes=\"auto, (max-width: 400px) 100vw, 400px\" \/><\/td>\n<\/tr>\n<\/tbody>\n<\/table>\n<p>Source : <i>PBQ<\/i><\/p>\n<p><a href=\"#top\">Retour en haut<\/a><\/p>\n<hr>\n<h4>&nbsp;<\/h4>\n<h4 style=\"text-align: left;\"><img loading=\"lazy\" decoding=\"async\" class=\"aligncenter wp-image-17441\" src=\"https:\/\/bovin.qc.ca\/wp-content\/uploads\/2023\/03\/vbpfinal.jpg\" alt=\"\" width=\"815\" height=\"1054\"><\/h4>\n<p>&nbsp;<\/p>\n<p style=\"text-align: left;\">&nbsp;<\/p>\n<hr>\n<div style=\"width: 1920px;\" class=\"wp-video\"><video class=\"wp-video-shortcode\" id=\"video-18003-1\" width=\"1920\" height=\"1080\" loop autoplay preload=\"auto\" controls=\"controls\"><source type=\"video\/mp4\" src=\"https:\/\/bovin.qc.ca\/wp-content\/uploads\/2023\/04\/Publicite-Minute-bovine-VBP-avril23.mp4?_=1\" \/><a href=\"https:\/\/bovin.qc.ca\/wp-content\/uploads\/2023\/04\/Publicite-Minute-bovine-VBP-avril23.mp4\">https:\/\/bovin.qc.ca\/wp-content\/uploads\/2023\/04\/Publicite-Minute-bovine-VBP-avril23.mp4<\/a><\/video><\/div>\n<p>&nbsp;<\/p>\n<p style=\"text-align: left;\"><strong>Pour consulter la liste des producteurs certifi\u00e9s, <a href=\"http:\/\/www.verifiedbeef.ca\/registered-producers\/overview-registered.cfm\" target=\"_blank\" rel=\"noopener\"><span style=\"text-decoration: underline;\">cliquez ici<\/span><\/a>.<\/strong><\/p>\n<p style=\"text-align: left;\"><a href=\"#top\">Retour en haut<\/a><a id=\"ba\"><\/a><\/p>\n<table style=\"width: 100%; border-collapse: collapse; background-color: #a52a2a;\" border=\"0\">\n<tbody>\n<tr>\n<td style=\"width: 100%;\">\n<h3 style=\"text-align: center;\"><span style=\"color: #ffffff;\">BOUVILLON D&#8217;ABATTAGE<a id=\"BA1\"><\/a><\/span><\/h3>\n<\/td>\n<\/tr>\n<\/tbody>\n<\/table>\n<h4>D\u00e9mographie des parcs d\u2019engraissement de l\u2019Alberta et de la Saskatchewan<\/h4>\n<p><img loading=\"lazy\" decoding=\"async\" class=\"aligncenter size-full wp-image-17822\" src=\"https:\/\/bovin.qc.ca\/wp-content\/uploads\/2023\/04\/shutterstock_2124451004.png\" alt=\"\" width=\"815\" height=\"481\" srcset=\"https:\/\/bovin.qc.ca\/wp-content\/uploads\/2023\/04\/shutterstock_2124451004.png 815w, https:\/\/bovin.qc.ca\/wp-content\/uploads\/2023\/04\/shutterstock_2124451004-300x177.png 300w, https:\/\/bovin.qc.ca\/wp-content\/uploads\/2023\/04\/shutterstock_2124451004-217x128.png 217w\" sizes=\"auto, (max-width: 815px) 100vw, 815px\" \/><\/p>\n<p>Le rapport annuel d\u00e9mographique du 1<sup>er<\/sup> janvier sur les parcs d\u2019engraissement de l\u2019Alberta et de la Saskatchewan a \u00e9t\u00e9 compil\u00e9. Il montre une expansion continue du secteur de la finition des parcs d\u2019engraissement de l\u2019Ouest canadien, bien que la capacit\u00e9 de stockage d\u2019une ann\u00e9e \u00e0 l\u2019autre ait ralenti avec une faible hausse de 0,6 %. L\u2019augmentation de l\u2019ann\u00e9e derni\u00e8re avait \u00e9t\u00e9 beaucoup plus importante \u00e0 3,4&nbsp;%. La capacit\u00e9 des parcs d\u2019engraissement de l\u2019Ouest, qui se situe actuellement \u00e0 1&nbsp;700&nbsp;300 de t\u00eates, est la plus \u00e9lev\u00e9e depuis 2009. La capacit\u00e9 de stockage en Alberta est rest\u00e9e pratiquement stable, avec une tr\u00e8s l\u00e9g\u00e8re hausse de 0,4&nbsp;%, soit 1&nbsp;587&nbsp;300 t\u00eates. La Saskatchewan a connu une hausse de 3,2&nbsp;% pour atteindre 113&nbsp;000&nbsp;t\u00eates.<\/p>\n<p>Au 1<sup>er<\/sup> janvier 2023, l\u2019Ouest canadien comptait 171 parcs d\u2019engraissement, soit deux de plus que l\u2019ann\u00e9e derni\u00e8re. Les parcs d\u2019engraissement d\u2019une capacit\u00e9 de 5&nbsp;000 t\u00eates ou moins repr\u00e9sentaient 43,9&nbsp;% de tous les parcs d\u2019engraissement, soit seulement 2,6&nbsp;% de la capacit\u00e9 totale. Ceux de 5&nbsp;001 \u00e0 10&nbsp;000 t\u00eates repr\u00e9sentent 28,1&nbsp;% de l\u2019ensemble des parcs d\u2019engraissement et 21,6&nbsp;% de la capacit\u00e9 totale, tandis que les parcs d\u2019engraissement de plus de 10&nbsp;001 t\u00eates repr\u00e9sentent les 28,1&nbsp;% restants de l\u2019ensemble des parcs d\u2019engraissement et 65,8&nbsp;% de la capacit\u00e9 de stockage totale. En Alberta, les parcs d\u2019engraissement d\u2019une capacit\u00e9 de 20&nbsp;000 t\u00eates et plus repr\u00e9sentent 39&nbsp;% de la capacit\u00e9 totale, soit une baisse de 0,1&nbsp;% par rapport \u00e0 l\u2019ann\u00e9e derni\u00e8re, la premi\u00e8re baisse en trois ans.<\/p>\n<p>En conclusion, avec 1,7 million de t\u00eates au 1<sup>er<\/sup> janvier 2023, la capacit\u00e9 actuelle des parcs d\u2019engraissement de l\u2019Alberta et de la Saskatchewan n\u2019est que 3&nbsp;% inf\u00e9rieure au record de 2008 qui se situait \u00e0 1,75 million de t\u00eates.<\/p>\n<p><em>Source :&nbsp;Canfax Weekly Market Outlook and Analysis from Jamie Kerr, March 10th, 2023<\/em><\/p>\n<p><a href=\"#top\">Retour en haut<\/a><\/p>\n<hr>\n<p style=\"text-align: left;\">&nbsp;<\/p>\n<table style=\"width: 100%; border-collapse: collapse; background-color: #a52a2a;\" border=\"0\">\n<tbody>\n<tr>\n<td style=\"width: 100%;\">\n<h3 style=\"text-align: center;\"><span style=\"color: #ffffff;\"><strong>NOUVELLES DE LA FINANCI\u00c8RE AGRICOLE DU QU\u00c9BEC<a id=\"F1\"><\/a><\/strong><\/span><\/h3>\n<\/td>\n<\/tr>\n<\/tbody>\n<\/table>\n<p><img loading=\"lazy\" decoding=\"async\" class=\"wp-image-14202 aligncenter\" src=\"https:\/\/bovin.qc.ca\/wp-content\/uploads\/2022\/05\/financiere_agricole_logo-344x128.jpg\" alt=\"\" width=\"231\" height=\"86\" srcset=\"https:\/\/bovin.qc.ca\/wp-content\/uploads\/2022\/05\/financiere_agricole_logo-344x128.jpg 344w, https:\/\/bovin.qc.ca\/wp-content\/uploads\/2022\/05\/financiere_agricole_logo-300x112.jpg 300w, https:\/\/bovin.qc.ca\/wp-content\/uploads\/2022\/05\/financiere_agricole_logo.jpg 1240w\" sizes=\"auto, (max-width: 231px) 100vw, 231px\" \/><\/p>\n<h4 style=\"text-align: left;\">Un appui renouvel\u00e9 aux entreprises agricoles avec le Partenariat canadien pour une agriculture durable (PCAD) 2023-2028<\/h4>\n<p>Le Partenariat canadien pour une agriculture durable (PCAD) entrera en vigueur le 1<sup>er<\/sup> avril 2023. Ce nouvel accord quinquennal conclu entre les gouvernements f\u00e9d\u00e9ral, provinciaux et territoriaux permet de renouveler l\u2019appui au secteur agricole canadien afin qu\u2019il demeure un chef de file mondial de l&#8217;agriculture durable sur les plans environnemental, \u00e9conomique et social.<\/p>\n<p>Par le PCAD, les programmes de gestion des risques de l\u2019entreprise dont le financement est partag\u00e9 entre le gouvernement du Canada et le gouvernement du Qu\u00e9bec sont reconduits.<\/p>\n<p><strong>AGRI-STABILIT\u00c9<\/strong><\/p>\n<p>Le programme Agri-stabilit\u00e9 est pour sa part bonifi\u00e9 \u00e0 compter de 2023 afin de prot\u00e9ger les producteurs contre les baisses importantes de revenu agricole attribuables aux pertes de production, \u00e0 la hausse des co\u00fbts et aux conditions du march\u00e9. Ainsi, en participant \u00e0 Agri-stabilit\u00e9, l\u2019entreprise dont la marge de l\u2019ann\u00e9e diminue de plus de 30&nbsp;% par rapport \u00e0 sa marge de r\u00e9f\u00e9rence pourrait b\u00e9n\u00e9ficier d\u2019un paiement repr\u00e9sentant dor\u00e9navant 80&nbsp;% de la baisse de marge au lieu de 70&nbsp;%.<\/p>\n<p><strong>AGRI-QU\u00c9BEC PLUS<\/strong><\/p>\n<p>De plus, les producteurs du Qu\u00e9bec qui participent \u00e0 Agri-stabilit\u00e9 ont acc\u00e8s \u00e0 Agri-Qu\u00e9bec Plus, un programme compl\u00e9mentaire qui intervient dans les secteurs non couverts ou associ\u00e9s au Programme d\u2019assurance stabilisation des revenus agricoles (ASRA) et \u00e0 la gestion de l\u2019offre. Le paiement du programme Agri-Qu\u00e9bec Plus correspond \u00e0 l\u2019\u00e9cart entre le montant du paiement d\u2019Agri- stabilit\u00e9 et le montant d\u2019un paiement calcul\u00e9 selon des param\u00e8tres similaires et couvrant 85&nbsp;% de la marge de r\u00e9f\u00e9rence. La compl\u00e9mentarit\u00e9 des deux programmes g\u00e9n\u00e9rera aussi une augmentation du taux de paiement \u00e0 Agri-Qu\u00e9bec Plus qui passera de 70&nbsp;% \u00e0 80&nbsp;%.<\/p>\n<p><strong>Date limite de participation pour 2023<\/strong><\/p>\n<p>Pour participer \u00e0 Agri-stabilit\u00e9, les entreprises ont jusqu\u2019au 30&nbsp;avril pour payer leur contribution aupr\u00e8s de la Financi\u00e8re agricole du Qu\u00e9bec afin de prot\u00e9ger leur marge.<\/p>\n<p>Pour en savoir plus sur les programmes : <a href=\"http:\/\/www.fadq.qc.ca\" target=\"_blank\" rel=\"noopener\">www.fadq.qc.ca<\/a><\/p>\n<p>Pour en savoir plus sur le PCAD : <a href=\"https:\/\/c212.net\/c\/link\/?t=0&amp;amp;l=fr&amp;amp;o=3801704-1&amp;amp;h=442821860&amp;amp;u=https%3A%2F%2Fagriculture.canada.ca%2Ffr%2Fministere%2Finitiatives%2Fpartenariat-canadien-agriculture-durable&amp;amp;a=Partenariat%2Bcanadien%2Bpour%2Bune%2Bagriculture%2Bdurable\" target=\"_blank\" rel=\"noopener\">Partenariat canadien pour une agriculture durable<\/a><\/p>\n<p><em>Source : FADQ<\/em><\/p>\n<p style=\"text-align: left;\"><a href=\"#top\">Retour en haut<\/a><a id=\"F2\"><\/a><\/p>\n<hr>\n<h4 style=\"text-align: left;\">R\u00e9tribution des pratiques agroenvironnementales : plus de 6 M$ vers\u00e9s aux entreprises agricoles de la deuxi\u00e8me cohorte<\/h4>\n<p>La Financi\u00e8re agricole du Qu\u00e9bec (FADQ) a proc\u00e9d\u00e9 au versement de plus de 6 millions de dollars \u00e0 plus de 1 000 entreprises agricoles inscrites au deuxi\u00e8me groupe de la R\u00e9tribution des pratiques agroenvironnementales. Cette initiative, dont les bonifications ont \u00e9t\u00e9 annonc\u00e9es&nbsp; le 20 f\u00e9vrier 2023 par le ministre de l&#8217;Agriculture, des P\u00eacheries et de l&#8217;Alimentation, est une mesure phare du Plan d&#8217;agriculture durable 2020-2030.<\/p>\n<p>Pour les nouvelles entreprises inscrites, le montant vers\u00e9 correspond \u00e0 25 % de l&#8217;aide financi\u00e8re potentielle calcul\u00e9e par entreprise pour leur participation d\u2019une dur\u00e9e de trois ann\u00e9es de culture. Cette avance est un incitatif \u00e0 adopter rapidement de nouvelles pratiques agroenvironnementales.<\/p>\n<p>Rappelons que le minist\u00e8re de l\u2019Agriculture, des P\u00eacheries et de l\u2019Alimentation a \u00e9labor\u00e9 l\u2019Initiative minist\u00e9rielle de r\u00e9tribution des pratiques agroenvironnementales pour reconna\u00eetre et r\u00e9compenser les gains environnementaux importants des entreprises agricoles qui adoptent des pratiques agroenvironnementales qui vont au-del\u00e0 des exigences r\u00e9glementaires. Au total, ce sont 85&nbsp;millions de dollars qui ont \u00e9t\u00e9 rendus disponibles \u00e0 pr\u00e8s de 3&nbsp;000 producteurs agricoles pour les soutenir dans leur transition vers des pratiques plus durables.<\/p>\n<p><strong>Faits saillants des nouvelles inscriptions<\/strong><\/p>\n<ul>\n<li>23 % des demandes sont admissibles \u00e0 recevoir la somme maximale de 50 000 $.<\/li>\n<li>Le montant moyen par demande s\u2019\u00e9l\u00e8ve \u00e0 plus de 24 000 $.<\/li>\n<li>Les r\u00e9gions o\u00f9 le plus grand nombre de demandes a \u00e9t\u00e9 enregistr\u00e9 sont la Mont\u00e9r\u00e9gie, le Centre-du-Qu\u00e9bec et Chaudi\u00e8re-Appalaches.<\/li>\n<li>Une bonification de 29 millions de dollars sur cinq ans (2022-2027) a \u00e9t\u00e9 annonc\u00e9e au Plan budg\u00e9taire 2022-2023. Celle-ci permettait l\u2019ouverture d\u2019un deuxi\u00e8me groupe. Ce montant s\u2019ajoute aux 56 millions de dollars vers\u00e9s l\u2019an dernier au premier groupe.<\/li>\n<\/ul>\n<p>Lien connexe<\/p>\n<ul>\n<li><a href=\"https:\/\/www.fadq.qc.ca\/initiative-ministerielle-de-retribution-des-pratiques-agroenvironnementales\/description\/\" target=\"_blank\" rel=\"noopener\">R\u00e9tribution des pratiques agroenvironnementales<\/a><\/li>\n<\/ul>\n<p><em>Source : FADQ<\/em><\/p>\n<p style=\"text-align: left;\"><a href=\"#top\">Retour en haut<\/a><a id=\"CCA\"><\/a><\/p>\n<table style=\"width: 100%; border-collapse: collapse; background-color: #a52a2a;\" border=\"0\">\n<tbody>\n<tr>\n<td style=\"width: 100%;\">\n<h3 style=\"text-align: center;\"><span style=\"color: #ffffff;\"><strong>NOUVELLES DE L&#8217;ASSOCIATION CANADIENNE DES BOVINS<a id=\"CCA1\"><\/a><\/strong><\/span><\/h3>\n<\/td>\n<\/tr>\n<\/tbody>\n<\/table>\n<p><a href=\"https:\/\/www.cattle.ca\/fr\/nouvelles-et-evenements\" target=\"_blank\" rel=\"noopener\"><img loading=\"lazy\" decoding=\"async\" class=\"aligncenter wp-image-15269\" src=\"https:\/\/bovin.qc.ca\/wp-content\/uploads\/2022\/08\/acb-nouvelles.jpg\" alt=\"\" width=\"815\" height=\"225\" srcset=\"https:\/\/bovin.qc.ca\/wp-content\/uploads\/2022\/08\/acb-nouvelles.jpg 820w, https:\/\/bovin.qc.ca\/wp-content\/uploads\/2022\/08\/acb-nouvelles-300x83.jpg 300w, https:\/\/bovin.qc.ca\/wp-content\/uploads\/2022\/08\/acb-nouvelles-464x128.jpg 464w\" sizes=\"auto, (max-width: 815px) 100vw, 815px\" \/><\/a><\/p>\n<hr>\n<h4 style=\"text-align: left;\">L\u2019ACB \u00e9lit une nouvelle \u00e9quipe de direction et trace la voie pour l\u2019ann\u00e9e \u00e0 venir<\/h4>\n<p style=\"text-align: right;\"><a href=\"https:\/\/www.cattle.ca\/cca-elects-new-leadership-team-sets-course-for-the-coming-year\" target=\"_blank\" rel=\"noopener\"><em>Lire l\u2019article original (version anglaise)<\/em><\/a><\/p>\n<p>Le 27 mars dernier a vu l\u2019\u00e9lection d\u2019une nouvelle \u00e9quipe de direction, des discussions essentielles sur des questions importantes pour les \u00e9leveurs de bovins canadiens et l\u2019\u00e9tablissement de priorit\u00e9s pour l\u2019ann\u00e9e \u00e0 venir lors de l\u2019assembl\u00e9e g\u00e9n\u00e9rale annuelle (AGA) de l\u2019Association canadienne des bovins (ACB) pour 2023. MM. Nathan Phinney et Tyler Fulton ont \u00e9t\u00e9 acclam\u00e9s respectivement pr\u00e9sident et vice-pr\u00e9sident pour 2023-24.<\/p>\n<p><img loading=\"lazy\" decoding=\"async\" class=\"alignright wp-image-17871\" src=\"https:\/\/bovin.qc.ca\/wp-content\/uploads\/2023\/04\/Nathan-Phinney-resized-scaled-1.jpg\" alt=\"\" width=\"135\" height=\"160\" srcset=\"https:\/\/bovin.qc.ca\/wp-content\/uploads\/2023\/04\/Nathan-Phinney-resized-scaled-1.jpg 2155w, https:\/\/bovin.qc.ca\/wp-content\/uploads\/2023\/04\/Nathan-Phinney-resized-scaled-1-253x300.jpg 253w, https:\/\/bovin.qc.ca\/wp-content\/uploads\/2023\/04\/Nathan-Phinney-resized-scaled-1-108x128.jpg 108w, https:\/\/bovin.qc.ca\/wp-content\/uploads\/2023\/04\/Nathan-Phinney-resized-scaled-1-1293x1536.jpg 1293w, https:\/\/bovin.qc.ca\/wp-content\/uploads\/2023\/04\/Nathan-Phinney-resized-scaled-1-1724x2048.jpg 1724w\" sizes=\"auto, (max-width: 135px) 100vw, 135px\" \/>M. Phinney a repris le r\u00f4le de pr\u00e9sident de l\u2019ACB en d\u00e9cembre 2022, \u00e0 la suite du d\u00e9c\u00e8s soudain de M. Reg Schellenberg. La famille Schellenberg \u00e9tait pr\u00e9sente \u00e0 l\u2019AGA et un d\u00eener a \u00e9t\u00e9 organis\u00e9 pour honorer l\u2019h\u00e9ritage et les contributions de Reg \u00e0 l\u2019ACB et \u00e0 l\u2019ensemble de l\u2019industrie canadienne du b\u0153uf.<\/p>\n<p>\u00ab La transition \u00e0 la pr\u00e9sidence de l\u2019ACB n\u2019a pas \u00e9t\u00e9 facile \u2013 Reg a laiss\u00e9 de grands souliers \u00e0 chausser \u00bb, a d\u00e9clar\u00e9 M. Phinney, pr\u00e9sident de l\u2019ACB. \u00ab C\u2019est un honneur d\u2019avoir le soutien des membres du conseil d\u2019administration de l\u2019ACB pour diriger notre organisation et poursuivre notre travail sur les questions importantes pour les \u00e9leveurs et les agriculteurs canadiens. \u00bb<\/p>\n<p>Au cours de l\u2019AGA, les principales priorit\u00e9s discut\u00e9es comprenaient : la consultation r\u00e9cemment lanc\u00e9e sur les changements propos\u00e9s aux r\u00e8glements sur la tra\u00e7abilit\u00e9, l\u2019impact du projet de loi C-282 : Loi modifiant la Loi sur le minist\u00e8re des Affaires \u00e9trang\u00e8res, du Commerce et du D\u00e9veloppement (gestion de l\u2019offre) sur les futurs accords commerciaux, l\u2019obtention d\u2019un acc\u00e8s r\u00e9ciproque pour le b\u0153uf dans les n\u00e9gociations commerciales avec le Royaume-Uni, l\u2019ajout de nouveaux partenaires commerciaux au Partenariat transpacifique global et progressif (CPTPP), la sensibilisation aux pr\u00e9occupations en mati\u00e8re de bien-\u00eatre des animaux associ\u00e9s \u00e0 l\u2019utilisation obligatoire des dispositifs \u00e9lectroniques de bord (ELD) pour les transporteurs de b\u00e9tail, et la n\u00e9cessit\u00e9 d\u2019am\u00e9liorer davantage les programmes de gestion des risques de l\u2019entreprise.<\/p>\n<p>Les membres du conseil d&#8217;administration de l\u2019ACB ont \u00e9galement eu l&#8217;occasion de rencontrer en personne la ministre Marie-Claude Bibeau pour discuter ouvertement de la fa\u00e7on dont la CCA et le gouvernement peuvent travailler ensemble pour assurer la durabilit\u00e9 \u00e9conomique et environnementale de l&#8217;industrie canadienne du b\u0153uf.<\/p>\n<p>L\u2019ACB a accueilli les nouveaux membres du conseil d\u2019administration suivants pour 2023-24&nbsp;: Ren\u00e9e Ardill (BC), Jana Harman (AB), Graham Overguard (AB), Greg Schmidt (AB), Curtis Vander Heyden (AB), John Schuttenbeld (NB) et Kevin Simmons (PEI). Avec l\u2019\u00e9lection de Tyler Fulton au poste de vice-pr\u00e9sident, un nouveau membre du conseil d\u2019administration provenant du Manitoba est \u00e0 venir.<\/p>\n<p>L&#8217;ACB appr\u00e9cie la contribution des membres suivants qui se sont retir\u00e9s du conseil d&#8217;administration lors de l&#8217;AGA : Linda Allison (BC), Melissa Downing (AB), Sheila Hillmer (AB), Brad Osadczuk (AB), Cathy Sharp (AB) et Peter Dixon (PEI).<\/p>\n<p><em>Source : ACB<\/em><\/p>\n<p style=\"text-align: left;\"><a href=\"#top\">Retour en haut<\/a><a id=\"CCA2\"><\/a><\/p>\n<hr>\n<h4 style=\"text-align: left;\">Les \u00e9leveurs de bovins canadiens accueillent favorablement l&#8217;acc\u00e8s accru au b\u0153uf au Japon<\/h4>\n<p style=\"text-align: right;\"><a href=\"https:\/\/www.cattle.ca\/canadian-cattle-producers-welcome-increased-beef-access-into-japan\" target=\"_blank\" rel=\"noopener\"><em>Lire l\u2019article original (version anglaise)<\/em><\/a><\/p>\n<p><img loading=\"lazy\" decoding=\"async\" class=\"alignright wp-image-17855\" src=\"https:\/\/bovin.qc.ca\/wp-content\/uploads\/2023\/04\/Japan-Flag-PNG-Isolated-HD.png\" alt=\"\" width=\"300\" height=\"186\" srcset=\"https:\/\/bovin.qc.ca\/wp-content\/uploads\/2023\/04\/Japan-Flag-PNG-Isolated-HD.png 8000w, https:\/\/bovin.qc.ca\/wp-content\/uploads\/2023\/04\/Japan-Flag-PNG-Isolated-HD-300x186.png 300w, https:\/\/bovin.qc.ca\/wp-content\/uploads\/2023\/04\/Japan-Flag-PNG-Isolated-HD-206x128.png 206w, https:\/\/bovin.qc.ca\/wp-content\/uploads\/2023\/04\/Japan-Flag-PNG-Isolated-HD-1536x955.png 1536w, https:\/\/bovin.qc.ca\/wp-content\/uploads\/2023\/04\/Japan-Flag-PNG-Isolated-HD-2048x1273.png 2048w\" sizes=\"auto, (max-width: 300px) 100vw, 300px\" \/><\/p>\n<p>L\u2019Association canadienne des bovins (ACB) se r\u00e9jouit du r\u00e9tablissement complet de l\u2019acc\u00e8s au march\u00e9 japonais, le gouvernement du Canada ayant annonc\u00e9, le 27 mars dernier, l\u2019ouverture du b\u0153uf transform\u00e9 \u00e0 cet important march\u00e9. En 2022, l\u2019industrie du b\u0153uf a export\u00e9 pour 518 millions de dollars canadiens de b\u0153uf et de produits du b\u0153uf, soit une augmentation de 18,4 % par rapport \u00e0 2021. La valeur du b\u0153uf au Japon a augment\u00e9 de 15 %, passant de 6,74 $ CA\/kg en 2020 \u00e0 7,76 $ CA\/kg en 2022.<\/p>\n<p>\u00ab Les \u00e9leveurs de bovins sont reconnaissants de la r\u00e9ouverture du march\u00e9 du b\u0153uf transform\u00e9 au Japon, notre deuxi\u00e8me march\u00e9 d\u2019exportation pour le b\u0153uf \u00bb a d\u00e9clar\u00e9 Nathan Phinney, pr\u00e9sident de l\u2019ACB. \u00ab Notre industrie continuera \u00e0 soutenir la s\u00e9curit\u00e9 alimentaire mondiale en fournissant une viande de b\u0153uf parmi les plus durables et les plus qualitatives au monde.&nbsp;\u00bb<\/p>\n<p>Cette d\u00e9cision marque la lev\u00e9e de la derni\u00e8re s\u00e9rie de restrictions mises en place par le Japon apr\u00e8s la d\u00e9couverte d&#8217;un cas d&#8217;enc\u00e9phalopathie spongiforme bovine (ESB) en 2003. L\u2019ACB est reconnaissante de la d\u00e9cision du Japon d&#8217;adh\u00e9rer \u00e0 un commerce fond\u00e9 sur la science en supprimant les restrictions datant de l&#8217;\u00e9poque de l&#8217;ESB, apr\u00e8s que l&#8217;Organisation mondiale de la sant\u00e9 animale (OSA) ait accord\u00e9 au Canada le statut de pays \u00e0 risque n\u00e9gligeable au regard de l&#8217;ESB en 2021.<\/p>\n<p><em>Source : ACB<\/em><\/p>\n<p style=\"text-align: left;\"><a href=\"#top\">Retour en haut<\/a><a id=\"CCA3\"><\/a><\/p>\n<hr>\n<h4 style=\"text-align: left;\">L&#8217;ACIA ouvre une p\u00e9riode de consultation sur les modifications propos\u00e9es au r\u00e8glement sur la tra\u00e7abilit\u00e9<\/h4>\n<p style=\"text-align: right;\"><a href=\"https:\/\/cancattle.wixsite.com\/mysite\/post\/cfia-opens-consultation-period-on-proposed-amendments-to-traceability-regulations\" target=\"_blank\" rel=\"noopener\"><em>Lire l\u2019article original (version anglaise)<\/em><\/a><\/p>\n<p><img loading=\"lazy\" decoding=\"async\" class=\"alignright wp-image-17863\" src=\"https:\/\/bovin.qc.ca\/wp-content\/uploads\/2023\/04\/shutterstock_4047934.png\" alt=\"\" width=\"300\" height=\"199\" srcset=\"https:\/\/bovin.qc.ca\/wp-content\/uploads\/2023\/04\/shutterstock_4047934.png 815w, https:\/\/bovin.qc.ca\/wp-content\/uploads\/2023\/04\/shutterstock_4047934-300x199.png 300w, https:\/\/bovin.qc.ca\/wp-content\/uploads\/2023\/04\/shutterstock_4047934-193x128.png 193w\" sizes=\"auto, (max-width: 300px) 100vw, 300px\" \/>Le 18 mars dernier, l&#8217;Agence canadienne d&#8217;inspection des aliments (ACIA) a ouvert des consultations sur les modifications propos\u00e9es \u00e0 la partie XV du <em>R\u00e8glement sur la sant\u00e9 des animaux &#8211; Identification et tra\u00e7abilit\u00e9<\/em>. La tra\u00e7abilit\u00e9 du b\u00e9tail est la capacit\u00e9 de suivre un animal ou un groupe d&#8217;animaux \u00e0 tous les stades de sa vie et repose sur trois piliers : 1) l&#8217;identification du b\u00e9tail ; 2) l&#8217;identification des locaux o\u00f9 le b\u00e9tail est gard\u00e9, rassembl\u00e9 ou \u00e9limin\u00e9 ; et 3) la notification des \u00e9v\u00e9nements li\u00e9s aux mouvements entre les locaux. La tra\u00e7abilit\u00e9 du b\u00e9tail est essentielle pour att\u00e9nuer les risques et les cons\u00e9quences des \u00e9pid\u00e9mies et prot\u00e9ger la sant\u00e9 des Canadiens.<\/p>\n<p>Les modifications propos\u00e9es visent \u00e0 am\u00e9liorer l&#8217;efficacit\u00e9 de la r\u00e9ponse aux maladies animales, aux probl\u00e8mes de s\u00e9curit\u00e9 alimentaire et aux catastrophes naturelles. Les modifications propos\u00e9es \u00e9tendent les exigences de tra\u00e7abilit\u00e9 aux ch\u00e8vres et aux cervid\u00e9s, car ces esp\u00e8ces sont sensibles aux maladies qui affectent les esp\u00e8ces r\u00e9glement\u00e9es. Le d\u00e9lai de notification des \u00e9v\u00e9nements ou des mouvements a \u00e9t\u00e9 raccourci et il est propos\u00e9 de communiquer des informations g\u00e9ographiques par le biais de l&#8217;identification des locaux.<\/p>\n<p>La consultation est ouverte jusqu\u2019au 16&nbsp;juin 2023 et nous encourageons les \u00e9leveurs de bovins et les parties prenantes de l\u2019industrie \u00e0 participer au processus. L\u2019ACB travaillera avec les parties prenantes de l\u2019industrie pour pr\u00e9parer une soumission sur les changements r\u00e8glementaires propos\u00e9s.<\/p>\n<p>Le texte int\u00e9gral du projet de r\u00e8glement se trouve dans la <a href=\"https:\/\/canadagazette.gc.ca\/rp-pr\/p1\/2023\/2023-03-18\/html\/reg1-eng.html\" target=\"_blank\" rel=\"noopener\">partie 1 de la Gazette du Canada<\/a>.<\/p>\n<p><em>Source : ACB<\/em><\/p>\n<p style=\"text-align: left;\"><a href=\"#top\">Retour en haut<\/a><a id=\"CCA4\"><\/a><\/p>\n<hr>\n<h4 style=\"text-align: left;\">Les jeunes producteurs de b\u0153uf repr\u00e9sentent la prochaine g\u00e9n\u00e9ration lors du rassemblement annuel des jeunes<\/h4>\n<p style=\"text-align: right;\"><a href=\"https:\/\/cancattle.wixsite.com\/mysite\/post\/young-beef-producers-represent-the-next-generation-at-annual-youth-fly-in\" target=\"_blank\" rel=\"noopener\"><em>Lire l\u2019article original (version anglaise)<\/em><\/a><\/p>\n<div id=\"attachment_17866\" style=\"width: 825px\" class=\"wp-caption aligncenter\"><img loading=\"lazy\" decoding=\"async\" aria-describedby=\"caption-attachment-17866\" class=\"wp-image-17866\" src=\"https:\/\/bovin.qc.ca\/wp-content\/uploads\/2023\/04\/642bc0_b70da3ffc2df4e739fdb435fbbe8646dmv2-1.png\" alt=\"\" width=\"815\" height=\"543\" srcset=\"https:\/\/bovin.qc.ca\/wp-content\/uploads\/2023\/04\/642bc0_b70da3ffc2df4e739fdb435fbbe8646dmv2-1.png 1659w, https:\/\/bovin.qc.ca\/wp-content\/uploads\/2023\/04\/642bc0_b70da3ffc2df4e739fdb435fbbe8646dmv2-1-300x200.png 300w, https:\/\/bovin.qc.ca\/wp-content\/uploads\/2023\/04\/642bc0_b70da3ffc2df4e739fdb435fbbe8646dmv2-1-192x128.png 192w, https:\/\/bovin.qc.ca\/wp-content\/uploads\/2023\/04\/642bc0_b70da3ffc2df4e739fdb435fbbe8646dmv2-1-1536x1024.png 1536w\" sizes=\"auto, (max-width: 815px) 100vw, 815px\" \/><p id=\"caption-attachment-17866\" class=\"wp-caption-text\">Le Conseil des jeunes s\u2019est \u00e9galement entretenu avec la ministre f\u00e9d\u00e9rale de l\u2019Agriculture, Mme Marie-Claude Bibeau, lors de la r\u00e9ception annuelle de l\u2019ACB sur la Colline.<\/p><\/div>\n<p>Le Conseil canadien des jeunes de l\u2019industrie bovine a particip\u00e9 \u00e0 sa sixi\u00e8me rencontre annuelle par avion le 21&nbsp;mars dernier, alors qu\u2019il se trouvait dans la capitale nationale en pr\u00e9vision de l\u2019assembl\u00e9e g\u00e9n\u00e9rale annuelle de l\u2019Association canadienne des bovins (ACB). Les d\u00e9l\u00e9gu\u00e9s du Conseil des jeunes de tout le pays ont rencontr\u00e9 divers d\u00e9put\u00e9s, s\u00e9nateurs, membres du personnel et repr\u00e9sentants du Conseil des jeunes du premier ministre afin de les sensibiliser aux possibilit\u00e9s et aux d\u00e9fis qui rev\u00eatent une importance capitale pour les jeunes \u00e9leveurs et producteurs de b\u0153uf du Canada.<\/p>\n<p>Les priorit\u00e9s discut\u00e9es comprenaient le r\u00f4le essentiel que joue l&#8217;\u00e9levage bovin dans la conservation des prairies canadiennes et l&#8217;am\u00e9lioration de la biodiversit\u00e9, la fa\u00e7on dont les am\u00e9liorations apport\u00e9es au programme d&#8217;assurance-prix du b\u00e9tail peuvent aider \u00e0 renforcer la r\u00e9silience \u00e9conomique des jeunes producteurs, et l&#8217;importance de la croissance du commerce.<\/p>\n<p>Le Conseil des jeunes s\u2019est \u00e9galement entretenu avec la ministre f\u00e9d\u00e9rale de l\u2019Agriculture, Mme Marie-Claude Bibeau, lors de la r\u00e9ception annuelle de l\u2019ACB sur la Colline.<\/p>\n<p>\u00c9coutez ci-dessous la pr\u00e9sidente du Conseil canadien des jeunes bovins, Mme Charlene Yungblut, et le vice-pr\u00e9sident, M. Scott Gerbrandt, parler du r\u00f4le vital de la croissance du commerce dans la construction d\u2019une industrie durable pour les g\u00e9n\u00e9rations \u00e0 venir, et de la fa\u00e7on dont le projet de loi C-282 cr\u00e9e une incertitude commerciale pour nos jeunes producteurs qui cherchent \u00e0 faire cro\u00eetre leurs exploitations.<\/p>\n<p>Merci \u00e0 tous les parlementaires et au personnel qui ont pris le temps de rencontrer l&#8217;avenir de l&#8217;industrie bovine canadienne.<\/p>\n<p><em>Source : ACB<\/em><\/p>\n<p style=\"text-align: left;\"><a href=\"#top\">Retour en haut<\/a><a id=\"NR1\"><\/a><\/p>\n<table style=\"width: 100%; border-collapse: collapse; background-color: #a52a2a;\" border=\"0\">\n<tbody>\n<tr>\n<td style=\"width: 100%;\">\n<h3 style=\"text-align: center;\"><span style=\"color: #ffffff;\"><strong>NOUVELLES R\u00c9GIONALES<a id=\"NR\"><\/a><\/strong><\/span><\/h3>\n<\/td>\n<\/tr>\n<\/tbody>\n<\/table>\n<h4 style=\"text-align: left;\">SAGUENAY-LAC-SAINT-JEAN&nbsp;<br \/>\nJourn\u00e9e d\u2019information en production bovine<\/h4>\n<p><img loading=\"lazy\" decoding=\"async\" class=\"aligncenter size-full wp-image-17824\" src=\"https:\/\/bovin.qc.ca\/wp-content\/uploads\/2023\/04\/SLSTJ-montage.jpg\" alt=\"\" width=\"815\" height=\"306\" srcset=\"https:\/\/bovin.qc.ca\/wp-content\/uploads\/2023\/04\/SLSTJ-montage.jpg 815w, https:\/\/bovin.qc.ca\/wp-content\/uploads\/2023\/04\/SLSTJ-montage-300x113.jpg 300w, https:\/\/bovin.qc.ca\/wp-content\/uploads\/2023\/04\/SLSTJ-montage-341x128.jpg 341w\" sizes=\"auto, (max-width: 815px) 100vw, 815px\" \/><\/p>\n<p>En collaboration avec la coop\u00e9rative r\u00e9gionale Nutrinor, les Producteurs de bovins du Saguenay-Lac-Saint-Jean ont tenu, le 4&nbsp;avril dernier, une journ\u00e9e d\u2019information \u00e0 l\u2019attention des producteurs de bovins.<\/p>\n<p>Ceux-ci ont eu l\u2019occasion d\u2019assister \u00e0 diverses pr\u00e9sentations avec des conf\u00e9renciers et conf\u00e9renci\u00e8res tels que M. Marc-Andr\u00e9 C\u00f4t\u00e9 de la fiducie agricole UPA-Fondaction, Mme Elizabeth Lepage et M. Jean-Fran\u00e7ois Lemay de Sollio Agriculture, ainsi que M. Pierre-Olivier Lussier du Centre en entrepreneuriat multiressources. Finalement, le m\u00e9d ecin-v\u00e9t\u00e9rinaire, Dr Andr\u00e9 Frigon a capt\u00e9 l\u2019attention de la trentaine de participants par une conf\u00e9rence technique portant sur les v\u00ealages difficiles. Une belle journ\u00e9e remplie d\u2019\u00e9changes enrichissants.<\/p>\n<p><em>Source : Producteurs de bovins du Saguenay-Lac-Saint-Jean<\/em><\/p>\n<p style=\"text-align: left;\"><a href=\"#top\">Retour en haut<\/a><a id=\"NR2\"><\/a><\/p>\n<hr>\n<h4 style=\"text-align: left;\">MAURICIE<br \/>\nLes producteurs de veaux d\u2019embouche se r\u00e9unissent en Mauricie<\/h4>\n<p>Le 22 mars dernier se tenait un 5 \u00e0 7 et une soir\u00e9e d\u2019information d\u00e9di\u00e9s au secteur veau d\u2019embouche en Mauricie. Une quinzaine de personnes, dont une douzaine de producteurs, ont particip\u00e9 \u00e0 la rencontre! \u00c0 cette occasion, M. Jocelyn Jacob, conseiller Bovi-Expert, \u00e9tait sur place pour pr\u00e9senter ses conf\u00e9rences \u00ab&nbsp;Le meilleur moment pour r\u00e9former \u00bb et \u00ab \u00c0 quel poids vendre ses veaux&nbsp;\u00bb Les repr\u00e9sentants du comit\u00e9 de mise en march\u00e9 des veaux d\u2019embouche ont \u00e9galement trait\u00e9 des dossiers du secteur et fait un retour sur les r\u00e9solutions adopt\u00e9es dans l\u2019atelier veau d\u2019embouche de notre derni\u00e8re assembl\u00e9e en Mauricie.<\/p>\n<p><img loading=\"lazy\" decoding=\"async\" class=\"aligncenter wp-image-17826\" src=\"https:\/\/bovin.qc.ca\/wp-content\/uploads\/2023\/04\/Mauricie.jpg\" alt=\"\" width=\"815\" height=\"459\" srcset=\"https:\/\/bovin.qc.ca\/wp-content\/uploads\/2023\/04\/Mauricie.jpg 663w, https:\/\/bovin.qc.ca\/wp-content\/uploads\/2023\/04\/Mauricie-300x169.jpg 300w, https:\/\/bovin.qc.ca\/wp-content\/uploads\/2023\/04\/Mauricie-228x128.jpg 228w\" sizes=\"auto, (max-width: 815px) 100vw, 815px\" \/><\/p>\n<p><em>Source : Producteurs de bovins de la Mauricie<\/em><\/p>\n<p style=\"text-align: left;\"><a href=\"#top\">Retour en haut<\/a><a id=\"NR3\"><\/a><\/p>\n<hr>\n<h4 style=\"text-align: left;\">CHAUDI\u00c8RE-APPALACHES-NORD<br \/>\nDon de viande de b\u0153uf aux organismes de bienfaisance de la r\u00e9gion<\/h4>\n<p>Les Producteurs de bovins de la Chaudi\u00e8re-Appalaches Nord ont d\u00e9cid\u00e9 de faire un don \u00e0 diff\u00e9rents organismes de bienfaisance des MRC de Lotbini\u00e8re, de Bellechasse, de Montmagny et de L\u2019Islet, ainsi que de la Ville de L\u00e9vis. Un total de 2&nbsp;000&nbsp;$ a \u00e9t\u00e9 consacr\u00e9 \u00e0 ce projet, soit 400&nbsp;$ par organisme, afin de proc\u00e9der \u00e0 l\u2019achat de viande de b\u0153uf local.<\/p>\n<p>Pour chacun des secteurs, les organismes suivants ont \u00e9t\u00e9 cibl\u00e9s :<\/p>\n<ul>\n<li>Aide alimentaire Lotbini\u00e8re;<\/li>\n<li>Comptoir Le grenier (L\u00e9vis);<\/li>\n<li>Frigos pleins (Bellechasse);<\/li>\n<li>Maison La Fronti\u00e8re (Montmagny);<\/li>\n<li>Maison de la Famille de la MRC de L\u2019Islet.<\/li>\n<\/ul>\n<p>Les Producteurs de bovins de la Chaudi\u00e8re-Appalaches Nord ont \u00e0 c\u0153ur le soutien aux organismes qui aident la communaut\u00e9. Ceux-ci font un travail exceptionnel, et ce, durant toute l\u2019ann\u00e9e. On entend beaucoup parler des organismes de bienfaisance pendant la p\u00e9riode de No\u00ebl, mais leur travail aupr\u00e8s des familles d\u00e9munies est tout aussi important \u00e0 n\u2019importe quel autre moment de l\u2019ann\u00e9e.<\/p>\n<p><em>Source : Producteurs de bovins de Chaudi\u00e8re-Appalaches-Nord<\/em><\/p>\n<p style=\"text-align: left;\"><a href=\"#top\">Retour en haut<\/a><a id=\"NR3\"><\/a><\/p>\n<p>&nbsp;<\/p>\n","protected":false},"excerpt":{"rendered":"<p>&nbsp; INFOLETTRE La Minute bovine : avril 2023 Coup d\u2019\u0153il sur les march\u00e9s du b\u0153uf et du veau L&#8217;Info-prix \u00c9v\u00e9nements \u00e0 venir Actualit\u00e9s Retour sur l\u2019AGA 2023 Ferme Sage enr. remporte le Prix de l&#8217;intendance environnementale \u2013 Qu\u00e9bec Agriculture sous pression : Des demandes formul\u00e9es au gouvernement Le ministre Lamontagne en visite dans une ferme [&#8230;]<\/p>\n","protected":false},"author":6,"featured_media":0,"parent":0,"menu_order":0,"comment_status":"closed","ping_status":"closed","template":"","meta":{"ngg_post_thumbnail":0,"footnotes":""},"class_list":["post-18003","page","type-page","status-publish","hentry"],"_links":{"self":[{"href":"https:\/\/bovin.qc.ca\/en\/wp-json\/wp\/v2\/pages\/18003","targetHints":{"allow":["GET"]}}],"collection":[{"href":"https:\/\/bovin.qc.ca\/en\/wp-json\/wp\/v2\/pages"}],"about":[{"href":"https:\/\/bovin.qc.ca\/en\/wp-json\/wp\/v2\/types\/page"}],"author":[{"embeddable":true,"href":"https:\/\/bovin.qc.ca\/en\/wp-json\/wp\/v2\/users\/6"}],"replies":[{"embeddable":true,"href":"https:\/\/bovin.qc.ca\/en\/wp-json\/wp\/v2\/comments?post=18003"}],"version-history":[{"count":1,"href":"https:\/\/bovin.qc.ca\/en\/wp-json\/wp\/v2\/pages\/18003\/revisions"}],"predecessor-version":[{"id":18004,"href":"https:\/\/bovin.qc.ca\/en\/wp-json\/wp\/v2\/pages\/18003\/revisions\/18004"}],"wp:attachment":[{"href":"https:\/\/bovin.qc.ca\/en\/wp-json\/wp\/v2\/media?parent=18003"}],"curies":[{"name":"wp","href":"https:\/\/api.w.org\/{rel}","templated":true}]}}